{"id":44,"date":"2020-11-03T16:42:31","date_gmt":"2020-11-03T16:42:31","guid":{"rendered":"http:\/\/www.lindademeyer.be\/wordpress\/?page_id=44"},"modified":"2021-03-08T16:38:51","modified_gmt":"2021-03-08T16:38:51","slug":"algarve-2020","status":"publish","type":"page","link":"https:\/\/www.lindademeyer.be\/wordpress\/algarve-2020\/","title":{"rendered":"Algarve"},"content":{"rendered":"\t\t<div data-elementor-type=\"wp-page\" data-elementor-id=\"44\" class=\"elementor elementor-44\">\n\t\t\t\t\t\t<div class=\"elementor-inner\">\n\t\t\t\t<div class=\"elementor-section-wrap\">\n\t\t\t\t\t\t\t\t\t<section class=\"elementor-section elementor-top-section elementor-element elementor-element-64698273 elementor-section-boxed elementor-section-height-default elementor-section-height-default\" data-id=\"64698273\" data-element_type=\"section\">\n\t\t\t\t\t\t<div class=\"elementor-container elementor-column-gap-default\">\n\t\t\t\t\t\t\t<div class=\"elementor-row\">\n\t\t\t\t\t<div class=\"elementor-column elementor-col-100 elementor-top-column elementor-element elementor-element-7cd1d928\" data-id=\"7cd1d928\" data-element_type=\"column\">\n\t\t\t<div class=\"elementor-column-wrap elementor-element-populated\">\n\t\t\t\t\t\t\t<div class=\"elementor-widget-wrap\">\n\t\t\t\t\t\t<div class=\"elementor-element elementor-element-1a1a47f7 elementor-widget elementor-widget-heading\" data-id=\"1a1a47f7\" data-element_type=\"widget\" data-widget_type=\"heading.default\">\n\t\t\t\t<div class=\"elementor-widget-container\">\n\t\t\t<h3 class=\"elementor-heading-title elementor-size-default\">PORTUGAL<\/h3>\t\t<\/div>\n\t\t\t\t<\/div>\n\t\t\t\t\t\t<\/div>\n\t\t\t\t\t<\/div>\n\t\t<\/div>\n\t\t\t\t\t\t\t\t<\/div>\n\t\t\t\t\t<\/div>\n\t\t<\/section>\n\t\t\t\t<section class=\"elementor-section elementor-top-section elementor-element elementor-element-534add25 elementor-section-boxed elementor-section-height-default elementor-section-height-default\" data-id=\"534add25\" data-element_type=\"section\">\n\t\t\t\t\t\t<div class=\"elementor-container elementor-column-gap-default\">\n\t\t\t\t\t\t\t<div class=\"elementor-row\">\n\t\t\t\t\t<div class=\"elementor-column elementor-col-100 elementor-top-column elementor-element elementor-element-8ba08fa\" data-id=\"8ba08fa\" data-element_type=\"column\">\n\t\t\t<div class=\"elementor-column-wrap elementor-element-populated\">\n\t\t\t\t\t\t\t<div class=\"elementor-widget-wrap\">\n\t\t\t\t\t\t<div class=\"elementor-element elementor-element-68acd8b9 elementor-widget elementor-widget-image\" data-id=\"68acd8b9\" data-element_type=\"widget\" data-widget_type=\"image.default\">\n\t\t\t\t<div class=\"elementor-widget-container\">\n\t\t\t\t\t\t\t\t<div class=\"elementor-image\">\n\t\t\t\t\t\t\t\t\t\t\t\t<img width=\"940\" height=\"420\" src=\"https:\/\/www.lindademeyer.be\/wordpress\/wp-content\/uploads\/2021\/01\/P1020689Ponta-da-Piedade.jpg\" class=\"attachment-full size-full\" alt=\"\" loading=\"lazy\" srcset=\"https:\/\/www.lindademeyer.be\/wordpress\/wp-content\/uploads\/2021\/01\/P1020689Ponta-da-Piedade.jpg 940w, https:\/\/www.lindademeyer.be\/wordpress\/wp-content\/uploads\/2021\/01\/P1020689Ponta-da-Piedade-300x134.jpg 300w, https:\/\/www.lindademeyer.be\/wordpress\/wp-content\/uploads\/2021\/01\/P1020689Ponta-da-Piedade-768x343.jpg 768w, https:\/\/www.lindademeyer.be\/wordpress\/wp-content\/uploads\/2021\/01\/P1020689Ponta-da-Piedade-500x223.jpg 500w, https:\/\/www.lindademeyer.be\/wordpress\/wp-content\/uploads\/2021\/01\/P1020689Ponta-da-Piedade-800x357.jpg 800w\" sizes=\"(max-width: 940px) 100vw, 940px\" \/>\t\t\t\t\t\t\t\t\t\t\t\t\t\t<\/div>\n\t\t\t\t\t\t<\/div>\n\t\t\t\t<\/div>\n\t\t\t\t<div class=\"elementor-element elementor-element-41a5b9c4 elementor-widget elementor-widget-spacer\" data-id=\"41a5b9c4\" data-element_type=\"widget\" data-widget_type=\"spacer.default\">\n\t\t\t\t<div class=\"elementor-widget-container\">\n\t\t\t\t\t<div class=\"elementor-spacer\">\n\t\t\t<div class=\"elementor-spacer-inner\"><\/div>\n\t\t<\/div>\n\t\t\t\t<\/div>\n\t\t\t\t<\/div>\n\t\t\t\t<div class=\"elementor-element elementor-element-183809fa elementor-widget elementor-widget-text-editor\" data-id=\"183809fa\" data-element_type=\"widget\" data-widget_type=\"text-editor.default\">\n\t\t\t\t<div class=\"elementor-widget-container\">\n\t\t\t\t\t\t\t\t<div class=\"elementor-text-editor elementor-clearfix\">\n\t\t\t\t<h3 style=\"text-align: center;\">ALGARVE<\/h3>\t\t\t\t\t<\/div>\n\t\t\t\t\t\t<\/div>\n\t\t\t\t<\/div>\n\t\t\t\t<div class=\"elementor-element elementor-element-5b3fff8c elementor-widget elementor-widget-text-editor\" data-id=\"5b3fff8c\" data-element_type=\"widget\" data-widget_type=\"text-editor.default\">\n\t\t\t\t<div class=\"elementor-widget-container\">\n\t\t\t\t\t\t\t\t<div class=\"elementor-text-editor elementor-clearfix\">\n\t\t\t\t<h4 style=\"text-align: center;\"><span style=\"font-size: 10pt;\">22 september 2020<\/span><\/h4>\t\t\t\t\t<\/div>\n\t\t\t\t\t\t<\/div>\n\t\t\t\t<\/div>\n\t\t\t\t<div class=\"elementor-element elementor-element-51759dc8 elementor-widget-divider--view-line elementor-widget elementor-widget-divider\" data-id=\"51759dc8\" data-element_type=\"widget\" data-widget_type=\"divider.default\">\n\t\t\t\t<div class=\"elementor-widget-container\">\n\t\t\t\t\t<div class=\"elementor-divider\">\n\t\t\t<span class=\"elementor-divider-separator\">\n\t\t\t\t\t\t<\/span>\n\t\t<\/div>\n\t\t\t\t<\/div>\n\t\t\t\t<\/div>\n\t\t\t\t\t\t<\/div>\n\t\t\t\t\t<\/div>\n\t\t<\/div>\n\t\t\t\t\t\t\t\t<\/div>\n\t\t\t\t\t<\/div>\n\t\t<\/section>\n\t\t\t\t<section class=\"elementor-section elementor-top-section elementor-element elementor-element-c155ea2 elementor-section-boxed elementor-section-height-default elementor-section-height-default\" data-id=\"c155ea2\" data-element_type=\"section\">\n\t\t\t\t\t\t<div class=\"elementor-container elementor-column-gap-default\">\n\t\t\t\t\t\t\t<div class=\"elementor-row\">\n\t\t\t\t\t<div class=\"elementor-column elementor-col-100 elementor-top-column elementor-element elementor-element-5ac2f94f\" data-id=\"5ac2f94f\" data-element_type=\"column\">\n\t\t\t<div class=\"elementor-column-wrap elementor-element-populated\">\n\t\t\t\t\t\t\t<div class=\"elementor-widget-wrap\">\n\t\t\t\t\t\t<div class=\"elementor-element elementor-element-3ca4fac4 elementor-widget elementor-widget-text-editor\" data-id=\"3ca4fac4\" data-element_type=\"widget\" data-widget_type=\"text-editor.default\">\n\t\t\t\t<div class=\"elementor-widget-container\">\n\t\t\t\t\t\t\t\t<div class=\"elementor-text-editor elementor-clearfix\">\n\t\t\t\t<p><strong>Onze reis naar Indonesi\u00eb was door de corona al in duigen gevallen. Doordat op reis gaan \u00e9\u00e9n van onze hobby&#8217;s is willen we ondanks de corona toch het risico nemen om op reis te gaan. Vooral Koen heeft door de corona dit jaar nog geen verlof gehad. We waren eerst van plan dit in november dit doen maar vreesden door de verergerde corona dat dit ook niet meer ging lukken. We hebben dan gekozen voor een last minute in september. Veel keuze was er echter niet. Veel rode zones, gemiddeld oranje zones en weinig groene zones. Onze eerste keuze was dan Madeira, maar daar moest je een negatief corona attest voorleggen. Van Spanje bleef enkel Tenerife over maar dat was duur. Sicili\u00eb was groen maar ofwel waren er voor ons geen geschikte vluchten of geen geschikte hotels.<\/strong><br \/><strong>De keuze is dan gevallen op de Algarve. Weliswaar oranje maar dat was het al gans de zomer. Er was nog een Riu hotel beschikbaar, dus voor ons leek dit ideaal. Op 14 september geboekt en op 22 september ready for take off. We hebben ook gekozen voor Tui fly de luxe. Meer bagage meenemen, aparte incheckbalie, Fast lane, maaltijd inbegrepen, glaasje champagne en ook belangrijk, we zitten vooraan in het vliegtuig op rij 2. Het leek ons met de corona ook wel interessant dat we niet door het ganse vliegtuig moesten. Dit was een meerprijs van 55 euro pp per traject.<\/strong><\/p>\t\t\t\t\t<\/div>\n\t\t\t\t\t\t<\/div>\n\t\t\t\t<\/div>\n\t\t\t\t<div class=\"elementor-element elementor-element-2cddb26c elementor-widget-divider--view-line elementor-widget elementor-widget-divider\" data-id=\"2cddb26c\" data-element_type=\"widget\" data-widget_type=\"divider.default\">\n\t\t\t\t<div class=\"elementor-widget-container\">\n\t\t\t\t\t<div class=\"elementor-divider\">\n\t\t\t<span class=\"elementor-divider-separator\">\n\t\t\t\t\t\t<\/span>\n\t\t<\/div>\n\t\t\t\t<\/div>\n\t\t\t\t<\/div>\n\t\t\t\t<div class=\"elementor-element elementor-element-2d493d4a elementor-widget elementor-widget-text-editor\" data-id=\"2d493d4a\" data-element_type=\"widget\" data-widget_type=\"text-editor.default\">\n\t\t\t\t<div class=\"elementor-widget-container\">\n\t\t\t\t\t\t\t\t<div class=\"elementor-text-editor elementor-clearfix\">\n\t\t\t\t<h3 align=\"left\">Dinsdag 22 september<\/h3><p>Het was een korte nacht. Om 03:00 uur vertrekken we naar Zaventem. Er hangt een dikke mist die ons gezelschap houdt tot in Aalst. Vlucht is &#8217;s morgens vroeg om 06:00 uur. We hebben een parking geboekt zodat we niemand moeten lastig vallen.<\/p><p>Mondmasker verplicht in luchthaven en op vliegtuig. Het instappen gebeurt per +- 5 rijen van achteraan te beginnen. Dit vind ik wel goed geregeld.<br \/>Eens iedereen op het vliegtuig zit, moeten we er terug af \ud83d\ude41 . Er is een technisch probleem en het vliegtuig moet gereset worden. Allei dit begint al goed.<br \/>Met 45 minuten vertraging kunnen we dan toch vertrekken. Helaas zitten er veel kleine kindjes op het vliegtuig waarvan 2 op de rij achter ons. En dit met de nodige decibellen. Niet leuk!<\/p><p>In Portugal is het 1 uur vroeger. Het weer is licht bewolkt. Onze kamer in <a href=\"https:\/\/www.riu.com\/nl\/hotel\/portugal\/algarve\/clubhotel-riu-guarana\/\" target=\"_blank\" rel=\"noopener\">Hotel Riu Guarana<\/a> valt iets tegen. Bij het boeken kan je niet kiezen welk uitzicht je wil. De kamer op zich is wel mooi maar we liggen aan de straatkant. Aangezien de isolatie niet veel voorstelt hadden we wel wat last van straatlawaai.<\/p><p>Na het inchecken op onze kamer kunnen we dus nog een mooie ontspannende dag doorbrengen aan het zwembad. Ook hier zijn veel kleine kindjes, tot babytjes toe.<br \/>Veel keuze hotels was er door de corona niet maar volgende keer zal het toch een adults only worden.<\/p><p>Bij het inchecken moeten we ook doorgeven wanneer we willen eten. Ze willen hiermee voorkomen dat iedereen op hetzelfde uur gaat eten. &#8217;s Middags kiezen we in eerste instantie om 12:30 u. Achteraf wijzigen we dit naar 13:30 u maar uiteindelijk gaan we maar 2 keer &#8217;s middags eten. Na een uitgebreid ontbijt hebben we &#8217;s middags nog geen honger. Vanaf 16:00 is er de mogelijkheid tot een kleine snack.<\/p>\t\t\t\t\t<\/div>\n\t\t\t\t\t\t<\/div>\n\t\t\t\t<\/div>\n\t\t\t\t<section class=\"elementor-section elementor-inner-section elementor-element elementor-element-30acf0a4 elementor-section-boxed elementor-section-height-default elementor-section-height-default\" data-id=\"30acf0a4\" data-element_type=\"section\">\n\t\t\t\t\t\t<div class=\"elementor-container elementor-column-gap-default\">\n\t\t\t\t\t\t\t<div class=\"elementor-row\">\n\t\t\t\t\t<div class=\"elementor-column elementor-col-50 elementor-inner-column elementor-element elementor-element-4e062f42\" data-id=\"4e062f42\" data-element_type=\"column\">\n\t\t\t<div class=\"elementor-column-wrap elementor-element-populated\">\n\t\t\t\t\t\t\t<div class=\"elementor-widget-wrap\">\n\t\t\t\t\t\t<div class=\"elementor-element elementor-element-29e0ca43 elementor-widget elementor-widget-image\" data-id=\"29e0ca43\" data-element_type=\"widget\" data-widget_type=\"image.default\">\n\t\t\t\t<div class=\"elementor-widget-container\">\n\t\t\t\t\t\t\t\t<div class=\"elementor-image\">\n\t\t\t\t\t\t\t\t\t\t\t\t<img width=\"400\" height=\"300\" src=\"https:\/\/www.lindademeyer.be\/wordpress\/wp-content\/uploads\/2021\/01\/IMG_2022Olhos.jpg\" class=\"attachment-full size-full\" alt=\"\" loading=\"lazy\" srcset=\"https:\/\/www.lindademeyer.be\/wordpress\/wp-content\/uploads\/2021\/01\/IMG_2022Olhos.jpg 400w, https:\/\/www.lindademeyer.be\/wordpress\/wp-content\/uploads\/2021\/01\/IMG_2022Olhos-300x225.jpg 300w\" sizes=\"(max-width: 400px) 100vw, 400px\" \/>\t\t\t\t\t\t\t\t\t\t\t\t\t\t<\/div>\n\t\t\t\t\t\t<\/div>\n\t\t\t\t<\/div>\n\t\t\t\t\t\t<\/div>\n\t\t\t\t\t<\/div>\n\t\t<\/div>\n\t\t\t\t<div class=\"elementor-column elementor-col-50 elementor-inner-column elementor-element elementor-element-697eac74\" data-id=\"697eac74\" data-element_type=\"column\">\n\t\t\t<div class=\"elementor-column-wrap elementor-element-populated\">\n\t\t\t\t\t\t\t<div class=\"elementor-widget-wrap\">\n\t\t\t\t\t\t<div class=\"elementor-element elementor-element-21fef509 elementor-widget elementor-widget-image\" data-id=\"21fef509\" data-element_type=\"widget\" data-widget_type=\"image.default\">\n\t\t\t\t<div class=\"elementor-widget-container\">\n\t\t\t\t\t\t\t\t<div class=\"elementor-image\">\n\t\t\t\t\t\t\t\t\t\t\t\t<img width=\"400\" height=\"300\" src=\"https:\/\/www.lindademeyer.be\/wordpress\/wp-content\/uploads\/2021\/01\/P1020405Olhos.jpg\" class=\"attachment-large size-large\" alt=\"\" loading=\"lazy\" srcset=\"https:\/\/www.lindademeyer.be\/wordpress\/wp-content\/uploads\/2021\/01\/P1020405Olhos.jpg 400w, https:\/\/www.lindademeyer.be\/wordpress\/wp-content\/uploads\/2021\/01\/P1020405Olhos-300x225.jpg 300w\" sizes=\"(max-width: 400px) 100vw, 400px\" \/>\t\t\t\t\t\t\t\t\t\t\t\t\t\t<\/div>\n\t\t\t\t\t\t<\/div>\n\t\t\t\t<\/div>\n\t\t\t\t\t\t<\/div>\n\t\t\t\t\t<\/div>\n\t\t<\/div>\n\t\t\t\t\t\t\t\t<\/div>\n\t\t\t\t\t<\/div>\n\t\t<\/section>\n\t\t\t\t<div class=\"elementor-element elementor-element-2b92c719 elementor-widget elementor-widget-text-editor\" data-id=\"2b92c719\" data-element_type=\"widget\" data-widget_type=\"text-editor.default\">\n\t\t\t\t<div class=\"elementor-widget-container\">\n\t\t\t\t\t\t\t\t<div class=\"elementor-text-editor elementor-clearfix\">\n\t\t\t\t<p>Olhos de Agua is een klein plaatsje op 7 km van Albufeira. in de late namiddag besluiten we onze benen te strekken en tot in het &#8216;centrum&#8217; van Olhos te wandelen. Er loopt maar \u00e9\u00e9n weg naar het strand en het haventje. Er zijn enkele caf\u00e9s en restaurants. We installeren ons op een terrasje net naast de zee. Met een glaasje mateus ros\u00e9 en het kabbelende water is het vakantiegevoel kompleet.<\/p><p>Om 20:00 uur kunnen we gaan eten. De animatie in het hotel is overdag goed maar &#8217;s avonds stelt dit niets voor.<\/p>\t\t\t\t\t<\/div>\n\t\t\t\t\t\t<\/div>\n\t\t\t\t<\/div>\n\t\t\t\t<div class=\"elementor-element elementor-element-4c897f47 elementor-widget elementor-widget-text-editor\" data-id=\"4c897f47\" data-element_type=\"widget\" data-widget_type=\"text-editor.default\">\n\t\t\t\t<div class=\"elementor-widget-container\">\n\t\t\t\t\t\t\t\t<div class=\"elementor-text-editor elementor-clearfix\">\n\t\t\t\t<h3>Woensdag 23 september<\/h3><p>Vandaag staat nietsdoen op het programma.<\/p>\t\t\t\t\t<\/div>\n\t\t\t\t\t\t<\/div>\n\t\t\t\t<\/div>\n\t\t\t\t<div class=\"elementor-element elementor-element-520a025f elementor-widget elementor-widget-text-editor\" data-id=\"520a025f\" data-element_type=\"widget\" data-widget_type=\"text-editor.default\">\n\t\t\t\t<div class=\"elementor-widget-container\">\n\t\t\t\t\t\t\t\t<div class=\"elementor-text-editor elementor-clearfix\">\n\t\t\t\t<h3>Donderdag 24 september<\/h3><p>Na anderhalve dag relaxen willen we vandaag Albufeira bezoeken en een tocht met een catamaran boeken.<br \/>Na het ontbijt nemen we de taxi naar de jachthaven van Albufeira. <br \/>Kostprijs 12 euro.<br \/><br \/>Via de website <a href=\"http:\/\/www.getyourguide.nl\" target=\"_blank\" rel=\"nofollow noopener\">www.getyourguide.nl <\/a> hebben we een uitstap gevonden die ons aanspreekt :Benagil: Catamaranvaart grotten en kustlijn. We boeken deze in het kantoor in de jachthaven van Albufeira. We kiezen voor zaterdagvoormiddag om 10 uur. Nadien krijgen we echter telefoon om dit te verplaatsen naar de namiddag om 14:30 uur.<br \/>Kostprijs 27 euro.<\/p>\t\t\t\t\t<\/div>\n\t\t\t\t\t\t<\/div>\n\t\t\t\t<\/div>\n\t\t\t\t<section class=\"elementor-section elementor-inner-section elementor-element elementor-element-33517c0 elementor-section-boxed elementor-section-height-default elementor-section-height-default\" data-id=\"33517c0\" data-element_type=\"section\">\n\t\t\t\t\t\t<div class=\"elementor-container elementor-column-gap-default\">\n\t\t\t\t\t\t\t<div class=\"elementor-row\">\n\t\t\t\t\t<div class=\"elementor-column elementor-col-50 elementor-inner-column elementor-element elementor-element-4883954\" data-id=\"4883954\" data-element_type=\"column\">\n\t\t\t<div class=\"elementor-column-wrap elementor-element-populated\">\n\t\t\t\t\t\t\t<div class=\"elementor-widget-wrap\">\n\t\t\t\t\t\t<div class=\"elementor-element elementor-element-e3baff3 elementor-widget elementor-widget-image\" data-id=\"e3baff3\" data-element_type=\"widget\" data-widget_type=\"image.default\">\n\t\t\t\t<div class=\"elementor-widget-container\">\n\t\t\t\t\t\t\t\t<div class=\"elementor-image\">\n\t\t\t\t\t\t\t\t\t\t\t\t<img width=\"400\" height=\"300\" src=\"https:\/\/www.lindademeyer.be\/wordpress\/wp-content\/uploads\/2021\/01\/P1020439Algarve.jpg\" class=\"attachment-large size-large\" alt=\"\" loading=\"lazy\" srcset=\"https:\/\/www.lindademeyer.be\/wordpress\/wp-content\/uploads\/2021\/01\/P1020439Algarve.jpg 400w, https:\/\/www.lindademeyer.be\/wordpress\/wp-content\/uploads\/2021\/01\/P1020439Algarve-300x225.jpg 300w\" sizes=\"(max-width: 400px) 100vw, 400px\" \/>\t\t\t\t\t\t\t\t\t\t\t\t\t\t<\/div>\n\t\t\t\t\t\t<\/div>\n\t\t\t\t<\/div>\n\t\t\t\t\t\t<\/div>\n\t\t\t\t\t<\/div>\n\t\t<\/div>\n\t\t\t\t<div class=\"elementor-column elementor-col-50 elementor-inner-column elementor-element elementor-element-0eb110a\" data-id=\"0eb110a\" data-element_type=\"column\">\n\t\t\t<div class=\"elementor-column-wrap elementor-element-populated\">\n\t\t\t\t\t\t\t<div class=\"elementor-widget-wrap\">\n\t\t\t\t\t\t<div class=\"elementor-element elementor-element-bc8df6d elementor-widget elementor-widget-image\" data-id=\"bc8df6d\" data-element_type=\"widget\" data-widget_type=\"image.default\">\n\t\t\t\t<div class=\"elementor-widget-container\">\n\t\t\t\t\t\t\t\t<div class=\"elementor-image\">\n\t\t\t\t\t\t\t\t\t\t\t\t<img width=\"400\" height=\"300\" src=\"https:\/\/www.lindademeyer.be\/wordpress\/wp-content\/uploads\/2021\/01\/P1020432Algarve.jpg\" class=\"attachment-large size-large\" alt=\"\" loading=\"lazy\" srcset=\"https:\/\/www.lindademeyer.be\/wordpress\/wp-content\/uploads\/2021\/01\/P1020432Algarve.jpg 400w, https:\/\/www.lindademeyer.be\/wordpress\/wp-content\/uploads\/2021\/01\/P1020432Algarve-300x225.jpg 300w\" sizes=\"(max-width: 400px) 100vw, 400px\" \/>\t\t\t\t\t\t\t\t\t\t\t\t\t\t<\/div>\n\t\t\t\t\t\t<\/div>\n\t\t\t\t<\/div>\n\t\t\t\t\t\t<\/div>\n\t\t\t\t\t<\/div>\n\t\t<\/div>\n\t\t\t\t\t\t\t\t<\/div>\n\t\t\t\t\t<\/div>\n\t\t<\/section>\n\t\t\t\t<div class=\"elementor-element elementor-element-33f73593 elementor-widget elementor-widget-text-editor\" data-id=\"33f73593\" data-element_type=\"widget\" data-widget_type=\"text-editor.default\">\n\t\t\t\t<div class=\"elementor-widget-container\">\n\t\t\t\t\t\t\t\t<div class=\"elementor-text-editor elementor-clearfix\">\n\t\t\t\t<p>Na een drankje in de kleurrijke jachthaven wandelen we naar het centrum. <br \/><br \/>We kuieren rond in het oude centrum en gaan op zoek naar de vissersbootjes op het strand Praia dos Pescadores. Echter zijn er geen vissersbootjes te bespeuren.<br \/><br \/>Voor we naar het hotel gaan, leggen we ook onze huurauto vast. Dit van zondag tem dinsdag. In het hotel boeken we bij <a href=\"http:\/\/www.getyourguide.nl\" target=\"_blank\" rel=\"nofollow noopener\">www.getyourguide.nl <\/a> ook onze excursie voor maandag. Dit is weerom een tochtje op zee. Vanuit Lagos gaan we met een klein bootje de grotten van Ponta da Piedade bezoeken.<br \/><br \/>De namiddag sluiten we af aan het zwembad.<\/p>\t\t\t\t\t<\/div>\n\t\t\t\t\t\t<\/div>\n\t\t\t\t<\/div>\n\t\t\t\t<div class=\"elementor-element elementor-element-595c93db elementor-widget elementor-widget-text-editor\" data-id=\"595c93db\" data-element_type=\"widget\" data-widget_type=\"text-editor.default\">\n\t\t\t\t<div class=\"elementor-widget-container\">\n\t\t\t\t\t\t\t\t<div class=\"elementor-text-editor elementor-clearfix\">\n\t\t\t\t<h3>Vrijdag 25 september<\/h3><p>Vandaag staat terug een luilekkerdagje op het programma.<\/p>\t\t\t\t\t<\/div>\n\t\t\t\t\t\t<\/div>\n\t\t\t\t<\/div>\n\t\t\t\t<div class=\"elementor-element elementor-element-767283fd elementor-widget elementor-widget-text-editor\" data-id=\"767283fd\" data-element_type=\"widget\" data-widget_type=\"text-editor.default\">\n\t\t\t\t<div class=\"elementor-widget-container\">\n\t\t\t\t\t\t\t\t<div class=\"elementor-text-editor elementor-clearfix\">\n\t\t\t\t<h3>Zaterdag 26 september<\/h3><p>De voormiddag brengen we door aan het zwembad. Maar deze namiddag gaan we de zee op. We hebben een excursie geboekt met een catamaran.<br \/>Deze vertrekt in de jachthaven van Albufeira om 14:30 uur. Om 14:00 u moeten we ons aanmelden. We nemen een taxi naar de jachthaven. Deze is een pak duurder dan donderdag. Toeslag in het weekend? We betalen 17 euro ipv 12 euro.<\/p><p>Beschrijving van onze excursie:<br \/>Je vertrekt vanuit de jachthaven van Albufeira en vaart richting het westen langs de kust van het zuiden van Portugal. Je komt meer te weten over de plaatsen en bezienswaardigheden die je passeert van de schipper en de bemanning, je krijgt een prachtig uitzicht op de rotsformaties en grotten van de gebieden Benagil, Gal\u00e9 en Carvoeiro.<\/p>\t\t\t\t\t<\/div>\n\t\t\t\t\t\t<\/div>\n\t\t\t\t<\/div>\n\t\t\t\t<div class=\"elementor-element elementor-element-f02100c gallery-spacing-custom elementor-widget elementor-widget-image-gallery\" data-id=\"f02100c\" data-element_type=\"widget\" data-widget_type=\"image-gallery.default\">\n\t\t\t\t<div class=\"elementor-widget-container\">\n\t\t\t\t\t<div class=\"elementor-image-gallery\">\n\t\t\t<div id='gallery-1' class='gallery galleryid-44 gallery-columns-3 gallery-size-medium'><figure class='gallery-item'>\n\t\t\t<div class='gallery-icon landscape'>\n\t\t\t\t<a data-elementor-open-lightbox=\"yes\" data-elementor-lightbox-slideshow=\"f02100c\" data-elementor-lightbox-title=\"Albufeira\" data-elementor-lightbox-description=\"Albufeira\" e-action-hash=\"#elementor-action%3Aaction%3Dlightbox%26settings%3DeyJpZCI6MzI0OCwidXJsIjoiaHR0cHM6XC9cL3d3dy5saW5kYWRlbWV5ZXIuYmVcL3dvcmRwcmVzc1wvd3AtY29udGVudFwvdXBsb2Fkc1wvMjAyMVwvMDFcL1AxMDIwNDQzQWxnYXJ2ZS5qcGciLCJzbGlkZXNob3ciOiJmMDIxMDBjIn0%3D\" href='https:\/\/www.lindademeyer.be\/wordpress\/wp-content\/uploads\/2021\/01\/P1020443Algarve.jpg' title=\"\" data-rl_title=\"\" class=\"rl-gallery-link\" data-rl_caption=\"Albufeira\" data-rel=\"lightbox-gallery-1\"><img width=\"300\" height=\"225\" src=\"https:\/\/www.lindademeyer.be\/wordpress\/wp-content\/uploads\/2021\/01\/P1020443Algarve-300x225.jpg\" class=\"attachment-medium size-medium\" alt=\"\" loading=\"lazy\" srcset=\"https:\/\/www.lindademeyer.be\/wordpress\/wp-content\/uploads\/2021\/01\/P1020443Algarve-300x225.jpg 300w, https:\/\/www.lindademeyer.be\/wordpress\/wp-content\/uploads\/2021\/01\/P1020443Algarve.jpg 400w\" sizes=\"(max-width: 300px) 100vw, 300px\" \/><\/a>\n\t\t\t<\/div><\/figure><figure class='gallery-item'>\n\t\t\t<div class='gallery-icon landscape'>\n\t\t\t\t<a data-elementor-open-lightbox=\"yes\" data-elementor-lightbox-slideshow=\"f02100c\" data-elementor-lightbox-title=\"De kustlijn van Albufeira tijdens tochtje met catamaran naar Benagil\" data-elementor-lightbox-description=\"De kustlijn van Albufeira tijdens tochtje met catamaran naar Benagil\" e-action-hash=\"#elementor-action%3Aaction%3Dlightbox%26settings%3DeyJpZCI6MzI0OSwidXJsIjoiaHR0cHM6XC9cL3d3dy5saW5kYWRlbWV5ZXIuYmVcL3dvcmRwcmVzc1wvd3AtY29udGVudFwvdXBsb2Fkc1wvMjAyMVwvMDFcL1AxMDIwNDU5QWxnYXJ2ZS5qcGciLCJzbGlkZXNob3ciOiJmMDIxMDBjIn0%3D\" href='https:\/\/www.lindademeyer.be\/wordpress\/wp-content\/uploads\/2021\/01\/P1020459Algarve.jpg' title=\"\" data-rl_title=\"\" class=\"rl-gallery-link\" data-rl_caption=\"De kustlijn van Albufeira tijdens tochtje met catamaran naar Benagil\" data-rel=\"lightbox-gallery-1\"><img width=\"300\" height=\"225\" src=\"https:\/\/www.lindademeyer.be\/wordpress\/wp-content\/uploads\/2021\/01\/P1020459Algarve-300x225.jpg\" class=\"attachment-medium size-medium\" alt=\"\" loading=\"lazy\" srcset=\"https:\/\/www.lindademeyer.be\/wordpress\/wp-content\/uploads\/2021\/01\/P1020459Algarve-300x225.jpg 300w, https:\/\/www.lindademeyer.be\/wordpress\/wp-content\/uploads\/2021\/01\/P1020459Algarve.jpg 400w\" sizes=\"(max-width: 300px) 100vw, 300px\" \/><\/a>\n\t\t\t<\/div><\/figure><figure class='gallery-item'>\n\t\t\t<div class='gallery-icon landscape'>\n\t\t\t\t<a data-elementor-open-lightbox=\"yes\" data-elementor-lightbox-slideshow=\"f02100c\" data-elementor-lightbox-title=\"De kustlijn van Albufeira tijdens tochtje met catamaran naar Benagil\" data-elementor-lightbox-description=\"De kustlijn van Albufeira tijdens tochtje met catamaran naar Benagil\" e-action-hash=\"#elementor-action%3Aaction%3Dlightbox%26settings%3DeyJpZCI6MzI1MCwidXJsIjoiaHR0cHM6XC9cL3d3dy5saW5kYWRlbWV5ZXIuYmVcL3dvcmRwcmVzc1wvd3AtY29udGVudFwvdXBsb2Fkc1wvMjAyMVwvMDFcL1AxMDIwNDYzQWxnYXJ2ZS5qcGciLCJzbGlkZXNob3ciOiJmMDIxMDBjIn0%3D\" href='https:\/\/www.lindademeyer.be\/wordpress\/wp-content\/uploads\/2021\/01\/P1020463Algarve.jpg' title=\"\" data-rl_title=\"\" class=\"rl-gallery-link\" data-rl_caption=\"De kustlijn van Albufeira tijdens tochtje met catamaran naar Benagil\" data-rel=\"lightbox-gallery-1\"><img width=\"300\" height=\"225\" src=\"https:\/\/www.lindademeyer.be\/wordpress\/wp-content\/uploads\/2021\/01\/P1020463Algarve-300x225.jpg\" class=\"attachment-medium size-medium\" alt=\"\" loading=\"lazy\" srcset=\"https:\/\/www.lindademeyer.be\/wordpress\/wp-content\/uploads\/2021\/01\/P1020463Algarve-300x225.jpg 300w, https:\/\/www.lindademeyer.be\/wordpress\/wp-content\/uploads\/2021\/01\/P1020463Algarve.jpg 400w\" sizes=\"(max-width: 300px) 100vw, 300px\" \/><\/a>\n\t\t\t<\/div><\/figure><figure class='gallery-item'>\n\t\t\t<div class='gallery-icon landscape'>\n\t\t\t\t<a data-elementor-open-lightbox=\"yes\" data-elementor-lightbox-slideshow=\"f02100c\" data-elementor-lightbox-title=\"De kustlijn van Albufeira tijdens tochtje met catamaran naar Benagil\" data-elementor-lightbox-description=\"De kustlijn van Albufeira tijdens tochtje met catamaran naar Benagil\" e-action-hash=\"#elementor-action%3Aaction%3Dlightbox%26settings%3DeyJpZCI6MzI1MSwidXJsIjoiaHR0cHM6XC9cL3d3dy5saW5kYWRlbWV5ZXIuYmVcL3dvcmRwcmVzc1wvd3AtY29udGVudFwvdXBsb2Fkc1wvMjAyMVwvMDFcL1AxMDIwNDk4QWxnYXJ2ZS5qcGciLCJzbGlkZXNob3ciOiJmMDIxMDBjIn0%3D\" href='https:\/\/www.lindademeyer.be\/wordpress\/wp-content\/uploads\/2021\/01\/P1020498Algarve.jpg' title=\"\" data-rl_title=\"\" class=\"rl-gallery-link\" data-rl_caption=\"De kustlijn van Albufeira tijdens tochtje met catamaran naar Benagil\" data-rel=\"lightbox-gallery-1\"><img width=\"300\" height=\"225\" src=\"https:\/\/www.lindademeyer.be\/wordpress\/wp-content\/uploads\/2021\/01\/P1020498Algarve-300x225.jpg\" class=\"attachment-medium size-medium\" alt=\"\" loading=\"lazy\" srcset=\"https:\/\/www.lindademeyer.be\/wordpress\/wp-content\/uploads\/2021\/01\/P1020498Algarve-300x225.jpg 300w, https:\/\/www.lindademeyer.be\/wordpress\/wp-content\/uploads\/2021\/01\/P1020498Algarve.jpg 400w\" sizes=\"(max-width: 300px) 100vw, 300px\" \/><\/a>\n\t\t\t<\/div><\/figure><figure class='gallery-item'>\n\t\t\t<div class='gallery-icon landscape'>\n\t\t\t\t<a data-elementor-open-lightbox=\"yes\" data-elementor-lightbox-slideshow=\"f02100c\" data-elementor-lightbox-title=\"De kustlijn van Albufeira tijdens tochtje met catamaran naar Benagil\" data-elementor-lightbox-description=\"De kustlijn van Albufeira tijdens tochtje met catamaran naar Benagil\" e-action-hash=\"#elementor-action%3Aaction%3Dlightbox%26settings%3DeyJpZCI6MzI1MiwidXJsIjoiaHR0cHM6XC9cL3d3dy5saW5kYWRlbWV5ZXIuYmVcL3dvcmRwcmVzc1wvd3AtY29udGVudFwvdXBsb2Fkc1wvMjAyMVwvMDFcL1AxMDIwNTA2QWxnYXJ2ZS5qcGciLCJzbGlkZXNob3ciOiJmMDIxMDBjIn0%3D\" href='https:\/\/www.lindademeyer.be\/wordpress\/wp-content\/uploads\/2021\/01\/P1020506Algarve.jpg' title=\"\" data-rl_title=\"\" class=\"rl-gallery-link\" data-rl_caption=\"De kustlijn van Albufeira tijdens tochtje met catamaran naar Benagil\" data-rel=\"lightbox-gallery-1\"><img width=\"300\" height=\"225\" src=\"https:\/\/www.lindademeyer.be\/wordpress\/wp-content\/uploads\/2021\/01\/P1020506Algarve-300x225.jpg\" class=\"attachment-medium size-medium\" alt=\"\" loading=\"lazy\" srcset=\"https:\/\/www.lindademeyer.be\/wordpress\/wp-content\/uploads\/2021\/01\/P1020506Algarve-300x225.jpg 300w, https:\/\/www.lindademeyer.be\/wordpress\/wp-content\/uploads\/2021\/01\/P1020506Algarve.jpg 400w\" sizes=\"(max-width: 300px) 100vw, 300px\" \/><\/a>\n\t\t\t<\/div><\/figure><figure class='gallery-item'>\n\t\t\t<div class='gallery-icon landscape'>\n\t\t\t\t<a data-elementor-open-lightbox=\"yes\" data-elementor-lightbox-slideshow=\"f02100c\" data-elementor-lightbox-title=\"De kustlijn van Albufeira tijdens tochtje met catamaran naar Benagil\" data-elementor-lightbox-description=\"De kustlijn van Albufeira tijdens tochtje met catamaran naar Benagil\" e-action-hash=\"#elementor-action%3Aaction%3Dlightbox%26settings%3DeyJpZCI6MzI1MywidXJsIjoiaHR0cHM6XC9cL3d3dy5saW5kYWRlbWV5ZXIuYmVcL3dvcmRwcmVzc1wvd3AtY29udGVudFwvdXBsb2Fkc1wvMjAyMVwvMDFcL1AxMDIwNTIyQWxnYXJ2ZS5qcGciLCJzbGlkZXNob3ciOiJmMDIxMDBjIn0%3D\" href='https:\/\/www.lindademeyer.be\/wordpress\/wp-content\/uploads\/2021\/01\/P1020522Algarve.jpg' title=\"\" data-rl_title=\"\" class=\"rl-gallery-link\" data-rl_caption=\"De kustlijn van Albufeira tijdens tochtje met catamaran naar Benagil\" data-rel=\"lightbox-gallery-1\"><img width=\"300\" height=\"225\" src=\"https:\/\/www.lindademeyer.be\/wordpress\/wp-content\/uploads\/2021\/01\/P1020522Algarve-300x225.jpg\" class=\"attachment-medium size-medium\" alt=\"\" loading=\"lazy\" srcset=\"https:\/\/www.lindademeyer.be\/wordpress\/wp-content\/uploads\/2021\/01\/P1020522Algarve-300x225.jpg 300w, https:\/\/www.lindademeyer.be\/wordpress\/wp-content\/uploads\/2021\/01\/P1020522Algarve.jpg 400w\" sizes=\"(max-width: 300px) 100vw, 300px\" \/><\/a>\n\t\t\t<\/div><\/figure>\n\t\t<\/div>\n\t\t<\/div>\n\t\t\t\t<\/div>\n\t\t\t\t<\/div>\n\t\t\t\t<div class=\"elementor-element elementor-element-6d4e552 elementor-widget elementor-widget-text-editor\" data-id=\"6d4e552\" data-element_type=\"widget\" data-widget_type=\"text-editor.default\">\n\t\t\t\t<div class=\"elementor-widget-container\">\n\t\t\t\t\t\t\t\t<div class=\"elementor-text-editor elementor-clearfix\">\n\t\t\t\t<p>Tijdens de rondvaart kiest de kapitein een mooie beschermde plek om de boot te stoppen, zodat iedereen die wil een duik kan nemen en in de oceaan kan zwemmen met de supervisie van de bemanning. Op de terugweg, voordat je de Marina weer bereikt, krijg je een glaasje champagne terwijl de achtergrondmuziek nog steeds aan het spelen is, om te proosten op het einde van een ontspannende rondvaart.<br \/>Voor het instappen worden onze handen ontsmet en een mondmasker is verplicht.<br \/>Het is een heel mooie, ontspannende excursie! Zalig. We hebben ervan genoten!<\/p><p>Stipt om 17:30 u zijn we terug in de jachthaven. We nemen een taxi terug naar het hotel. Deze keer is het weer de gewone prijs. Raar.<\/p>\t\t\t\t\t<\/div>\n\t\t\t\t\t\t<\/div>\n\t\t\t\t<\/div>\n\t\t\t\t<div class=\"elementor-element elementor-element-1fd52b2 elementor-widget elementor-widget-text-editor\" data-id=\"1fd52b2\" data-element_type=\"widget\" data-widget_type=\"text-editor.default\">\n\t\t\t\t<div class=\"elementor-widget-container\">\n\t\t\t\t\t\t\t\t<div class=\"elementor-text-editor elementor-clearfix\">\n\t\t\t\t<h3>Zondag 27 september<\/h3><p>Donderdag hebben we een auto gehuurd bij Local Cars. Dit is vlak bij het hotel.<br \/>De kostprijs voor 3 dagen is hetzelfde als voor 2 dagen: 105 euro voor type C. Verzekering All Risk is 12,50 euro per dag.<\/p><p>Vandaag om 10:00 uur mogen we de auto ophalen. Het is een Volkswagen Polo. We hadden onze GPS van thuis mee. De adressen hebben we er al ingestoken.<br \/>Dus we kunnen vertrekken.<br \/>Als je de autostrade gebruikt moet je betalen. Op sommige autowegen in Portugal hebben ze daarvoor een speciaal systeem: elektronische tol. In onze huurauto hangt aan de voorruit een DEM-transponder. Boven de autosnelweg hangt een scanner en als je die passeert hoor je een klein signaal. De eerste keer wordt er automatisch 20 euro aangerekend. Maar voor elke scanner zie je naast de autostrade een bord met hoeveel het afgelegde stuk je specifiek kost. In eerste instantie zijn we echter niet van plan de autostrade te gebruiken.<\/p><p><b>Tavira<\/b><br \/>Tavira ligt midden in het zoutpannengebied van het Ria Formosa natuurpark. Dat is in de Oost-Algarve, een kilometer of dertig van de luchthaven Faro en niet zo ver van de Spaanse grens.<br \/><br \/>Tavira wordt ook wel &#8220;Het Veneti\u00eb van de Algarve&#8221; genoemd. Eigenlijk is &#8220;stad&#8221; wel heel veel eer voor dit uit zijn krachten gegroeide dorp. En dat is precies de charme! Het is knus, overzichtelijk, levendig en gezellig in alle seizoenen. Kortom: Tavira mag je niet missen wanneer je de Algarve bezoekt.<br \/><br \/>De stad is gelegen aan weerszijden van de Rio Gilao en staat vooral bekend om het grote aantal kerken. We wandelen door het oude stadscentrum en bezoeken de resterende muren van het Moorse fort. Over de Rio Gilao is er een mooie brug uit de Romeinse tijd.<\/p>\t\t\t\t\t<\/div>\n\t\t\t\t\t\t<\/div>\n\t\t\t\t<\/div>\n\t\t\t\t<div class=\"elementor-element elementor-element-590b4f7 gallery-spacing-custom elementor-widget elementor-widget-image-gallery\" data-id=\"590b4f7\" data-element_type=\"widget\" data-widget_type=\"image-gallery.default\">\n\t\t\t\t<div class=\"elementor-widget-container\">\n\t\t\t\t\t<div class=\"elementor-image-gallery\">\n\t\t\t<div id='gallery-2' class='gallery galleryid-44 gallery-columns-3 gallery-size-medium'><figure class='gallery-item'>\n\t\t\t<div class='gallery-icon landscape'>\n\t\t\t\t<a data-elementor-open-lightbox=\"yes\" data-elementor-lightbox-slideshow=\"590b4f7\" data-elementor-lightbox-title=\"Tavira\" data-elementor-lightbox-description=\"Tavira\" e-action-hash=\"#elementor-action%3Aaction%3Dlightbox%26settings%3DeyJpZCI6MzI1NywidXJsIjoiaHR0cHM6XC9cL3d3dy5saW5kYWRlbWV5ZXIuYmVcL3dvcmRwcmVzc1wvd3AtY29udGVudFwvdXBsb2Fkc1wvMjAyMVwvMDFcL1AxMDIwNTUzYWxnYXJ2ZS5qcGciLCJzbGlkZXNob3ciOiI1OTBiNGY3In0%3D\" href='https:\/\/www.lindademeyer.be\/wordpress\/wp-content\/uploads\/2021\/01\/P1020553algarve.jpg' title=\"\" data-rl_title=\"\" class=\"rl-gallery-link\" data-rl_caption=\"Tavira\" data-rel=\"lightbox-gallery-2\"><img width=\"300\" height=\"225\" src=\"https:\/\/www.lindademeyer.be\/wordpress\/wp-content\/uploads\/2021\/01\/P1020553algarve-300x225.jpg\" class=\"attachment-medium size-medium\" alt=\"\" loading=\"lazy\" srcset=\"https:\/\/www.lindademeyer.be\/wordpress\/wp-content\/uploads\/2021\/01\/P1020553algarve-300x225.jpg 300w, https:\/\/www.lindademeyer.be\/wordpress\/wp-content\/uploads\/2021\/01\/P1020553algarve.jpg 400w\" sizes=\"(max-width: 300px) 100vw, 300px\" \/><\/a>\n\t\t\t<\/div><\/figure><figure class='gallery-item'>\n\t\t\t<div class='gallery-icon landscape'>\n\t\t\t\t<a data-elementor-open-lightbox=\"yes\" data-elementor-lightbox-slideshow=\"590b4f7\" data-elementor-lightbox-title=\"Tavira - uitzicht vanop de resterende muren van de kasteelru\u00efnes van het Moorse fort.\" data-elementor-lightbox-description=\"Tavira - uitzicht vanop de resterende muren van de kasteelru\u00efnes van het Moorse fort.\" e-action-hash=\"#elementor-action%3Aaction%3Dlightbox%26settings%3DeyJpZCI6MzI1OCwidXJsIjoiaHR0cHM6XC9cL3d3dy5saW5kYWRlbWV5ZXIuYmVcL3dvcmRwcmVzc1wvd3AtY29udGVudFwvdXBsb2Fkc1wvMjAyMVwvMDFcL1AxMDIwNTU1YWxnYXJ2ZS5qcGciLCJzbGlkZXNob3ciOiI1OTBiNGY3In0%3D\" href='https:\/\/www.lindademeyer.be\/wordpress\/wp-content\/uploads\/2021\/01\/P1020555algarve.jpg' title=\"\" data-rl_title=\"\" class=\"rl-gallery-link\" data-rl_caption=\"Tavira &#8211; uitzicht vanop de resterende muren van de kasteelru\u00efnes van het Moorse fort.\" data-rel=\"lightbox-gallery-2\"><img width=\"300\" height=\"225\" src=\"https:\/\/www.lindademeyer.be\/wordpress\/wp-content\/uploads\/2021\/01\/P1020555algarve-300x225.jpg\" class=\"attachment-medium size-medium\" alt=\"\" loading=\"lazy\" srcset=\"https:\/\/www.lindademeyer.be\/wordpress\/wp-content\/uploads\/2021\/01\/P1020555algarve-300x225.jpg 300w, https:\/\/www.lindademeyer.be\/wordpress\/wp-content\/uploads\/2021\/01\/P1020555algarve.jpg 400w\" sizes=\"(max-width: 300px) 100vw, 300px\" \/><\/a>\n\t\t\t<\/div><\/figure><figure class='gallery-item'>\n\t\t\t<div class='gallery-icon landscape'>\n\t\t\t\t<a data-elementor-open-lightbox=\"yes\" data-elementor-lightbox-slideshow=\"590b4f7\" data-elementor-lightbox-title=\"Tavira - Restanten van het Moorse fort met op de achtergrond het mooie kerkje\" data-elementor-lightbox-description=\"Tavira - Restanten van het Moorse fort met op de achtergrond het mooie kerkje\" e-action-hash=\"#elementor-action%3Aaction%3Dlightbox%26settings%3DeyJpZCI6MzI1OSwidXJsIjoiaHR0cHM6XC9cL3d3dy5saW5kYWRlbWV5ZXIuYmVcL3dvcmRwcmVzc1wvd3AtY29udGVudFwvdXBsb2Fkc1wvMjAyMVwvMDFcL1AxMDIwNTU3YWxnYXJ2ZS5qcGciLCJzbGlkZXNob3ciOiI1OTBiNGY3In0%3D\" href='https:\/\/www.lindademeyer.be\/wordpress\/wp-content\/uploads\/2021\/01\/P1020557algarve.jpg' title=\"\" data-rl_title=\"\" class=\"rl-gallery-link\" data-rl_caption=\"Tavira &#8211; Restanten van het Moorse fort met op de achtergrond het mooie kerkje\" data-rel=\"lightbox-gallery-2\"><img width=\"300\" height=\"225\" src=\"https:\/\/www.lindademeyer.be\/wordpress\/wp-content\/uploads\/2021\/01\/P1020557algarve-300x225.jpg\" class=\"attachment-medium size-medium\" alt=\"\" loading=\"lazy\" srcset=\"https:\/\/www.lindademeyer.be\/wordpress\/wp-content\/uploads\/2021\/01\/P1020557algarve-300x225.jpg 300w, https:\/\/www.lindademeyer.be\/wordpress\/wp-content\/uploads\/2021\/01\/P1020557algarve.jpg 400w\" sizes=\"(max-width: 300px) 100vw, 300px\" \/><\/a>\n\t\t\t<\/div><\/figure><figure class='gallery-item'>\n\t\t\t<div class='gallery-icon landscape'>\n\t\t\t\t<a data-elementor-open-lightbox=\"yes\" data-elementor-lightbox-slideshow=\"590b4f7\" data-elementor-lightbox-title=\"Tavira\" data-elementor-lightbox-description=\"Tavira\" e-action-hash=\"#elementor-action%3Aaction%3Dlightbox%26settings%3DeyJpZCI6MzI2MCwidXJsIjoiaHR0cHM6XC9cL3d3dy5saW5kYWRlbWV5ZXIuYmVcL3dvcmRwcmVzc1wvd3AtY29udGVudFwvdXBsb2Fkc1wvMjAyMVwvMDFcL1AxMDIwNTYwLmpwZyIsInNsaWRlc2hvdyI6IjU5MGI0ZjcifQ%3D%3D\" href='https:\/\/www.lindademeyer.be\/wordpress\/wp-content\/uploads\/2021\/01\/P1020560.jpg' title=\"\" data-rl_title=\"\" class=\"rl-gallery-link\" data-rl_caption=\"Tavira\" data-rel=\"lightbox-gallery-2\"><img width=\"300\" height=\"225\" src=\"https:\/\/www.lindademeyer.be\/wordpress\/wp-content\/uploads\/2021\/01\/P1020560-300x225.jpg\" class=\"attachment-medium size-medium\" alt=\"\" loading=\"lazy\" srcset=\"https:\/\/www.lindademeyer.be\/wordpress\/wp-content\/uploads\/2021\/01\/P1020560-300x225.jpg 300w, https:\/\/www.lindademeyer.be\/wordpress\/wp-content\/uploads\/2021\/01\/P1020560.jpg 400w\" sizes=\"(max-width: 300px) 100vw, 300px\" \/><\/a>\n\t\t\t<\/div><\/figure><figure class='gallery-item'>\n\t\t\t<div class='gallery-icon landscape'>\n\t\t\t\t<a data-elementor-open-lightbox=\"yes\" data-elementor-lightbox-slideshow=\"590b4f7\" data-elementor-lightbox-title=\"Tavira - Ponte Romana\" data-elementor-lightbox-description=\"Tavira - Ponte Romana\" e-action-hash=\"#elementor-action%3Aaction%3Dlightbox%26settings%3DeyJpZCI6MzI2MSwidXJsIjoiaHR0cHM6XC9cL3d3dy5saW5kYWRlbWV5ZXIuYmVcL3dvcmRwcmVzc1wvd3AtY29udGVudFwvdXBsb2Fkc1wvMjAyMVwvMDFcL1AxMDIwNTYxLmpwZyIsInNsaWRlc2hvdyI6IjU5MGI0ZjcifQ%3D%3D\" href='https:\/\/www.lindademeyer.be\/wordpress\/wp-content\/uploads\/2021\/01\/P1020561.jpg' title=\"\" data-rl_title=\"\" class=\"rl-gallery-link\" data-rl_caption=\"Tavira &#8211; Ponte Romana\" data-rel=\"lightbox-gallery-2\"><img width=\"300\" height=\"225\" src=\"https:\/\/www.lindademeyer.be\/wordpress\/wp-content\/uploads\/2021\/01\/P1020561-300x225.jpg\" class=\"attachment-medium size-medium\" alt=\"\" loading=\"lazy\" srcset=\"https:\/\/www.lindademeyer.be\/wordpress\/wp-content\/uploads\/2021\/01\/P1020561-300x225.jpg 300w, https:\/\/www.lindademeyer.be\/wordpress\/wp-content\/uploads\/2021\/01\/P1020561.jpg 400w\" sizes=\"(max-width: 300px) 100vw, 300px\" \/><\/a>\n\t\t\t<\/div><\/figure><figure class='gallery-item'>\n\t\t\t<div class='gallery-icon landscape'>\n\t\t\t\t<a data-elementor-open-lightbox=\"yes\" data-elementor-lightbox-slideshow=\"590b4f7\" data-elementor-lightbox-title=\"Tavira\" data-elementor-lightbox-description=\"Tavira\" e-action-hash=\"#elementor-action%3Aaction%3Dlightbox%26settings%3DeyJpZCI6MzI2MiwidXJsIjoiaHR0cHM6XC9cL3d3dy5saW5kYWRlbWV5ZXIuYmVcL3dvcmRwcmVzc1wvd3AtY29udGVudFwvdXBsb2Fkc1wvMjAyMVwvMDFcL1AxMDIwNTY5LmpwZyIsInNsaWRlc2hvdyI6IjU5MGI0ZjcifQ%3D%3D\" href='https:\/\/www.lindademeyer.be\/wordpress\/wp-content\/uploads\/2021\/01\/P1020569.jpg' title=\"\" data-rl_title=\"\" class=\"rl-gallery-link\" data-rl_caption=\"Tavira\" data-rel=\"lightbox-gallery-2\"><img width=\"300\" height=\"225\" src=\"https:\/\/www.lindademeyer.be\/wordpress\/wp-content\/uploads\/2021\/01\/P1020569-300x225.jpg\" class=\"attachment-medium size-medium\" alt=\"\" loading=\"lazy\" srcset=\"https:\/\/www.lindademeyer.be\/wordpress\/wp-content\/uploads\/2021\/01\/P1020569-300x225.jpg 300w, https:\/\/www.lindademeyer.be\/wordpress\/wp-content\/uploads\/2021\/01\/P1020569.jpg 400w\" sizes=\"(max-width: 300px) 100vw, 300px\" \/><\/a>\n\t\t\t<\/div><\/figure>\n\t\t<\/div>\n\t\t<\/div>\n\t\t\t\t<\/div>\n\t\t\t\t<\/div>\n\t\t\t\t<div class=\"elementor-element elementor-element-27f865aa elementor-widget elementor-widget-text-editor\" data-id=\"27f865aa\" data-element_type=\"widget\" data-widget_type=\"text-editor.default\">\n\t\t\t\t<div class=\"elementor-widget-container\">\n\t\t\t\t\t\t\t\t<div class=\"elementor-text-editor elementor-clearfix\">\n\t\t\t\t<p><b>Olhao<\/b><br \/>Olhoa ligt midden in het Ria Formosa natuurpark. Het heeft een mooie vissers- en jachthaven.<\/p>\t\t\t\t\t<\/div>\n\t\t\t\t\t\t<\/div>\n\t\t\t\t<\/div>\n\t\t\t\t<div class=\"elementor-element elementor-element-73b182af elementor-widget elementor-widget-text-editor\" data-id=\"73b182af\" data-element_type=\"widget\" data-widget_type=\"text-editor.default\">\n\t\t\t\t<div class=\"elementor-widget-container\">\n\t\t\t\t\t\t\t\t<div class=\"elementor-text-editor elementor-clearfix\">\n\t\t\t\t<p><b>Faro<\/b><br \/>Faro is gekend door zijn luchthaven. Maar vanuit het vliegtuig is al te zien dat Faro een unieke ligging heeft. Voor de kust van Faro begint een heel bijzonder natuurgebied: Ria Formosa. Een indrukwekkend landschap van lagunes, duinen, kanalen en eilandjes met een lengte van 60 kilometer richting het oosten van de Algarve. Vanuit het vliegtuig heb je daar een mooi zicht op.<br \/>Maar dit natuurschoon bezoeken we nu niet. We beperken ons tot het oude stadsgedeelte. Dit is niet zo groot maar wel mooi. De momumentale kathedraal en het klooster liggen in een doolhof van nauwe keistenen straatjes met een aantal gezellige caf\u00e9s. Na onze wandeling drinken we nog iets in een caf\u00e9 met uitzicht op het het natuurgebied. In de verte zien we zelfs de luchthaven. De vliegtuigen die aankomen vliegen dan ook laag over het natuurgebied.<br \/><br \/>Een vaststelling na de eerste dag autorijden in Portugal: ze zijn zot van ronde punten :).<\/p>\t\t\t\t\t<\/div>\n\t\t\t\t\t\t<\/div>\n\t\t\t\t<\/div>\n\t\t\t\t<div class=\"elementor-element elementor-element-9502a97 gallery-spacing-custom elementor-widget elementor-widget-image-gallery\" data-id=\"9502a97\" data-element_type=\"widget\" data-widget_type=\"image-gallery.default\">\n\t\t\t\t<div class=\"elementor-widget-container\">\n\t\t\t\t\t<div class=\"elementor-image-gallery\">\n\t\t\t<div id='gallery-3' class='gallery galleryid-44 gallery-columns-3 gallery-size-medium'><figure class='gallery-item'>\n\t\t\t<div class='gallery-icon landscape'>\n\t\t\t\t<a data-elementor-open-lightbox=\"yes\" data-elementor-lightbox-slideshow=\"9502a97\" data-elementor-lightbox-title=\"Olhao\" data-elementor-lightbox-description=\"Olhao\" e-action-hash=\"#elementor-action%3Aaction%3Dlightbox%26settings%3DeyJpZCI6MzI2NCwidXJsIjoiaHR0cHM6XC9cL3d3dy5saW5kYWRlbWV5ZXIuYmVcL3dvcmRwcmVzc1wvd3AtY29udGVudFwvdXBsb2Fkc1wvMjAyMVwvMDFcL1AxMDIwNTc4LmpwZyIsInNsaWRlc2hvdyI6Ijk1MDJhOTcifQ%3D%3D\" href='https:\/\/www.lindademeyer.be\/wordpress\/wp-content\/uploads\/2021\/01\/P1020578.jpg' title=\"\" data-rl_title=\"\" class=\"rl-gallery-link\" data-rl_caption=\"Olhao\" data-rel=\"lightbox-gallery-3\"><img width=\"300\" height=\"225\" src=\"https:\/\/www.lindademeyer.be\/wordpress\/wp-content\/uploads\/2021\/01\/P1020578-300x225.jpg\" class=\"attachment-medium size-medium\" alt=\"\" loading=\"lazy\" srcset=\"https:\/\/www.lindademeyer.be\/wordpress\/wp-content\/uploads\/2021\/01\/P1020578-300x225.jpg 300w, https:\/\/www.lindademeyer.be\/wordpress\/wp-content\/uploads\/2021\/01\/P1020578.jpg 400w\" sizes=\"(max-width: 300px) 100vw, 300px\" \/><\/a>\n\t\t\t<\/div><\/figure><figure class='gallery-item'>\n\t\t\t<div class='gallery-icon landscape'>\n\t\t\t\t<a data-elementor-open-lightbox=\"yes\" data-elementor-lightbox-slideshow=\"9502a97\" data-elementor-lightbox-title=\"Faro\" data-elementor-lightbox-description=\"Faro\" e-action-hash=\"#elementor-action%3Aaction%3Dlightbox%26settings%3DeyJpZCI6MzI2NywidXJsIjoiaHR0cHM6XC9cL3d3dy5saW5kYWRlbWV5ZXIuYmVcL3dvcmRwcmVzc1wvd3AtY29udGVudFwvdXBsb2Fkc1wvMjAyMVwvMDFcL1AxMDIwNTk0LmpwZyIsInNsaWRlc2hvdyI6Ijk1MDJhOTcifQ%3D%3D\" href='https:\/\/www.lindademeyer.be\/wordpress\/wp-content\/uploads\/2021\/01\/P1020594.jpg' title=\"\" data-rl_title=\"\" class=\"rl-gallery-link\" data-rl_caption=\"Faro\" data-rel=\"lightbox-gallery-3\"><img width=\"300\" height=\"225\" src=\"https:\/\/www.lindademeyer.be\/wordpress\/wp-content\/uploads\/2021\/01\/P1020594-300x225.jpg\" class=\"attachment-medium size-medium\" alt=\"\" loading=\"lazy\" srcset=\"https:\/\/www.lindademeyer.be\/wordpress\/wp-content\/uploads\/2021\/01\/P1020594-300x225.jpg 300w, https:\/\/www.lindademeyer.be\/wordpress\/wp-content\/uploads\/2021\/01\/P1020594.jpg 400w\" sizes=\"(max-width: 300px) 100vw, 300px\" \/><\/a>\n\t\t\t<\/div><\/figure><figure class='gallery-item'>\n\t\t\t<div class='gallery-icon landscape'>\n\t\t\t\t<a data-elementor-open-lightbox=\"yes\" data-elementor-lightbox-slideshow=\"9502a97\" data-elementor-lightbox-title=\"Faro\" data-elementor-lightbox-description=\"Faro\" e-action-hash=\"#elementor-action%3Aaction%3Dlightbox%26settings%3DeyJpZCI6MzI2OCwidXJsIjoiaHR0cHM6XC9cL3d3dy5saW5kYWRlbWV5ZXIuYmVcL3dvcmRwcmVzc1wvd3AtY29udGVudFwvdXBsb2Fkc1wvMjAyMVwvMDFcL1AxMDIwNTk3LmpwZyIsInNsaWRlc2hvdyI6Ijk1MDJhOTcifQ%3D%3D\" href='https:\/\/www.lindademeyer.be\/wordpress\/wp-content\/uploads\/2021\/01\/P1020597.jpg' title=\"\" data-rl_title=\"\" class=\"rl-gallery-link\" data-rl_caption=\"Faro\" data-rel=\"lightbox-gallery-3\"><img width=\"300\" height=\"225\" src=\"https:\/\/www.lindademeyer.be\/wordpress\/wp-content\/uploads\/2021\/01\/P1020597-300x225.jpg\" class=\"attachment-medium size-medium\" alt=\"\" loading=\"lazy\" srcset=\"https:\/\/www.lindademeyer.be\/wordpress\/wp-content\/uploads\/2021\/01\/P1020597-300x225.jpg 300w, https:\/\/www.lindademeyer.be\/wordpress\/wp-content\/uploads\/2021\/01\/P1020597.jpg 400w\" sizes=\"(max-width: 300px) 100vw, 300px\" \/><\/a>\n\t\t\t<\/div><\/figure><figure class='gallery-item'>\n\t\t\t<div class='gallery-icon landscape'>\n\t\t\t\t<a data-elementor-open-lightbox=\"yes\" data-elementor-lightbox-slideshow=\"9502a97\" data-elementor-lightbox-title=\"Faro\" data-elementor-lightbox-description=\"Faro\" e-action-hash=\"#elementor-action%3Aaction%3Dlightbox%26settings%3DeyJpZCI6MzI2OSwidXJsIjoiaHR0cHM6XC9cL3d3dy5saW5kYWRlbWV5ZXIuYmVcL3dvcmRwcmVzc1wvd3AtY29udGVudFwvdXBsb2Fkc1wvMjAyMVwvMDFcL1AxMDIwNjAxLmpwZyIsInNsaWRlc2hvdyI6Ijk1MDJhOTcifQ%3D%3D\" href='https:\/\/www.lindademeyer.be\/wordpress\/wp-content\/uploads\/2021\/01\/P1020601.jpg' title=\"\" data-rl_title=\"\" class=\"rl-gallery-link\" data-rl_caption=\"Faro\" data-rel=\"lightbox-gallery-3\"><img width=\"300\" height=\"225\" src=\"https:\/\/www.lindademeyer.be\/wordpress\/wp-content\/uploads\/2021\/01\/P1020601-300x225.jpg\" class=\"attachment-medium size-medium\" alt=\"\" loading=\"lazy\" srcset=\"https:\/\/www.lindademeyer.be\/wordpress\/wp-content\/uploads\/2021\/01\/P1020601-300x225.jpg 300w, https:\/\/www.lindademeyer.be\/wordpress\/wp-content\/uploads\/2021\/01\/P1020601.jpg 400w\" sizes=\"(max-width: 300px) 100vw, 300px\" \/><\/a>\n\t\t\t<\/div><\/figure><figure class='gallery-item'>\n\t\t\t<div class='gallery-icon landscape'>\n\t\t\t\t<a data-elementor-open-lightbox=\"yes\" data-elementor-lightbox-slideshow=\"9502a97\" data-elementor-lightbox-title=\"Faro - Ria Formosa\" data-elementor-lightbox-description=\"Faro - Ria Formosa\" e-action-hash=\"#elementor-action%3Aaction%3Dlightbox%26settings%3DeyJpZCI6MzI3MSwidXJsIjoiaHR0cHM6XC9cL3d3dy5saW5kYWRlbWV5ZXIuYmVcL3dvcmRwcmVzc1wvd3AtY29udGVudFwvdXBsb2Fkc1wvMjAyMVwvMDFcL1AxMDIwNjEwLmpwZyIsInNsaWRlc2hvdyI6Ijk1MDJhOTcifQ%3D%3D\" href='https:\/\/www.lindademeyer.be\/wordpress\/wp-content\/uploads\/2021\/01\/P1020610.jpg' title=\"\" data-rl_title=\"\" class=\"rl-gallery-link\" data-rl_caption=\"Faro &#8211; Ria Formosa\" data-rel=\"lightbox-gallery-3\"><img width=\"300\" height=\"225\" src=\"https:\/\/www.lindademeyer.be\/wordpress\/wp-content\/uploads\/2021\/01\/P1020610-300x225.jpg\" class=\"attachment-medium size-medium\" alt=\"\" loading=\"lazy\" srcset=\"https:\/\/www.lindademeyer.be\/wordpress\/wp-content\/uploads\/2021\/01\/P1020610-300x225.jpg 300w, https:\/\/www.lindademeyer.be\/wordpress\/wp-content\/uploads\/2021\/01\/P1020610.jpg 400w\" sizes=\"(max-width: 300px) 100vw, 300px\" \/><\/a>\n\t\t\t<\/div><\/figure><figure class='gallery-item'>\n\t\t\t<div class='gallery-icon landscape'>\n\t\t\t\t<a data-elementor-open-lightbox=\"yes\" data-elementor-lightbox-slideshow=\"9502a97\" data-elementor-lightbox-title=\"Faro\" data-elementor-lightbox-description=\"Faro\" e-action-hash=\"#elementor-action%3Aaction%3Dlightbox%26settings%3DeyJpZCI6MzI3MywidXJsIjoiaHR0cHM6XC9cL3d3dy5saW5kYWRlbWV5ZXIuYmVcL3dvcmRwcmVzc1wvd3AtY29udGVudFwvdXBsb2Fkc1wvMjAyMVwvMDFcL1AxMDIwNjEzLmpwZyIsInNsaWRlc2hvdyI6Ijk1MDJhOTcifQ%3D%3D\" href='https:\/\/www.lindademeyer.be\/wordpress\/wp-content\/uploads\/2021\/01\/P1020613.jpg' title=\"\" data-rl_title=\"\" class=\"rl-gallery-link\" data-rl_caption=\"Faro\" data-rel=\"lightbox-gallery-3\"><img width=\"300\" height=\"225\" src=\"https:\/\/www.lindademeyer.be\/wordpress\/wp-content\/uploads\/2021\/01\/P1020613-300x225.jpg\" class=\"attachment-medium size-medium\" alt=\"\" loading=\"lazy\" srcset=\"https:\/\/www.lindademeyer.be\/wordpress\/wp-content\/uploads\/2021\/01\/P1020613-300x225.jpg 300w, https:\/\/www.lindademeyer.be\/wordpress\/wp-content\/uploads\/2021\/01\/P1020613.jpg 400w\" sizes=\"(max-width: 300px) 100vw, 300px\" \/><\/a>\n\t\t\t<\/div><\/figure>\n\t\t<\/div>\n\t\t<\/div>\n\t\t\t\t<\/div>\n\t\t\t\t<\/div>\n\t\t\t\t<div class=\"elementor-element elementor-element-2e7bc973 elementor-widget elementor-widget-text-editor\" data-id=\"2e7bc973\" data-element_type=\"widget\" data-widget_type=\"text-editor.default\">\n\t\t\t\t<div class=\"elementor-widget-container\">\n\t\t\t\t\t\t\t\t<div class=\"elementor-text-editor elementor-clearfix\">\n\t\t\t\t<h3>Maandag 28 september <\/h3><p><b>Lagos<\/b><br \/>Vandaag rijden we naar Lagos. Om 12:00 uur hebben we een excursie geboekt: een boottocht naar Ponta de Piedade. De excursie is met een klein bootje, ontworpen en gebouwd in Portugal, om de verbazingwekkende grotten, grotten, zandsteenkliffen en afgelegen stranden bij Ponta Da Piedade te bezoeken. Het schip is zo ontworpen dat het de kleinste grotten inkomt.<br \/>Naast ons is er nog een meisje, een Portugese. De schipper\/gids is jong maar maakt er een tof avontuur van. Hij geeft duidelijke commentaar en durft af en toe eens het gaspedaal open te zetten. Je denkt, oh nee, we gaan op de rotsen varen maar op het laatste moment gooit hij dan het roer om. Zalig. We hebben hem dan ook een mooie fooi gegeven.<\/p>\t\t\t\t\t<\/div>\n\t\t\t\t\t\t<\/div>\n\t\t\t\t<\/div>\n\t\t\t\t<div class=\"elementor-element elementor-element-e33160e gallery-spacing-custom elementor-widget elementor-widget-image-gallery\" data-id=\"e33160e\" data-element_type=\"widget\" data-widget_type=\"image-gallery.default\">\n\t\t\t\t<div class=\"elementor-widget-container\">\n\t\t\t\t\t<div class=\"elementor-image-gallery\">\n\t\t\t<div id='gallery-4' class='gallery galleryid-44 gallery-columns-3 gallery-size-medium'><figure class='gallery-item'>\n\t\t\t<div class='gallery-icon landscape'>\n\t\t\t\t<a data-elementor-open-lightbox=\"yes\" data-elementor-lightbox-slideshow=\"e33160e\" data-elementor-lightbox-title=\"Rotsformaties langs de kustlijn van de stad Lagos\" data-elementor-lightbox-description=\"Rotsformaties langs de kustlijn van de stad Lagos\" e-action-hash=\"#elementor-action%3Aaction%3Dlightbox%26settings%3DeyJpZCI6MzI3NCwidXJsIjoiaHR0cHM6XC9cL3d3dy5saW5kYWRlbWV5ZXIuYmVcL3dvcmRwcmVzc1wvd3AtY29udGVudFwvdXBsb2Fkc1wvMjAyMVwvMDFcL1AxMDIwNjI2LmpwZyIsInNsaWRlc2hvdyI6ImUzMzE2MGUifQ%3D%3D\" href='https:\/\/www.lindademeyer.be\/wordpress\/wp-content\/uploads\/2021\/01\/P1020626.jpg' title=\"\" data-rl_title=\"\" class=\"rl-gallery-link\" data-rl_caption=\"Rotsformaties langs de kustlijn van de stad Lagos\" data-rel=\"lightbox-gallery-4\"><img width=\"300\" height=\"225\" src=\"https:\/\/www.lindademeyer.be\/wordpress\/wp-content\/uploads\/2021\/01\/P1020626-300x225.jpg\" class=\"attachment-medium size-medium\" alt=\"\" loading=\"lazy\" srcset=\"https:\/\/www.lindademeyer.be\/wordpress\/wp-content\/uploads\/2021\/01\/P1020626-300x225.jpg 300w, https:\/\/www.lindademeyer.be\/wordpress\/wp-content\/uploads\/2021\/01\/P1020626.jpg 400w\" sizes=\"(max-width: 300px) 100vw, 300px\" \/><\/a>\n\t\t\t<\/div><\/figure><figure class='gallery-item'>\n\t\t\t<div class='gallery-icon landscape'>\n\t\t\t\t<a data-elementor-open-lightbox=\"yes\" data-elementor-lightbox-slideshow=\"e33160e\" data-elementor-lightbox-title=\"Rotsformaties langs de kustlijn van de stad Lagos\" data-elementor-lightbox-description=\"Rotsformaties langs de kustlijn van de stad Lagos\" e-action-hash=\"#elementor-action%3Aaction%3Dlightbox%26settings%3DeyJpZCI6MzI3NSwidXJsIjoiaHR0cHM6XC9cL3d3dy5saW5kYWRlbWV5ZXIuYmVcL3dvcmRwcmVzc1wvd3AtY29udGVudFwvdXBsb2Fkc1wvMjAyMVwvMDFcL1AxMDIwNjI3LmpwZyIsInNsaWRlc2hvdyI6ImUzMzE2MGUifQ%3D%3D\" href='https:\/\/www.lindademeyer.be\/wordpress\/wp-content\/uploads\/2021\/01\/P1020627.jpg' title=\"\" data-rl_title=\"\" class=\"rl-gallery-link\" data-rl_caption=\"Rotsformaties langs de kustlijn van de stad Lagos\" data-rel=\"lightbox-gallery-4\"><img width=\"300\" height=\"225\" src=\"https:\/\/www.lindademeyer.be\/wordpress\/wp-content\/uploads\/2021\/01\/P1020627-300x225.jpg\" class=\"attachment-medium size-medium\" alt=\"\" loading=\"lazy\" srcset=\"https:\/\/www.lindademeyer.be\/wordpress\/wp-content\/uploads\/2021\/01\/P1020627-300x225.jpg 300w, https:\/\/www.lindademeyer.be\/wordpress\/wp-content\/uploads\/2021\/01\/P1020627.jpg 400w\" sizes=\"(max-width: 300px) 100vw, 300px\" \/><\/a>\n\t\t\t<\/div><\/figure><figure class='gallery-item'>\n\t\t\t<div class='gallery-icon landscape'>\n\t\t\t\t<a data-elementor-open-lightbox=\"yes\" data-elementor-lightbox-slideshow=\"e33160e\" data-elementor-lightbox-title=\"Rotsformaties langs de kustlijn van de stad Lagos\" data-elementor-lightbox-description=\"Rotsformaties langs de kustlijn van de stad Lagos\" e-action-hash=\"#elementor-action%3Aaction%3Dlightbox%26settings%3DeyJpZCI6MzI3NywidXJsIjoiaHR0cHM6XC9cL3d3dy5saW5kYWRlbWV5ZXIuYmVcL3dvcmRwcmVzc1wvd3AtY29udGVudFwvdXBsb2Fkc1wvMjAyMVwvMDFcL1AxMDIwNjI5LmpwZyIsInNsaWRlc2hvdyI6ImUzMzE2MGUifQ%3D%3D\" href='https:\/\/www.lindademeyer.be\/wordpress\/wp-content\/uploads\/2021\/01\/P1020629.jpg' title=\"\" data-rl_title=\"\" class=\"rl-gallery-link\" data-rl_caption=\"Rotsformaties langs de kustlijn van de stad Lagos\" data-rel=\"lightbox-gallery-4\"><img width=\"300\" height=\"225\" src=\"https:\/\/www.lindademeyer.be\/wordpress\/wp-content\/uploads\/2021\/01\/P1020629-300x225.jpg\" class=\"attachment-medium size-medium\" alt=\"\" loading=\"lazy\" srcset=\"https:\/\/www.lindademeyer.be\/wordpress\/wp-content\/uploads\/2021\/01\/P1020629-300x225.jpg 300w, https:\/\/www.lindademeyer.be\/wordpress\/wp-content\/uploads\/2021\/01\/P1020629.jpg 400w\" sizes=\"(max-width: 300px) 100vw, 300px\" \/><\/a>\n\t\t\t<\/div><\/figure><figure class='gallery-item'>\n\t\t\t<div class='gallery-icon landscape'>\n\t\t\t\t<a data-elementor-open-lightbox=\"yes\" data-elementor-lightbox-slideshow=\"e33160e\" data-elementor-lightbox-title=\"Rotsformaties langs de kustlijn van de stad Lagos\" data-elementor-lightbox-description=\"Rotsformaties langs de kustlijn van de stad Lagos\" e-action-hash=\"#elementor-action%3Aaction%3Dlightbox%26settings%3DeyJpZCI6MzI3OCwidXJsIjoiaHR0cHM6XC9cL3d3dy5saW5kYWRlbWV5ZXIuYmVcL3dvcmRwcmVzc1wvd3AtY29udGVudFwvdXBsb2Fkc1wvMjAyMVwvMDFcL1AxMDIwNjM1LmpwZyIsInNsaWRlc2hvdyI6ImUzMzE2MGUifQ%3D%3D\" href='https:\/\/www.lindademeyer.be\/wordpress\/wp-content\/uploads\/2021\/01\/P1020635.jpg' title=\"\" data-rl_title=\"\" class=\"rl-gallery-link\" data-rl_caption=\"Rotsformaties langs de kustlijn van de stad Lagos\" data-rel=\"lightbox-gallery-4\"><img width=\"300\" height=\"225\" src=\"https:\/\/www.lindademeyer.be\/wordpress\/wp-content\/uploads\/2021\/01\/P1020635-300x225.jpg\" class=\"attachment-medium size-medium\" alt=\"\" loading=\"lazy\" srcset=\"https:\/\/www.lindademeyer.be\/wordpress\/wp-content\/uploads\/2021\/01\/P1020635-300x225.jpg 300w, https:\/\/www.lindademeyer.be\/wordpress\/wp-content\/uploads\/2021\/01\/P1020635.jpg 400w\" sizes=\"(max-width: 300px) 100vw, 300px\" \/><\/a>\n\t\t\t<\/div><\/figure><figure class='gallery-item'>\n\t\t\t<div class='gallery-icon landscape'>\n\t\t\t\t<a data-elementor-open-lightbox=\"yes\" data-elementor-lightbox-slideshow=\"e33160e\" data-elementor-lightbox-title=\"Rotsformaties langs de kustlijn van de stad Lagos\" data-elementor-lightbox-description=\"Rotsformaties langs de kustlijn van de stad Lagos\" e-action-hash=\"#elementor-action%3Aaction%3Dlightbox%26settings%3DeyJpZCI6MzI3OSwidXJsIjoiaHR0cHM6XC9cL3d3dy5saW5kYWRlbWV5ZXIuYmVcL3dvcmRwcmVzc1wvd3AtY29udGVudFwvdXBsb2Fkc1wvMjAyMVwvMDFcL1AxMDIwNjM3LmpwZyIsInNsaWRlc2hvdyI6ImUzMzE2MGUifQ%3D%3D\" href='https:\/\/www.lindademeyer.be\/wordpress\/wp-content\/uploads\/2021\/01\/P1020637.jpg' title=\"\" data-rl_title=\"\" class=\"rl-gallery-link\" data-rl_caption=\"Rotsformaties langs de kustlijn van de stad Lagos\" data-rel=\"lightbox-gallery-4\"><img width=\"300\" height=\"225\" src=\"https:\/\/www.lindademeyer.be\/wordpress\/wp-content\/uploads\/2021\/01\/P1020637-300x225.jpg\" class=\"attachment-medium size-medium\" alt=\"\" loading=\"lazy\" srcset=\"https:\/\/www.lindademeyer.be\/wordpress\/wp-content\/uploads\/2021\/01\/P1020637-300x225.jpg 300w, https:\/\/www.lindademeyer.be\/wordpress\/wp-content\/uploads\/2021\/01\/P1020637.jpg 400w\" sizes=\"(max-width: 300px) 100vw, 300px\" \/><\/a>\n\t\t\t<\/div><\/figure><figure class='gallery-item'>\n\t\t\t<div class='gallery-icon landscape'>\n\t\t\t\t<a data-elementor-open-lightbox=\"yes\" data-elementor-lightbox-slideshow=\"e33160e\" data-elementor-lightbox-title=\"Rotsformaties langs de kustlijn van de stad Lagos\" data-elementor-lightbox-description=\"Rotsformaties langs de kustlijn van de stad Lagos\" e-action-hash=\"#elementor-action%3Aaction%3Dlightbox%26settings%3DeyJpZCI6MzI4MCwidXJsIjoiaHR0cHM6XC9cL3d3dy5saW5kYWRlbWV5ZXIuYmVcL3dvcmRwcmVzc1wvd3AtY29udGVudFwvdXBsb2Fkc1wvMjAyMVwvMDFcL1AxMDIwNjQyLmpwZyIsInNsaWRlc2hvdyI6ImUzMzE2MGUifQ%3D%3D\" href='https:\/\/www.lindademeyer.be\/wordpress\/wp-content\/uploads\/2021\/01\/P1020642.jpg' title=\"\" data-rl_title=\"\" class=\"rl-gallery-link\" data-rl_caption=\"Rotsformaties langs de kustlijn van de stad Lagos\" data-rel=\"lightbox-gallery-4\"><img width=\"300\" height=\"225\" src=\"https:\/\/www.lindademeyer.be\/wordpress\/wp-content\/uploads\/2021\/01\/P1020642-300x225.jpg\" class=\"attachment-medium size-medium\" alt=\"\" loading=\"lazy\" srcset=\"https:\/\/www.lindademeyer.be\/wordpress\/wp-content\/uploads\/2021\/01\/P1020642-300x225.jpg 300w, https:\/\/www.lindademeyer.be\/wordpress\/wp-content\/uploads\/2021\/01\/P1020642.jpg 400w\" sizes=\"(max-width: 300px) 100vw, 300px\" \/><\/a>\n\t\t\t<\/div><\/figure><figure class='gallery-item'>\n\t\t\t<div class='gallery-icon landscape'>\n\t\t\t\t<a data-elementor-open-lightbox=\"yes\" data-elementor-lightbox-slideshow=\"e33160e\" data-elementor-lightbox-title=\"Rotsformaties langs de kustlijn van de stad Lagos\" data-elementor-lightbox-description=\"Rotsformaties langs de kustlijn van de stad Lagos\" e-action-hash=\"#elementor-action%3Aaction%3Dlightbox%26settings%3DeyJpZCI6MzI4MSwidXJsIjoiaHR0cHM6XC9cL3d3dy5saW5kYWRlbWV5ZXIuYmVcL3dvcmRwcmVzc1wvd3AtY29udGVudFwvdXBsb2Fkc1wvMjAyMVwvMDFcL1AxMDIwNjUyLmpwZyIsInNsaWRlc2hvdyI6ImUzMzE2MGUifQ%3D%3D\" href='https:\/\/www.lindademeyer.be\/wordpress\/wp-content\/uploads\/2021\/01\/P1020652.jpg' title=\"\" data-rl_title=\"\" class=\"rl-gallery-link\" data-rl_caption=\"Rotsformaties langs de kustlijn van de stad Lagos\" data-rel=\"lightbox-gallery-4\"><img width=\"300\" height=\"225\" src=\"https:\/\/www.lindademeyer.be\/wordpress\/wp-content\/uploads\/2021\/01\/P1020652-300x225.jpg\" class=\"attachment-medium size-medium\" alt=\"\" loading=\"lazy\" srcset=\"https:\/\/www.lindademeyer.be\/wordpress\/wp-content\/uploads\/2021\/01\/P1020652-300x225.jpg 300w, https:\/\/www.lindademeyer.be\/wordpress\/wp-content\/uploads\/2021\/01\/P1020652.jpg 400w\" sizes=\"(max-width: 300px) 100vw, 300px\" \/><\/a>\n\t\t\t<\/div><\/figure><figure class='gallery-item'>\n\t\t\t<div class='gallery-icon landscape'>\n\t\t\t\t<a data-elementor-open-lightbox=\"yes\" data-elementor-lightbox-slideshow=\"e33160e\" data-elementor-lightbox-title=\"Rotsformaties langs de kustlijn van de stad Lagos\" data-elementor-lightbox-description=\"Rotsformaties langs de kustlijn van de stad Lagos\" e-action-hash=\"#elementor-action%3Aaction%3Dlightbox%26settings%3DeyJpZCI6MzI4MiwidXJsIjoiaHR0cHM6XC9cL3d3dy5saW5kYWRlbWV5ZXIuYmVcL3dvcmRwcmVzc1wvd3AtY29udGVudFwvdXBsb2Fkc1wvMjAyMVwvMDFcL1AxMDIwNjU2LmpwZyIsInNsaWRlc2hvdyI6ImUzMzE2MGUifQ%3D%3D\" href='https:\/\/www.lindademeyer.be\/wordpress\/wp-content\/uploads\/2021\/01\/P1020656.jpg' title=\"\" data-rl_title=\"\" class=\"rl-gallery-link\" data-rl_caption=\"Rotsformaties langs de kustlijn van de stad Lagos\" data-rel=\"lightbox-gallery-4\"><img width=\"300\" height=\"225\" src=\"https:\/\/www.lindademeyer.be\/wordpress\/wp-content\/uploads\/2021\/01\/P1020656-300x225.jpg\" class=\"attachment-medium size-medium\" alt=\"\" loading=\"lazy\" srcset=\"https:\/\/www.lindademeyer.be\/wordpress\/wp-content\/uploads\/2021\/01\/P1020656-300x225.jpg 300w, https:\/\/www.lindademeyer.be\/wordpress\/wp-content\/uploads\/2021\/01\/P1020656.jpg 400w\" sizes=\"(max-width: 300px) 100vw, 300px\" \/><\/a>\n\t\t\t<\/div><\/figure><figure class='gallery-item'>\n\t\t\t<div class='gallery-icon landscape'>\n\t\t\t\t<a data-elementor-open-lightbox=\"yes\" data-elementor-lightbox-slideshow=\"e33160e\" data-elementor-lightbox-title=\"Lagos\" data-elementor-lightbox-description=\"Lagos\" e-action-hash=\"#elementor-action%3Aaction%3Dlightbox%26settings%3DeyJpZCI6MzI4MywidXJsIjoiaHR0cHM6XC9cL3d3dy5saW5kYWRlbWV5ZXIuYmVcL3dvcmRwcmVzc1wvd3AtY29udGVudFwvdXBsb2Fkc1wvMjAyMVwvMDFcL1AxMDIwNjY4LmpwZyIsInNsaWRlc2hvdyI6ImUzMzE2MGUifQ%3D%3D\" href='https:\/\/www.lindademeyer.be\/wordpress\/wp-content\/uploads\/2021\/01\/P1020668.jpg' title=\"\" data-rl_title=\"\" class=\"rl-gallery-link\" data-rl_caption=\"Lagos\" data-rel=\"lightbox-gallery-4\"><img width=\"300\" height=\"225\" src=\"https:\/\/www.lindademeyer.be\/wordpress\/wp-content\/uploads\/2021\/01\/P1020668-300x225.jpg\" class=\"attachment-medium size-medium\" alt=\"\" loading=\"lazy\" srcset=\"https:\/\/www.lindademeyer.be\/wordpress\/wp-content\/uploads\/2021\/01\/P1020668-300x225.jpg 300w, https:\/\/www.lindademeyer.be\/wordpress\/wp-content\/uploads\/2021\/01\/P1020668.jpg 400w\" sizes=\"(max-width: 300px) 100vw, 300px\" \/><\/a>\n\t\t\t<\/div><\/figure>\n\t\t<\/div>\n\t\t<\/div>\n\t\t\t\t<\/div>\n\t\t\t\t<\/div>\n\t\t\t\t<div class=\"elementor-element elementor-element-ac7a85a elementor-widget elementor-widget-text-editor\" data-id=\"ac7a85a\" data-element_type=\"widget\" data-widget_type=\"text-editor.default\">\n\t\t\t\t<div class=\"elementor-widget-container\">\n\t\t\t\t\t\t\t\t<div class=\"elementor-text-editor elementor-clearfix\">\n\t\t\t\t<p><b>Ponta de Piedade<\/b><br \/>Dit ligt ongeveer 3 km ten noordwesten van de stad. Onder verweerde zandstenen kliffen liggen torenhoge roodbruine rotsformaties, waarin een doolhof van holen en grotten ligt verscholen. Het is een mooi spektakel.<br \/>We hebben deze morgen wat minder gegeten zodat we nu toch een beetje honger hebben. We willen toch eens iets proeven van de portugese keuken. Op een terrasje in \u00e9\u00e9n van de gezellige straatjes delen we gegrilde sardienen en gegrilde tonijn. Lekker!<br \/><br \/>De rotsen aan Ponta de Piedade willen we ook van bovenaf eens bekijken. De vuurtoren is hiervoor een prachtige plek. Volgens onze schipper op het bootje is dit ook een prachtige plek voor een zonsondergang. En het uitzicht op de rotsen onder ons is inderdaad schitterend. Echt de moeite waard!<\/p>\t\t\t\t\t<\/div>\n\t\t\t\t\t\t<\/div>\n\t\t\t\t<\/div>\n\t\t\t\t<div class=\"elementor-element elementor-element-f3215d9 gallery-spacing-custom elementor-widget elementor-widget-image-gallery\" data-id=\"f3215d9\" data-element_type=\"widget\" data-widget_type=\"image-gallery.default\">\n\t\t\t\t<div class=\"elementor-widget-container\">\n\t\t\t\t\t<div class=\"elementor-image-gallery\">\n\t\t\t<div id='gallery-5' class='gallery galleryid-44 gallery-columns-3 gallery-size-medium'><figure class='gallery-item'>\n\t\t\t<div class='gallery-icon landscape'>\n\t\t\t\t<a data-elementor-open-lightbox=\"yes\" data-elementor-lightbox-slideshow=\"f3215d9\" data-elementor-lightbox-title=\"Ponta da Piedade\" data-elementor-lightbox-description=\"Ponta da Piedade\" e-action-hash=\"#elementor-action%3Aaction%3Dlightbox%26settings%3DeyJpZCI6MzI4NiwidXJsIjoiaHR0cHM6XC9cL3d3dy5saW5kYWRlbWV5ZXIuYmVcL3dvcmRwcmVzc1wvd3AtY29udGVudFwvdXBsb2Fkc1wvMjAyMVwvMDFcL1AxMDIwNjgyLmpwZyIsInNsaWRlc2hvdyI6ImYzMjE1ZDkifQ%3D%3D\" href='https:\/\/www.lindademeyer.be\/wordpress\/wp-content\/uploads\/2021\/01\/P1020682.jpg' title=\"\" data-rl_title=\"\" class=\"rl-gallery-link\" data-rl_caption=\"Ponta da Piedade\" data-rel=\"lightbox-gallery-5\"><img width=\"300\" height=\"225\" src=\"https:\/\/www.lindademeyer.be\/wordpress\/wp-content\/uploads\/2021\/01\/P1020682-300x225.jpg\" class=\"attachment-medium size-medium\" alt=\"\" loading=\"lazy\" srcset=\"https:\/\/www.lindademeyer.be\/wordpress\/wp-content\/uploads\/2021\/01\/P1020682-300x225.jpg 300w, https:\/\/www.lindademeyer.be\/wordpress\/wp-content\/uploads\/2021\/01\/P1020682.jpg 400w\" sizes=\"(max-width: 300px) 100vw, 300px\" \/><\/a>\n\t\t\t<\/div><\/figure><figure class='gallery-item'>\n\t\t\t<div class='gallery-icon landscape'>\n\t\t\t\t<a data-elementor-open-lightbox=\"yes\" data-elementor-lightbox-slideshow=\"f3215d9\" data-elementor-lightbox-title=\"Ponta da Piedade\" data-elementor-lightbox-description=\"Ponta da Piedade\" e-action-hash=\"#elementor-action%3Aaction%3Dlightbox%26settings%3DeyJpZCI6MzI4OCwidXJsIjoiaHR0cHM6XC9cL3d3dy5saW5kYWRlbWV5ZXIuYmVcL3dvcmRwcmVzc1wvd3AtY29udGVudFwvdXBsb2Fkc1wvMjAyMVwvMDFcL1AxMDIwNjg5LmpwZyIsInNsaWRlc2hvdyI6ImYzMjE1ZDkifQ%3D%3D\" href='https:\/\/www.lindademeyer.be\/wordpress\/wp-content\/uploads\/2021\/01\/P1020689.jpg' title=\"\" data-rl_title=\"\" class=\"rl-gallery-link\" data-rl_caption=\"Ponta da Piedade\" data-rel=\"lightbox-gallery-5\"><img width=\"300\" height=\"225\" src=\"https:\/\/www.lindademeyer.be\/wordpress\/wp-content\/uploads\/2021\/01\/P1020689-300x225.jpg\" class=\"attachment-medium size-medium\" alt=\"\" loading=\"lazy\" srcset=\"https:\/\/www.lindademeyer.be\/wordpress\/wp-content\/uploads\/2021\/01\/P1020689-300x225.jpg 300w, https:\/\/www.lindademeyer.be\/wordpress\/wp-content\/uploads\/2021\/01\/P1020689.jpg 400w\" sizes=\"(max-width: 300px) 100vw, 300px\" \/><\/a>\n\t\t\t<\/div><\/figure><figure class='gallery-item'>\n\t\t\t<div class='gallery-icon landscape'>\n\t\t\t\t<a data-elementor-open-lightbox=\"yes\" data-elementor-lightbox-slideshow=\"f3215d9\" data-elementor-lightbox-title=\"Ponta da Piedade\" data-elementor-lightbox-description=\"Ponta da Piedade\" e-action-hash=\"#elementor-action%3Aaction%3Dlightbox%26settings%3DeyJpZCI6MzI5MCwidXJsIjoiaHR0cHM6XC9cL3d3dy5saW5kYWRlbWV5ZXIuYmVcL3dvcmRwcmVzc1wvd3AtY29udGVudFwvdXBsb2Fkc1wvMjAyMVwvMDFcL1AxMDIwNjkyLmpwZyIsInNsaWRlc2hvdyI6ImYzMjE1ZDkifQ%3D%3D\" href='https:\/\/www.lindademeyer.be\/wordpress\/wp-content\/uploads\/2021\/01\/P1020692.jpg' title=\"\" data-rl_title=\"\" class=\"rl-gallery-link\" data-rl_caption=\"Ponta da Piedade\" data-rel=\"lightbox-gallery-5\"><img width=\"300\" height=\"225\" src=\"https:\/\/www.lindademeyer.be\/wordpress\/wp-content\/uploads\/2021\/01\/P1020692-300x225.jpg\" class=\"attachment-medium size-medium\" alt=\"\" loading=\"lazy\" srcset=\"https:\/\/www.lindademeyer.be\/wordpress\/wp-content\/uploads\/2021\/01\/P1020692-300x225.jpg 300w, https:\/\/www.lindademeyer.be\/wordpress\/wp-content\/uploads\/2021\/01\/P1020692.jpg 400w\" sizes=\"(max-width: 300px) 100vw, 300px\" \/><\/a>\n\t\t\t<\/div><\/figure>\n\t\t<\/div>\n\t\t<\/div>\n\t\t\t\t<\/div>\n\t\t\t\t<\/div>\n\t\t\t\t<div class=\"elementor-element elementor-element-075d4c2 elementor-widget elementor-widget-text-editor\" data-id=\"075d4c2\" data-element_type=\"widget\" data-widget_type=\"text-editor.default\">\n\t\t\t\t<div class=\"elementor-widget-container\">\n\t\t\t\t\t\t\t\t<div class=\"elementor-text-editor elementor-clearfix\">\n\t\t\t\t<p><b>Sagres<\/b><br \/>Vanaf 15 uur is het bewolkt. Dit is wel jammer want Sagres ligt op een afgelegen klif die uitsteekt in de Atlantische Oceaan en je hebt hier een mooi uitzicht. Maar niet getreurd we genieten er zo ook van. Sagres is ook de meest zuidwestelijke gemeenschap van het Europese vasteland. Op de kliffen vind je het Fortaleza de Sagres. Dit is het fort van Hendrik de Zeevaarder, waar vandaan hij zijn ontdekkingstochten startte. Ook was hier zijn zeevaartschool gevestigd. Dit was de locatie waar lang geleden nieuwe technieken werden ontwikkeld die hebben bijgedragen aan het succes van de ontdekkingsreizen. Bij het fort staat ook een klein kerkje en er ligt een enorm stenen windkompas. Je betaalt een kleine entree van 3 euro pp. Langs de kliffen ligt een wandelpad. Je hebt er ook een groot blowhole waardoor je de golven van de oceaan onder je de pletter hoort slaan op de rotsen<\/p>\t\t\t\t\t<\/div>\n\t\t\t\t\t\t<\/div>\n\t\t\t\t<\/div>\n\t\t\t\t<div class=\"elementor-element elementor-element-e15f594 gallery-spacing-custom elementor-widget elementor-widget-image-gallery\" data-id=\"e15f594\" data-element_type=\"widget\" data-widget_type=\"image-gallery.default\">\n\t\t\t\t<div class=\"elementor-widget-container\">\n\t\t\t\t\t<div class=\"elementor-image-gallery\">\n\t\t\t<div id='gallery-6' class='gallery galleryid-44 gallery-columns-3 gallery-size-medium'><figure class='gallery-item'>\n\t\t\t<div class='gallery-icon landscape'>\n\t\t\t\t<a data-elementor-open-lightbox=\"yes\" data-elementor-lightbox-slideshow=\"e15f594\" data-elementor-lightbox-title=\"Sagres - stenen windkompas\" data-elementor-lightbox-description=\"Sagres - stenen windkompas\" e-action-hash=\"#elementor-action%3Aaction%3Dlightbox%26settings%3DeyJpZCI6MzI5MSwidXJsIjoiaHR0cHM6XC9cL3d3dy5saW5kYWRlbWV5ZXIuYmVcL3dvcmRwcmVzc1wvd3AtY29udGVudFwvdXBsb2Fkc1wvMjAyMVwvMDFcL1AxMDIwNjk0LmpwZyIsInNsaWRlc2hvdyI6ImUxNWY1OTQifQ%3D%3D\" href='https:\/\/www.lindademeyer.be\/wordpress\/wp-content\/uploads\/2021\/01\/P1020694.jpg' title=\"\" data-rl_title=\"\" class=\"rl-gallery-link\" data-rl_caption=\"Sagres &#8211; stenen windkompas\" data-rel=\"lightbox-gallery-6\"><img width=\"300\" height=\"225\" src=\"https:\/\/www.lindademeyer.be\/wordpress\/wp-content\/uploads\/2021\/01\/P1020694-300x225.jpg\" class=\"attachment-medium size-medium\" alt=\"\" loading=\"lazy\" srcset=\"https:\/\/www.lindademeyer.be\/wordpress\/wp-content\/uploads\/2021\/01\/P1020694-300x225.jpg 300w, https:\/\/www.lindademeyer.be\/wordpress\/wp-content\/uploads\/2021\/01\/P1020694.jpg 400w\" sizes=\"(max-width: 300px) 100vw, 300px\" \/><\/a>\n\t\t\t<\/div><\/figure><figure class='gallery-item'>\n\t\t\t<div class='gallery-icon landscape'>\n\t\t\t\t<a data-elementor-open-lightbox=\"yes\" data-elementor-lightbox-slideshow=\"e15f594\" data-elementor-lightbox-title=\"Sagres - klein kerkje\" data-elementor-lightbox-description=\"Sagres - klein kerkje\" e-action-hash=\"#elementor-action%3Aaction%3Dlightbox%26settings%3DeyJpZCI6MzI5MiwidXJsIjoiaHR0cHM6XC9cL3d3dy5saW5kYWRlbWV5ZXIuYmVcL3dvcmRwcmVzc1wvd3AtY29udGVudFwvdXBsb2Fkc1wvMjAyMVwvMDFcL1AxMDIwNjk3LmpwZyIsInNsaWRlc2hvdyI6ImUxNWY1OTQifQ%3D%3D\" href='https:\/\/www.lindademeyer.be\/wordpress\/wp-content\/uploads\/2021\/01\/P1020697.jpg' title=\"\" data-rl_title=\"\" class=\"rl-gallery-link\" data-rl_caption=\"Sagres &#8211; klein kerkje\" data-rel=\"lightbox-gallery-6\"><img width=\"300\" height=\"225\" src=\"https:\/\/www.lindademeyer.be\/wordpress\/wp-content\/uploads\/2021\/01\/P1020697-300x225.jpg\" class=\"attachment-medium size-medium\" alt=\"\" loading=\"lazy\" srcset=\"https:\/\/www.lindademeyer.be\/wordpress\/wp-content\/uploads\/2021\/01\/P1020697-300x225.jpg 300w, https:\/\/www.lindademeyer.be\/wordpress\/wp-content\/uploads\/2021\/01\/P1020697.jpg 400w\" sizes=\"(max-width: 300px) 100vw, 300px\" \/><\/a>\n\t\t\t<\/div><\/figure><figure class='gallery-item'>\n\t\t\t<div class='gallery-icon landscape'>\n\t\t\t\t<a data-elementor-open-lightbox=\"yes\" data-elementor-lightbox-slideshow=\"e15f594\" data-elementor-lightbox-title=\"Sagres\" data-elementor-lightbox-description=\"Sagres\" e-action-hash=\"#elementor-action%3Aaction%3Dlightbox%26settings%3DeyJpZCI6MzI5MywidXJsIjoiaHR0cHM6XC9cL3d3dy5saW5kYWRlbWV5ZXIuYmVcL3dvcmRwcmVzc1wvd3AtY29udGVudFwvdXBsb2Fkc1wvMjAyMVwvMDFcL1AxMDIwNzA0LmpwZyIsInNsaWRlc2hvdyI6ImUxNWY1OTQifQ%3D%3D\" href='https:\/\/www.lindademeyer.be\/wordpress\/wp-content\/uploads\/2021\/01\/P1020704.jpg' title=\"\" data-rl_title=\"\" class=\"rl-gallery-link\" data-rl_caption=\"Sagres\" data-rel=\"lightbox-gallery-6\"><img width=\"300\" height=\"225\" src=\"https:\/\/www.lindademeyer.be\/wordpress\/wp-content\/uploads\/2021\/01\/P1020704-300x225.jpg\" class=\"attachment-medium size-medium\" alt=\"\" loading=\"lazy\" srcset=\"https:\/\/www.lindademeyer.be\/wordpress\/wp-content\/uploads\/2021\/01\/P1020704-300x225.jpg 300w, https:\/\/www.lindademeyer.be\/wordpress\/wp-content\/uploads\/2021\/01\/P1020704.jpg 400w\" sizes=\"(max-width: 300px) 100vw, 300px\" \/><\/a>\n\t\t\t<\/div><\/figure><figure class='gallery-item'>\n\t\t\t<div class='gallery-icon landscape'>\n\t\t\t\t<a data-elementor-open-lightbox=\"yes\" data-elementor-lightbox-slideshow=\"e15f594\" data-elementor-lightbox-title=\"Sagres\" data-elementor-lightbox-description=\"Sagres\" e-action-hash=\"#elementor-action%3Aaction%3Dlightbox%26settings%3DeyJpZCI6MzI5NywidXJsIjoiaHR0cHM6XC9cL3d3dy5saW5kYWRlbWV5ZXIuYmVcL3dvcmRwcmVzc1wvd3AtY29udGVudFwvdXBsb2Fkc1wvMjAyMVwvMDFcL1AxMDIwNzE0LmpwZyIsInNsaWRlc2hvdyI6ImUxNWY1OTQifQ%3D%3D\" href='https:\/\/www.lindademeyer.be\/wordpress\/wp-content\/uploads\/2021\/01\/P1020714.jpg' title=\"\" data-rl_title=\"\" class=\"rl-gallery-link\" data-rl_caption=\"Sagres\" data-rel=\"lightbox-gallery-6\"><img width=\"300\" height=\"225\" src=\"https:\/\/www.lindademeyer.be\/wordpress\/wp-content\/uploads\/2021\/01\/P1020714-300x225.jpg\" class=\"attachment-medium size-medium\" alt=\"\" loading=\"lazy\" srcset=\"https:\/\/www.lindademeyer.be\/wordpress\/wp-content\/uploads\/2021\/01\/P1020714-300x225.jpg 300w, https:\/\/www.lindademeyer.be\/wordpress\/wp-content\/uploads\/2021\/01\/P1020714.jpg 400w\" sizes=\"(max-width: 300px) 100vw, 300px\" \/><\/a>\n\t\t\t<\/div><\/figure><figure class='gallery-item'>\n\t\t\t<div class='gallery-icon landscape'>\n\t\t\t\t<a data-elementor-open-lightbox=\"yes\" data-elementor-lightbox-slideshow=\"e15f594\" data-elementor-lightbox-title=\"Sagres\" data-elementor-lightbox-description=\"Sagres\" e-action-hash=\"#elementor-action%3Aaction%3Dlightbox%26settings%3DeyJpZCI6MzI5NSwidXJsIjoiaHR0cHM6XC9cL3d3dy5saW5kYWRlbWV5ZXIuYmVcL3dvcmRwcmVzc1wvd3AtY29udGVudFwvdXBsb2Fkc1wvMjAyMVwvMDFcL1AxMDIwNzEwLmpwZyIsInNsaWRlc2hvdyI6ImUxNWY1OTQifQ%3D%3D\" href='https:\/\/www.lindademeyer.be\/wordpress\/wp-content\/uploads\/2021\/01\/P1020710.jpg' title=\"\" data-rl_title=\"\" class=\"rl-gallery-link\" data-rl_caption=\"Sagres\" data-rel=\"lightbox-gallery-6\"><img width=\"300\" height=\"225\" src=\"https:\/\/www.lindademeyer.be\/wordpress\/wp-content\/uploads\/2021\/01\/P1020710-300x225.jpg\" class=\"attachment-medium size-medium\" alt=\"\" loading=\"lazy\" srcset=\"https:\/\/www.lindademeyer.be\/wordpress\/wp-content\/uploads\/2021\/01\/P1020710-300x225.jpg 300w, https:\/\/www.lindademeyer.be\/wordpress\/wp-content\/uploads\/2021\/01\/P1020710.jpg 400w\" sizes=\"(max-width: 300px) 100vw, 300px\" \/><\/a>\n\t\t\t<\/div><\/figure><figure class='gallery-item'>\n\t\t\t<div class='gallery-icon landscape'>\n\t\t\t\t<a data-elementor-open-lightbox=\"yes\" data-elementor-lightbox-slideshow=\"e15f594\" data-elementor-lightbox-title=\"Sagres\" data-elementor-lightbox-description=\"Sagres\" e-action-hash=\"#elementor-action%3Aaction%3Dlightbox%26settings%3DeyJpZCI6MzI5NCwidXJsIjoiaHR0cHM6XC9cL3d3dy5saW5kYWRlbWV5ZXIuYmVcL3dvcmRwcmVzc1wvd3AtY29udGVudFwvdXBsb2Fkc1wvMjAyMVwvMDFcL1AxMDIwNzA5LmpwZyIsInNsaWRlc2hvdyI6ImUxNWY1OTQifQ%3D%3D\" href='https:\/\/www.lindademeyer.be\/wordpress\/wp-content\/uploads\/2021\/01\/P1020709.jpg' title=\"\" data-rl_title=\"\" class=\"rl-gallery-link\" data-rl_caption=\"Sagres\" data-rel=\"lightbox-gallery-6\"><img width=\"300\" height=\"225\" src=\"https:\/\/www.lindademeyer.be\/wordpress\/wp-content\/uploads\/2021\/01\/P1020709-300x225.jpg\" class=\"attachment-medium size-medium\" alt=\"\" loading=\"lazy\" srcset=\"https:\/\/www.lindademeyer.be\/wordpress\/wp-content\/uploads\/2021\/01\/P1020709-300x225.jpg 300w, https:\/\/www.lindademeyer.be\/wordpress\/wp-content\/uploads\/2021\/01\/P1020709.jpg 400w\" sizes=\"(max-width: 300px) 100vw, 300px\" \/><\/a>\n\t\t\t<\/div><\/figure>\n\t\t<\/div>\n\t\t<\/div>\n\t\t\t\t<\/div>\n\t\t\t\t<\/div>\n\t\t\t\t<div class=\"elementor-element elementor-element-76d613d3 elementor-widget elementor-widget-text-editor\" data-id=\"76d613d3\" data-element_type=\"widget\" data-widget_type=\"text-editor.default\">\n\t\t\t\t<div class=\"elementor-widget-container\">\n\t\t\t\t\t\t\t\t<div class=\"elementor-text-editor elementor-clearfix\">\n\t\t\t\t<h3>Dinsdag 29 september<\/h3><p><b>Monchique<\/b><br \/>Monchique Ligt ongeveer een vijftien kilometer landinwaarts in de Algarve. Het is \u00e9\u00e9n van de hoogste dorpjes in Portugal gelegen in de bergen boven de Algarve. Het is met zijn natuurlijke bron vooral bekend als wellness oord. Caldes de Monchique is gelegen vlakbij het dorp. Dit is de plaats waar de Romeinen het helende bronwater uit de bergen ontdekten. Het bronwater komt hier met een temperatuur tussen de 27 en 31 garden celcius de berg uit. Er wordt gezegd dat het erg gezond is voor het lichaam. Vooral mensen met spier en darm klachten komen naar deze plaats.<\/p><p>Monchique is gelegen vlak onder het hoogste punt van de Algarve. Het dorpje kenmerkt zich door straatjes met kleine steentjes die zich omhoog slingeren richting de berg. Het is een mooi dorpje met veel 18e en 19e eeuwse huizen. Het centrale plein is erg sfeervol met zijn fonteinen en mooie bloemperken. Alleen al de rit naar boven door de prachtige natuur is een bezoek aan Monchique meer dan waard. We maken een wandelingetje door het dorpje.<\/p>\t\t\t\t\t<\/div>\n\t\t\t\t\t\t<\/div>\n\t\t\t\t<\/div>\n\t\t\t\t<div class=\"elementor-element elementor-element-2d9ef53 gallery-spacing-custom elementor-widget elementor-widget-image-gallery\" data-id=\"2d9ef53\" data-element_type=\"widget\" data-widget_type=\"image-gallery.default\">\n\t\t\t\t<div class=\"elementor-widget-container\">\n\t\t\t\t\t<div class=\"elementor-image-gallery\">\n\t\t\t<div id='gallery-7' class='gallery galleryid-44 gallery-columns-3 gallery-size-medium'><figure class='gallery-item'>\n\t\t\t<div class='gallery-icon landscape'>\n\t\t\t\t<a data-elementor-open-lightbox=\"yes\" data-elementor-lightbox-slideshow=\"2d9ef53\" data-elementor-lightbox-title=\"Onderweg naar Monchique\" data-elementor-lightbox-description=\"Onderweg naar Monchique\" e-action-hash=\"#elementor-action%3Aaction%3Dlightbox%26settings%3DeyJpZCI6MzI5OCwidXJsIjoiaHR0cHM6XC9cL3d3dy5saW5kYWRlbWV5ZXIuYmVcL3dvcmRwcmVzc1wvd3AtY29udGVudFwvdXBsb2Fkc1wvMjAyMVwvMDFcL1AxMDIwNzE5LmpwZyIsInNsaWRlc2hvdyI6IjJkOWVmNTMifQ%3D%3D\" href='https:\/\/www.lindademeyer.be\/wordpress\/wp-content\/uploads\/2021\/01\/P1020719.jpg' title=\"\" data-rl_title=\"\" class=\"rl-gallery-link\" data-rl_caption=\"Onderweg naar Monchique\" data-rel=\"lightbox-gallery-7\"><img width=\"300\" height=\"225\" src=\"https:\/\/www.lindademeyer.be\/wordpress\/wp-content\/uploads\/2021\/01\/P1020719-300x225.jpg\" class=\"attachment-medium size-medium\" alt=\"\" loading=\"lazy\" srcset=\"https:\/\/www.lindademeyer.be\/wordpress\/wp-content\/uploads\/2021\/01\/P1020719-300x225.jpg 300w, https:\/\/www.lindademeyer.be\/wordpress\/wp-content\/uploads\/2021\/01\/P1020719.jpg 400w\" sizes=\"(max-width: 300px) 100vw, 300px\" \/><\/a>\n\t\t\t<\/div><\/figure><figure class='gallery-item'>\n\t\t\t<div class='gallery-icon landscape'>\n\t\t\t\t<a data-elementor-open-lightbox=\"yes\" data-elementor-lightbox-slideshow=\"2d9ef53\" data-elementor-lightbox-title=\"Monchique\" data-elementor-lightbox-description=\"Monchique\" e-action-hash=\"#elementor-action%3Aaction%3Dlightbox%26settings%3DeyJpZCI6MzI5OSwidXJsIjoiaHR0cHM6XC9cL3d3dy5saW5kYWRlbWV5ZXIuYmVcL3dvcmRwcmVzc1wvd3AtY29udGVudFwvdXBsb2Fkc1wvMjAyMVwvMDFcL1AxMDIwNzI5LmpwZyIsInNsaWRlc2hvdyI6IjJkOWVmNTMifQ%3D%3D\" href='https:\/\/www.lindademeyer.be\/wordpress\/wp-content\/uploads\/2021\/01\/P1020729.jpg' title=\"\" data-rl_title=\"\" class=\"rl-gallery-link\" data-rl_caption=\"Monchique\" data-rel=\"lightbox-gallery-7\"><img width=\"300\" height=\"225\" src=\"https:\/\/www.lindademeyer.be\/wordpress\/wp-content\/uploads\/2021\/01\/P1020729-300x225.jpg\" class=\"attachment-medium size-medium\" alt=\"\" loading=\"lazy\" srcset=\"https:\/\/www.lindademeyer.be\/wordpress\/wp-content\/uploads\/2021\/01\/P1020729-300x225.jpg 300w, https:\/\/www.lindademeyer.be\/wordpress\/wp-content\/uploads\/2021\/01\/P1020729.jpg 400w\" sizes=\"(max-width: 300px) 100vw, 300px\" \/><\/a>\n\t\t\t<\/div><\/figure><figure class='gallery-item'>\n\t\t\t<div class='gallery-icon landscape'>\n\t\t\t\t<a data-elementor-open-lightbox=\"yes\" data-elementor-lightbox-slideshow=\"2d9ef53\" data-elementor-lightbox-title=\"Monchique\" data-elementor-lightbox-description=\"Monchique\" e-action-hash=\"#elementor-action%3Aaction%3Dlightbox%26settings%3DeyJpZCI6MzMwNCwidXJsIjoiaHR0cHM6XC9cL3d3dy5saW5kYWRlbWV5ZXIuYmVcL3dvcmRwcmVzc1wvd3AtY29udGVudFwvdXBsb2Fkc1wvMjAyMVwvMDFcL1AxMDIwNzQ2LmpwZyIsInNsaWRlc2hvdyI6IjJkOWVmNTMifQ%3D%3D\" href='https:\/\/www.lindademeyer.be\/wordpress\/wp-content\/uploads\/2021\/01\/P1020746.jpg' title=\"\" data-rl_title=\"\" class=\"rl-gallery-link\" data-rl_caption=\"Monchique\" data-rel=\"lightbox-gallery-7\"><img width=\"300\" height=\"225\" src=\"https:\/\/www.lindademeyer.be\/wordpress\/wp-content\/uploads\/2021\/01\/P1020746-300x225.jpg\" class=\"attachment-medium size-medium\" alt=\"\" loading=\"lazy\" srcset=\"https:\/\/www.lindademeyer.be\/wordpress\/wp-content\/uploads\/2021\/01\/P1020746-300x225.jpg 300w, https:\/\/www.lindademeyer.be\/wordpress\/wp-content\/uploads\/2021\/01\/P1020746.jpg 400w\" sizes=\"(max-width: 300px) 100vw, 300px\" \/><\/a>\n\t\t\t<\/div><\/figure><figure class='gallery-item'>\n\t\t\t<div class='gallery-icon landscape'>\n\t\t\t\t<a data-elementor-open-lightbox=\"yes\" data-elementor-lightbox-slideshow=\"2d9ef53\" data-elementor-lightbox-title=\"Monchique\" data-elementor-lightbox-description=\"Monchique\" e-action-hash=\"#elementor-action%3Aaction%3Dlightbox%26settings%3DeyJpZCI6MzMwNiwidXJsIjoiaHR0cHM6XC9cL3d3dy5saW5kYWRlbWV5ZXIuYmVcL3dvcmRwcmVzc1wvd3AtY29udGVudFwvdXBsb2Fkc1wvMjAyMVwvMDFcL1AxMDIwNzUxLmpwZyIsInNsaWRlc2hvdyI6IjJkOWVmNTMifQ%3D%3D\" href='https:\/\/www.lindademeyer.be\/wordpress\/wp-content\/uploads\/2021\/01\/P1020751.jpg' title=\"\" data-rl_title=\"\" class=\"rl-gallery-link\" data-rl_caption=\"Monchique\" data-rel=\"lightbox-gallery-7\"><img width=\"300\" height=\"225\" src=\"https:\/\/www.lindademeyer.be\/wordpress\/wp-content\/uploads\/2021\/01\/P1020751-300x225.jpg\" class=\"attachment-medium size-medium\" alt=\"\" loading=\"lazy\" srcset=\"https:\/\/www.lindademeyer.be\/wordpress\/wp-content\/uploads\/2021\/01\/P1020751-300x225.jpg 300w, https:\/\/www.lindademeyer.be\/wordpress\/wp-content\/uploads\/2021\/01\/P1020751.jpg 400w\" sizes=\"(max-width: 300px) 100vw, 300px\" \/><\/a>\n\t\t\t<\/div><\/figure><figure class='gallery-item'>\n\t\t\t<div class='gallery-icon portrait'>\n\t\t\t\t<a data-elementor-open-lightbox=\"yes\" data-elementor-lightbox-slideshow=\"2d9ef53\" data-elementor-lightbox-title=\"Monchique\" data-elementor-lightbox-description=\"Monchique\" e-action-hash=\"#elementor-action%3Aaction%3Dlightbox%26settings%3DeyJpZCI6MzMwMSwidXJsIjoiaHR0cHM6XC9cL3d3dy5saW5kYWRlbWV5ZXIuYmVcL3dvcmRwcmVzc1wvd3AtY29udGVudFwvdXBsb2Fkc1wvMjAyMVwvMDFcL1AxMDIwNzMzLmpwZyIsInNsaWRlc2hvdyI6IjJkOWVmNTMifQ%3D%3D\" href='https:\/\/www.lindademeyer.be\/wordpress\/wp-content\/uploads\/2021\/01\/P1020733.jpg' title=\"\" data-rl_title=\"\" class=\"rl-gallery-link\" data-rl_caption=\"Monchique\" data-rel=\"lightbox-gallery-7\"><img width=\"225\" height=\"300\" src=\"https:\/\/www.lindademeyer.be\/wordpress\/wp-content\/uploads\/2021\/01\/P1020733.jpg\" class=\"attachment-medium size-medium\" alt=\"\" loading=\"lazy\" \/><\/a>\n\t\t\t<\/div><\/figure><figure class='gallery-item'>\n\t\t\t<div class='gallery-icon portrait'>\n\t\t\t\t<a data-elementor-open-lightbox=\"yes\" data-elementor-lightbox-slideshow=\"2d9ef53\" data-elementor-lightbox-title=\"Monchique\" data-elementor-lightbox-description=\"Monchique\" e-action-hash=\"#elementor-action%3Aaction%3Dlightbox%26settings%3DeyJpZCI6MzMwMiwidXJsIjoiaHR0cHM6XC9cL3d3dy5saW5kYWRlbWV5ZXIuYmVcL3dvcmRwcmVzc1wvd3AtY29udGVudFwvdXBsb2Fkc1wvMjAyMVwvMDFcL1AxMDIwNzM0LmpwZyIsInNsaWRlc2hvdyI6IjJkOWVmNTMifQ%3D%3D\" href='https:\/\/www.lindademeyer.be\/wordpress\/wp-content\/uploads\/2021\/01\/P1020734.jpg' title=\"\" data-rl_title=\"\" class=\"rl-gallery-link\" data-rl_caption=\"Monchique\" data-rel=\"lightbox-gallery-7\"><img width=\"225\" height=\"300\" src=\"https:\/\/www.lindademeyer.be\/wordpress\/wp-content\/uploads\/2021\/01\/P1020734.jpg\" class=\"attachment-medium size-medium\" alt=\"\" loading=\"lazy\" \/><\/a>\n\t\t\t<\/div><\/figure>\n\t\t<\/div>\n\t\t<\/div>\n\t\t\t\t<\/div>\n\t\t\t\t<\/div>\n\t\t\t\t<div class=\"elementor-element elementor-element-763bf848 elementor-widget elementor-widget-text-editor\" data-id=\"763bf848\" data-element_type=\"widget\" data-widget_type=\"text-editor.default\">\n\t\t\t\t<div class=\"elementor-widget-container\">\n\t\t\t\t\t\t\t\t<div class=\"elementor-text-editor elementor-clearfix\">\n\t\t\t\t<p><b>Silves<\/b><br \/>De ligging van Silves, aan de rand van de Serra de Monchique, geeft de stad een streepje voor. Deze bergketen in het westelijke deel van de Algarve is een beschermd natuurgebied. Ruige, vruchtbare landschappen met velden vol sinaasappelbomen omringen Silves. Het middeleeuwse stadje was zo&#8217;n duizend jaar geleden het middelpunt van de Arabische bezetting in dit gebied. Ook zien we verschillende ooievaarsnesten tijdens de rit naar Silves.<br \/>Silves is een van de oudere stadjes van de Algarve. Silves ligt in het binnenland en heeft een prachtig oude fort. Met name het Fort van Silves trekt veel toeristen naar het dorpje toe. Het kasteel is te vinden op het hoogste punt van het dorp. We houden het bij een kleine stop en rijden terug naar het hotel. We leveren de auto terug in en de rest van de namiddag besteden we aan het zwembad.<\/p>\t\t\t\t\t<\/div>\n\t\t\t\t\t\t<\/div>\n\t\t\t\t<\/div>\n\t\t\t\t<section class=\"elementor-section elementor-inner-section elementor-element elementor-element-a72f0d7 elementor-section-boxed elementor-section-height-default elementor-section-height-default\" data-id=\"a72f0d7\" data-element_type=\"section\">\n\t\t\t\t\t\t<div class=\"elementor-container elementor-column-gap-default\">\n\t\t\t\t\t\t\t<div class=\"elementor-row\">\n\t\t\t\t\t<div class=\"elementor-column elementor-col-50 elementor-inner-column elementor-element elementor-element-62dd9445\" data-id=\"62dd9445\" data-element_type=\"column\">\n\t\t\t<div class=\"elementor-column-wrap elementor-element-populated\">\n\t\t\t\t\t\t\t<div class=\"elementor-widget-wrap\">\n\t\t\t\t\t\t<div class=\"elementor-element elementor-element-e0204e5 elementor-widget elementor-widget-image\" data-id=\"e0204e5\" data-element_type=\"widget\" data-widget_type=\"image.default\">\n\t\t\t\t<div class=\"elementor-widget-container\">\n\t\t\t\t\t\t\t\t<div class=\"elementor-image\">\n\t\t\t\t\t\t\t\t\t\t\t\t<img width=\"400\" height=\"300\" src=\"https:\/\/www.lindademeyer.be\/wordpress\/wp-content\/uploads\/2021\/01\/P1020752.jpg\" class=\"attachment-large size-large\" alt=\"\" loading=\"lazy\" srcset=\"https:\/\/www.lindademeyer.be\/wordpress\/wp-content\/uploads\/2021\/01\/P1020752.jpg 400w, https:\/\/www.lindademeyer.be\/wordpress\/wp-content\/uploads\/2021\/01\/P1020752-300x225.jpg 300w\" sizes=\"(max-width: 400px) 100vw, 400px\" \/>\t\t\t\t\t\t\t\t\t\t\t\t\t\t<\/div>\n\t\t\t\t\t\t<\/div>\n\t\t\t\t<\/div>\n\t\t\t\t\t\t<\/div>\n\t\t\t\t\t<\/div>\n\t\t<\/div>\n\t\t\t\t<div class=\"elementor-column elementor-col-50 elementor-inner-column elementor-element elementor-element-47a60b36\" data-id=\"47a60b36\" data-element_type=\"column\">\n\t\t\t<div class=\"elementor-column-wrap elementor-element-populated\">\n\t\t\t\t\t\t\t<div class=\"elementor-widget-wrap\">\n\t\t\t\t\t\t<div class=\"elementor-element elementor-element-fc933d6 elementor-widget elementor-widget-image\" data-id=\"fc933d6\" data-element_type=\"widget\" data-widget_type=\"image.default\">\n\t\t\t\t<div class=\"elementor-widget-container\">\n\t\t\t\t\t\t\t\t<div class=\"elementor-image\">\n\t\t\t\t\t\t\t\t\t\t\t\t<img width=\"400\" height=\"300\" src=\"https:\/\/www.lindademeyer.be\/wordpress\/wp-content\/uploads\/2021\/01\/P1020774.jpg\" class=\"attachment-large size-large\" alt=\"\" loading=\"lazy\" srcset=\"https:\/\/www.lindademeyer.be\/wordpress\/wp-content\/uploads\/2021\/01\/P1020774.jpg 400w, https:\/\/www.lindademeyer.be\/wordpress\/wp-content\/uploads\/2021\/01\/P1020774-300x225.jpg 300w\" sizes=\"(max-width: 400px) 100vw, 400px\" \/>\t\t\t\t\t\t\t\t\t\t\t\t\t\t<\/div>\n\t\t\t\t\t\t<\/div>\n\t\t\t\t<\/div>\n\t\t\t\t\t\t<\/div>\n\t\t\t\t\t<\/div>\n\t\t<\/div>\n\t\t\t\t\t\t\t\t<\/div>\n\t\t\t\t\t<\/div>\n\t\t<\/section>\n\t\t\t\t<div class=\"elementor-element elementor-element-b9a39e1 elementor-widget elementor-widget-text-editor\" data-id=\"b9a39e1\" data-element_type=\"widget\" data-widget_type=\"text-editor.default\">\n\t\t\t\t<div class=\"elementor-widget-container\">\n\t\t\t\t\t\t\t\t<div class=\"elementor-text-editor elementor-clearfix\">\n\t\t\t\t<h3>Woensdag 30 september<\/h3><p>Vandaag is het reeds de laatste dag van onze vakantie. Het laatste dagje relaxen! Maar de vakantie is juist lang genoeg. We hebben een stukje van de omgeving gezien, een paar mooie boottochtjes en geluierd aan het zwembad. Het is mooi geweest en we zijn voldoende uitgerust.<\/p>\t\t\t\t\t<\/div>\n\t\t\t\t\t\t<\/div>\n\t\t\t\t<\/div>\n\t\t\t\t\t\t<\/div>\n\t\t\t\t\t<\/div>\n\t\t<\/div>\n\t\t\t\t\t\t\t\t<\/div>\n\t\t\t\t\t<\/div>\n\t\t<\/section>\n\t\t\t\t\t\t\t\t\t<\/div>\n\t\t\t<\/div>\n\t\t\t\t\t<\/div>\n\t\t","protected":false},"excerpt":{"rendered":"<p>PORTUGAL ALGARVE 22 september 2020 Onze reis naar Indonesi\u00eb was door de corona al in duigen gevallen. Doordat op reis gaan \u00e9\u00e9n van onze hobby&#8217;s is willen we ondanks de corona toch het risico nemen om op reis te gaan. Vooral Koen heeft door de corona dit jaar nog geen verlof gehad. We waren eerst [&hellip;]<\/p>\n","protected":false},"author":1,"featured_media":0,"parent":0,"menu_order":0,"comment_status":"closed","ping_status":"closed","template":"","meta":{"_uag_custom_page_level_css":"","_vp_format_video_url":"","_vp_image_focal_point":[]},"uagb_featured_image_src":{"full":false,"thumbnail":false,"medium":false,"medium_large":false,"large":false,"1536x1536":false,"2048x2048":false,"vp_sm":false,"vp_md":false,"vp_lg":false,"vp_xl":false,"vp_sm_popup":false,"vp_md_popup":false,"vp_xl_popup":false,"sow-carousel-default":false},"uagb_author_info":{"display_name":"lindakoen","author_link":"https:\/\/www.lindademeyer.be\/wordpress\/author\/lindakoen\/"},"uagb_comment_info":0,"uagb_excerpt":"PORTUGAL ALGARVE 22 september 2020 Onze reis naar Indonesi\u00eb was door de corona al in duigen gevallen. Doordat op reis gaan \u00e9\u00e9n van onze hobby&#8217;s is willen we ondanks de corona toch het risico nemen om op reis te gaan. Vooral Koen heeft door de corona dit jaar nog geen verlof gehad. We waren eerst&hellip;","_links":{"self":[{"href":"https:\/\/www.lindademeyer.be\/wordpress\/wp-json\/wp\/v2\/pages\/44"}],"collection":[{"href":"https:\/\/www.lindademeyer.be\/wordpress\/wp-json\/wp\/v2\/pages"}],"about":[{"href":"https:\/\/www.lindademeyer.be\/wordpress\/wp-json\/wp\/v2\/types\/page"}],"author":[{"embeddable":true,"href":"https:\/\/www.lindademeyer.be\/wordpress\/wp-json\/wp\/v2\/users\/1"}],"replies":[{"embeddable":true,"href":"https:\/\/www.lindademeyer.be\/wordpress\/wp-json\/wp\/v2\/comments?post=44"}],"version-history":[{"count":26,"href":"https:\/\/www.lindademeyer.be\/wordpress\/wp-json\/wp\/v2\/pages\/44\/revisions"}],"predecessor-version":[{"id":4765,"href":"https:\/\/www.lindademeyer.be\/wordpress\/wp-json\/wp\/v2\/pages\/44\/revisions\/4765"}],"wp:attachment":[{"href":"https:\/\/www.lindademeyer.be\/wordpress\/wp-json\/wp\/v2\/media?parent=44"}],"curies":[{"name":"wp","href":"https:\/\/api.w.org\/{rel}","templated":true}]}}