{"id":990,"date":"2020-11-27T14:24:01","date_gmt":"2020-11-27T14:24:01","guid":{"rendered":"http:\/\/www.lindademeyer.be\/wordpress\/?page_id=990"},"modified":"2021-03-14T12:27:00","modified_gmt":"2021-03-14T12:27:00","slug":"andalusie-2019","status":"publish","type":"page","link":"http:\/\/www.lindademeyer.be\/wordpress\/andalusie-2019\/","title":{"rendered":"Andalusi\u00eb 2019"},"content":{"rendered":"\t\t<div data-elementor-type=\"wp-page\" data-elementor-id=\"990\" class=\"elementor elementor-990\">\n\t\t\t\t\t\t<div class=\"elementor-inner\">\n\t\t\t\t<div class=\"elementor-section-wrap\">\n\t\t\t\t\t\t\t\t\t<section class=\"elementor-section elementor-top-section elementor-element elementor-element-656127de elementor-section-boxed elementor-section-height-default elementor-section-height-default\" data-id=\"656127de\" data-element_type=\"section\">\n\t\t\t\t\t\t<div class=\"elementor-container elementor-column-gap-default\">\n\t\t\t\t\t\t\t<div class=\"elementor-row\">\n\t\t\t\t\t<div class=\"elementor-column elementor-col-100 elementor-top-column elementor-element elementor-element-7c18a52a\" data-id=\"7c18a52a\" data-element_type=\"column\">\n\t\t\t<div class=\"elementor-column-wrap elementor-element-populated\">\n\t\t\t\t\t\t\t<div class=\"elementor-widget-wrap\">\n\t\t\t\t\t\t<div class=\"elementor-element elementor-element-16511f7c elementor-widget elementor-widget-heading\" data-id=\"16511f7c\" data-element_type=\"widget\" data-widget_type=\"heading.default\">\n\t\t\t\t<div class=\"elementor-widget-container\">\n\t\t\t<h3 class=\"elementor-heading-title elementor-size-default\">SPANJE<\/h3>\t\t<\/div>\n\t\t\t\t<\/div>\n\t\t\t\t\t\t<\/div>\n\t\t\t\t\t<\/div>\n\t\t<\/div>\n\t\t\t\t\t\t\t\t<\/div>\n\t\t\t\t\t<\/div>\n\t\t<\/section>\n\t\t\t\t<section class=\"elementor-section elementor-top-section elementor-element elementor-element-24e0b10f elementor-section-boxed elementor-section-height-default elementor-section-height-default\" data-id=\"24e0b10f\" data-element_type=\"section\">\n\t\t\t\t\t\t<div class=\"elementor-container elementor-column-gap-default\">\n\t\t\t\t\t\t\t<div class=\"elementor-row\">\n\t\t\t\t\t<div class=\"elementor-column elementor-col-100 elementor-top-column elementor-element elementor-element-54697f12\" data-id=\"54697f12\" data-element_type=\"column\">\n\t\t\t<div class=\"elementor-column-wrap elementor-element-populated\">\n\t\t\t\t\t\t\t<div class=\"elementor-widget-wrap\">\n\t\t\t\t\t\t<div class=\"elementor-element elementor-element-21e97395 elementor-widget elementor-widget-image\" data-id=\"21e97395\" data-element_type=\"widget\" data-widget_type=\"image.default\">\n\t\t\t\t<div class=\"elementor-widget-container\">\n\t\t\t\t\t\t\t\t<div class=\"elementor-image\">\n\t\t\t\t\t\t\t\t\t\t\t\t<img width=\"940\" height=\"420\" src=\"http:\/\/www.lindademeyer.be\/wordpress\/wp-content\/uploads\/2020\/12\/DSC3028-ubeda.jpg\" class=\"attachment-large size-large\" alt=\"\" loading=\"lazy\" srcset=\"http:\/\/www.lindademeyer.be\/wordpress\/wp-content\/uploads\/2020\/12\/DSC3028-ubeda.jpg 940w, http:\/\/www.lindademeyer.be\/wordpress\/wp-content\/uploads\/2020\/12\/DSC3028-ubeda-300x134.jpg 300w, http:\/\/www.lindademeyer.be\/wordpress\/wp-content\/uploads\/2020\/12\/DSC3028-ubeda-768x343.jpg 768w, http:\/\/www.lindademeyer.be\/wordpress\/wp-content\/uploads\/2020\/12\/DSC3028-ubeda-500x223.jpg 500w, http:\/\/www.lindademeyer.be\/wordpress\/wp-content\/uploads\/2020\/12\/DSC3028-ubeda-800x357.jpg 800w\" sizes=\"(max-width: 940px) 100vw, 940px\" \/>\t\t\t\t\t\t\t\t\t\t\t\t\t\t<\/div>\n\t\t\t\t\t\t<\/div>\n\t\t\t\t<\/div>\n\t\t\t\t<div class=\"elementor-element elementor-element-2c1f1d39 elementor-widget elementor-widget-spacer\" data-id=\"2c1f1d39\" data-element_type=\"widget\" data-widget_type=\"spacer.default\">\n\t\t\t\t<div class=\"elementor-widget-container\">\n\t\t\t\t\t<div class=\"elementor-spacer\">\n\t\t\t<div class=\"elementor-spacer-inner\"><\/div>\n\t\t<\/div>\n\t\t\t\t<\/div>\n\t\t\t\t<\/div>\n\t\t\t\t<div class=\"elementor-element elementor-element-2ce80281 elementor-widget elementor-widget-text-editor\" data-id=\"2ce80281\" data-element_type=\"widget\" data-widget_type=\"text-editor.default\">\n\t\t\t\t<div class=\"elementor-widget-container\">\n\t\t\t\t\t\t\t\t<div class=\"elementor-text-editor elementor-clearfix\">\n\t\t\t\t<h3 style=\"text-align: center;\">RONDREIS ANDALUSIE <\/h3>\t\t\t\t\t<\/div>\n\t\t\t\t\t\t<\/div>\n\t\t\t\t<\/div>\n\t\t\t\t<div class=\"elementor-element elementor-element-40787f7a elementor-widget elementor-widget-text-editor\" data-id=\"40787f7a\" data-element_type=\"widget\" data-widget_type=\"text-editor.default\">\n\t\t\t\t<div class=\"elementor-widget-container\">\n\t\t\t\t\t\t\t\t<div class=\"elementor-text-editor elementor-clearfix\">\n\t\t\t\t<p style=\"text-align: center;\"><span style=\"font-size: 10pt;\">25 september 2019<\/span><\/p>\t\t\t\t\t<\/div>\n\t\t\t\t\t\t<\/div>\n\t\t\t\t<\/div>\n\t\t\t\t<div class=\"elementor-element elementor-element-6cea38f elementor-widget elementor-widget-text-editor\" data-id=\"6cea38f\" data-element_type=\"widget\" data-widget_type=\"text-editor.default\">\n\t\t\t\t<div class=\"elementor-widget-container\">\n\t\t\t\t\t\t\t\t<div class=\"elementor-text-editor elementor-clearfix\">\n\t\t\t\t<p><strong>Het mooie Andalusi\u00eb is het land van de olijven, sinaasappels, sherry, zonnebloemen, flamenco, mooie bergketens, leuke witte bergdorpjes met mooie pleintjes en smalle, met bloemde versierde steegjes. Maar ook de prachtige cultuur die overgebleven is uit het moorse verleden is een reden om Andalusi\u00eb te bezoeken. We hebben reeds eerder Andalusi\u00eb bezocht en het smaakte naar meer. Onze eerste halte in Andalusi\u00eb is Baeza. <\/strong><\/p>\t\t\t\t\t<\/div>\n\t\t\t\t\t\t<\/div>\n\t\t\t\t<\/div>\n\t\t\t\t<div class=\"elementor-element elementor-element-611efd9d elementor-widget-divider--view-line elementor-widget elementor-widget-divider\" data-id=\"611efd9d\" data-element_type=\"widget\" data-widget_type=\"divider.default\">\n\t\t\t\t<div class=\"elementor-widget-container\">\n\t\t\t\t\t<div class=\"elementor-divider\">\n\t\t\t<span class=\"elementor-divider-separator\">\n\t\t\t\t\t\t<\/span>\n\t\t<\/div>\n\t\t\t\t<\/div>\n\t\t\t\t<\/div>\n\t\t\t\t<div class=\"elementor-element elementor-element-f0d42ec elementor-widget elementor-widget-text-editor\" data-id=\"f0d42ec\" data-element_type=\"widget\" data-widget_type=\"text-editor.default\">\n\t\t\t\t<div class=\"elementor-widget-container\">\n\t\t\t\t\t\t\t\t<div class=\"elementor-text-editor elementor-clearfix\">\n\t\t\t\t<h3>Woensdag 25 september<\/h3><p>Vandaag halen we onze huurwagen op en vertrekken we voor een rit van 448 km. Eindpunt Baeza.<\/p><p>Ons hotel: <a href=\"https:\/\/www.trhbaeza.com\/\" target=\"_blank\" rel=\"noopener\">TRH Ciudad de Baeza<\/a><\/p><p>Nadat we in ons hotel ge\u00efnstalleerd zijn, gaan we op verkenning in Baeza. We zoeken de toeristische dienst op zodat we een plannetje van het centrum hebben. Het is overal rustig maar het ziet er heel mooi uit.<\/p><p><span style=\"font-family: Raleway;\">Baeza is een prachtige parel in Andalusi\u00eb! Het kende in de zestiende eeuw een ware bloeiperiode en dat uitte zich onder meer in de bouw van tal van goudgele monumenten. Noem het maar op: kerken, kloosters, paleizen, fonteinen, gedetailleerde huizen, poorten, je vindt het er werkelijk allemaal! Het is dan ook geen verrassing dat het stadje uitgeroepen is tot UNESCO-werelderfgoed. <br \/>Hoogtepunten zijn onder andere de kathedraal, Plaza de Santa Mar\u00eda en Palacio de Jabalquinto. Baeza maakt bovendien deel uit van twee routes: de route van de Andalusische renaissance en de Ruta de las Nazar\u00edes, die je langs hoogtepunten in de streek leiden. Baeza is gelegen in de provincie Ja\u00e9n, die bekendstaat om haar olijfolie van uitstekende kwaliteit. Vergeet dus zeker niet een voorraad in te slaan voor je andere oorden opzoekt!<\/span><\/p>\t\t\t\t\t<\/div>\n\t\t\t\t\t\t<\/div>\n\t\t\t\t<\/div>\n\t\t\t\t<section class=\"elementor-section elementor-inner-section elementor-element elementor-element-8f3d0d5 elementor-section-boxed elementor-section-height-default elementor-section-height-default\" data-id=\"8f3d0d5\" data-element_type=\"section\">\n\t\t\t\t\t\t<div class=\"elementor-container elementor-column-gap-default\">\n\t\t\t\t\t\t\t<div class=\"elementor-row\">\n\t\t\t\t\t<div class=\"elementor-column elementor-col-33 elementor-inner-column elementor-element elementor-element-6e6fb67\" data-id=\"6e6fb67\" data-element_type=\"column\">\n\t\t\t<div class=\"elementor-column-wrap elementor-element-populated\">\n\t\t\t\t\t\t\t<div class=\"elementor-widget-wrap\">\n\t\t\t\t\t\t<div class=\"elementor-element elementor-element-edbf327 elementor-widget elementor-widget-image\" data-id=\"edbf327\" data-element_type=\"widget\" data-widget_type=\"image.default\">\n\t\t\t\t<div class=\"elementor-widget-container\">\n\t\t\t\t\t\t\t\t<div class=\"elementor-image\">\n\t\t\t\t\t\t\t\t\t\t\t\t<img width=\"260\" height=\"195\" src=\"http:\/\/www.lindademeyer.be\/wordpress\/wp-content\/uploads\/2020\/12\/P1010969-Baeza-2.jpg\" class=\"attachment-full size-full\" alt=\"\" loading=\"lazy\" \/>\t\t\t\t\t\t\t\t\t\t\t\t\t\t<\/div>\n\t\t\t\t\t\t<\/div>\n\t\t\t\t<\/div>\n\t\t\t\t\t\t<\/div>\n\t\t\t\t\t<\/div>\n\t\t<\/div>\n\t\t\t\t<div class=\"elementor-column elementor-col-33 elementor-inner-column elementor-element elementor-element-1276c31\" data-id=\"1276c31\" data-element_type=\"column\">\n\t\t\t<div class=\"elementor-column-wrap elementor-element-populated\">\n\t\t\t\t\t\t\t<div class=\"elementor-widget-wrap\">\n\t\t\t\t\t\t<div class=\"elementor-element elementor-element-665f867 elementor-widget elementor-widget-image\" data-id=\"665f867\" data-element_type=\"widget\" data-widget_type=\"image.default\">\n\t\t\t\t<div class=\"elementor-widget-container\">\n\t\t\t\t\t\t\t\t<div class=\"elementor-image\">\n\t\t\t\t\t\t\t\t\t\t\t\t<img width=\"260\" height=\"195\" src=\"http:\/\/www.lindademeyer.be\/wordpress\/wp-content\/uploads\/2020\/12\/P1010958-Baeza-1.jpg\" class=\"attachment-large size-large\" alt=\"\" loading=\"lazy\" \/>\t\t\t\t\t\t\t\t\t\t\t\t\t\t<\/div>\n\t\t\t\t\t\t<\/div>\n\t\t\t\t<\/div>\n\t\t\t\t\t\t<\/div>\n\t\t\t\t\t<\/div>\n\t\t<\/div>\n\t\t\t\t<div class=\"elementor-column elementor-col-33 elementor-inner-column elementor-element elementor-element-3ef6472\" data-id=\"3ef6472\" data-element_type=\"column\">\n\t\t\t<div class=\"elementor-column-wrap elementor-element-populated\">\n\t\t\t\t\t\t\t<div class=\"elementor-widget-wrap\">\n\t\t\t\t\t\t<div class=\"elementor-element elementor-element-97ab3f3 elementor-widget elementor-widget-image\" data-id=\"97ab3f3\" data-element_type=\"widget\" data-widget_type=\"image.default\">\n\t\t\t\t<div class=\"elementor-widget-container\">\n\t\t\t\t\t\t\t\t<div class=\"elementor-image\">\n\t\t\t\t\t\t\t\t\t\t\t\t<img width=\"260\" height=\"195\" src=\"http:\/\/www.lindademeyer.be\/wordpress\/wp-content\/uploads\/2020\/12\/DSC3034-Baeza-3.jpg\" class=\"attachment-large size-large\" alt=\"\" loading=\"lazy\" \/>\t\t\t\t\t\t\t\t\t\t\t\t\t\t<\/div>\n\t\t\t\t\t\t<\/div>\n\t\t\t\t<\/div>\n\t\t\t\t\t\t<\/div>\n\t\t\t\t\t<\/div>\n\t\t<\/div>\n\t\t\t\t\t\t\t\t<\/div>\n\t\t\t\t\t<\/div>\n\t\t<\/section>\n\t\t\t\t<div class=\"elementor-element elementor-element-e04c01d elementor-widget elementor-widget-text-editor\" data-id=\"e04c01d\" data-element_type=\"widget\" data-widget_type=\"text-editor.default\">\n\t\t\t\t<div class=\"elementor-widget-container\">\n\t\t\t\t\t\t\t\t<div class=\"elementor-text-editor elementor-clearfix\">\n\t\t\t\t<p>&#8217;s Avonds gaan we eten in een gezellig restaurantje : <a href=\"https:\/\/www.labarberiabaeza.es\/es\/\" target=\"_blank\" rel=\"noopener\">La Barberia. <\/a>Heel lekker!<\/p>\t\t\t\t\t<\/div>\n\t\t\t\t\t\t<\/div>\n\t\t\t\t<\/div>\n\t\t\t\t<div class=\"elementor-element elementor-element-4a723e0 elementor-widget elementor-widget-text-editor\" data-id=\"4a723e0\" data-element_type=\"widget\" data-widget_type=\"text-editor.default\">\n\t\t\t\t<div class=\"elementor-widget-container\">\n\t\t\t\t\t\t\t\t<div class=\"elementor-text-editor elementor-clearfix\">\n\t\t\t\t<h3>Donderdag 26 september<\/h3><p>Eerst zetten we ons bezoek aan Baeza verder en daarna nemen we de bus naar Ubeda<\/p>\t\t\t\t\t<\/div>\n\t\t\t\t\t\t<\/div>\n\t\t\t\t<\/div>\n\t\t\t\t<section class=\"elementor-section elementor-inner-section elementor-element elementor-element-9729572 elementor-section-boxed elementor-section-height-default elementor-section-height-default\" data-id=\"9729572\" data-element_type=\"section\">\n\t\t\t\t\t\t<div class=\"elementor-container elementor-column-gap-default\">\n\t\t\t\t\t\t\t<div class=\"elementor-row\">\n\t\t\t\t\t<div class=\"elementor-column elementor-col-50 elementor-inner-column elementor-element elementor-element-0849742\" data-id=\"0849742\" data-element_type=\"column\">\n\t\t\t<div class=\"elementor-column-wrap elementor-element-populated\">\n\t\t\t\t\t\t\t<div class=\"elementor-widget-wrap\">\n\t\t\t\t\t\t<div class=\"elementor-element elementor-element-6b87cec elementor-widget elementor-widget-image\" data-id=\"6b87cec\" data-element_type=\"widget\" data-widget_type=\"image.default\">\n\t\t\t\t<div class=\"elementor-widget-container\">\n\t\t\t\t\t\t\t\t<div class=\"elementor-image\">\n\t\t\t\t\t\t\t\t\t\t\t\t<img width=\"400\" height=\"266\" src=\"http:\/\/www.lindademeyer.be\/wordpress\/wp-content\/uploads\/2020\/12\/DSC3039-baeza.jpg\" class=\"attachment-large size-large\" alt=\"\" loading=\"lazy\" srcset=\"http:\/\/www.lindademeyer.be\/wordpress\/wp-content\/uploads\/2020\/12\/DSC3039-baeza.jpg 400w, http:\/\/www.lindademeyer.be\/wordpress\/wp-content\/uploads\/2020\/12\/DSC3039-baeza-300x200.jpg 300w, http:\/\/www.lindademeyer.be\/wordpress\/wp-content\/uploads\/2020\/12\/DSC3039-baeza-272x182.jpg 272w\" sizes=\"(max-width: 400px) 100vw, 400px\" \/>\t\t\t\t\t\t\t\t\t\t\t\t\t\t<\/div>\n\t\t\t\t\t\t<\/div>\n\t\t\t\t<\/div>\n\t\t\t\t\t\t<\/div>\n\t\t\t\t\t<\/div>\n\t\t<\/div>\n\t\t\t\t<div class=\"elementor-column elementor-col-50 elementor-inner-column elementor-element elementor-element-eb50e9b\" data-id=\"eb50e9b\" data-element_type=\"column\">\n\t\t\t<div class=\"elementor-column-wrap elementor-element-populated\">\n\t\t\t\t\t\t\t<div class=\"elementor-widget-wrap\">\n\t\t\t\t\t\t<div class=\"elementor-element elementor-element-1d3c2ad elementor-widget elementor-widget-image\" data-id=\"1d3c2ad\" data-element_type=\"widget\" data-widget_type=\"image.default\">\n\t\t\t\t<div class=\"elementor-widget-container\">\n\t\t\t\t\t\t\t\t<div class=\"elementor-image\">\n\t\t\t\t\t\t\t\t\t\t\t\t<img width=\"400\" height=\"266\" src=\"http:\/\/www.lindademeyer.be\/wordpress\/wp-content\/uploads\/2020\/12\/DSC3037-Baeza4.jpg\" class=\"attachment-large size-large\" alt=\"\" loading=\"lazy\" srcset=\"http:\/\/www.lindademeyer.be\/wordpress\/wp-content\/uploads\/2020\/12\/DSC3037-Baeza4.jpg 400w, http:\/\/www.lindademeyer.be\/wordpress\/wp-content\/uploads\/2020\/12\/DSC3037-Baeza4-300x200.jpg 300w, http:\/\/www.lindademeyer.be\/wordpress\/wp-content\/uploads\/2020\/12\/DSC3037-Baeza4-272x182.jpg 272w\" sizes=\"(max-width: 400px) 100vw, 400px\" \/>\t\t\t\t\t\t\t\t\t\t\t\t\t\t<\/div>\n\t\t\t\t\t\t<\/div>\n\t\t\t\t<\/div>\n\t\t\t\t\t\t<\/div>\n\t\t\t\t\t<\/div>\n\t\t<\/div>\n\t\t\t\t\t\t\t\t<\/div>\n\t\t\t\t\t<\/div>\n\t\t<\/section>\n\t\t\t\t<div class=\"elementor-element elementor-element-fac2c6e elementor-widget elementor-widget-text-editor\" data-id=\"fac2c6e\" data-element_type=\"widget\" data-widget_type=\"text-editor.default\">\n\t\t\t\t<div class=\"elementor-widget-container\">\n\t\t\t\t\t\t\t\t<div class=\"elementor-text-editor elementor-clearfix\">\n\t\t\t\t<p>Ubeda: Antonio Machado, een beroemd Spaans po\u00ebet, stak ooit de loftrompet over het stadje \u00dabeda in een van zijn gedichten. Om maar te zeggen dat ook het iets grotere \u00dabeda een bezoek verdient. Het bevindt zich op slechts tien kilometer van Baeza en behoort ook tot het werelderfgoed van UNESCO.<\/p><p>\u00dabeda en Baeza worden vaak in \u00e9\u00e9nadem genoemd, omdat ze heel erg op elkaar lijken, beiden tot de UNESCO-werelderfgoedlijst behoren en een renaissancestijl uitstralen diezeldzaam is in Spanje. Enkele van de hoogtepunten in \u00dabeda zijn Iglesia de San Pablo, het oude centrum en Calle Gradas. In \u00dabeda speelt olijfolie bovendien een prominente rol. Zo kun je in het Centro de Interpretaci\u00f3n del Olivar de \u00dabeda verschillende soorten proeven en ruiken. Zo word je nog een ware kenner van olijfolie!<\/p>\t\t\t\t\t<\/div>\n\t\t\t\t\t\t<\/div>\n\t\t\t\t<\/div>\n\t\t\t\t<div class=\"elementor-element elementor-element-3a5f456 elementor-widget elementor-widget-image\" data-id=\"3a5f456\" data-element_type=\"widget\" data-widget_type=\"image.default\">\n\t\t\t\t<div class=\"elementor-widget-container\">\n\t\t\t\t\t\t\t\t<div class=\"elementor-image\">\n\t\t\t\t\t\t\t\t\t\t\t\t<img width=\"780\" height=\"598\" src=\"http:\/\/www.lindademeyer.be\/wordpress\/wp-content\/uploads\/2020\/12\/Ubeda.jpg\" class=\"attachment-full size-full\" alt=\"\" loading=\"lazy\" srcset=\"http:\/\/www.lindademeyer.be\/wordpress\/wp-content\/uploads\/2020\/12\/Ubeda.jpg 780w, http:\/\/www.lindademeyer.be\/wordpress\/wp-content\/uploads\/2020\/12\/Ubeda-300x230.jpg 300w, http:\/\/www.lindademeyer.be\/wordpress\/wp-content\/uploads\/2020\/12\/Ubeda-768x589.jpg 768w, http:\/\/www.lindademeyer.be\/wordpress\/wp-content\/uploads\/2020\/12\/Ubeda-500x383.jpg 500w\" sizes=\"(max-width: 780px) 100vw, 780px\" \/>\t\t\t\t\t\t\t\t\t\t\t\t\t\t<\/div>\n\t\t\t\t\t\t<\/div>\n\t\t\t\t<\/div>\n\t\t\t\t<div class=\"elementor-element elementor-element-f0365fd elementor-widget elementor-widget-text-editor\" data-id=\"f0365fd\" data-element_type=\"widget\" data-widget_type=\"text-editor.default\">\n\t\t\t\t<div class=\"elementor-widget-container\">\n\t\t\t\t\t\t\t\t<div class=\"elementor-text-editor elementor-clearfix\">\n\t\t\t\t<p>&#8217;s Avonds gaan we eten bij Taberna Casa Andres aan de rand van Baeza. We zitten op het terras met een mooi uitzicht op de olijfbomen in de ondergaande zon. Zalig!<\/p>\t\t\t\t\t<\/div>\n\t\t\t\t\t\t<\/div>\n\t\t\t\t<\/div>\n\t\t\t\t<section class=\"elementor-section elementor-inner-section elementor-element elementor-element-eebad92 elementor-section-boxed elementor-section-height-default elementor-section-height-default\" data-id=\"eebad92\" data-element_type=\"section\">\n\t\t\t\t\t\t<div class=\"elementor-container elementor-column-gap-default\">\n\t\t\t\t\t\t\t<div class=\"elementor-row\">\n\t\t\t\t\t<div class=\"elementor-column elementor-col-50 elementor-inner-column elementor-element elementor-element-2f5a1ea\" data-id=\"2f5a1ea\" data-element_type=\"column\">\n\t\t\t<div class=\"elementor-column-wrap elementor-element-populated\">\n\t\t\t\t\t\t\t<div class=\"elementor-widget-wrap\">\n\t\t\t\t\t\t<div class=\"elementor-element elementor-element-e6b4f0f elementor-widget elementor-widget-image\" data-id=\"e6b4f0f\" data-element_type=\"widget\" data-widget_type=\"image.default\">\n\t\t\t\t<div class=\"elementor-widget-container\">\n\t\t\t\t\t\t\t\t<div class=\"elementor-image\">\n\t\t\t\t\t\t\t\t\t\t\t\t<img width=\"300\" height=\"225\" src=\"http:\/\/www.lindademeyer.be\/wordpress\/wp-content\/uploads\/2020\/12\/Uitzicht-Baeza.jpg\" class=\"attachment-full size-full\" alt=\"\" loading=\"lazy\" \/>\t\t\t\t\t\t\t\t\t\t\t\t\t\t<\/div>\n\t\t\t\t\t\t<\/div>\n\t\t\t\t<\/div>\n\t\t\t\t\t\t<\/div>\n\t\t\t\t\t<\/div>\n\t\t<\/div>\n\t\t\t\t<div class=\"elementor-column elementor-col-50 elementor-inner-column elementor-element elementor-element-cd04c7a\" data-id=\"cd04c7a\" data-element_type=\"column\">\n\t\t\t<div class=\"elementor-column-wrap elementor-element-populated\">\n\t\t\t\t\t\t\t<div class=\"elementor-widget-wrap\">\n\t\t\t\t\t\t<div class=\"elementor-element elementor-element-0321170 elementor-widget elementor-widget-image\" data-id=\"0321170\" data-element_type=\"widget\" data-widget_type=\"image.default\">\n\t\t\t\t<div class=\"elementor-widget-container\">\n\t\t\t\t\t\t\t\t<div class=\"elementor-image\">\n\t\t\t\t\t\t\t\t\t\t\t\t<img width=\"300\" height=\"225\" src=\"http:\/\/www.lindademeyer.be\/wordpress\/wp-content\/uploads\/2020\/12\/Baeza-by-night-1.jpg\" class=\"attachment-large size-large\" alt=\"\" loading=\"lazy\" \/>\t\t\t\t\t\t\t\t\t\t\t\t\t\t<\/div>\n\t\t\t\t\t\t<\/div>\n\t\t\t\t<\/div>\n\t\t\t\t\t\t<\/div>\n\t\t\t\t\t<\/div>\n\t\t<\/div>\n\t\t\t\t\t\t\t\t<\/div>\n\t\t\t\t\t<\/div>\n\t\t<\/section>\n\t\t\t\t<div class=\"elementor-element elementor-element-43005f0 elementor-widget elementor-widget-text-editor\" data-id=\"43005f0\" data-element_type=\"widget\" data-widget_type=\"text-editor.default\">\n\t\t\t\t<div class=\"elementor-widget-container\">\n\t\t\t\t\t\t\t\t<div class=\"elementor-text-editor elementor-clearfix\">\n\t\t\t\t<h3>Vrijdag 27 september<\/h3><p>Onze eerste halte voor vandaag in Jaen voor een bezoek aan Castillo de Santa Catalina. Dit kasteel ligt bovenop een heuvel en heeft een fantastisch uitzicht.<\/p>\t\t\t\t\t<\/div>\n\t\t\t\t\t\t<\/div>\n\t\t\t\t<\/div>\n\t\t\t\t<section class=\"elementor-section elementor-inner-section elementor-element elementor-element-81a84ba elementor-section-boxed elementor-section-height-default elementor-section-height-default\" data-id=\"81a84ba\" data-element_type=\"section\">\n\t\t\t\t\t\t<div class=\"elementor-container elementor-column-gap-default\">\n\t\t\t\t\t\t\t<div class=\"elementor-row\">\n\t\t\t\t\t<div class=\"elementor-column elementor-col-50 elementor-inner-column elementor-element elementor-element-6190ff3\" data-id=\"6190ff3\" data-element_type=\"column\">\n\t\t\t<div class=\"elementor-column-wrap elementor-element-populated\">\n\t\t\t\t\t\t\t<div class=\"elementor-widget-wrap\">\n\t\t\t\t\t\t<div class=\"elementor-element elementor-element-c5c4080 elementor-widget elementor-widget-image\" data-id=\"c5c4080\" data-element_type=\"widget\" data-widget_type=\"image.default\">\n\t\t\t\t<div class=\"elementor-widget-container\">\n\t\t\t\t\t\t\t\t<div class=\"elementor-image\">\n\t\t\t\t\t\t\t\t\t\t\t\t<img width=\"400\" height=\"266\" src=\"http:\/\/www.lindademeyer.be\/wordpress\/wp-content\/uploads\/2020\/12\/DSC3096-Uitzicht-Jaen.jpg\" class=\"attachment-large size-large\" alt=\"\" loading=\"lazy\" srcset=\"http:\/\/www.lindademeyer.be\/wordpress\/wp-content\/uploads\/2020\/12\/DSC3096-Uitzicht-Jaen.jpg 400w, http:\/\/www.lindademeyer.be\/wordpress\/wp-content\/uploads\/2020\/12\/DSC3096-Uitzicht-Jaen-300x200.jpg 300w, http:\/\/www.lindademeyer.be\/wordpress\/wp-content\/uploads\/2020\/12\/DSC3096-Uitzicht-Jaen-272x182.jpg 272w\" sizes=\"(max-width: 400px) 100vw, 400px\" \/>\t\t\t\t\t\t\t\t\t\t\t\t\t\t<\/div>\n\t\t\t\t\t\t<\/div>\n\t\t\t\t<\/div>\n\t\t\t\t\t\t<\/div>\n\t\t\t\t\t<\/div>\n\t\t<\/div>\n\t\t\t\t<div class=\"elementor-column elementor-col-50 elementor-inner-column elementor-element elementor-element-8969f26\" data-id=\"8969f26\" data-element_type=\"column\">\n\t\t\t<div class=\"elementor-column-wrap elementor-element-populated\">\n\t\t\t\t\t\t\t<div class=\"elementor-widget-wrap\">\n\t\t\t\t\t\t<div class=\"elementor-element elementor-element-6a482f2 elementor-widget elementor-widget-image\" data-id=\"6a482f2\" data-element_type=\"widget\" data-widget_type=\"image.default\">\n\t\t\t\t<div class=\"elementor-widget-container\">\n\t\t\t\t\t\t\t\t<div class=\"elementor-image\">\n\t\t\t\t\t\t\t\t\t\t\t\t<img width=\"400\" height=\"266\" src=\"http:\/\/www.lindademeyer.be\/wordpress\/wp-content\/uploads\/2020\/12\/DSC3102-Castillo.jpg\" class=\"attachment-large size-large\" alt=\"\" loading=\"lazy\" srcset=\"http:\/\/www.lindademeyer.be\/wordpress\/wp-content\/uploads\/2020\/12\/DSC3102-Castillo.jpg 400w, http:\/\/www.lindademeyer.be\/wordpress\/wp-content\/uploads\/2020\/12\/DSC3102-Castillo-300x200.jpg 300w, http:\/\/www.lindademeyer.be\/wordpress\/wp-content\/uploads\/2020\/12\/DSC3102-Castillo-272x182.jpg 272w\" sizes=\"(max-width: 400px) 100vw, 400px\" \/>\t\t\t\t\t\t\t\t\t\t\t\t\t\t<\/div>\n\t\t\t\t\t\t<\/div>\n\t\t\t\t<\/div>\n\t\t\t\t\t\t<\/div>\n\t\t\t\t\t<\/div>\n\t\t<\/div>\n\t\t\t\t\t\t\t\t<\/div>\n\t\t\t\t\t<\/div>\n\t\t<\/section>\n\t\t\t\t<div class=\"elementor-element elementor-element-98d8b87 elementor-widget elementor-widget-text-editor\" data-id=\"98d8b87\" data-element_type=\"widget\" data-widget_type=\"text-editor.default\">\n\t\t\t\t<div class=\"elementor-widget-container\">\n\t\t\t\t\t\t\t\t<div class=\"elementor-text-editor elementor-clearfix\">\n\t\t\t\t<p>Na dit bezoek rijden we verder richting Lanjaron. Aangezien we Granada passeren, kunnen we het niet nalaten toch eventjes te stoppen. Er was spijtig genoeg juist een betoging aan de gang zodat het niet aangenaam rijden was in het centrum. Verschillende straten waren afgezet door de politie. Al bij al toch een leuk bezoekje.<\/p><p>Vanuit Granada is het nog 45,3 km rijden naar Lanjaron via A44.<\/p><p><span style=\"font-family: Raleway;\"><span style=\"font-size: medium;\">Het dorpje Lanjaron is in heel Spanje gekend omwille van zijn\u00a0<\/span><span style=\"font-size: medium;\">mineraalwater<\/span><span style=\"font-size: medium;\">. Dit lekkere en zuivere water zal je bijna tussen alle rekken van de Spaanse winkels en supermarkten terugvinden. Lanjaron in de Alpujarras is ook beroemd omwille van zijn kuuroord. Ouderen komen uit heel het land om \u00e9\u00e9n van de vele behandelingen te ondergaan die er worden aangeboden. Dit dorpje is ook de ideale uitvalsbasis om Las Alpujarras te verkennen. Las Alpujarras is een prachtig natuurgebied in Andalusi\u00eb dat letterlijk en figuurlijk in de schaduw van de Sierra Nevada ligt. Plan je je vakantie Andalusi\u00eb tijdens het hoogseizoen, dan is het hier dan ook druk. In Las Alpujarras kan je heerlijk wandelen en eindeloos turen naar het onbeschrijflijk mooie landschap. Dit natuurgebied ligt als het ware bezaaid met kleine witte stippen: kleine dorpjes die lijken te kleven tegen de hellingen.<br \/><\/span><\/span><\/p><p>Verblijfplaats voor 2 nachten: <a href=\"https:\/\/alcadima.com\/\" target=\"_blank\" rel=\"noopener\">Hotel Alcadima.\u00a0<\/a><br \/>Dit is een mooi charmant hotel en niet duur. Een aanrader.<\/p>\t\t\t\t\t<\/div>\n\t\t\t\t\t\t<\/div>\n\t\t\t\t<\/div>\n\t\t\t\t<div class=\"elementor-element elementor-element-9089aff elementor-widget elementor-widget-text-editor\" data-id=\"9089aff\" data-element_type=\"widget\" data-widget_type=\"text-editor.default\">\n\t\t\t\t<div class=\"elementor-widget-container\">\n\t\t\t\t\t\t\t\t<div class=\"elementor-text-editor elementor-clearfix\">\n\t\t\t\t<h3>Zaterdag 28 september<\/h3><p>Vandaag maken we een rondrit door de Alpujarras. Onze eerste halte is Pampaneira.<\/p><p><span style=\"font-family: Raleway;\">Pampaneira is een typisch klein dorpje in Las Alpujarras, een bergachtig gebied dat zich uitstrekt over de provincies Almer\u00eda en Granada. Als je van lange wandelingen houdt dan is het een plek waar je zeker zal kunnen aarden. Bovendien heeft Pampaneira haar prachtig berbers karakter en architectuur nog heel goed behouden wat het dorp zeker het bezoeken waard maakt. Het dorp is daarnaast heel goed gelegen om je naar andere interessante plekken in Las Alpujarras te verplaatsen, zoals Bubi\u00f3n, Capileira en \u00d3rgiva en het kuuroord Lanjar\u00f3n, bekend om het zuivere bronwater. Vergeet zeker ook niet te genieten van de heerlijke lokale gastronomie van Las Alpujarras. Stoofpotjes, amandelsoepen, heerlijke wijnen, hammen en kazen zijn een aantal van de gastronomische hoogtepunten van deze interessante streek.<\/span><\/p>\t\t\t\t\t<\/div>\n\t\t\t\t\t\t<\/div>\n\t\t\t\t<\/div>\n\t\t\t\t<section class=\"elementor-section elementor-inner-section elementor-element elementor-element-87e56fa elementor-section-boxed elementor-section-height-default elementor-section-height-default\" data-id=\"87e56fa\" data-element_type=\"section\">\n\t\t\t\t\t\t<div class=\"elementor-container elementor-column-gap-default\">\n\t\t\t\t\t\t\t<div class=\"elementor-row\">\n\t\t\t\t\t<div class=\"elementor-column elementor-col-50 elementor-inner-column elementor-element elementor-element-2dcedd9\" data-id=\"2dcedd9\" data-element_type=\"column\">\n\t\t\t<div class=\"elementor-column-wrap elementor-element-populated\">\n\t\t\t\t\t\t\t<div class=\"elementor-widget-wrap\">\n\t\t\t\t\t\t<div class=\"elementor-element elementor-element-b5b7afa elementor-widget elementor-widget-image\" data-id=\"b5b7afa\" data-element_type=\"widget\" data-widget_type=\"image.default\">\n\t\t\t\t<div class=\"elementor-widget-container\">\n\t\t\t\t\t\t\t\t<div class=\"elementor-image\">\n\t\t\t\t\t\t\t\t\t\t\t\t<img width=\"260\" height=\"173\" src=\"http:\/\/www.lindademeyer.be\/wordpress\/wp-content\/uploads\/2020\/12\/DSC3119-Pampaneira1.jpg\" class=\"attachment-large size-large\" alt=\"\" loading=\"lazy\" \/>\t\t\t\t\t\t\t\t\t\t\t\t\t\t<\/div>\n\t\t\t\t\t\t<\/div>\n\t\t\t\t<\/div>\n\t\t\t\t\t\t<\/div>\n\t\t\t\t\t<\/div>\n\t\t<\/div>\n\t\t\t\t<div class=\"elementor-column elementor-col-50 elementor-inner-column elementor-element elementor-element-f42572a\" data-id=\"f42572a\" data-element_type=\"column\">\n\t\t\t<div class=\"elementor-column-wrap elementor-element-populated\">\n\t\t\t\t\t\t\t<div class=\"elementor-widget-wrap\">\n\t\t\t\t\t\t<div class=\"elementor-element elementor-element-48b0080 elementor-widget elementor-widget-image\" data-id=\"48b0080\" data-element_type=\"widget\" data-widget_type=\"image.default\">\n\t\t\t\t<div class=\"elementor-widget-container\">\n\t\t\t\t\t\t\t\t<div class=\"elementor-image\">\n\t\t\t\t\t\t\t\t\t\t\t\t<img width=\"260\" height=\"173\" src=\"http:\/\/www.lindademeyer.be\/wordpress\/wp-content\/uploads\/2020\/12\/P1020068-Pampaneira2.jpg\" class=\"attachment-large size-large\" alt=\"\" loading=\"lazy\" \/>\t\t\t\t\t\t\t\t\t\t\t\t\t\t<\/div>\n\t\t\t\t\t\t<\/div>\n\t\t\t\t<\/div>\n\t\t\t\t\t\t<\/div>\n\t\t\t\t\t<\/div>\n\t\t<\/div>\n\t\t\t\t\t\t\t\t<\/div>\n\t\t\t\t\t<\/div>\n\t\t<\/section>\n\t\t\t\t<section class=\"elementor-section elementor-inner-section elementor-element elementor-element-2d7a126 elementor-section-boxed elementor-section-height-default elementor-section-height-default\" data-id=\"2d7a126\" data-element_type=\"section\">\n\t\t\t\t\t\t<div class=\"elementor-container elementor-column-gap-default\">\n\t\t\t\t\t\t\t<div class=\"elementor-row\">\n\t\t\t\t\t<div class=\"elementor-column elementor-col-50 elementor-inner-column elementor-element elementor-element-405ece9\" data-id=\"405ece9\" data-element_type=\"column\">\n\t\t\t<div class=\"elementor-column-wrap elementor-element-populated\">\n\t\t\t\t\t\t\t<div class=\"elementor-widget-wrap\">\n\t\t\t\t\t\t<div class=\"elementor-element elementor-element-602ede5 elementor-widget elementor-widget-image\" data-id=\"602ede5\" data-element_type=\"widget\" data-widget_type=\"image.default\">\n\t\t\t\t<div class=\"elementor-widget-container\">\n\t\t\t\t\t\t\t\t<div class=\"elementor-image\">\n\t\t\t\t\t\t\t\t\t\t\t\t<img width=\"260\" height=\"173\" src=\"http:\/\/www.lindademeyer.be\/wordpress\/wp-content\/uploads\/2020\/12\/P1020078-Trevelez1.jpg\" class=\"attachment-large size-large\" alt=\"\" loading=\"lazy\" \/>\t\t\t\t\t\t\t\t\t\t\t\t\t\t<\/div>\n\t\t\t\t\t\t<\/div>\n\t\t\t\t<\/div>\n\t\t\t\t\t\t<\/div>\n\t\t\t\t\t<\/div>\n\t\t<\/div>\n\t\t\t\t<div class=\"elementor-column elementor-col-50 elementor-inner-column elementor-element elementor-element-d30e7ba\" data-id=\"d30e7ba\" data-element_type=\"column\">\n\t\t\t<div class=\"elementor-column-wrap elementor-element-populated\">\n\t\t\t\t\t\t\t<div class=\"elementor-widget-wrap\">\n\t\t\t\t\t\t<div class=\"elementor-element elementor-element-202b6a6 elementor-widget elementor-widget-image\" data-id=\"202b6a6\" data-element_type=\"widget\" data-widget_type=\"image.default\">\n\t\t\t\t<div class=\"elementor-widget-container\">\n\t\t\t\t\t\t\t\t<div class=\"elementor-image\">\n\t\t\t\t\t\t\t\t\t\t\t\t<img width=\"260\" height=\"173\" src=\"http:\/\/www.lindademeyer.be\/wordpress\/wp-content\/uploads\/2020\/12\/DSC3128-Trevelez2.jpg\" class=\"attachment-large size-large\" alt=\"\" loading=\"lazy\" \/>\t\t\t\t\t\t\t\t\t\t\t\t\t\t<\/div>\n\t\t\t\t\t\t<\/div>\n\t\t\t\t<\/div>\n\t\t\t\t\t\t<\/div>\n\t\t\t\t\t<\/div>\n\t\t<\/div>\n\t\t\t\t\t\t\t\t<\/div>\n\t\t\t\t\t<\/div>\n\t\t<\/section>\n\t\t\t\t<div class=\"elementor-element elementor-element-380f10c elementor-widget elementor-widget-text-editor\" data-id=\"380f10c\" data-element_type=\"widget\" data-widget_type=\"text-editor.default\">\n\t\t\t\t<div class=\"elementor-widget-container\">\n\t\t\t\t\t\t\t\t<div class=\"elementor-text-editor elementor-clearfix\">\n\t\t\t\t<p>We rijden verder naar Trevelez en genieten ondertussen van het landschap.<\/p><p><span style=\"font-family: Raleway;\"><span style=\"font-size: medium;\">Het dorpje Trevelez bevindt zich aan de voet van de 3483m hoge Mulhacen. De inwoners gaan er prat op dat zij in het hoogste dorp van Spanje wonen, en dat zij over de beste<\/span><span style=\"font-size: medium;\"> iberische ham <\/span><span style=\"font-size: medium;\">beschikken. Over beide zaken valt te discussi\u00ebren, maar dat het dorp op 1700m hoogte ligt, en dat hun jamon de Trev\u00e9lez lekker is, daar valt niet over te twisten. De ham komt eigenlijk uit andere streken, maar de zuivere lucht en de speciale omstandigheden die door de drogerijen waait, maakt er een heel speciale ham van.\u00a0<\/span><\/span><\/p><p>Toeristen komen dan ook van ver om een jamon de Trevelez te kopen of een bezoek te brengen aan een hamfabriek. Als je op 5 augustus in de omgeving bent, \u00a0moet je zeker eens een bezoek brengen aan het dorp. Dan is er het feest van de Virgen de las Nieves. De bedevaart leidt de dapperen dan naar de top van de\u00a0<span style=\"font-size: medium;\">Mulhacen<\/span><span style=\"font-size: medium;\">. Trevelez is dan ook het vertrekpunt voor mensen die de Mulhacen in de\u00a0<\/span><span style=\"font-size: medium;\">Sierra Nevada<\/span><span style=\"font-size: medium;\"> willen beklimmen. <br \/><\/span><\/p><p>We rijden terug richting Lanjaron en stoppen nog eventjes in Capileira en Bubion.<\/p>\t\t\t\t\t<\/div>\n\t\t\t\t\t\t<\/div>\n\t\t\t\t<\/div>\n\t\t\t\t<div class=\"elementor-element elementor-element-4939c37 elementor-widget elementor-widget-image\" data-id=\"4939c37\" data-element_type=\"widget\" data-widget_type=\"image.default\">\n\t\t\t\t<div class=\"elementor-widget-container\">\n\t\t\t\t\t\t\t\t<div class=\"elementor-image\">\n\t\t\t\t\t\t\t\t\t\t\t\t<img src=\"http:\/\/www.lindademeyer.be\/wordpress\/wp-content\/uploads\/2020\/12\/P1020087-Las-Alpujarras.jpg\" title=\"Wit dorpje in Las Alpujarras\" alt=\"Wit dorpje in Las Alpujarras\" \/>\t\t\t\t\t\t\t\t\t\t\t\t\t\t<\/div>\n\t\t\t\t\t\t<\/div>\n\t\t\t\t<\/div>\n\t\t\t\t<div class=\"elementor-element elementor-element-027c5fb elementor-widget elementor-widget-text-editor\" data-id=\"027c5fb\" data-element_type=\"widget\" data-widget_type=\"text-editor.default\">\n\t\t\t\t<div class=\"elementor-widget-container\">\n\t\t\t\t\t\t\t\t<div class=\"elementor-text-editor elementor-clearfix\">\n\t\t\t\t<h3>Zondag 29 september<\/h3><p>We rijden vandaag naar Antequera. Dit is een rit van 146 km via de A44 en A92. We rijden eerst naar Fuente de Piedra. <strong>L<\/strong>aguna de Fuente de Piedra is een beschermd natuurreservaat en heeft het grootste zoutmeer van Spanje \u00e9n heeft de grootste kolonie flamingo\u2019s\u00a0 van Europa!\u00a0 Na een winterseizoen met veel regen kunnen hier wel 20.000 flamingo paren broeden. Behalve flamingo\u2019s vind je hier vele andere trek- en broedvogels en deze zijn makkelijk te observeren vanuit de vogelkijkhut rond het meer. Je ziet er strandplevieren, meerkoeten, lachsternen, kraanvogels, zwaluwen, meeuwen en nog veel meer vogelsoorten. Kortom het is een paradijs voor vogel- en natuurliefhebbers.\u00a0\u00a0De lagune (2,5 km breed en 6,5 km lang) is het enige zoutmeer in Spanje dat ook \u2019s zomers niet helemaal droogvalt. <strong>Fuente de Piedra<\/strong> heeft een bezoekerscentrum, er is een wandeltocht van ruim anderhalf uur langs het meer uitgezet en je kunt er ook fietsen huren. Een idee is met de auto rond het meer rijden en door de olijvenboomgaarden naar het meer te wandelen, waar je van diverse hoge uitkijkpuntengoed zicht kan hebben. Mei is de ideale periode maar we willen nu toch ook gaan kijken.<\/p>\t\t\t\t\t<\/div>\n\t\t\t\t\t\t<\/div>\n\t\t\t\t<\/div>\n\t\t\t\t<section class=\"elementor-section elementor-inner-section elementor-element elementor-element-3d36173 elementor-section-boxed elementor-section-height-default elementor-section-height-default\" data-id=\"3d36173\" data-element_type=\"section\">\n\t\t\t\t\t\t<div class=\"elementor-container elementor-column-gap-default\">\n\t\t\t\t\t\t\t<div class=\"elementor-row\">\n\t\t\t\t\t<div class=\"elementor-column elementor-col-33 elementor-inner-column elementor-element elementor-element-2043c6c\" data-id=\"2043c6c\" data-element_type=\"column\">\n\t\t\t<div class=\"elementor-column-wrap elementor-element-populated\">\n\t\t\t\t\t\t\t<div class=\"elementor-widget-wrap\">\n\t\t\t\t\t\t<div class=\"elementor-element elementor-element-da2bb32 elementor-widget elementor-widget-image\" data-id=\"da2bb32\" data-element_type=\"widget\" data-widget_type=\"image.default\">\n\t\t\t\t<div class=\"elementor-widget-container\">\n\t\t\t\t\t\t\t\t<div class=\"elementor-image\">\n\t\t\t\t\t\t\t\t\t\t\t\t<img width=\"260\" height=\"173\" src=\"http:\/\/www.lindademeyer.be\/wordpress\/wp-content\/uploads\/2020\/12\/DSC3142-Fuente1.jpg\" class=\"attachment-large size-large\" alt=\"\" loading=\"lazy\" \/>\t\t\t\t\t\t\t\t\t\t\t\t\t\t<\/div>\n\t\t\t\t\t\t<\/div>\n\t\t\t\t<\/div>\n\t\t\t\t\t\t<\/div>\n\t\t\t\t\t<\/div>\n\t\t<\/div>\n\t\t\t\t<div class=\"elementor-column elementor-col-33 elementor-inner-column elementor-element elementor-element-46e3693\" data-id=\"46e3693\" data-element_type=\"column\">\n\t\t\t<div class=\"elementor-column-wrap elementor-element-populated\">\n\t\t\t\t\t\t\t<div class=\"elementor-widget-wrap\">\n\t\t\t\t\t\t<div class=\"elementor-element elementor-element-8bbae85 elementor-widget elementor-widget-image\" data-id=\"8bbae85\" data-element_type=\"widget\" data-widget_type=\"image.default\">\n\t\t\t\t<div class=\"elementor-widget-container\">\n\t\t\t\t\t\t\t\t<div class=\"elementor-image\">\n\t\t\t\t\t\t\t\t\t\t\t\t<img width=\"260\" height=\"173\" src=\"http:\/\/www.lindademeyer.be\/wordpress\/wp-content\/uploads\/2020\/12\/DSC3138-Fuente2.jpg\" class=\"attachment-large size-large\" alt=\"\" loading=\"lazy\" \/>\t\t\t\t\t\t\t\t\t\t\t\t\t\t<\/div>\n\t\t\t\t\t\t<\/div>\n\t\t\t\t<\/div>\n\t\t\t\t\t\t<\/div>\n\t\t\t\t\t<\/div>\n\t\t<\/div>\n\t\t\t\t<div class=\"elementor-column elementor-col-33 elementor-inner-column elementor-element elementor-element-89b8af8\" data-id=\"89b8af8\" data-element_type=\"column\">\n\t\t\t<div class=\"elementor-column-wrap elementor-element-populated\">\n\t\t\t\t\t\t\t<div class=\"elementor-widget-wrap\">\n\t\t\t\t\t\t<div class=\"elementor-element elementor-element-0639dce elementor-widget elementor-widget-image\" data-id=\"0639dce\" data-element_type=\"widget\" data-widget_type=\"image.default\">\n\t\t\t\t<div class=\"elementor-widget-container\">\n\t\t\t\t\t\t\t\t<div class=\"elementor-image\">\n\t\t\t\t\t\t\t\t\t\t\t\t<img width=\"260\" height=\"173\" src=\"http:\/\/www.lindademeyer.be\/wordpress\/wp-content\/uploads\/2020\/12\/DSC3136-fuente3.jpg\" class=\"attachment-large size-large\" alt=\"\" loading=\"lazy\" \/>\t\t\t\t\t\t\t\t\t\t\t\t\t\t<\/div>\n\t\t\t\t\t\t<\/div>\n\t\t\t\t<\/div>\n\t\t\t\t\t\t<\/div>\n\t\t\t\t\t<\/div>\n\t\t<\/div>\n\t\t\t\t\t\t\t\t<\/div>\n\t\t\t\t\t<\/div>\n\t\t<\/section>\n\t\t\t\t<section class=\"elementor-section elementor-inner-section elementor-element elementor-element-d61c75f elementor-section-boxed elementor-section-height-default elementor-section-height-default\" data-id=\"d61c75f\" data-element_type=\"section\">\n\t\t\t\t\t\t<div class=\"elementor-container elementor-column-gap-default\">\n\t\t\t\t\t\t\t<div class=\"elementor-row\">\n\t\t\t\t\t<div class=\"elementor-column elementor-col-33 elementor-inner-column elementor-element elementor-element-2c27ae6\" data-id=\"2c27ae6\" data-element_type=\"column\">\n\t\t\t<div class=\"elementor-column-wrap elementor-element-populated\">\n\t\t\t\t\t\t\t<div class=\"elementor-widget-wrap\">\n\t\t\t\t\t\t<div class=\"elementor-element elementor-element-547c15c elementor-widget elementor-widget-image\" data-id=\"547c15c\" data-element_type=\"widget\" data-widget_type=\"image.default\">\n\t\t\t\t<div class=\"elementor-widget-container\">\n\t\t\t\t\t\t\t\t<div class=\"elementor-image\">\n\t\t\t\t\t\t\t\t\t\t\t\t<img width=\"260\" height=\"173\" src=\"http:\/\/www.lindademeyer.be\/wordpress\/wp-content\/uploads\/2020\/12\/DSC3148-fuente4.jpg\" class=\"attachment-large size-large\" alt=\"\" loading=\"lazy\" \/>\t\t\t\t\t\t\t\t\t\t\t\t\t\t<\/div>\n\t\t\t\t\t\t<\/div>\n\t\t\t\t<\/div>\n\t\t\t\t\t\t<\/div>\n\t\t\t\t\t<\/div>\n\t\t<\/div>\n\t\t\t\t<div class=\"elementor-column elementor-col-33 elementor-inner-column elementor-element elementor-element-fdec505\" data-id=\"fdec505\" data-element_type=\"column\">\n\t\t\t<div class=\"elementor-column-wrap elementor-element-populated\">\n\t\t\t\t\t\t\t<div class=\"elementor-widget-wrap\">\n\t\t\t\t\t\t<div class=\"elementor-element elementor-element-c4ced2f elementor-widget elementor-widget-image\" data-id=\"c4ced2f\" data-element_type=\"widget\" data-widget_type=\"image.default\">\n\t\t\t\t<div class=\"elementor-widget-container\">\n\t\t\t\t\t\t\t\t<div class=\"elementor-image\">\n\t\t\t\t\t\t\t\t\t\t\t\t<img width=\"260\" height=\"173\" src=\"http:\/\/www.lindademeyer.be\/wordpress\/wp-content\/uploads\/2020\/12\/P1020117-fuente5.jpg\" class=\"attachment-large size-large\" alt=\"\" loading=\"lazy\" \/>\t\t\t\t\t\t\t\t\t\t\t\t\t\t<\/div>\n\t\t\t\t\t\t<\/div>\n\t\t\t\t<\/div>\n\t\t\t\t\t\t<\/div>\n\t\t\t\t\t<\/div>\n\t\t<\/div>\n\t\t\t\t<div class=\"elementor-column elementor-col-33 elementor-inner-column elementor-element elementor-element-92ed239\" data-id=\"92ed239\" data-element_type=\"column\">\n\t\t\t<div class=\"elementor-column-wrap elementor-element-populated\">\n\t\t\t\t\t\t\t<div class=\"elementor-widget-wrap\">\n\t\t\t\t\t\t<div class=\"elementor-element elementor-element-50427f0 elementor-widget elementor-widget-image\" data-id=\"50427f0\" data-element_type=\"widget\" data-widget_type=\"image.default\">\n\t\t\t\t<div class=\"elementor-widget-container\">\n\t\t\t\t\t\t\t\t<div class=\"elementor-image\">\n\t\t\t\t\t\t\t\t\t\t\t\t<img width=\"260\" height=\"173\" src=\"http:\/\/www.lindademeyer.be\/wordpress\/wp-content\/uploads\/2020\/12\/P1020119-antequera.jpg\" class=\"attachment-large size-large\" alt=\"\" loading=\"lazy\" \/>\t\t\t\t\t\t\t\t\t\t\t\t\t\t<\/div>\n\t\t\t\t\t\t<\/div>\n\t\t\t\t<\/div>\n\t\t\t\t\t\t<\/div>\n\t\t\t\t\t<\/div>\n\t\t<\/div>\n\t\t\t\t\t\t\t\t<\/div>\n\t\t\t\t\t<\/div>\n\t\t<\/section>\n\t\t\t\t<section class=\"elementor-section elementor-inner-section elementor-element elementor-element-c4bddcf elementor-section-boxed elementor-section-height-default elementor-section-height-default\" data-id=\"c4bddcf\" data-element_type=\"section\">\n\t\t\t\t\t\t<div class=\"elementor-container elementor-column-gap-default\">\n\t\t\t\t\t\t\t<div class=\"elementor-row\">\n\t\t\t\t\t<div class=\"elementor-column elementor-col-33 elementor-inner-column elementor-element elementor-element-a36c267\" data-id=\"a36c267\" data-element_type=\"column\">\n\t\t\t<div class=\"elementor-column-wrap elementor-element-populated\">\n\t\t\t\t\t\t\t<div class=\"elementor-widget-wrap\">\n\t\t\t\t\t\t<div class=\"elementor-element elementor-element-6b93d24 elementor-widget elementor-widget-image\" data-id=\"6b93d24\" data-element_type=\"widget\" data-widget_type=\"image.default\">\n\t\t\t\t<div class=\"elementor-widget-container\">\n\t\t\t\t\t\t\t\t<div class=\"elementor-image\">\n\t\t\t\t\t\t\t\t\t\t\t\t<img width=\"260\" height=\"173\" src=\"http:\/\/www.lindademeyer.be\/wordpress\/wp-content\/uploads\/2020\/12\/DSC3180-antequera2.jpg\" class=\"attachment-large size-large\" alt=\"\" loading=\"lazy\" \/>\t\t\t\t\t\t\t\t\t\t\t\t\t\t<\/div>\n\t\t\t\t\t\t<\/div>\n\t\t\t\t<\/div>\n\t\t\t\t\t\t<\/div>\n\t\t\t\t\t<\/div>\n\t\t<\/div>\n\t\t\t\t<div class=\"elementor-column elementor-col-33 elementor-inner-column elementor-element elementor-element-01dd2aa\" data-id=\"01dd2aa\" data-element_type=\"column\">\n\t\t\t<div class=\"elementor-column-wrap elementor-element-populated\">\n\t\t\t\t\t\t\t<div class=\"elementor-widget-wrap\">\n\t\t\t\t\t\t<div class=\"elementor-element elementor-element-6ca6a57 elementor-widget elementor-widget-image\" data-id=\"6ca6a57\" data-element_type=\"widget\" data-widget_type=\"image.default\">\n\t\t\t\t<div class=\"elementor-widget-container\">\n\t\t\t\t\t\t\t\t<div class=\"elementor-image\">\n\t\t\t\t\t\t\t\t\t\t\t\t<img width=\"260\" height=\"173\" src=\"http:\/\/www.lindademeyer.be\/wordpress\/wp-content\/uploads\/2020\/12\/DSC3183-antequera3.jpg\" class=\"attachment-large size-large\" alt=\"\" loading=\"lazy\" \/>\t\t\t\t\t\t\t\t\t\t\t\t\t\t<\/div>\n\t\t\t\t\t\t<\/div>\n\t\t\t\t<\/div>\n\t\t\t\t\t\t<\/div>\n\t\t\t\t\t<\/div>\n\t\t<\/div>\n\t\t\t\t<div class=\"elementor-column elementor-col-33 elementor-inner-column elementor-element elementor-element-11f8404\" data-id=\"11f8404\" data-element_type=\"column\">\n\t\t\t<div class=\"elementor-column-wrap elementor-element-populated\">\n\t\t\t\t\t\t\t<div class=\"elementor-widget-wrap\">\n\t\t\t\t\t\t<div class=\"elementor-element elementor-element-e4695c2 elementor-widget elementor-widget-image\" data-id=\"e4695c2\" data-element_type=\"widget\" data-widget_type=\"image.default\">\n\t\t\t\t<div class=\"elementor-widget-container\">\n\t\t\t\t\t\t\t\t<div class=\"elementor-image\">\n\t\t\t\t\t\t\t\t\t\t\t\t<img width=\"260\" height=\"173\" src=\"http:\/\/www.lindademeyer.be\/wordpress\/wp-content\/uploads\/2020\/12\/DSC3157-antequera1.jpg\" class=\"attachment-large size-large\" alt=\"\" loading=\"lazy\" \/>\t\t\t\t\t\t\t\t\t\t\t\t\t\t<\/div>\n\t\t\t\t\t\t<\/div>\n\t\t\t\t<\/div>\n\t\t\t\t\t\t<\/div>\n\t\t\t\t\t<\/div>\n\t\t<\/div>\n\t\t\t\t\t\t\t\t<\/div>\n\t\t\t\t\t<\/div>\n\t\t<\/section>\n\t\t\t\t<div class=\"elementor-element elementor-element-a5149a9 elementor-widget elementor-widget-text-editor\" data-id=\"a5149a9\" data-element_type=\"widget\" data-widget_type=\"text-editor.default\">\n\t\t\t\t<div class=\"elementor-widget-container\">\n\t\t\t\t\t\t\t\t<div class=\"elementor-text-editor elementor-clearfix\">\n\t\t\t\t<p>Hotel: <a href=\"https:\/\/www.parador.es\/en\/paradores\/parador-de-antequera\" target=\"_blank\" rel=\"noopener\">Parador de Antequera<\/a><\/p><p>Een van de bezienswaardigheden in de buurt is <a href=\"http:\/\/www.torcaldeantequera.com\/en\/\" target=\"_blank\" rel=\"noopener\">El Torcal de Antequera.<\/a><\/p><p>El Torcal is een indrukwekkend natuurpark in Andaluc\u00eda. Het heeft een unieke kalksteenformatie die 150 miljoen jaar geleden onder de oceaan lag. Het is een buitenaards landschap wegens erosie door water en wind, ook wel een beetje surrealistisch. Het wordt ook wel eens het karstlandschap genoemd. <\/p><p>Ik heb dit lang geleden bezocht en vond het wel mooi. We hadden dit nu ook willen bezoeken maar we zijn verkeerd gereden. Waarschijnlijk een verkeerde afslag genomen. Het zal voor de volgende keer zijn. Antequera zelf is ook wel een bezoekje waard. De stad zelf bestaat uit een wirwar van straatjes met voornamelijk witte gebouwen. Het zorgt ervoor dat Antequera zijn middeleeuwse uitstraling nog niet heeft verloren.<\/p>\t\t\t\t\t<\/div>\n\t\t\t\t\t\t<\/div>\n\t\t\t\t<\/div>\n\t\t\t\t<div class=\"elementor-element elementor-element-8f8fec5 elementor-widget elementor-widget-text-editor\" data-id=\"8f8fec5\" data-element_type=\"widget\" data-widget_type=\"text-editor.default\">\n\t\t\t\t<div class=\"elementor-widget-container\">\n\t\t\t\t\t\t\t\t<div class=\"elementor-text-editor elementor-clearfix\">\n\t\t\t\t\t\t\t\t\t<\/div>\n\t\t\t\t\t\t<\/div>\n\t\t\t\t<\/div>\n\t\t\t\t<div class=\"elementor-element elementor-element-7c93612 elementor-widget elementor-widget-text-editor\" data-id=\"7c93612\" data-element_type=\"widget\" data-widget_type=\"text-editor.default\">\n\t\t\t\t<div class=\"elementor-widget-container\">\n\t\t\t\t\t\t\t\t<div class=\"elementor-text-editor elementor-clearfix\">\n\t\t\t\t<h3>Maandag 30 september<\/h3><p>Vandaag staat een wandeling gepland waar we wel naar uitkijken. We hebben dit reeds een tijdje geleden gereserveerd: El caminito del Rey. We hebben de tickets online gekocht: 10 euro pp en 1,55 euro voor de autobus pp. Om 12 uur moeten we er zijn. De afstand van het hotel naar de wandeling is 47,6 km. Om daar te geraken rijd je naar de gemeente Ardales.<\/p><ul><li><p><span style=\"font-family: Raleway;\"><span style=\"color: #333333;\"><span style=\"font-size: medium;\">je zal onderweg reeds meerdere borden zien richting El Caminito del Rey. Rij naar Parking Acceso NORTE, Caminito del Rey.\u00a0<\/span><\/span><span style=\"color: #333333;\"><span style=\"font-size: medium;\"> Parkeer hier je auto. Daarna wandel je naar het restaurant El Kiosko (zo&#8217;n 400 meter verder).<br \/>Parque Ardales, Pantano El Chorro, s\/n, <br \/>29550 Ardales<\/span><\/span><\/span><\/p><\/li><li><p><span style=\"font-family: Raleway;\"><span style=\"color: #000000;\"><span style=\"font-size: medium;\">Er zijn 2 toegangen:<br \/><\/span><\/span><strong><span style=\"color: #333333;\"><span style=\"font-size: medium;\"><b>Toegang 1<\/b><\/span><\/span><\/strong><span style=\"color: #333333;\"><span style=\"font-size: medium;\">: Terwijl je van de parking richting het restaurant El Kiosko loopt zie je na 200 meter op je rechter kant een 300 meter lange donkere tunnel. Dit is de eerste toegang, vanaf hier is het 1,5 km lopen tot aan de entree van El Caminito del Rey. Bij voorkeur ga je deze tunnel niet in en stap je veder tot aan het restaurant El Kiosko.<\/span><\/span><\/span><\/p><p><strong><span style=\"color: #333333;\"><span style=\"font-size: medium;\"><b>Toegang 2<\/b><\/span><\/span><\/strong><span style=\"color: #333333;\"><span style=\"font-size: medium;\">: Deze start bij het restaurant El Kiosko, naast het restaurant start een weg die door het dennenbos loopt, dit is 2,7 km (ongeveer 30<\/span><\/span><span style=\"color: #333333;\"><span style=\"font-size: large;\"> minuten) tot aan de <\/span><\/span><span style=\"color: #333333;\"><span style=\"font-size: medium;\">ingang van het koningspad. Nog even naar het toilet of iets eten of drinken? Doe dit in het restaurant.<br \/>Bij aankomst dien je naar de\u00a0<\/span><\/span><span style=\"color: #333333;\"><span style=\"font-size: medium;\">zelfbedieningsmachines te gaan<\/span><\/span><span style=\"color: #333333;\"><span style=\"font-size: medium;\">, en hier dien je je ticket \u00e9n de kredietkaart waarmee je de tickets hebt aangeschaft te scannen. Neem dus de bevestiging van je reservering en je kredietkaart mee, en vergeet ook niet je paspoort of identiteitskaart. Wanneer je het ticket boekt dien je voor een tijdslot te kiezen, dus hou hier rekening mee.<\/span><\/span><\/p><\/li><li><p><span style=\"font-family: Raleway;\"><strong><span style=\"color: #333333;\"><span style=\"font-size: medium;\">J<\/span><\/span><\/strong><span style=\"color: #333333;\"><span style=\"font-size: medium;\">e dient 15 minuten voor het opgegeven tijdslot aanwezig te zijn bij de ingang<\/span><\/span><span style=\"color: #333333;\"><span style=\"font-size: medium;\">. <\/span><\/span><span style=\"color: #333333;\"><span style=\"font-size: medium;\">Op het ticket staat Acceso Norte, wat inhoudt dat je naar de ingang bij Ardales moet zijn. (zie hierboven)<\/span><\/span><\/span><\/p><\/li><li><p><span style=\"color: #000000; font-family: Raleway;\"><span style=\"font-size: medium;\">Vergeet geen ticket voor de bus te kopen<\/span><\/span><\/p><\/li><li><p><span style=\"font-family: Raleway;\"><span style=\"color: #333333;\"><span style=\"font-size: medium;\">Bij de ingang van het pad\u00a0<\/span><\/span><span style=\"color: #333333;\"><span style=\"font-size: medium;\">krijg je een witte helm voor je de wandeling mag starten<\/span><\/span><span style=\"color: #333333;\"><span style=\"font-size: medium;\">, verplicht op te houden, om te voorkomen dat je je zou verwonden aan de rotsen. Het pad zelf is zo\u2019n 3,5 kilometer lang. Personen met een oranje helm zijn stewards, die kan je steeds een vraag stellen indien nodig.<\/span><\/span><\/span><\/p><\/li><li><p><span style=\"font-family: Raleway;\"><span style=\"color: #333333;\"><span style=\"font-size: medium;\">Vanaf het einde van het pad dien je nog 2 kilometer naar\u00a0<\/span><\/span><span style=\"color: #333333;\"><span style=\"font-size: medium;\">het treinstation van El Chorro<\/span><\/span><span style=\"color: #333333;\"><span style=\"font-size: medium;\">\u00a0te lopen naar de\u00a0<\/span><\/span><span style=\"color: #333333;\"><span style=\"font-size: medium;\">transferbus om naar Ardales terug te rijden<\/span><\/span><span style=\"color: #333333;\"><span style=\"font-size: medium;\">. Deze bussen vertrekken elk half uur en de rit duurt ongeveer 30 minuten.<br \/>Ben je vergeten om vooraf een ticket voor de bus te kopen dan is het ook mogelijk om dat hier ter plekke te doen.<br \/>Het is mogelijk om het laatste stuk\u00a0<\/span><\/span><span style=\"color: #333333;\"><span style=\"font-size: medium;\">naar Ardales terug te wandelen<\/span><\/span><span style=\"color: #333333;\"><span style=\"font-size: medium;\">, maar dit kan alleen op wegen waar ook auto\u2019s rijden, waardoor de weg niet alleen lang is maar ook gevaarlijk.<br \/>Het is ook mogelijk om via El Caminito del Rey terug te keren. Je kan dus halverwege omkeren en teruglopen (rekening houden met tegenliggers). In totaal kan je zeker rekenen op een tocht van 3 \u00e0 4 uur van begin tot einde.<\/span><\/span><\/span><\/p><\/li><\/ul>\t\t\t\t\t<\/div>\n\t\t\t\t\t\t<\/div>\n\t\t\t\t<\/div>\n\t\t\t\t<div class=\"elementor-element elementor-element-3ab922e gallery-spacing-custom elementor-widget elementor-widget-image-gallery\" data-id=\"3ab922e\" data-element_type=\"widget\" data-widget_type=\"image-gallery.default\">\n\t\t\t\t<div class=\"elementor-widget-container\">\n\t\t\t\t\t<div class=\"elementor-image-gallery\">\n\t\t\t<div id='gallery-1' class='gallery galleryid-990 gallery-columns-3 gallery-size-full'><figure class='gallery-item'>\n\t\t\t<div class='gallery-icon landscape'>\n\t\t\t\t<a data-elementor-open-lightbox=\"yes\" data-elementor-lightbox-slideshow=\"3ab922e\" data-elementor-lightbox-title=\"P1020232 el caminito del rey6\" data-elementor-lightbox-description=\"P1020232 el caminito del rey6\" e-action-hash=\"#elementor-action%3Aaction%3Dlightbox%26settings%3DeyJpZCI6MjMyNiwidXJsIjoiaHR0cDpcL1wvd3d3LmxpbmRhZGVtZXllci5iZVwvd29yZHByZXNzXC93cC1jb250ZW50XC91cGxvYWRzXC8yMDIwXC8xMlwvUDEwMjAyMzItZWwtY2FtaW5pdG8tZGVsLXJleTYuanBnIiwic2xpZGVzaG93IjoiM2FiOTIyZSJ9\" href='http:\/\/www.lindademeyer.be\/wordpress\/wp-content\/uploads\/2020\/12\/P1020232-el-caminito-del-rey6.jpg' title=\"\" data-rl_title=\"\" class=\"rl-gallery-link\" data-rl_caption=\"P1020232 el caminito del rey6\" data-rel=\"lightbox-gallery-1\"><img width=\"280\" height=\"210\" src=\"http:\/\/www.lindademeyer.be\/wordpress\/wp-content\/uploads\/2020\/12\/P1020232-el-caminito-del-rey6.jpg\" class=\"attachment-full size-full\" alt=\"\" loading=\"lazy\" \/><\/a>\n\t\t\t<\/div><\/figure><figure class='gallery-item'>\n\t\t\t<div class='gallery-icon landscape'>\n\t\t\t\t<a data-elementor-open-lightbox=\"yes\" data-elementor-lightbox-slideshow=\"3ab922e\" data-elementor-lightbox-title=\"El Caminito Del Rey\" data-elementor-lightbox-description=\"El Caminito Del Rey\" e-action-hash=\"#elementor-action%3Aaction%3Dlightbox%26settings%3DeyJpZCI6MjMyNCwidXJsIjoiaHR0cDpcL1wvd3d3LmxpbmRhZGVtZXllci5iZVwvd29yZHByZXNzXC93cC1jb250ZW50XC91cGxvYWRzXC8yMDIwXC8xMlwvUDEwMjAxNTMtZWwtY2FtaW5pdG8tZGVsLXJleTIuanBnIiwic2xpZGVzaG93IjoiM2FiOTIyZSJ9\" href='http:\/\/www.lindademeyer.be\/wordpress\/wp-content\/uploads\/2020\/12\/P1020153-el-caminito-del-rey2.jpg' title=\"\" data-rl_title=\"\" class=\"rl-gallery-link\" data-rl_caption=\"El Caminito Del Rey\" data-rel=\"lightbox-gallery-1\"><img width=\"280\" height=\"210\" src=\"http:\/\/www.lindademeyer.be\/wordpress\/wp-content\/uploads\/2020\/12\/P1020153-el-caminito-del-rey2.jpg\" class=\"attachment-full size-full\" alt=\"\" loading=\"lazy\" \/><\/a>\n\t\t\t<\/div><\/figure><figure class='gallery-item'>\n\t\t\t<div class='gallery-icon landscape'>\n\t\t\t\t<a data-elementor-open-lightbox=\"yes\" data-elementor-lightbox-slideshow=\"3ab922e\" data-elementor-lightbox-title=\"El Caminito Del Rey\" data-elementor-lightbox-description=\"El Caminito Del Rey\" e-action-hash=\"#elementor-action%3Aaction%3Dlightbox%26settings%3DeyJpZCI6MjMyMywidXJsIjoiaHR0cDpcL1wvd3d3LmxpbmRhZGVtZXllci5iZVwvd29yZHByZXNzXC93cC1jb250ZW50XC91cGxvYWRzXC8yMDIwXC8xMlwvUDEwMjAyMDYtZWwtY2FtaW5pdG8tZGVsLXJleTMuanBnIiwic2xpZGVzaG93IjoiM2FiOTIyZSJ9\" href='http:\/\/www.lindademeyer.be\/wordpress\/wp-content\/uploads\/2020\/12\/P1020206-el-caminito-del-rey3.jpg' title=\"\" data-rl_title=\"\" class=\"rl-gallery-link\" data-rl_caption=\"El Caminito Del Rey\" data-rel=\"lightbox-gallery-1\"><img width=\"280\" height=\"210\" src=\"http:\/\/www.lindademeyer.be\/wordpress\/wp-content\/uploads\/2020\/12\/P1020206-el-caminito-del-rey3.jpg\" class=\"attachment-full size-full\" alt=\"\" loading=\"lazy\" \/><\/a>\n\t\t\t<\/div><\/figure><figure class='gallery-item'>\n\t\t\t<div class='gallery-icon portrait'>\n\t\t\t\t<a data-elementor-open-lightbox=\"yes\" data-elementor-lightbox-slideshow=\"3ab922e\" data-elementor-lightbox-title=\"El Caminito Del Rey\" data-elementor-lightbox-description=\"El Caminito Del Rey\" e-action-hash=\"#elementor-action%3Aaction%3Dlightbox%26settings%3DeyJpZCI6MjMyMiwidXJsIjoiaHR0cDpcL1wvd3d3LmxpbmRhZGVtZXllci5iZVwvd29yZHByZXNzXC93cC1jb250ZW50XC91cGxvYWRzXC8yMDIwXC8xMlwvUDEwMjAyMTAtZWwtY2FtaW5pdG8tZGVsLXJleTQuanBnIiwic2xpZGVzaG93IjoiM2FiOTIyZSJ9\" href='http:\/\/www.lindademeyer.be\/wordpress\/wp-content\/uploads\/2020\/12\/P1020210-el-caminito-del-rey4.jpg' title=\"\" data-rl_title=\"\" class=\"rl-gallery-link\" data-rl_caption=\"El Caminito Del Rey\" data-rel=\"lightbox-gallery-1\"><img width=\"210\" height=\"280\" src=\"http:\/\/www.lindademeyer.be\/wordpress\/wp-content\/uploads\/2020\/12\/P1020210-el-caminito-del-rey4.jpg\" class=\"attachment-full size-full\" alt=\"\" loading=\"lazy\" \/><\/a>\n\t\t\t<\/div><\/figure><figure class='gallery-item'>\n\t\t\t<div class='gallery-icon portrait'>\n\t\t\t\t<a data-elementor-open-lightbox=\"yes\" data-elementor-lightbox-slideshow=\"3ab922e\" data-elementor-lightbox-title=\"El Caminito Del Rey\" data-elementor-lightbox-description=\"El Caminito Del Rey\" e-action-hash=\"#elementor-action%3Aaction%3Dlightbox%26settings%3DeyJpZCI6MjMyMSwidXJsIjoiaHR0cDpcL1wvd3d3LmxpbmRhZGVtZXllci5iZVwvd29yZHByZXNzXC93cC1jb250ZW50XC91cGxvYWRzXC8yMDIwXC8xMlwvUDEwMjAyMTUtZWwtY2FtaW5pdG8tZGVsLXJleTUuanBnIiwic2xpZGVzaG93IjoiM2FiOTIyZSJ9\" href='http:\/\/www.lindademeyer.be\/wordpress\/wp-content\/uploads\/2020\/12\/P1020215-el-caminito-del-rey5.jpg' title=\"\" data-rl_title=\"\" class=\"rl-gallery-link\" data-rl_caption=\"El Caminito Del Rey\" data-rel=\"lightbox-gallery-1\"><img width=\"210\" height=\"280\" src=\"http:\/\/www.lindademeyer.be\/wordpress\/wp-content\/uploads\/2020\/12\/P1020215-el-caminito-del-rey5.jpg\" class=\"attachment-full size-full\" alt=\"\" loading=\"lazy\" \/><\/a>\n\t\t\t<\/div><\/figure><figure class='gallery-item'>\n\t\t\t<div class='gallery-icon portrait'>\n\t\t\t\t<a data-elementor-open-lightbox=\"yes\" data-elementor-lightbox-slideshow=\"3ab922e\" data-elementor-lightbox-title=\"El Caminito Del Rey\" data-elementor-lightbox-description=\"El Caminito Del Rey\" e-action-hash=\"#elementor-action%3Aaction%3Dlightbox%26settings%3DeyJpZCI6MjMyOCwidXJsIjoiaHR0cDpcL1wvd3d3LmxpbmRhZGVtZXllci5iZVwvd29yZHByZXNzXC93cC1jb250ZW50XC91cGxvYWRzXC8yMDIwXC8xMlwvUDEwMjAxNjAtZWwtY2FtaW5vdG8tZGVsLXJleTcuanBnIiwic2xpZGVzaG93IjoiM2FiOTIyZSJ9\" href='http:\/\/www.lindademeyer.be\/wordpress\/wp-content\/uploads\/2020\/12\/P1020160-el-caminoto-del-rey7.jpg' title=\"\" data-rl_title=\"\" class=\"rl-gallery-link\" data-rl_caption=\"El Caminito Del Rey\" data-rel=\"lightbox-gallery-1\"><img width=\"210\" height=\"280\" src=\"http:\/\/www.lindademeyer.be\/wordpress\/wp-content\/uploads\/2020\/12\/P1020160-el-caminoto-del-rey7.jpg\" class=\"attachment-full size-full\" alt=\"\" loading=\"lazy\" \/><\/a>\n\t\t\t<\/div><\/figure>\n\t\t<\/div>\n\t\t<\/div>\n\t\t\t\t<\/div>\n\t\t\t\t<\/div>\n\t\t\t\t<div class=\"elementor-element elementor-element-55e7935 elementor-widget elementor-widget-text-editor\" data-id=\"55e7935\" data-element_type=\"widget\" data-widget_type=\"text-editor.default\">\n\t\t\t\t<div class=\"elementor-widget-container\">\n\t\t\t\t\t\t\t\t<div class=\"elementor-text-editor elementor-clearfix\">\n\t\t\t\t<p>Het was een fantastische belevenis. Zeker niet lastig of gevaarlijk.\u00a0 Echt de moeite waard.<\/p><p>Na de wandeling wacht ons nog een autorit van 57,8 km naar onze eindbestemming: <a href=\"https:\/\/www.riu.com\/nl\/hotel\/spanje\/malaga-torremolinos\/hotel-riu-nautilus\/\" target=\"_blank\" rel=\"noopener\">Riu Nautilus<\/a> in Torremolinos.<\/p><p>Na een mooie rondreis genieten we hier nog van enkele dagen rust. Het is een mooi hotel en bij het inchecken kregen we een update naar een superior kamer. Zo&#8217;n kamer hebben we nog nooit gehad. We zitten niet ver van de jachthaven van Benalmadena. De jachthaven op zich is wel mooi maar de regio is volledig verengelsd en dat vinden we wel jammer. <\/p>\t\t\t\t\t<\/div>\n\t\t\t\t\t\t<\/div>\n\t\t\t\t<\/div>\n\t\t\t\t<section class=\"elementor-section elementor-inner-section elementor-element elementor-element-cfb0a39 elementor-section-boxed elementor-section-height-default elementor-section-height-default\" data-id=\"cfb0a39\" data-element_type=\"section\">\n\t\t\t\t\t\t<div class=\"elementor-container elementor-column-gap-default\">\n\t\t\t\t\t\t\t<div class=\"elementor-row\">\n\t\t\t\t\t<div class=\"elementor-column elementor-col-33 elementor-inner-column elementor-element elementor-element-23aaf15\" data-id=\"23aaf15\" data-element_type=\"column\">\n\t\t\t<div class=\"elementor-column-wrap elementor-element-populated\">\n\t\t\t\t\t\t\t<div class=\"elementor-widget-wrap\">\n\t\t\t\t\t\t<div class=\"elementor-element elementor-element-207b9fe elementor-widget elementor-widget-image\" data-id=\"207b9fe\" data-element_type=\"widget\" data-widget_type=\"image.default\">\n\t\t\t\t<div class=\"elementor-widget-container\">\n\t\t\t\t\t\t\t\t<div class=\"elementor-image\">\n\t\t\t\t\t\t\t\t\t\t\t\t<img width=\"260\" height=\"195\" src=\"http:\/\/www.lindademeyer.be\/wordpress\/wp-content\/uploads\/2020\/12\/Benalmadena.jpg\" class=\"attachment-large size-large\" alt=\"\" loading=\"lazy\" \/>\t\t\t\t\t\t\t\t\t\t\t\t\t\t<\/div>\n\t\t\t\t\t\t<\/div>\n\t\t\t\t<\/div>\n\t\t\t\t\t\t<\/div>\n\t\t\t\t\t<\/div>\n\t\t<\/div>\n\t\t\t\t<div class=\"elementor-column elementor-col-33 elementor-inner-column elementor-element elementor-element-0aa4cb5\" data-id=\"0aa4cb5\" data-element_type=\"column\">\n\t\t\t<div class=\"elementor-column-wrap elementor-element-populated\">\n\t\t\t\t\t\t\t<div class=\"elementor-widget-wrap\">\n\t\t\t\t\t\t<div class=\"elementor-element elementor-element-ac31600 elementor-widget elementor-widget-image\" data-id=\"ac31600\" data-element_type=\"widget\" data-widget_type=\"image.default\">\n\t\t\t\t<div class=\"elementor-widget-container\">\n\t\t\t\t\t\t\t\t<div class=\"elementor-image\">\n\t\t\t\t\t\t\t\t\t\t\t\t<img width=\"260\" height=\"195\" src=\"http:\/\/www.lindademeyer.be\/wordpress\/wp-content\/uploads\/2020\/12\/ochtend.jpg\" class=\"attachment-large size-large\" alt=\"\" loading=\"lazy\" \/>\t\t\t\t\t\t\t\t\t\t\t\t\t\t<\/div>\n\t\t\t\t\t\t<\/div>\n\t\t\t\t<\/div>\n\t\t\t\t\t\t<\/div>\n\t\t\t\t\t<\/div>\n\t\t<\/div>\n\t\t\t\t<div class=\"elementor-column elementor-col-33 elementor-inner-column elementor-element elementor-element-99a13a2\" data-id=\"99a13a2\" data-element_type=\"column\">\n\t\t\t<div class=\"elementor-column-wrap elementor-element-populated\">\n\t\t\t\t\t\t\t<div class=\"elementor-widget-wrap\">\n\t\t\t\t\t\t<div class=\"elementor-element elementor-element-bbae6d9 elementor-widget elementor-widget-image\" data-id=\"bbae6d9\" data-element_type=\"widget\" data-widget_type=\"image.default\">\n\t\t\t\t<div class=\"elementor-widget-container\">\n\t\t\t\t\t\t\t\t<div class=\"elementor-image\">\n\t\t\t\t\t\t\t\t\t\t\t\t<img width=\"260\" height=\"195\" src=\"http:\/\/www.lindademeyer.be\/wordpress\/wp-content\/uploads\/2020\/12\/hotel.jpg\" class=\"attachment-large size-large\" alt=\"\" loading=\"lazy\" \/>\t\t\t\t\t\t\t\t\t\t\t\t\t\t<\/div>\n\t\t\t\t\t\t<\/div>\n\t\t\t\t<\/div>\n\t\t\t\t\t\t<\/div>\n\t\t\t\t\t<\/div>\n\t\t<\/div>\n\t\t\t\t\t\t\t\t<\/div>\n\t\t\t\t\t<\/div>\n\t\t<\/section>\n\t\t\t\t<div class=\"elementor-element elementor-element-8dc2104 elementor-widget elementor-widget-text-editor\" data-id=\"8dc2104\" data-element_type=\"widget\" data-widget_type=\"text-editor.default\">\n\t\t\t\t<div class=\"elementor-widget-container\">\n\t\t\t\t\t\t\t\t<div class=\"elementor-text-editor elementor-clearfix\">\n\t\t\t\t<p>Voor meer foto&#8217;s klik <a href=\"https:\/\/photos.app.goo.gl\/Q1i2LUaYDm2rpQhPA\" target=\"_blank\" rel=\"noopener\">hier<\/a><\/p>\t\t\t\t\t<\/div>\n\t\t\t\t\t\t<\/div>\n\t\t\t\t<\/div>\n\t\t\t\t\t\t<\/div>\n\t\t\t\t\t<\/div>\n\t\t<\/div>\n\t\t\t\t\t\t\t\t<\/div>\n\t\t\t\t\t<\/div>\n\t\t<\/section>\n\t\t\t\t\t\t\t\t\t<\/div>\n\t\t\t<\/div>\n\t\t\t\t\t<\/div>\n\t\t","protected":false},"excerpt":{"rendered":"<p>SPANJE RONDREIS ANDALUSIE 25 september 2019 Het mooie Andalusi\u00eb is het land van de olijven, sinaasappels, sherry, zonnebloemen, flamenco, mooie bergketens, leuke witte bergdorpjes met mooie pleintjes en smalle, met bloemde versierde steegjes. Maar ook de prachtige cultuur die overgebleven is uit het moorse verleden is een reden om Andalusi\u00eb te bezoeken. We hebben reeds [&hellip;]<\/p>\n","protected":false},"author":1,"featured_media":0,"parent":0,"menu_order":0,"comment_status":"closed","ping_status":"closed","template":"","meta":{"_uag_custom_page_level_css":"","_vp_format_video_url":"","_vp_image_focal_point":[]},"uagb_featured_image_src":{"full":false,"thumbnail":false,"medium":false,"medium_large":false,"large":false,"1536x1536":false,"2048x2048":false,"vp_sm":false,"vp_md":false,"vp_lg":false,"vp_xl":false,"vp_sm_popup":false,"vp_md_popup":false,"vp_xl_popup":false,"sow-carousel-default":false},"uagb_author_info":{"display_name":"lindakoen","author_link":"http:\/\/www.lindademeyer.be\/wordpress\/author\/lindakoen\/"},"uagb_comment_info":0,"uagb_excerpt":"SPANJE RONDREIS ANDALUSIE 25 september 2019 Het mooie Andalusi\u00eb is het land van de olijven, sinaasappels, sherry, zonnebloemen, flamenco, mooie bergketens, leuke witte bergdorpjes met mooie pleintjes en smalle, met bloemde versierde steegjes. Maar ook de prachtige cultuur die overgebleven is uit het moorse verleden is een reden om Andalusi\u00eb te bezoeken. We hebben reeds&hellip;","_links":{"self":[{"href":"http:\/\/www.lindademeyer.be\/wordpress\/wp-json\/wp\/v2\/pages\/990"}],"collection":[{"href":"http:\/\/www.lindademeyer.be\/wordpress\/wp-json\/wp\/v2\/pages"}],"about":[{"href":"http:\/\/www.lindademeyer.be\/wordpress\/wp-json\/wp\/v2\/types\/page"}],"author":[{"embeddable":true,"href":"http:\/\/www.lindademeyer.be\/wordpress\/wp-json\/wp\/v2\/users\/1"}],"replies":[{"embeddable":true,"href":"http:\/\/www.lindademeyer.be\/wordpress\/wp-json\/wp\/v2\/comments?post=990"}],"version-history":[{"count":138,"href":"http:\/\/www.lindademeyer.be\/wordpress\/wp-json\/wp\/v2\/pages\/990\/revisions"}],"predecessor-version":[{"id":4886,"href":"http:\/\/www.lindademeyer.be\/wordpress\/wp-json\/wp\/v2\/pages\/990\/revisions\/4886"}],"wp:attachment":[{"href":"http:\/\/www.lindademeyer.be\/wordpress\/wp-json\/wp\/v2\/media?parent=990"}],"curies":[{"name":"wp","href":"https:\/\/api.w.org\/{rel}","templated":true}]}}