{"id":521,"date":"2020-11-15T15:20:44","date_gmt":"2020-11-15T15:20:44","guid":{"rendered":"http:\/\/www.lindademeyer.be\/wordpress\/?page_id=521"},"modified":"2021-02-14T12:44:23","modified_gmt":"2021-02-14T12:44:23","slug":"turkije-2013","status":"publish","type":"page","link":"http:\/\/www.lindademeyer.be\/wordpress\/turkije-2013\/","title":{"rendered":"Turkije 2013"},"content":{"rendered":"\t\t<div data-elementor-type=\"wp-page\" data-elementor-id=\"521\" class=\"elementor elementor-521\">\n\t\t\t\t\t\t<div class=\"elementor-inner\">\n\t\t\t\t<div class=\"elementor-section-wrap\">\n\t\t\t\t\t\t\t\t\t<section class=\"elementor-section elementor-top-section elementor-element elementor-element-2fdba8ab elementor-section-boxed elementor-section-height-default elementor-section-height-default\" data-id=\"2fdba8ab\" data-element_type=\"section\">\n\t\t\t\t\t\t<div class=\"elementor-container elementor-column-gap-default\">\n\t\t\t\t\t\t\t<div class=\"elementor-row\">\n\t\t\t\t\t<div class=\"elementor-column elementor-col-100 elementor-top-column elementor-element elementor-element-1ce72299\" data-id=\"1ce72299\" data-element_type=\"column\">\n\t\t\t<div class=\"elementor-column-wrap elementor-element-populated\">\n\t\t\t\t\t\t\t<div class=\"elementor-widget-wrap\">\n\t\t\t\t\t\t<div class=\"elementor-element elementor-element-6c5684d3 elementor-widget elementor-widget-heading\" data-id=\"6c5684d3\" data-element_type=\"widget\" data-widget_type=\"heading.default\">\n\t\t\t\t<div class=\"elementor-widget-container\">\n\t\t\t<h3 class=\"elementor-heading-title elementor-size-default\">TURKIJE<\/h3>\t\t<\/div>\n\t\t\t\t<\/div>\n\t\t\t\t\t\t<\/div>\n\t\t\t\t\t<\/div>\n\t\t<\/div>\n\t\t\t\t\t\t\t\t<\/div>\n\t\t\t\t\t<\/div>\n\t\t<\/section>\n\t\t\t\t<section class=\"elementor-section elementor-top-section elementor-element elementor-element-2ced3f00 elementor-section-boxed elementor-section-height-default elementor-section-height-default\" data-id=\"2ced3f00\" data-element_type=\"section\">\n\t\t\t\t\t\t<div class=\"elementor-container elementor-column-gap-default\">\n\t\t\t\t\t\t\t<div class=\"elementor-row\">\n\t\t\t\t\t<div class=\"elementor-column elementor-col-100 elementor-top-column elementor-element elementor-element-4557c4c7\" data-id=\"4557c4c7\" data-element_type=\"column\">\n\t\t\t<div class=\"elementor-column-wrap elementor-element-populated\">\n\t\t\t\t\t\t\t<div class=\"elementor-widget-wrap\">\n\t\t\t\t\t\t<div class=\"elementor-element elementor-element-136dc579 elementor-widget elementor-widget-image\" data-id=\"136dc579\" data-element_type=\"widget\" data-widget_type=\"image.default\">\n\t\t\t\t<div class=\"elementor-widget-container\">\n\t\t\t\t\t\t\t\t<div class=\"elementor-image\">\n\t\t\t\t\t\t\t\t\t\t\t\t<img width=\"940\" height=\"420\" src=\"http:\/\/www.lindademeyer.be\/wordpress\/wp-content\/uploads\/2021\/02\/TURKIJE2013_K_21.jpg\" class=\"attachment-full size-full\" alt=\"\" loading=\"lazy\" srcset=\"http:\/\/www.lindademeyer.be\/wordpress\/wp-content\/uploads\/2021\/02\/TURKIJE2013_K_21.jpg 940w, http:\/\/www.lindademeyer.be\/wordpress\/wp-content\/uploads\/2021\/02\/TURKIJE2013_K_21-300x134.jpg 300w, http:\/\/www.lindademeyer.be\/wordpress\/wp-content\/uploads\/2021\/02\/TURKIJE2013_K_21-768x343.jpg 768w, http:\/\/www.lindademeyer.be\/wordpress\/wp-content\/uploads\/2021\/02\/TURKIJE2013_K_21-500x223.jpg 500w, http:\/\/www.lindademeyer.be\/wordpress\/wp-content\/uploads\/2021\/02\/TURKIJE2013_K_21-800x357.jpg 800w\" sizes=\"(max-width: 940px) 100vw, 940px\" \/>\t\t\t\t\t\t\t\t\t\t\t\t\t\t<\/div>\n\t\t\t\t\t\t<\/div>\n\t\t\t\t<\/div>\n\t\t\t\t<div class=\"elementor-element elementor-element-158a168c elementor-widget elementor-widget-spacer\" data-id=\"158a168c\" data-element_type=\"widget\" data-widget_type=\"spacer.default\">\n\t\t\t\t<div class=\"elementor-widget-container\">\n\t\t\t\t\t<div class=\"elementor-spacer\">\n\t\t\t<div class=\"elementor-spacer-inner\"><\/div>\n\t\t<\/div>\n\t\t\t\t<\/div>\n\t\t\t\t<\/div>\n\t\t\t\t<div class=\"elementor-element elementor-element-19819731 elementor-widget elementor-widget-text-editor\" data-id=\"19819731\" data-element_type=\"widget\" data-widget_type=\"text-editor.default\">\n\t\t\t\t<div class=\"elementor-widget-container\">\n\t\t\t\t\t\t\t\t<div class=\"elementor-text-editor elementor-clearfix\">\n\t\t\t\t<h3 style=\"text-align: center;\">TURKIJE<\/h3>\t\t\t\t\t<\/div>\n\t\t\t\t\t\t<\/div>\n\t\t\t\t<\/div>\n\t\t\t\t<div class=\"elementor-element elementor-element-3db865f4 elementor-widget elementor-widget-text-editor\" data-id=\"3db865f4\" data-element_type=\"widget\" data-widget_type=\"text-editor.default\">\n\t\t\t\t<div class=\"elementor-widget-container\">\n\t\t\t\t\t\t\t\t<div class=\"elementor-text-editor elementor-clearfix\">\n\t\t\t\t<h4 style=\"text-align: center;\"><span style=\"font-size: 10pt;\">9 mei 2013<\/span><\/h4><hr \/>\t\t\t\t\t<\/div>\n\t\t\t\t\t\t<\/div>\n\t\t\t\t<\/div>\n\t\t\t\t<div class=\"elementor-element elementor-element-23dd34ec elementor-widget-divider--view-line elementor-widget elementor-widget-divider\" data-id=\"23dd34ec\" data-element_type=\"widget\" data-widget_type=\"divider.default\">\n\t\t\t\t<div class=\"elementor-widget-container\">\n\t\t\t\t\t<div class=\"elementor-divider\">\n\t\t\t<span class=\"elementor-divider-separator\">\n\t\t\t\t\t\t<\/span>\n\t\t<\/div>\n\t\t\t\t<\/div>\n\t\t\t\t<\/div>\n\t\t\t\t\t\t<\/div>\n\t\t\t\t\t<\/div>\n\t\t<\/div>\n\t\t\t\t\t\t\t\t<\/div>\n\t\t\t\t\t<\/div>\n\t\t<\/section>\n\t\t\t\t<section class=\"elementor-section elementor-top-section elementor-element elementor-element-18cbe401 elementor-section-boxed elementor-section-height-default elementor-section-height-default\" data-id=\"18cbe401\" data-element_type=\"section\">\n\t\t\t\t\t\t<div class=\"elementor-container elementor-column-gap-default\">\n\t\t\t\t\t\t\t<div class=\"elementor-row\">\n\t\t\t\t\t<div class=\"elementor-column elementor-col-100 elementor-top-column elementor-element elementor-element-1283cc00\" data-id=\"1283cc00\" data-element_type=\"column\">\n\t\t\t<div class=\"elementor-column-wrap elementor-element-populated\">\n\t\t\t\t\t\t\t<div class=\"elementor-widget-wrap\">\n\t\t\t\t\t\t<div class=\"elementor-element elementor-element-6821acc5 elementor-widget elementor-widget-text-editor\" data-id=\"6821acc5\" data-element_type=\"widget\" data-widget_type=\"text-editor.default\">\n\t\t\t\t<div class=\"elementor-widget-container\">\n\t\t\t\t\t\t\t\t<div class=\"elementor-text-editor elementor-clearfix\">\n\t\t\t\t<p align=\"left\"><strong>Dit jaar willen we een luilekkervakantie, gewoon genieten van de zon. We hebben gekozen voor Turkije van 9 mei t\/m 18 mei 2013. <\/strong><br \/><strong>Maar naar waar? Turkije is een groot land. <\/strong><br \/><strong>Turkije, officieel de Republiek Turkije, is een transcontinentale staat die zowel in Az\u00efe als in Europa ligt maar voor het grootste deel in Azi\u00eb, op het schiereiland Anatoli\u00eb tussen de Middellandse Zee en de Zwarte Zee. Toch wordt de republiek vaak geheel tot Europa gerekend, vanwege geschiedkundige en culturele redenen. <\/strong><br \/><strong>Het Aziatische en het Europese deel worden gescheiden door de Dardanellen, de Zee van Marmara en de Bosporus, die gezamenlijk de Middellandse Zee met de Zwarte Zee verbinden. Het wordt begrensd door Bulgarije, Griekenland, Georgi\u00eb, Armeni\u00eb, Azerbeidzjan, Iran, Irak en Syri\u00eb en heeft een zeer lange kustlijn. <\/strong><br \/><strong>Het is een een land met mooie natuur en cultuur en leent zich dan ook voor mooie rondreizen maar we hebben nu gekozen voor een strandvakantie. Vooral gekend zijn de Klassieke Kust, Bodrum, de EgeIsche kust en de Turkse Riviera. We kiezen voor deze laatste met als badstad: Kemer.<\/strong><\/p>\t\t\t\t\t<\/div>\n\t\t\t\t\t\t<\/div>\n\t\t\t\t<\/div>\n\t\t\t\t<div class=\"elementor-element elementor-element-30d62b36 elementor-widget-divider--view-line elementor-widget elementor-widget-divider\" data-id=\"30d62b36\" data-element_type=\"widget\" data-widget_type=\"divider.default\">\n\t\t\t\t<div class=\"elementor-widget-container\">\n\t\t\t\t\t<div class=\"elementor-divider\">\n\t\t\t<span class=\"elementor-divider-separator\">\n\t\t\t\t\t\t<\/span>\n\t\t<\/div>\n\t\t\t\t<\/div>\n\t\t\t\t<\/div>\n\t\t\t\t<div class=\"elementor-element elementor-element-5e426531 elementor-widget elementor-widget-text-editor\" data-id=\"5e426531\" data-element_type=\"widget\" data-widget_type=\"text-editor.default\">\n\t\t\t\t<div class=\"elementor-widget-container\">\n\t\t\t\t\t\t\t\t<div class=\"elementor-text-editor elementor-clearfix\">\n\t\t\t\t<h3 align=\"left\">9 mei<\/h3><p align=\"left\">Vroeg uit de veren, vandaag vertrekken we naar Turkije. We zijn zeer benieuwd, het is onze eerste kennismaking met Turkije. Met het weer hebben we alvast geen geluk. De weerkaarten voorspellen ginder niet veel goeds. We waren zo blij het koude voorjaarsweer in Belgi\u00eb voor 10 dagen te kunnen achterlaten maar ja wat krijgen we in de plaats. We moeten het in ieder geval nemen gelijk het is.<\/p><p align=\"left\">Onder een dik wolkendek landen we om 10:45. Het is zwaar bewolkt maar het is warm, dat is al iets.<\/p><p align=\"left\">Bij aankomst moet je een visum kopen ter waarde van 15 euro. Voor ons visum loopt het al verkeerd. We gaan naar de douane, krijgen een visum, hij zet er een stempel op en we zijn weg. Oeps en dit is niet juist, we hebben niet betaald en hebben dus geen zegel gekregen. Hij liet ons echter gewoon naar buitengaan dus we waren ons van geen kwaad bewust. Ik was wel aan t denken, tiens we hebben niet moeten betalen. Toch eens navragen aan de hostess.<\/p><p align=\"left\">Na een lange rit, de chauffeur wist niet altijd goed waar hij moest zijn, komen we om 13:45 u aan in het hotel. We worden er ontvangen met een glas champagne. Na het inchecken en de lunch kunnen we ons nog een paar uurtjes installeren aan het zwembad en joepi, de zon is ook van de partij.<\/p>\t\t\t\t\t<\/div>\n\t\t\t\t\t\t<\/div>\n\t\t\t\t<\/div>\n\t\t\t\t<section class=\"elementor-section elementor-inner-section elementor-element elementor-element-3b0879ae elementor-section-boxed elementor-section-height-default elementor-section-height-default\" data-id=\"3b0879ae\" data-element_type=\"section\">\n\t\t\t\t\t\t<div class=\"elementor-container elementor-column-gap-default\">\n\t\t\t\t\t\t\t<div class=\"elementor-row\">\n\t\t\t\t\t<div class=\"elementor-column elementor-col-50 elementor-inner-column elementor-element elementor-element-1d8575d0\" data-id=\"1d8575d0\" data-element_type=\"column\">\n\t\t\t<div class=\"elementor-column-wrap elementor-element-populated\">\n\t\t\t\t\t\t\t<div class=\"elementor-widget-wrap\">\n\t\t\t\t\t\t<div class=\"elementor-element elementor-element-30e7a9eb elementor-widget elementor-widget-image\" data-id=\"30e7a9eb\" data-element_type=\"widget\" data-widget_type=\"image.default\">\n\t\t\t\t<div class=\"elementor-widget-container\">\n\t\t\t\t\t\t\t\t<div class=\"elementor-image\">\n\t\t\t\t\t\t\t\t\t\t\t\t<img width=\"260\" height=\"195\" src=\"http:\/\/www.lindademeyer.be\/wordpress\/wp-content\/uploads\/2021\/02\/kemer2.jpg\" class=\"attachment-full size-full\" alt=\"\" loading=\"lazy\" \/>\t\t\t\t\t\t\t\t\t\t\t\t\t\t<\/div>\n\t\t\t\t\t\t<\/div>\n\t\t\t\t<\/div>\n\t\t\t\t\t\t<\/div>\n\t\t\t\t\t<\/div>\n\t\t<\/div>\n\t\t\t\t<div class=\"elementor-column elementor-col-50 elementor-inner-column elementor-element elementor-element-623be723\" data-id=\"623be723\" data-element_type=\"column\">\n\t\t\t<div class=\"elementor-column-wrap elementor-element-populated\">\n\t\t\t\t\t\t\t<div class=\"elementor-widget-wrap\">\n\t\t\t\t\t\t<div class=\"elementor-element elementor-element-44823da1 elementor-widget elementor-widget-image\" data-id=\"44823da1\" data-element_type=\"widget\" data-widget_type=\"image.default\">\n\t\t\t\t<div class=\"elementor-widget-container\">\n\t\t\t\t\t\t\t\t<div class=\"elementor-image\">\n\t\t\t\t\t\t\t\t\t\t\t\t<img width=\"260\" height=\"195\" src=\"http:\/\/www.lindademeyer.be\/wordpress\/wp-content\/uploads\/2021\/02\/kemer1.jpg\" class=\"attachment-large size-large\" alt=\"\" loading=\"lazy\" \/>\t\t\t\t\t\t\t\t\t\t\t\t\t\t<\/div>\n\t\t\t\t\t\t<\/div>\n\t\t\t\t<\/div>\n\t\t\t\t\t\t<\/div>\n\t\t\t\t\t<\/div>\n\t\t<\/div>\n\t\t\t\t\t\t\t\t<\/div>\n\t\t\t\t\t<\/div>\n\t\t<\/section>\n\t\t\t\t<div class=\"elementor-element elementor-element-4633145a elementor-widget elementor-widget-text-editor\" data-id=\"4633145a\" data-element_type=\"widget\" data-widget_type=\"text-editor.default\">\n\t\t\t\t<div class=\"elementor-widget-container\">\n\t\t\t\t\t\t\t\t<div class=\"elementor-text-editor elementor-clearfix\">\n\t\t\t\t<p>We wandelen nog eventjes tot in het centrum van Kemer. Dat ziet er gezellig uit. Lang vertoeven we er niet, we hebben geen plannetje bij, we hebben geen zin om verloren te lopen en we zijn ook benieuwd naar het eten vanavond.<br \/>Het restaurant, de verschillende bars en de avondanimatie vallen allemaal reuze mee. Ons verlof is goed gestart. Het enige minpuntje zijn de talrijk aanwezige Russen en aanverwanten.<\/p>\t\t\t\t\t<\/div>\n\t\t\t\t\t\t<\/div>\n\t\t\t\t<\/div>\n\t\t\t\t<div class=\"elementor-element elementor-element-6ae971c0 elementor-widget elementor-widget-text-editor\" data-id=\"6ae971c0\" data-element_type=\"widget\" data-widget_type=\"text-editor.default\">\n\t\t\t\t<div class=\"elementor-widget-container\">\n\t\t\t\t\t\t\t\t<div class=\"elementor-text-editor elementor-clearfix\">\n\t\t\t\t<h3>Vrijdag 10 mei<\/h3><p>Vandaag is het een luilekkerdag. Bij het ontbijt is het nog bewolkt maar algauw komt de zon te voorschijn en kunnen we gans de dag van de zon genieten. Boven het gebergte was het wel zwaar bewolkt. We hebben ook een afspraak met Ilona, de hostess. Ze geeft ons wat praktische uitleg, een plannetje en we kunnen er enkele uitstappen boeken. Ik heb er ook een afspraak geboekt voor een peeling en een turkse zeepmassage in ons hotel. Ben zeer benieuwd.<\/p>\t\t\t\t\t<\/div>\n\t\t\t\t\t\t<\/div>\n\t\t\t\t<\/div>\n\t\t\t\t<section class=\"elementor-section elementor-inner-section elementor-element elementor-element-b24adea elementor-section-boxed elementor-section-height-default elementor-section-height-default\" data-id=\"b24adea\" data-element_type=\"section\">\n\t\t\t\t\t\t<div class=\"elementor-container elementor-column-gap-default\">\n\t\t\t\t\t\t\t<div class=\"elementor-row\">\n\t\t\t\t\t<div class=\"elementor-column elementor-col-50 elementor-inner-column elementor-element elementor-element-3924f57\" data-id=\"3924f57\" data-element_type=\"column\">\n\t\t\t<div class=\"elementor-column-wrap elementor-element-populated\">\n\t\t\t\t\t\t\t<div class=\"elementor-widget-wrap\">\n\t\t\t\t\t\t<div class=\"elementor-element elementor-element-3a7ce73 elementor-widget elementor-widget-image\" data-id=\"3a7ce73\" data-element_type=\"widget\" data-widget_type=\"image.default\">\n\t\t\t\t<div class=\"elementor-widget-container\">\n\t\t\t\t\t\t\t\t<div class=\"elementor-image\">\n\t\t\t\t\t\t\t\t\t\t\t\t<img width=\"260\" height=\"173\" src=\"http:\/\/www.lindademeyer.be\/wordpress\/wp-content\/uploads\/2021\/02\/kemer3.jpg\" class=\"attachment-large size-large\" alt=\"\" loading=\"lazy\" \/>\t\t\t\t\t\t\t\t\t\t\t\t\t\t<\/div>\n\t\t\t\t\t\t<\/div>\n\t\t\t\t<\/div>\n\t\t\t\t\t\t<\/div>\n\t\t\t\t\t<\/div>\n\t\t<\/div>\n\t\t\t\t<div class=\"elementor-column elementor-col-50 elementor-inner-column elementor-element elementor-element-b920ee1\" data-id=\"b920ee1\" data-element_type=\"column\">\n\t\t\t<div class=\"elementor-column-wrap elementor-element-populated\">\n\t\t\t\t\t\t\t<div class=\"elementor-widget-wrap\">\n\t\t\t\t\t\t<div class=\"elementor-element elementor-element-72c9d9d elementor-widget elementor-widget-text-editor\" data-id=\"72c9d9d\" data-element_type=\"widget\" data-widget_type=\"text-editor.default\">\n\t\t\t\t<div class=\"elementor-widget-container\">\n\t\t\t\t\t\t\t\t<div class=\"elementor-text-editor elementor-clearfix\">\n\t\t\t\t<p>In de late namiddag gaan we op verder verkenning, met een plannetje, naar het centrum van Kemer. We kunnen ofwel langs een weg met winkeltjes of langs de zee. We kiezen voor het laatste. Veel is er echter niet te zien; hotels en discotheken. We kunnen zo wel tot aan de jachthaven wandelen. Hier mogen we echter niet in.<\/p><p align=\"left\">We wandelen langs de straatkant terug. Het is zo toch wel gezelliger met de winkeltjes.<\/p>\t\t\t\t\t<\/div>\n\t\t\t\t\t\t<\/div>\n\t\t\t\t<\/div>\n\t\t\t\t\t\t<\/div>\n\t\t\t\t\t<\/div>\n\t\t<\/div>\n\t\t\t\t\t\t\t\t<\/div>\n\t\t\t\t\t<\/div>\n\t\t<\/section>\n\t\t\t\t<div class=\"elementor-element elementor-element-2dffee0 elementor-widget elementor-widget-text-editor\" data-id=\"2dffee0\" data-element_type=\"widget\" data-widget_type=\"text-editor.default\">\n\t\t\t\t<div class=\"elementor-widget-container\">\n\t\t\t\t\t\t\t\t<div class=\"elementor-text-editor elementor-clearfix\">\n\t\t\t\t\t\t\t\t\t<\/div>\n\t\t\t\t\t\t<\/div>\n\t\t\t\t<\/div>\n\t\t\t\t<div class=\"elementor-element elementor-element-68b434ce elementor-widget elementor-widget-text-editor\" data-id=\"68b434ce\" data-element_type=\"widget\" data-widget_type=\"text-editor.default\">\n\t\t\t\t<div class=\"elementor-widget-container\">\n\t\t\t\t\t\t\t\t<div class=\"elementor-text-editor elementor-clearfix\">\n\t\t\t\t<h3>Zaterdag 11 mei<\/h3><p>Deze nacht hebben we onweer en regen gehad. De morgen start zwaarbewolkt maar tussen 10 uur en 12 uur was het zonnig en warm. Ik had om 11 uur mijn afspraak voor de peeling en turkse massage. Het was zalig!! Ik ben buiten gekomen rond 12 uur en het begon juist te regenen. Het wordt een namiddagje regenen. Snertweer!<\/p><p>Om 17uur is het gestopt met regenen en kunnen we een terrasje doen. Maar echt warm is het toch niet. Als we op onze kamer komen, vinden we 2 regenjasjes. Onze kamer ligt in een bijgebouw en we moeten dus naar buiten voor het restaurant. Deze avond inderdaad terug regen. Ook de avondshow moet binnen doorgaan. \u00a0<br \/>Hopelijk is het morgen beter want we gaan op uitstap.<\/p>\t\t\t\t\t<\/div>\n\t\t\t\t\t\t<\/div>\n\t\t\t\t<\/div>\n\t\t\t\t<div class=\"elementor-element elementor-element-506b809e elementor-widget elementor-widget-text-editor\" data-id=\"506b809e\" data-element_type=\"widget\" data-widget_type=\"text-editor.default\">\n\t\t\t\t<div class=\"elementor-widget-container\">\n\t\t\t\t\t\t\t\t<div class=\"elementor-text-editor elementor-clearfix\">\n\t\t\t\t<h3>Zondag 12 mei<\/h3><p>Nadeel aan een uitstap is dat je natuurlijk vroeg moet opstaan. Om 7 uur loopt de wekker af. We gaan vandaag naar Antalya en vertrekken om 8 uur. Het regent gelukkig niet en de zon schijnt. De rest van de dag blijft dit zo. <br \/>Eerst brengen we een bezoek aan een grote lederwinkel. We worden er in het nederlands ontvangen. Eerst een kleine modeshow en daarna worden we losgelaten op de winkel. Veel bewegingsvrijheid heb je echter niet want de verkopers worden losgelaten op ons.<br \/>En ze laten niet los \ud83d\ude42<\/p><p>Ik heb een mooie rode vest gepast. Zeer mooi maar duur. Offici\u00eble prijs 1320euro. Direct gaat er al 50% af. Uiteindelijk blijft hij op 400 euro steken wat mij teveel is voor een &#8216;folietje&#8217;. Was wel zeer mooi en ook mooie kwaliteit. <br \/>We zagen dan ook een mooie vest voor koen: een vest van Marlboro classics. Offici\u00eble prijs 1560 euro. Blijft steken op 450euro. Niet voor onze portomonnee.<\/p><p>Daarna bezoekje aan een juwelenwinkel. We weten nu al ongeveer wat ons te wachten staat. We vliegen dan ook door de winkel om zo gauw mogelijk buiten te zijn. Achter de winkel is er immers de mogelijkheid om in het zonnetje te zitten en iets te drinken. Veel leuker \ud83d\ude42<\/p>\t\t\t\t\t<\/div>\n\t\t\t\t\t\t<\/div>\n\t\t\t\t<\/div>\n\t\t\t\t<div class=\"elementor-element elementor-element-f58d91a elementor-widget elementor-widget-image\" data-id=\"f58d91a\" data-element_type=\"widget\" data-widget_type=\"image.default\">\n\t\t\t\t<div class=\"elementor-widget-container\">\n\t\t\t\t\t\t\t\t<div class=\"elementor-image\">\n\t\t\t\t\t\t\t\t\t\t\t\t<img width=\"1020\" height=\"936\" src=\"http:\/\/www.lindademeyer.be\/wordpress\/wp-content\/uploads\/2021\/02\/Trukije-1.jpg\" class=\"attachment-large size-large\" alt=\"\" loading=\"lazy\" srcset=\"http:\/\/www.lindademeyer.be\/wordpress\/wp-content\/uploads\/2021\/02\/Trukije-1.jpg 1020w, http:\/\/www.lindademeyer.be\/wordpress\/wp-content\/uploads\/2021\/02\/Trukije-1-300x275.jpg 300w, http:\/\/www.lindademeyer.be\/wordpress\/wp-content\/uploads\/2021\/02\/Trukije-1-768x705.jpg 768w, http:\/\/www.lindademeyer.be\/wordpress\/wp-content\/uploads\/2021\/02\/Trukije-1-500x459.jpg 500w, http:\/\/www.lindademeyer.be\/wordpress\/wp-content\/uploads\/2021\/02\/Trukije-1-800x734.jpg 800w\" sizes=\"(max-width: 1020px) 100vw, 1020px\" \/>\t\t\t\t\t\t\t\t\t\t\t\t\t\t<\/div>\n\t\t\t\t\t\t<\/div>\n\t\t\t\t<\/div>\n\t\t\t\t<div class=\"elementor-element elementor-element-1dc8183d elementor-widget elementor-widget-text-editor\" data-id=\"1dc8183d\" data-element_type=\"widget\" data-widget_type=\"text-editor.default\">\n\t\t\t\t<div class=\"elementor-widget-container\">\n\t\t\t\t\t\t\t\t<div class=\"elementor-text-editor elementor-clearfix\">\n\t\t\t\t<p>Daarna wordt de rit verder gezet naar de waterval. We hadden deze ook gezien vanuit het vliegtuig.<\/p><p>Het is al 14:30 u als we uiteindelijk in het oude centrum van Anatalya komen. Eerst bezoeken we samen met de gids de moskee. De vrouwen moeten een hoofddoek opzetten en de benen bedekken. Daarna hebben we een beetje vrije tijd om het oude centrum te verkennen. Maar dit is veel te kort. Jammer.<\/p><p>Om 18:15 u terug in het hotel. De zon schijnt hier ook maar het lijkt toch minder warm.<\/p><p>&#8216;S avonds terug regen en onweer. Het is behoorlijk afgekoeld. Onze 2 eerste avonden was het nog warm waarschijnlijk door de hitte van de voorgaande dagen. Nu warmt het overdag niet erg meer op: 23 a 24graden en zijn het frisse avonden.<\/p>\t\t\t\t\t<\/div>\n\t\t\t\t\t\t<\/div>\n\t\t\t\t<\/div>\n\t\t\t\t<div class=\"elementor-element elementor-element-5a1ad18b elementor-widget elementor-widget-text-editor\" data-id=\"5a1ad18b\" data-element_type=\"widget\" data-widget_type=\"text-editor.default\">\n\t\t\t\t<div class=\"elementor-widget-container\">\n\t\t\t\t\t\t\t\t<div class=\"elementor-text-editor elementor-clearfix\">\n\t\t\t\t<h3>Maandag 13 mei<\/h3><p>Vandaag is het weer op te staan om 7 uur. We rijden naar Kekova: &#8216;een verzonken droom&#8217;. <br \/>Het weer ziet er deze morgen veelbelovend uit. <br \/>Het duurt eventjes eer we iedereen opgepikt hebben. De klok staat reeds op halftien eer we uiteindelijk richting kekova rijden.<\/p>\t\t\t\t\t<\/div>\n\t\t\t\t\t\t<\/div>\n\t\t\t\t<\/div>\n\t\t\t\t<section class=\"elementor-section elementor-inner-section elementor-element elementor-element-0a3f6ba elementor-section-boxed elementor-section-height-default elementor-section-height-default\" data-id=\"0a3f6ba\" data-element_type=\"section\">\n\t\t\t\t\t\t<div class=\"elementor-container elementor-column-gap-default\">\n\t\t\t\t\t\t\t<div class=\"elementor-row\">\n\t\t\t\t\t<div class=\"elementor-column elementor-col-50 elementor-inner-column elementor-element elementor-element-b56c6bb\" data-id=\"b56c6bb\" data-element_type=\"column\">\n\t\t\t<div class=\"elementor-column-wrap elementor-element-populated\">\n\t\t\t\t\t\t\t<div class=\"elementor-widget-wrap\">\n\t\t\t\t\t\t<div class=\"elementor-element elementor-element-0065827 elementor-widget elementor-widget-image\" data-id=\"0065827\" data-element_type=\"widget\" data-widget_type=\"image.default\">\n\t\t\t\t<div class=\"elementor-widget-container\">\n\t\t\t\t\t\t\t\t<div class=\"elementor-image\">\n\t\t\t\t\t\t\t\t\t\t\t\t<img width=\"260\" height=\"173\" src=\"http:\/\/www.lindademeyer.be\/wordpress\/wp-content\/uploads\/2021\/02\/kemer5.jpg\" class=\"attachment-large size-large\" alt=\"\" loading=\"lazy\" \/>\t\t\t\t\t\t\t\t\t\t\t\t\t\t<\/div>\n\t\t\t\t\t\t<\/div>\n\t\t\t\t<\/div>\n\t\t\t\t\t\t<\/div>\n\t\t\t\t\t<\/div>\n\t\t<\/div>\n\t\t\t\t<div class=\"elementor-column elementor-col-50 elementor-inner-column elementor-element elementor-element-d041a8b\" data-id=\"d041a8b\" data-element_type=\"column\">\n\t\t\t<div class=\"elementor-column-wrap elementor-element-populated\">\n\t\t\t\t\t\t\t<div class=\"elementor-widget-wrap\">\n\t\t\t\t\t\t<div class=\"elementor-element elementor-element-2f2ae49 elementor-widget elementor-widget-text-editor\" data-id=\"2f2ae49\" data-element_type=\"widget\" data-widget_type=\"text-editor.default\">\n\t\t\t\t<div class=\"elementor-widget-container\">\n\t\t\t\t\t\t\t\t<div class=\"elementor-text-editor elementor-clearfix\">\n\t\t\t\t<p>We stoppen onderweg in kumkova waar we een mooi uitzicht hebben op de kust en de vele serres met tomaten. Ook veel sinaasappelbomen zie je in deze streek. <br \/>Het eiland Kekova ligt in de baai van Kekova niet ver van de stad Demre, het vroegere lycische Myra. Eens was dit eiland bewoond door Lycische kolonisten die hier hun fraaie stenen huizen bouwden.<br \/>In de 2e eeuw vond er een aardbeving plaats die de woningen vernietigde, maar ook een deel van het eiland onder zeewater spiegel deed verdwijnen.<\/p>\t\t\t\t\t<\/div>\n\t\t\t\t\t\t<\/div>\n\t\t\t\t<\/div>\n\t\t\t\t\t\t<\/div>\n\t\t\t\t\t<\/div>\n\t\t<\/div>\n\t\t\t\t\t\t\t\t<\/div>\n\t\t\t\t\t<\/div>\n\t\t<\/section>\n\t\t\t\t<div class=\"elementor-element elementor-element-73d1b24 elementor-widget elementor-widget-text-editor\" data-id=\"73d1b24\" data-element_type=\"widget\" data-widget_type=\"text-editor.default\">\n\t\t\t\t<div class=\"elementor-widget-container\">\n\t\t\t\t\t\t\t\t<div class=\"elementor-text-editor elementor-clearfix\">\n\t\t\t\t<p>We komen om 11:45 aan in Andriake en kunnen dan op de boot. Het is eigenlijk een hele mooie boottocht. Onze boot heeft een glasbodem waardoor we de ru\u00efnes kunnen zien. Meer dan een kruik hebben we echter niet gezien. Aan de andere kant van de baai ligt het pittoreske Kalek\u00f6y. Het is een drukbezochte streek, we varen hier niet alleen.<\/p>\t\t\t\t\t<\/div>\n\t\t\t\t\t\t<\/div>\n\t\t\t\t<\/div>\n\t\t\t\t<div class=\"elementor-element elementor-element-91023b4 gallery-spacing-custom elementor-widget elementor-widget-image-gallery\" data-id=\"91023b4\" data-element_type=\"widget\" data-widget_type=\"image-gallery.default\">\n\t\t\t\t<div class=\"elementor-widget-container\">\n\t\t\t\t\t<div class=\"elementor-image-gallery\">\n\t\t\t<div id='gallery-1' class='gallery galleryid-521 gallery-columns-3 gallery-size-medium'><figure class='gallery-item'>\n\t\t\t<div class='gallery-icon landscape'>\n\t\t\t\t<a data-elementor-open-lightbox=\"yes\" data-elementor-lightbox-slideshow=\"91023b4\" data-elementor-lightbox-title=\"Turkije\" data-elementor-lightbox-description=\"Turkije\" e-action-hash=\"#elementor-action%3Aaction%3Dlightbox%26settings%3DeyJpZCI6NDA5NCwidXJsIjoiaHR0cDpcL1wvd3d3LmxpbmRhZGVtZXllci5iZVwvd29yZHByZXNzXC93cC1jb250ZW50XC91cGxvYWRzXC8yMDIxXC8wMlwva2VtZXI2LmpwZyIsInNsaWRlc2hvdyI6IjkxMDIzYjQifQ%3D%3D\" href='http:\/\/www.lindademeyer.be\/wordpress\/wp-content\/uploads\/2021\/02\/kemer6.jpg' title=\"\" data-rl_title=\"\" class=\"rl-gallery-link\" data-rl_caption=\"Turkije\" data-rel=\"lightbox-gallery-1\"><img width=\"260\" height=\"173\" src=\"http:\/\/www.lindademeyer.be\/wordpress\/wp-content\/uploads\/2021\/02\/kemer6.jpg\" class=\"attachment-medium size-medium\" alt=\"\" loading=\"lazy\" \/><\/a>\n\t\t\t<\/div><\/figure><figure class='gallery-item'>\n\t\t\t<div class='gallery-icon landscape'>\n\t\t\t\t<a data-elementor-open-lightbox=\"yes\" data-elementor-lightbox-slideshow=\"91023b4\" data-elementor-lightbox-title=\"Turkije\" data-elementor-lightbox-description=\"Turkije\" e-action-hash=\"#elementor-action%3Aaction%3Dlightbox%26settings%3DeyJpZCI6NDA5NSwidXJsIjoiaHR0cDpcL1wvd3d3LmxpbmRhZGVtZXllci5iZVwvd29yZHByZXNzXC93cC1jb250ZW50XC91cGxvYWRzXC8yMDIxXC8wMlwva2VtZXI3LmpwZyIsInNsaWRlc2hvdyI6IjkxMDIzYjQifQ%3D%3D\" href='http:\/\/www.lindademeyer.be\/wordpress\/wp-content\/uploads\/2021\/02\/kemer7.jpg' title=\"\" data-rl_title=\"\" class=\"rl-gallery-link\" data-rl_caption=\"Turkije\" data-rel=\"lightbox-gallery-1\"><img width=\"260\" height=\"173\" src=\"http:\/\/www.lindademeyer.be\/wordpress\/wp-content\/uploads\/2021\/02\/kemer7.jpg\" class=\"attachment-medium size-medium\" alt=\"\" loading=\"lazy\" \/><\/a>\n\t\t\t<\/div><\/figure><figure class='gallery-item'>\n\t\t\t<div class='gallery-icon landscape'>\n\t\t\t\t<a data-elementor-open-lightbox=\"yes\" data-elementor-lightbox-slideshow=\"91023b4\" data-elementor-lightbox-title=\"Turkije\" data-elementor-lightbox-description=\"Turkije\" e-action-hash=\"#elementor-action%3Aaction%3Dlightbox%26settings%3DeyJpZCI6NDA5NiwidXJsIjoiaHR0cDpcL1wvd3d3LmxpbmRhZGVtZXllci5iZVwvd29yZHByZXNzXC93cC1jb250ZW50XC91cGxvYWRzXC8yMDIxXC8wMlwva2VtZXI4LmpwZyIsInNsaWRlc2hvdyI6IjkxMDIzYjQifQ%3D%3D\" href='http:\/\/www.lindademeyer.be\/wordpress\/wp-content\/uploads\/2021\/02\/kemer8.jpg' title=\"\" data-rl_title=\"\" class=\"rl-gallery-link\" data-rl_caption=\"Turkije\" data-rel=\"lightbox-gallery-1\"><img width=\"260\" height=\"173\" src=\"http:\/\/www.lindademeyer.be\/wordpress\/wp-content\/uploads\/2021\/02\/kemer8.jpg\" class=\"attachment-medium size-medium\" alt=\"\" loading=\"lazy\" \/><\/a>\n\t\t\t<\/div><\/figure>\n\t\t<\/div>\n\t\t<\/div>\n\t\t\t\t<\/div>\n\t\t\t\t<\/div>\n\t\t\t\t<div class=\"elementor-element elementor-element-1267d14 elementor-widget elementor-widget-text-editor\" data-id=\"1267d14\" data-element_type=\"widget\" data-widget_type=\"text-editor.default\">\n\t\t\t\t<div class=\"elementor-widget-container\">\n\t\t\t\t\t\t\t\t<div class=\"elementor-text-editor elementor-clearfix\">\n\t\t\t\t<p>Donkere wolken verschijnen aan de hemel en in de verte horen we het al donderen. Op de terugweg naar de haven krijgen we een onweersbui over ons. <br \/>We meren aan, de bus op en naar het restaurant. Na het eten schijnt terug de zon en hebben we een mooie namiddag. <br \/>We rijden naar Demre. Het huidige stadje Demre was in de oudheid een grote stad en heette toen Myra. Van de antieke stad blijft alleen het Romeinse theater bewaard. Beroemd zijn ook de prachtige lycische rotsgraven op de hellingen naast het theater. <br \/>We bezoeken daarna de Nicolaaskerk. In de 4de eeuw leefde hier bisschop St.-Nicolaas. Inderdaad onze sinterklaas. Voor het gebouw staat sinds een aantal jaren een standbeeld van de heilige Nicolaas. In het interieur zie je nog oude schilderingen van heiligen en veelkleurige moza\u00efeken op de vloer. Hier bevindt zich ook zijn laatste rustplaats. Alhoewel niet iedereen het erover eens is welke sarcofaag het graf van de heilige is.<\/p>\t\t\t\t\t<\/div>\n\t\t\t\t\t\t<\/div>\n\t\t\t\t<\/div>\n\t\t\t\t<div class=\"elementor-element elementor-element-bb07ebd elementor-widget elementor-widget-image\" data-id=\"bb07ebd\" data-element_type=\"widget\" data-widget_type=\"image.default\">\n\t\t\t\t<div class=\"elementor-widget-container\">\n\t\t\t\t\t\t\t\t<div class=\"elementor-image\">\n\t\t\t\t\t\t\t\t\t\t\t\t<img width=\"1020\" height=\"828\" src=\"http:\/\/www.lindademeyer.be\/wordpress\/wp-content\/uploads\/2021\/02\/Turkije-2.jpg\" class=\"attachment-large size-large\" alt=\"\" loading=\"lazy\" srcset=\"http:\/\/www.lindademeyer.be\/wordpress\/wp-content\/uploads\/2021\/02\/Turkije-2.jpg 1020w, http:\/\/www.lindademeyer.be\/wordpress\/wp-content\/uploads\/2021\/02\/Turkije-2-300x244.jpg 300w, http:\/\/www.lindademeyer.be\/wordpress\/wp-content\/uploads\/2021\/02\/Turkije-2-768x623.jpg 768w, http:\/\/www.lindademeyer.be\/wordpress\/wp-content\/uploads\/2021\/02\/Turkije-2-500x406.jpg 500w, http:\/\/www.lindademeyer.be\/wordpress\/wp-content\/uploads\/2021\/02\/Turkije-2-800x649.jpg 800w\" sizes=\"(max-width: 1020px) 100vw, 1020px\" \/>\t\t\t\t\t\t\t\t\t\t\t\t\t\t<\/div>\n\t\t\t\t\t\t<\/div>\n\t\t\t\t<\/div>\n\t\t\t\t<div class=\"elementor-element elementor-element-ff8e70c elementor-widget elementor-widget-text-editor\" data-id=\"ff8e70c\" data-element_type=\"widget\" data-widget_type=\"text-editor.default\">\n\t\t\t\t<div class=\"elementor-widget-container\">\n\t\t\t\t\t\t\t\t<div class=\"elementor-text-editor elementor-clearfix\">\n\t\t\t\t<p>Na een mooie rit zijn we iets voor 19u terug in kemer. Het weer lijkt hier een pak minder dan wij gehad hebben. \u00a0Het is frisjes en er liggen grote plassen. <br \/>Als we &#8216; s avonds om 23u buiten komen is het opnieuw aan het regenen. <br \/>Er zijn momenteel meer dan 55% Russen in het hotel. 16% Belgen, 14% Duitsers en 12% Nederlanders.<\/p>\t\t\t\t\t<\/div>\n\t\t\t\t\t\t<\/div>\n\t\t\t\t<\/div>\n\t\t\t\t<div class=\"elementor-element elementor-element-6a5b75af elementor-widget elementor-widget-text-editor\" data-id=\"6a5b75af\" data-element_type=\"widget\" data-widget_type=\"text-editor.default\">\n\t\t\t\t<div class=\"elementor-widget-container\">\n\t\t\t\t\t\t\t\t<div class=\"elementor-text-editor elementor-clearfix\">\n\t\t\t\t<h3>Dinsdag 14 mei<\/h3><p>We hadden deze namiddag een uitstap geboekt naar oa Olympos en Phaselis maar deze gaat spijtig genoeg niet door wegens te weinig belangstelling. Jammer. <br \/>We blijven dan maar in het hotel. Het lijkt een mooie dag te worden. <br \/>Vandaag is het tevens textielmarkt in Kemer.<\/p>\t\t\t\t\t<\/div>\n\t\t\t\t\t\t<\/div>\n\t\t\t\t<\/div>\n\t\t\t\t<div class=\"elementor-element elementor-element-290676ff elementor-widget elementor-widget-text-editor\" data-id=\"290676ff\" data-element_type=\"widget\" data-widget_type=\"text-editor.default\">\n\t\t\t\t<div class=\"elementor-widget-container\">\n\t\t\t\t\t\t\t\t<div class=\"elementor-text-editor elementor-clearfix\">\n\t\t\t\t<p>Het is een warm en zonnig en het is zalig aan het zwembad. Tegen de middag komen er enkele wolken opzetten en heeft het eventjes gedruppeld. Na het eten schijnt alweer de zon en genieten we nog enkeltjes uurtjes aan het zwembad voor we naar de markt gaan. We gaan eerst naar onze kamer en tot onze verrassing is onze kamer versierd ter gelegenheid van onze huwelijksverjaardag. Ballonnen, een bloemetje, een fles rode wijn en een taartje in de vorm van een hart. Leuk :). Bij het inchecken hadden we dit moeten doorgeven maar dit hadden we niet verwacht.<\/p><p>Op de markt laat ik mij verleiden tot het kopen van een paar ceinturen die achteraf niets blijken waard te zijn en waarschijnlijk hebben we ze veel te duur betaald. Het afdingen is nog niet echt aan ons besteed. In de winkelstraat zijn er verschillende juweliers. Hier koop ik een zilveren ring.<\/p>\t\t\t\t\t<\/div>\n\t\t\t\t\t\t<\/div>\n\t\t\t\t<\/div>\n\t\t\t\t<div class=\"elementor-element elementor-element-13689ac1 elementor-widget elementor-widget-text-editor\" data-id=\"13689ac1\" data-element_type=\"widget\" data-widget_type=\"text-editor.default\">\n\t\t\t\t<div class=\"elementor-widget-container\">\n\t\t\t\t\t\t\t\t<div class=\"elementor-text-editor elementor-clearfix\">\n\t\t\t\t<h3>Woensdag 15 mei<\/h3><p>Verborgen Turkije; dit is onze uitstap voor vandaag. Deze uitstap noemen ze &#8216;Discovery Highlight&#8217;. Ben benieuwd. <br \/>We vertrekken om 8 uur en ook Ilona, de hostess van Jetair gaat mee. Weerom zijn we met niet veel. De meesten komen naar hier enkel om te zonnen.<\/p>\t\t\t\t\t<\/div>\n\t\t\t\t\t\t<\/div>\n\t\t\t\t<\/div>\n\t\t\t\t<section class=\"elementor-section elementor-inner-section elementor-element elementor-element-15439f2 elementor-section-boxed elementor-section-height-default elementor-section-height-default\" data-id=\"15439f2\" data-element_type=\"section\">\n\t\t\t\t\t\t<div class=\"elementor-container elementor-column-gap-default\">\n\t\t\t\t\t\t\t<div class=\"elementor-row\">\n\t\t\t\t\t<div class=\"elementor-column elementor-col-50 elementor-inner-column elementor-element elementor-element-3b560ec\" data-id=\"3b560ec\" data-element_type=\"column\">\n\t\t\t<div class=\"elementor-column-wrap elementor-element-populated\">\n\t\t\t\t\t\t\t<div class=\"elementor-widget-wrap\">\n\t\t\t\t\t\t<div class=\"elementor-element elementor-element-ce93836 elementor-widget elementor-widget-image\" data-id=\"ce93836\" data-element_type=\"widget\" data-widget_type=\"image.default\">\n\t\t\t\t<div class=\"elementor-widget-container\">\n\t\t\t\t\t\t\t\t<div class=\"elementor-image\">\n\t\t\t\t\t\t\t\t\t\t\t\t<img width=\"260\" height=\"173\" src=\"http:\/\/www.lindademeyer.be\/wordpress\/wp-content\/uploads\/2021\/02\/kemer10.jpg\" class=\"attachment-large size-large\" alt=\"\" loading=\"lazy\" \/>\t\t\t\t\t\t\t\t\t\t\t\t\t\t<\/div>\n\t\t\t\t\t\t<\/div>\n\t\t\t\t<\/div>\n\t\t\t\t\t\t<\/div>\n\t\t\t\t\t<\/div>\n\t\t<\/div>\n\t\t\t\t<div class=\"elementor-column elementor-col-50 elementor-inner-column elementor-element elementor-element-909dfa6\" data-id=\"909dfa6\" data-element_type=\"column\">\n\t\t\t<div class=\"elementor-column-wrap elementor-element-populated\">\n\t\t\t\t\t\t\t<div class=\"elementor-widget-wrap\">\n\t\t\t\t\t\t<div class=\"elementor-element elementor-element-1c1b60b elementor-widget elementor-widget-text-editor\" data-id=\"1c1b60b\" data-element_type=\"widget\" data-widget_type=\"text-editor.default\">\n\t\t\t\t<div class=\"elementor-widget-container\">\n\t\t\t\t\t\t\t\t<div class=\"elementor-text-editor elementor-clearfix\">\n\t\t\t\t<p>We rijden naar het Karaca\u00f6renmeer. Eer we met een boot op het meer varen, krijgen we een g\u00f6zleme, een turkse pannenkoek te eten. Daarna varen we met 2 bootjes op het meer. Eerst moeten we zelf roeien maar algauw worden we door een motorbootje voortgetrokken. Normaal gezien heb je de mogelijkheid om in het meer te zwemmen maar daar was het nu te koud voor. <br \/>Na het boottochtje krijgen we eten. We zitten gelukkig overdekt want het begint terug te regenen.<\/p>\t\t\t\t\t<\/div>\n\t\t\t\t\t\t<\/div>\n\t\t\t\t<\/div>\n\t\t\t\t\t\t<\/div>\n\t\t\t\t\t<\/div>\n\t\t<\/div>\n\t\t\t\t\t\t\t\t<\/div>\n\t\t\t\t\t<\/div>\n\t\t<\/section>\n\t\t\t\t<section class=\"elementor-section elementor-inner-section elementor-element elementor-element-4a35ad3 elementor-section-boxed elementor-section-height-default elementor-section-height-default\" data-id=\"4a35ad3\" data-element_type=\"section\">\n\t\t\t\t\t\t<div class=\"elementor-container elementor-column-gap-default\">\n\t\t\t\t\t\t\t<div class=\"elementor-row\">\n\t\t\t\t\t<div class=\"elementor-column elementor-col-50 elementor-inner-column elementor-element elementor-element-8ac706e\" data-id=\"8ac706e\" data-element_type=\"column\">\n\t\t\t<div class=\"elementor-column-wrap elementor-element-populated\">\n\t\t\t\t\t\t\t<div class=\"elementor-widget-wrap\">\n\t\t\t\t\t\t<div class=\"elementor-element elementor-element-1c8641e elementor-widget elementor-widget-text-editor\" data-id=\"1c8641e\" data-element_type=\"widget\" data-widget_type=\"text-editor.default\">\n\t\t\t\t<div class=\"elementor-widget-container\">\n\t\t\t\t\t\t\t\t<div class=\"elementor-text-editor elementor-clearfix\">\n\t\t\t\t<p>Daarna rijden we de bergen in om een klein dorpje te bezoeken. Veel toeristen zien ze daar niet.<\/p><p>Op het moment dat we daar aankomen begint te weer te regenen. Gelukkig van korte duur. <br \/>Vandaag was het wel een wisselvallige dag.<\/p>\t\t\t\t\t<\/div>\n\t\t\t\t\t\t<\/div>\n\t\t\t\t<\/div>\n\t\t\t\t\t\t<\/div>\n\t\t\t\t\t<\/div>\n\t\t<\/div>\n\t\t\t\t<div class=\"elementor-column elementor-col-50 elementor-inner-column elementor-element elementor-element-d86dc10\" data-id=\"d86dc10\" data-element_type=\"column\">\n\t\t\t<div class=\"elementor-column-wrap elementor-element-populated\">\n\t\t\t\t\t\t\t<div class=\"elementor-widget-wrap\">\n\t\t\t\t\t\t<div class=\"elementor-element elementor-element-a181715 elementor-widget elementor-widget-image\" data-id=\"a181715\" data-element_type=\"widget\" data-widget_type=\"image.default\">\n\t\t\t\t<div class=\"elementor-widget-container\">\n\t\t\t\t\t\t\t\t<div class=\"elementor-image\">\n\t\t\t\t\t\t\t\t\t\t\t\t<img width=\"260\" height=\"173\" src=\"http:\/\/www.lindademeyer.be\/wordpress\/wp-content\/uploads\/2021\/02\/kemer11.jpg\" class=\"attachment-large size-large\" alt=\"\" loading=\"lazy\" \/>\t\t\t\t\t\t\t\t\t\t\t\t\t\t<\/div>\n\t\t\t\t\t\t<\/div>\n\t\t\t\t<\/div>\n\t\t\t\t\t\t<\/div>\n\t\t\t\t\t<\/div>\n\t\t<\/div>\n\t\t\t\t\t\t\t\t<\/div>\n\t\t\t\t\t<\/div>\n\t\t<\/section>\n\t\t\t\t<div class=\"elementor-element elementor-element-1dc113e2 elementor-widget elementor-widget-text-editor\" data-id=\"1dc113e2\" data-element_type=\"widget\" data-widget_type=\"text-editor.default\">\n\t\t\t\t<div class=\"elementor-widget-container\">\n\t\t\t\t\t\t\t\t<div class=\"elementor-text-editor elementor-clearfix\">\n\t\t\t\t<p>Voor vanavond hebben we gereserveerd in het visrestaurant. 1 x per week kan je in een a la carte restaurant reserveren en hoef je niet extra bij te betalen. Wat we niet wisten, is dat het visrestaurant buiten te zitten is. En laat het nu net vanavond de koudste avond van gans de week zijn. Gelukkig krijgen we nog een fleece. Het eten was zeer lekker.<\/p>\t\t\t\t\t<\/div>\n\t\t\t\t\t\t<\/div>\n\t\t\t\t<\/div>\n\t\t\t\t<div class=\"elementor-element elementor-element-710b096c elementor-widget elementor-widget-text-editor\" data-id=\"710b096c\" data-element_type=\"widget\" data-widget_type=\"text-editor.default\">\n\t\t\t\t<div class=\"elementor-widget-container\">\n\t\t\t\t\t\t\t\t<div class=\"elementor-text-editor elementor-clearfix\">\n\t\t\t\t<h3>Donderdag 16 mei<\/h3>\t\t\t\t\t<\/div>\n\t\t\t\t\t\t<\/div>\n\t\t\t\t<\/div>\n\t\t\t\t<section class=\"elementor-section elementor-inner-section elementor-element elementor-element-4c4670 elementor-section-boxed elementor-section-height-default elementor-section-height-default\" data-id=\"4c4670\" data-element_type=\"section\">\n\t\t\t\t\t\t<div class=\"elementor-container elementor-column-gap-default\">\n\t\t\t\t\t\t\t<div class=\"elementor-row\">\n\t\t\t\t\t<div class=\"elementor-column elementor-col-50 elementor-inner-column elementor-element elementor-element-6bd051ee\" data-id=\"6bd051ee\" data-element_type=\"column\">\n\t\t\t<div class=\"elementor-column-wrap elementor-element-populated\">\n\t\t\t\t\t\t\t<div class=\"elementor-widget-wrap\">\n\t\t\t\t\t\t<div class=\"elementor-element elementor-element-3bc74c6c elementor-widget elementor-widget-image\" data-id=\"3bc74c6c\" data-element_type=\"widget\" data-widget_type=\"image.default\">\n\t\t\t\t<div class=\"elementor-widget-container\">\n\t\t\t\t\t\t\t\t<div class=\"elementor-image\">\n\t\t\t\t\t\t\t\t\t\t\t\t<img width=\"173\" height=\"261\" src=\"http:\/\/www.lindademeyer.be\/wordpress\/wp-content\/uploads\/2021\/02\/kemer12.jpg\" class=\"attachment-large size-large\" alt=\"\" loading=\"lazy\" \/>\t\t\t\t\t\t\t\t\t\t\t\t\t\t<\/div>\n\t\t\t\t\t\t<\/div>\n\t\t\t\t<\/div>\n\t\t\t\t\t\t<\/div>\n\t\t\t\t\t<\/div>\n\t\t<\/div>\n\t\t\t\t<div class=\"elementor-column elementor-col-50 elementor-inner-column elementor-element elementor-element-452e0c79\" data-id=\"452e0c79\" data-element_type=\"column\">\n\t\t\t<div class=\"elementor-column-wrap elementor-element-populated\">\n\t\t\t\t\t\t\t<div class=\"elementor-widget-wrap\">\n\t\t\t\t\t\t<div class=\"elementor-element elementor-element-719300c elementor-widget elementor-widget-text-editor\" data-id=\"719300c\" data-element_type=\"widget\" data-widget_type=\"text-editor.default\">\n\t\t\t\t<div class=\"elementor-widget-container\">\n\t\t\t\t\t\t\t\t<div class=\"elementor-text-editor elementor-clearfix\">\n\t\t\t\t<p>Vandaag en morgen zullen normaal de betere dagen moeten zijn en inderdaad we worden wakker met een blauwe hemel. Deze laatste dagen hebben we geen uitstappen meer voorzien. Het is puur relaxen.<\/p><p>Na het ontbijt gaan we eerst naar het centrium. Een bezoekje aan de moskee, daarna mij ring ophalen, een terrasje en dan ons aan het zwembad installeren.<\/p>\t\t\t\t\t<\/div>\n\t\t\t\t\t\t<\/div>\n\t\t\t\t<\/div>\n\t\t\t\t\t\t<\/div>\n\t\t\t\t\t<\/div>\n\t\t<\/div>\n\t\t\t\t\t\t\t\t<\/div>\n\t\t\t\t\t<\/div>\n\t\t<\/section>\n\t\t\t\t<div class=\"elementor-element elementor-element-6d0cc6e6 elementor-widget elementor-widget-text-editor\" data-id=\"6d0cc6e6\" data-element_type=\"widget\" data-widget_type=\"text-editor.default\">\n\t\t\t\t<div class=\"elementor-widget-container\">\n\t\t\t\t\t\t\t\t<div class=\"elementor-text-editor elementor-clearfix\">\n\t\t\t\t<h3>Vrijdag 17 mei<\/h3><p>Ontbijt, zwembad, aperitieven, eten, zwembad, aperitieven, eten. Goh het was een vermoeiende dag vandaag \ud83d\ude42<\/p><p>En helaas ook onze valiezen moeten maken.\u00a0 <br \/>Turkije heeft ons aangenaam verrast, ook al hebben we maar een heel klein stukje van het land gezien. Het klimaat, het heerlijke eten, de sfeer, al die schatten uit het verleden en boven alles de zeer vriendelijke en gastvrije bevolking. Morgen gaan wij helaas weer naar huis maar Turkije nodigt uit om terug te keren. En daar proosten we nog maar een keer op.<\/p>\t\t\t\t\t<\/div>\n\t\t\t\t\t\t<\/div>\n\t\t\t\t<\/div>\n\t\t\t\t<section class=\"elementor-section elementor-inner-section elementor-element elementor-element-cd89065 elementor-section-boxed elementor-section-height-default elementor-section-height-default\" data-id=\"cd89065\" data-element_type=\"section\">\n\t\t\t\t\t\t<div class=\"elementor-container elementor-column-gap-default\">\n\t\t\t\t\t\t\t<div class=\"elementor-row\">\n\t\t\t\t\t<div class=\"elementor-column elementor-col-50 elementor-inner-column elementor-element elementor-element-7ab88b3\" data-id=\"7ab88b3\" data-element_type=\"column\">\n\t\t\t<div class=\"elementor-column-wrap elementor-element-populated\">\n\t\t\t\t\t\t\t<div class=\"elementor-widget-wrap\">\n\t\t\t\t\t\t<div class=\"elementor-element elementor-element-fb51661 elementor-widget elementor-widget-image\" data-id=\"fb51661\" data-element_type=\"widget\" data-widget_type=\"image.default\">\n\t\t\t\t<div class=\"elementor-widget-container\">\n\t\t\t\t\t\t\t\t<div class=\"elementor-image\">\n\t\t\t\t\t\t\t\t\t\t\t\t<img width=\"400\" height=\"300\" src=\"http:\/\/www.lindademeyer.be\/wordpress\/wp-content\/uploads\/2021\/02\/TURKIJE2013_L_146.jpg\" class=\"attachment-large size-large\" alt=\"\" loading=\"lazy\" srcset=\"http:\/\/www.lindademeyer.be\/wordpress\/wp-content\/uploads\/2021\/02\/TURKIJE2013_L_146.jpg 400w, http:\/\/www.lindademeyer.be\/wordpress\/wp-content\/uploads\/2021\/02\/TURKIJE2013_L_146-300x225.jpg 300w\" sizes=\"(max-width: 400px) 100vw, 400px\" \/>\t\t\t\t\t\t\t\t\t\t\t\t\t\t<\/div>\n\t\t\t\t\t\t<\/div>\n\t\t\t\t<\/div>\n\t\t\t\t\t\t<\/div>\n\t\t\t\t\t<\/div>\n\t\t<\/div>\n\t\t\t\t<div class=\"elementor-column elementor-col-50 elementor-inner-column elementor-element elementor-element-da9f740\" data-id=\"da9f740\" data-element_type=\"column\">\n\t\t\t<div class=\"elementor-column-wrap elementor-element-populated\">\n\t\t\t\t\t\t\t<div class=\"elementor-widget-wrap\">\n\t\t\t\t\t\t<div class=\"elementor-element elementor-element-b276e3b elementor-widget elementor-widget-image\" data-id=\"b276e3b\" data-element_type=\"widget\" data-widget_type=\"image.default\">\n\t\t\t\t<div class=\"elementor-widget-container\">\n\t\t\t\t\t\t\t\t<div class=\"elementor-image\">\n\t\t\t\t\t\t\t\t\t\t\t\t<img width=\"400\" height=\"300\" src=\"http:\/\/www.lindademeyer.be\/wordpress\/wp-content\/uploads\/2021\/02\/TURKIJE2013_L_144.jpg\" class=\"attachment-large size-large\" alt=\"\" loading=\"lazy\" srcset=\"http:\/\/www.lindademeyer.be\/wordpress\/wp-content\/uploads\/2021\/02\/TURKIJE2013_L_144.jpg 400w, http:\/\/www.lindademeyer.be\/wordpress\/wp-content\/uploads\/2021\/02\/TURKIJE2013_L_144-300x225.jpg 300w\" sizes=\"(max-width: 400px) 100vw, 400px\" \/>\t\t\t\t\t\t\t\t\t\t\t\t\t\t<\/div>\n\t\t\t\t\t\t<\/div>\n\t\t\t\t<\/div>\n\t\t\t\t\t\t<\/div>\n\t\t\t\t\t<\/div>\n\t\t<\/div>\n\t\t\t\t\t\t\t\t<\/div>\n\t\t\t\t\t<\/div>\n\t\t<\/section>\n\t\t\t\t<div class=\"elementor-element elementor-element-57fbbf77 elementor-widget elementor-widget-text-editor\" data-id=\"57fbbf77\" data-element_type=\"widget\" data-widget_type=\"text-editor.default\">\n\t\t\t\t<div class=\"elementor-widget-container\">\n\t\t\t\t\t\t\t\t<div class=\"elementor-text-editor elementor-clearfix\">\n\t\t\t\t<h3>Zaterdag 18 mei<\/h3><p>Het zit er al weer op. Na het ontbijt worden we opgehaald en rijden we naar de luchthaven. We geven door aan de hostess dat ons visum niet in orde is maar ze ziet er geen probleem in. Het ergste is dat we gewoon de 15 euro nog moeten betalen. Er staat een stempel op wanneer we zijn toegekomen en dat is het voornaamste. Bij het aanschuiven ben ik toch nerveus. En ja, lap daar heb je het! We moeten mee en worden naar een kantoortje gebracht. Security? Ik weet het niet. Hij neemt een kopie van ons visum. Het was niet in orde maar ze kunnen er niets aan doen. En dat is het, we mogen vertrekken. We moeten zelfs de 15 euro niet betalen. Oef, opluchting maar dit wil ik toch niet meer tegenkomen hoor! We stijgen om 12 uur op en 3 u 40 later zijn we in Belgi\u00eb.<\/p>\t\t\t\t\t<\/div>\n\t\t\t\t\t\t<\/div>\n\t\t\t\t<\/div>\n\t\t\t\t\t\t<\/div>\n\t\t\t\t\t<\/div>\n\t\t<\/div>\n\t\t\t\t\t\t\t\t<\/div>\n\t\t\t\t\t<\/div>\n\t\t<\/section>\n\t\t\t\t\t\t\t\t\t<\/div>\n\t\t\t<\/div>\n\t\t\t\t\t<\/div>\n\t\t","protected":false},"excerpt":{"rendered":"<p>TURKIJE TURKIJE 9 mei 2013 Dit jaar willen we een luilekkervakantie, gewoon genieten van de zon. We hebben gekozen voor Turkije van 9 mei t\/m 18 mei 2013. Maar naar waar? Turkije is een groot land. Turkije, officieel de Republiek Turkije, is een transcontinentale staat die zowel in Az\u00efe als in Europa ligt maar voor [&hellip;]<\/p>\n","protected":false},"author":1,"featured_media":0,"parent":0,"menu_order":0,"comment_status":"closed","ping_status":"closed","template":"","meta":{"_uag_custom_page_level_css":"","_vp_format_video_url":"","_vp_image_focal_point":[]},"uagb_featured_image_src":{"full":false,"thumbnail":false,"medium":false,"medium_large":false,"large":false,"1536x1536":false,"2048x2048":false,"vp_sm":false,"vp_md":false,"vp_lg":false,"vp_xl":false,"vp_sm_popup":false,"vp_md_popup":false,"vp_xl_popup":false,"sow-carousel-default":false},"uagb_author_info":{"display_name":"lindakoen","author_link":"http:\/\/www.lindademeyer.be\/wordpress\/author\/lindakoen\/"},"uagb_comment_info":0,"uagb_excerpt":"TURKIJE TURKIJE 9 mei 2013 Dit jaar willen we een luilekkervakantie, gewoon genieten van de zon. We hebben gekozen voor Turkije van 9 mei t\/m 18 mei 2013. Maar naar waar? Turkije is een groot land. Turkije, officieel de Republiek Turkije, is een transcontinentale staat die zowel in Az\u00efe als in Europa ligt maar voor&hellip;","_links":{"self":[{"href":"http:\/\/www.lindademeyer.be\/wordpress\/wp-json\/wp\/v2\/pages\/521"}],"collection":[{"href":"http:\/\/www.lindademeyer.be\/wordpress\/wp-json\/wp\/v2\/pages"}],"about":[{"href":"http:\/\/www.lindademeyer.be\/wordpress\/wp-json\/wp\/v2\/types\/page"}],"author":[{"embeddable":true,"href":"http:\/\/www.lindademeyer.be\/wordpress\/wp-json\/wp\/v2\/users\/1"}],"replies":[{"embeddable":true,"href":"http:\/\/www.lindademeyer.be\/wordpress\/wp-json\/wp\/v2\/comments?post=521"}],"version-history":[{"count":22,"href":"http:\/\/www.lindademeyer.be\/wordpress\/wp-json\/wp\/v2\/pages\/521\/revisions"}],"predecessor-version":[{"id":4131,"href":"http:\/\/www.lindademeyer.be\/wordpress\/wp-json\/wp\/v2\/pages\/521\/revisions\/4131"}],"wp:attachment":[{"href":"http:\/\/www.lindademeyer.be\/wordpress\/wp-json\/wp\/v2\/media?parent=521"}],"curies":[{"name":"wp","href":"https:\/\/api.w.org\/{rel}","templated":true}]}}