{"id":3502,"date":"2021-01-31T09:41:39","date_gmt":"2021-01-31T09:41:39","guid":{"rendered":"http:\/\/www.lindademeyer.be\/wordpress\/?page_id=3502"},"modified":"2021-02-03T16:18:36","modified_gmt":"2021-02-03T16:18:36","slug":"barcelona-2011","status":"publish","type":"page","link":"http:\/\/www.lindademeyer.be\/wordpress\/barcelona-2011\/","title":{"rendered":"Barcelona 2011"},"content":{"rendered":"\t\t<div data-elementor-type=\"wp-page\" data-elementor-id=\"3502\" class=\"elementor elementor-3502\">\n\t\t\t\t\t\t<div class=\"elementor-inner\">\n\t\t\t\t<div class=\"elementor-section-wrap\">\n\t\t\t\t\t\t\t\t\t<section class=\"elementor-section elementor-top-section elementor-element elementor-element-6a07d602 elementor-section-boxed elementor-section-height-default elementor-section-height-default\" data-id=\"6a07d602\" data-element_type=\"section\">\n\t\t\t\t\t\t<div class=\"elementor-container elementor-column-gap-default\">\n\t\t\t\t\t\t\t<div class=\"elementor-row\">\n\t\t\t\t\t<div class=\"elementor-column elementor-col-100 elementor-top-column elementor-element elementor-element-26864c4b\" data-id=\"26864c4b\" data-element_type=\"column\">\n\t\t\t<div class=\"elementor-column-wrap elementor-element-populated\">\n\t\t\t\t\t\t\t<div class=\"elementor-widget-wrap\">\n\t\t\t\t\t\t<div class=\"elementor-element elementor-element-30bbf3f8 elementor-widget elementor-widget-heading\" data-id=\"30bbf3f8\" data-element_type=\"widget\" data-widget_type=\"heading.default\">\n\t\t\t\t<div class=\"elementor-widget-container\">\n\t\t\t<h3 class=\"elementor-heading-title elementor-size-default\">SPANJE<\/h3>\t\t<\/div>\n\t\t\t\t<\/div>\n\t\t\t\t\t\t<\/div>\n\t\t\t\t\t<\/div>\n\t\t<\/div>\n\t\t\t\t\t\t\t\t<\/div>\n\t\t\t\t\t<\/div>\n\t\t<\/section>\n\t\t\t\t<section class=\"elementor-section elementor-top-section elementor-element elementor-element-33b00dc7 elementor-section-boxed elementor-section-height-default elementor-section-height-default\" data-id=\"33b00dc7\" data-element_type=\"section\">\n\t\t\t\t\t\t<div class=\"elementor-container elementor-column-gap-default\">\n\t\t\t\t\t\t\t<div class=\"elementor-row\">\n\t\t\t\t\t<div class=\"elementor-column elementor-col-100 elementor-top-column elementor-element elementor-element-2e3b4d2b\" data-id=\"2e3b4d2b\" data-element_type=\"column\">\n\t\t\t<div class=\"elementor-column-wrap elementor-element-populated\">\n\t\t\t\t\t\t\t<div class=\"elementor-widget-wrap\">\n\t\t\t\t\t\t<div class=\"elementor-element elementor-element-1a71bd0d elementor-widget elementor-widget-image\" data-id=\"1a71bd0d\" data-element_type=\"widget\" data-widget_type=\"image.default\">\n\t\t\t\t<div class=\"elementor-widget-container\">\n\t\t\t\t\t\t\t\t<div class=\"elementor-image\">\n\t\t\t\t\t\t\t\t\t\t\t\t<img width=\"940\" height=\"420\" src=\"http:\/\/www.lindademeyer.be\/wordpress\/wp-content\/uploads\/2021\/01\/1103_Barcelona_011-92.jpg\" class=\"attachment-full size-full\" alt=\"\" loading=\"lazy\" srcset=\"http:\/\/www.lindademeyer.be\/wordpress\/wp-content\/uploads\/2021\/01\/1103_Barcelona_011-92.jpg 940w, http:\/\/www.lindademeyer.be\/wordpress\/wp-content\/uploads\/2021\/01\/1103_Barcelona_011-92-300x134.jpg 300w, http:\/\/www.lindademeyer.be\/wordpress\/wp-content\/uploads\/2021\/01\/1103_Barcelona_011-92-768x343.jpg 768w, http:\/\/www.lindademeyer.be\/wordpress\/wp-content\/uploads\/2021\/01\/1103_Barcelona_011-92-500x223.jpg 500w, http:\/\/www.lindademeyer.be\/wordpress\/wp-content\/uploads\/2021\/01\/1103_Barcelona_011-92-800x357.jpg 800w\" sizes=\"(max-width: 940px) 100vw, 940px\" \/>\t\t\t\t\t\t\t\t\t\t\t\t\t\t<\/div>\n\t\t\t\t\t\t<\/div>\n\t\t\t\t<\/div>\n\t\t\t\t<div class=\"elementor-element elementor-element-62e07532 elementor-widget elementor-widget-spacer\" data-id=\"62e07532\" data-element_type=\"widget\" data-widget_type=\"spacer.default\">\n\t\t\t\t<div class=\"elementor-widget-container\">\n\t\t\t\t\t<div class=\"elementor-spacer\">\n\t\t\t<div class=\"elementor-spacer-inner\"><\/div>\n\t\t<\/div>\n\t\t\t\t<\/div>\n\t\t\t\t<\/div>\n\t\t\t\t<div class=\"elementor-element elementor-element-3b3689b9 elementor-widget elementor-widget-text-editor\" data-id=\"3b3689b9\" data-element_type=\"widget\" data-widget_type=\"text-editor.default\">\n\t\t\t\t<div class=\"elementor-widget-container\">\n\t\t\t\t\t\t\t\t<div class=\"elementor-text-editor elementor-clearfix\">\n\t\t\t\t<h3 style=\"text-align: center;\">BARCELONA<\/h3>\t\t\t\t\t<\/div>\n\t\t\t\t\t\t<\/div>\n\t\t\t\t<\/div>\n\t\t\t\t<div class=\"elementor-element elementor-element-27091a5c elementor-widget elementor-widget-text-editor\" data-id=\"27091a5c\" data-element_type=\"widget\" data-widget_type=\"text-editor.default\">\n\t\t\t\t<div class=\"elementor-widget-container\">\n\t\t\t\t\t\t\t\t<div class=\"elementor-text-editor elementor-clearfix\">\n\t\t\t\t<h4 style=\"text-align: center;\"><span style=\"font-size: 10pt;\">24 maart 2011<\/span><\/h4><hr \/>\t\t\t\t\t<\/div>\n\t\t\t\t\t\t<\/div>\n\t\t\t\t<\/div>\n\t\t\t\t<div class=\"elementor-element elementor-element-77f9e6db elementor-widget-divider--view-line elementor-widget elementor-widget-divider\" data-id=\"77f9e6db\" data-element_type=\"widget\" data-widget_type=\"divider.default\">\n\t\t\t\t<div class=\"elementor-widget-container\">\n\t\t\t\t\t<div class=\"elementor-divider\">\n\t\t\t<span class=\"elementor-divider-separator\">\n\t\t\t\t\t\t<\/span>\n\t\t<\/div>\n\t\t\t\t<\/div>\n\t\t\t\t<\/div>\n\t\t\t\t\t\t<\/div>\n\t\t\t\t\t<\/div>\n\t\t<\/div>\n\t\t\t\t\t\t\t\t<\/div>\n\t\t\t\t\t<\/div>\n\t\t<\/section>\n\t\t\t\t<section class=\"elementor-section elementor-top-section elementor-element elementor-element-4d4e7176 elementor-section-boxed elementor-section-height-default elementor-section-height-default\" data-id=\"4d4e7176\" data-element_type=\"section\">\n\t\t\t\t\t\t<div class=\"elementor-container elementor-column-gap-default\">\n\t\t\t\t\t\t\t<div class=\"elementor-row\">\n\t\t\t\t\t<div class=\"elementor-column elementor-col-100 elementor-top-column elementor-element elementor-element-5e6f7b6d\" data-id=\"5e6f7b6d\" data-element_type=\"column\">\n\t\t\t<div class=\"elementor-column-wrap elementor-element-populated\">\n\t\t\t\t\t\t\t<div class=\"elementor-widget-wrap\">\n\t\t\t\t\t\t<div class=\"elementor-element elementor-element-7cdf1820 elementor-widget elementor-widget-text-editor\" data-id=\"7cdf1820\" data-element_type=\"widget\" data-widget_type=\"text-editor.default\">\n\t\t\t\t<div class=\"elementor-widget-container\">\n\t\t\t\t\t\t\t\t<div class=\"elementor-text-editor elementor-clearfix\">\n\t\t\t\t<p align=\"left\"><strong>Barcelona, de 2de grootste stad van Spanje is een echt pareltje. Het is de hoofdstad van Cataloni\u00eb en van de provincie Barcelona. Gaudi, Picasso, Miro en Dali zorgden er voor dat Barcelona een culturele topper is. Het feit dat Barcelona aan zee ligt maakt het een ideale bestemming voor een strand en cultuur vakantie. <\/strong><br \/><strong>Veel toeristen trekken naar Barcelona voor de verbluffende bouwwerken van de modernistische architect Gaud\u00ed. Zijn creaties, zoals zijn meesterwerk, de kathedraal Sagrada Familia, het Parc G\u00fcell en het Casa Mil\u00e0 spreken tot eenieders verbeelding. <\/strong><br \/><strong>Maar Barcelona is niet Gaud\u00ed alleen. Barcelona, dat is een stad met sfeer. En waar kan je die sfeer beter opsnuiven dan in unieke wijken als de Barri G\u00f2tic, met zijn nauwe steegjes en talloze middeleeuwse gebouwen, het trendy El Raval, of Barceloneta, de oude visserswijk van Barcelona? Een van de mooiste gotische gebouwen is de Kathedraal van Barcelona.<\/strong><br \/><strong>Tal van voetbalfanaten van over de hele wereld brengen een bezoek aan Camp Nou, het imposante stadion van een van de beste voetbalploegen ter wereld, FC Barcelona.<\/strong><br \/><strong>Houd je meer van kunst, dan zeggen musea als het Macba of Museu Picasso je misschien wel iets?<\/strong><br \/><strong>Barcelona is de ideale citytrip bestemming.<\/strong><\/p>\t\t\t\t\t<\/div>\n\t\t\t\t\t\t<\/div>\n\t\t\t\t<\/div>\n\t\t\t\t<div class=\"elementor-element elementor-element-4ece16bf elementor-widget-divider--view-line elementor-widget elementor-widget-divider\" data-id=\"4ece16bf\" data-element_type=\"widget\" data-widget_type=\"divider.default\">\n\t\t\t\t<div class=\"elementor-widget-container\">\n\t\t\t\t\t<div class=\"elementor-divider\">\n\t\t\t<span class=\"elementor-divider-separator\">\n\t\t\t\t\t\t<\/span>\n\t\t<\/div>\n\t\t\t\t<\/div>\n\t\t\t\t<\/div>\n\t\t\t\t<div class=\"elementor-element elementor-element-5edb0def elementor-widget elementor-widget-text-editor\" data-id=\"5edb0def\" data-element_type=\"widget\" data-widget_type=\"text-editor.default\">\n\t\t\t\t<div class=\"elementor-widget-container\">\n\t\t\t\t\t\t\t\t<div class=\"elementor-text-editor elementor-clearfix\">\n\t\t\t\t<h3 align=\"left\">24 maart<\/h3><p>Aanleiding tot het bezoeken van Barcelona is Graphispag, een vakbeurs voor de grafische industrie. De vlucht hebben we geboekt bij vueling en het hotel &#8216;Duquesa de Cardona&#8217; via Jetair. Om 21:15 u stijgen we op in Brussel en om 23:00 u zetten we voet aan grond in Barcelona. Na een ritje met de taxi zijn we om middernacht in ons hotel. We willen toch nog even de spaanse lucht opsnuiven en maken nog een wandeling over de beroemde La Rambla en eindigen met een drankje op Pla\u00e7a Reial.<\/p>\t\t\t\t\t<\/div>\n\t\t\t\t\t\t<\/div>\n\t\t\t\t<\/div>\n\t\t\t\t<div class=\"elementor-element elementor-element-79dc3743 elementor-widget elementor-widget-text-editor\" data-id=\"79dc3743\" data-element_type=\"widget\" data-widget_type=\"text-editor.default\">\n\t\t\t\t<div class=\"elementor-widget-container\">\n\t\t\t\t\t\t\t\t<div class=\"elementor-text-editor elementor-clearfix\">\n\t\t\t\t<h3>25\u00a0 maart<\/h3>\t\t\t\t\t<\/div>\n\t\t\t\t\t\t<\/div>\n\t\t\t\t<\/div>\n\t\t\t\t<section class=\"elementor-section elementor-inner-section elementor-element elementor-element-48a8276 elementor-section-boxed elementor-section-height-default elementor-section-height-default\" data-id=\"48a8276\" data-element_type=\"section\">\n\t\t\t\t\t\t<div class=\"elementor-container elementor-column-gap-default\">\n\t\t\t\t\t\t\t<div class=\"elementor-row\">\n\t\t\t\t\t<div class=\"elementor-column elementor-col-50 elementor-inner-column elementor-element elementor-element-cf964a5\" data-id=\"cf964a5\" data-element_type=\"column\">\n\t\t\t<div class=\"elementor-column-wrap elementor-element-populated\">\n\t\t\t\t\t\t\t<div class=\"elementor-widget-wrap\">\n\t\t\t\t\t\t<div class=\"elementor-element elementor-element-cdaf084 elementor-widget elementor-widget-image\" data-id=\"cdaf084\" data-element_type=\"widget\" data-widget_type=\"image.default\">\n\t\t\t\t<div class=\"elementor-widget-container\">\n\t\t\t\t\t\t\t\t<div class=\"elementor-image\">\n\t\t\t\t\t\t\t\t\t\t\t\t<img width=\"153\" height=\"230\" src=\"http:\/\/www.lindademeyer.be\/wordpress\/wp-content\/uploads\/2021\/01\/foto2-3.jpg\" class=\"attachment-large size-large\" alt=\"\" loading=\"lazy\" \/>\t\t\t\t\t\t\t\t\t\t\t\t\t\t<\/div>\n\t\t\t\t\t\t<\/div>\n\t\t\t\t<\/div>\n\t\t\t\t\t\t<\/div>\n\t\t\t\t\t<\/div>\n\t\t<\/div>\n\t\t\t\t<div class=\"elementor-column elementor-col-50 elementor-inner-column elementor-element elementor-element-31792ac\" data-id=\"31792ac\" data-element_type=\"column\">\n\t\t\t<div class=\"elementor-column-wrap elementor-element-populated\">\n\t\t\t\t\t\t\t<div class=\"elementor-widget-wrap\">\n\t\t\t\t\t\t<div class=\"elementor-element elementor-element-830820a elementor-widget elementor-widget-text-editor\" data-id=\"830820a\" data-element_type=\"widget\" data-widget_type=\"text-editor.default\">\n\t\t\t\t<div class=\"elementor-widget-container\">\n\t\t\t\t\t\t\t\t<div class=\"elementor-text-editor elementor-clearfix\">\n\t\t\t\t<p>Na het ontbijt gaat Koen eerst de beurs bezoeken en ga ik al eens La Rambla verkennen. We spreken af om 14:00u aan het Hard Rock Caf\u00e9 op la Pla\u00e7a de Catalunya. Voorzien van 2 reisgidsen, een Trotter en een National Geographic begin ik aan de verkenning van La Rambla. Ik vertrek aan het standbeeld van Columbus.<\/p><p>La Rambla is een 1200 meter lange wandelstraat die loopt van de Pla\u00e7a de Catalunya tot aan het standbeeld van Christoffel Columbus, Monument a Colon, aan de haven. De straat loopt dwars door het centrum en deelt het centrum in twee\u00ebn, met aan de ene kant de Barri Gotic of gotische wijk en aan de andere kant El Raval, een artiestenbuurt. <\/p>\t\t\t\t\t<\/div>\n\t\t\t\t\t\t<\/div>\n\t\t\t\t<\/div>\n\t\t\t\t\t\t<\/div>\n\t\t\t\t\t<\/div>\n\t\t<\/div>\n\t\t\t\t\t\t\t\t<\/div>\n\t\t\t\t\t<\/div>\n\t\t<\/section>\n\t\t\t\t<div class=\"elementor-element elementor-element-29f734d7 elementor-widget elementor-widget-text-editor\" data-id=\"29f734d7\" data-element_type=\"widget\" data-widget_type=\"text-editor.default\">\n\t\t\t\t<div class=\"elementor-widget-container\">\n\t\t\t\t\t\t\t\t<div class=\"elementor-text-editor elementor-clearfix\">\n\t\t\t\t<p>Op La Rambla is werkelijk op elk moment van de dag leven te bespeuren. \u2019s Morgens zijn er al vroeg mensen die hun inkopen komen doen. Ze gaan even langs de Mercat de la Boqueria, de versmarkt in het mooie gebouw, of ze passeren even langs de krantenkiosk om hun krant op te halen of langs de Rambla St-Josep om een bloemetje te kopen. \u2019s Namiddags loopt deze drukke boulevard vol met slenterende toeristen. Je zult misschien wel schrikken van de vele &#8216;levende standbeelden&#8217; die je er ziet en zich voor een kleine vergoeding maar al te graag laten fotograferen. \u2019s Avonds zitten de terrasjes afgeladen vol.<\/p>\t\t\t\t\t<\/div>\n\t\t\t\t\t\t<\/div>\n\t\t\t\t<\/div>\n\t\t\t\t<section class=\"elementor-section elementor-inner-section elementor-element elementor-element-af09a28 elementor-section-boxed elementor-section-height-default elementor-section-height-default\" data-id=\"af09a28\" data-element_type=\"section\">\n\t\t\t\t\t\t<div class=\"elementor-container elementor-column-gap-default\">\n\t\t\t\t\t\t\t<div class=\"elementor-row\">\n\t\t\t\t\t<div class=\"elementor-column elementor-col-50 elementor-inner-column elementor-element elementor-element-9de4583\" data-id=\"9de4583\" data-element_type=\"column\">\n\t\t\t<div class=\"elementor-column-wrap elementor-element-populated\">\n\t\t\t\t\t\t\t<div class=\"elementor-widget-wrap\">\n\t\t\t\t\t\t<div class=\"elementor-element elementor-element-98702a4 elementor-widget elementor-widget-text-editor\" data-id=\"98702a4\" data-element_type=\"widget\" data-widget_type=\"text-editor.default\">\n\t\t\t\t<div class=\"elementor-widget-container\">\n\t\t\t\t\t\t\t\t<div class=\"elementor-text-editor elementor-clearfix\">\n\t\t\t\t<p>Ik geniet van de mooie gebouwen en wandel verder tot aan de Mercat de la Bocqueria. Het is een grote overdekte markt waar je allerlei voedingsmiddelen kunt kopen. Het water komt me in de mond bij het zien van al dat lekkers. Hier moet ik zeker nog eens met Koen terugkomen.<\/p>\t\t\t\t\t<\/div>\n\t\t\t\t\t\t<\/div>\n\t\t\t\t<\/div>\n\t\t\t\t\t\t<\/div>\n\t\t\t\t\t<\/div>\n\t\t<\/div>\n\t\t\t\t<div class=\"elementor-column elementor-col-50 elementor-inner-column elementor-element elementor-element-2abbae3\" data-id=\"2abbae3\" data-element_type=\"column\">\n\t\t\t<div class=\"elementor-column-wrap elementor-element-populated\">\n\t\t\t\t\t\t\t<div class=\"elementor-widget-wrap\">\n\t\t\t\t\t\t<div class=\"elementor-element elementor-element-a22d829 elementor-widget elementor-widget-image\" data-id=\"a22d829\" data-element_type=\"widget\" data-widget_type=\"image.default\">\n\t\t\t\t<div class=\"elementor-widget-container\">\n\t\t\t\t\t\t\t\t<div class=\"elementor-image\">\n\t\t\t\t\t\t\t\t\t\t\t\t<img width=\"230\" height=\"153\" src=\"http:\/\/www.lindademeyer.be\/wordpress\/wp-content\/uploads\/2021\/01\/foto3-3.jpg\" class=\"attachment-large size-large\" alt=\"\" loading=\"lazy\" \/>\t\t\t\t\t\t\t\t\t\t\t\t\t\t<\/div>\n\t\t\t\t\t\t<\/div>\n\t\t\t\t<\/div>\n\t\t\t\t\t\t<\/div>\n\t\t\t\t\t<\/div>\n\t\t<\/div>\n\t\t\t\t\t\t\t\t<\/div>\n\t\t\t\t\t<\/div>\n\t\t<\/section>\n\t\t\t\t<div class=\"elementor-element elementor-element-1cc40f7f elementor-widget elementor-widget-text-editor\" data-id=\"1cc40f7f\" data-element_type=\"widget\" data-widget_type=\"text-editor.default\">\n\t\t\t\t<div class=\"elementor-widget-container\">\n\t\t\t\t\t\t\t\t<div class=\"elementor-text-editor elementor-clearfix\">\n\t\t\t\t<p>Via kleine straatjes slenter ik verder en kom zo in de Barri G\u00f2tic. Dit is het centrum van de oude stad van Barcelona met nauwe steegjes, schitterende voorbeelden van gotische architectuur en mooie pleintjes. Voor gezellige restaurantjes, winkeltjes en tapasbars moet je trouwens ook hier zijn. Je vindt er ook de overblijfselen van een 2300 jaar oude Romeinse muur.<\/p>\t\t\t\t\t<\/div>\n\t\t\t\t\t\t<\/div>\n\t\t\t\t<\/div>\n\t\t\t\t<section class=\"elementor-section elementor-inner-section elementor-element elementor-element-e5ccafe elementor-section-boxed elementor-section-height-default elementor-section-height-default\" data-id=\"e5ccafe\" data-element_type=\"section\">\n\t\t\t\t\t\t<div class=\"elementor-container elementor-column-gap-default\">\n\t\t\t\t\t\t\t<div class=\"elementor-row\">\n\t\t\t\t\t<div class=\"elementor-column elementor-col-50 elementor-inner-column elementor-element elementor-element-383324a\" data-id=\"383324a\" data-element_type=\"column\">\n\t\t\t<div class=\"elementor-column-wrap elementor-element-populated\">\n\t\t\t\t\t\t\t<div class=\"elementor-widget-wrap\">\n\t\t\t\t\t\t<div class=\"elementor-element elementor-element-5f7551a elementor-widget elementor-widget-image\" data-id=\"5f7551a\" data-element_type=\"widget\" data-widget_type=\"image.default\">\n\t\t\t\t<div class=\"elementor-widget-container\">\n\t\t\t\t\t\t\t\t<div class=\"elementor-image\">\n\t\t\t\t\t\t\t\t\t\t\t\t<img width=\"230\" height=\"153\" src=\"http:\/\/www.lindademeyer.be\/wordpress\/wp-content\/uploads\/2021\/01\/Foto4-3.jpg\" class=\"attachment-large size-large\" alt=\"\" loading=\"lazy\" \/>\t\t\t\t\t\t\t\t\t\t\t\t\t\t<\/div>\n\t\t\t\t\t\t<\/div>\n\t\t\t\t<\/div>\n\t\t\t\t\t\t<\/div>\n\t\t\t\t\t<\/div>\n\t\t<\/div>\n\t\t\t\t<div class=\"elementor-column elementor-col-50 elementor-inner-column elementor-element elementor-element-48fe9ce\" data-id=\"48fe9ce\" data-element_type=\"column\">\n\t\t\t<div class=\"elementor-column-wrap elementor-element-populated\">\n\t\t\t\t\t\t\t<div class=\"elementor-widget-wrap\">\n\t\t\t\t\t\t<div class=\"elementor-element elementor-element-8f0652e elementor-widget elementor-widget-text-editor\" data-id=\"8f0652e\" data-element_type=\"widget\" data-widget_type=\"text-editor.default\">\n\t\t\t\t<div class=\"elementor-widget-container\">\n\t\t\t\t\t\t\t\t<div class=\"elementor-text-editor elementor-clearfix\">\n\t\t\t\t<p>Bezienswaardigheden die in deze wijk liggen, zijn onder meer de Kathedraal van Barcelona, het Palau de la Generalitat en het Casa de la Ciutat. Na een kleine pauze op een terrasje is het tijd om naar het Pla\u00e7a de Cataluyna te gaan waar ik met Koen heb afgesproken. We willen eerst enkele tapas eten en komen zo op de Mercat de la Bocqueria terecht. Koen is ook zeer gefascineerd door al het lekkers dat hier uitgestald ligt. Ik krijg hem hier met moeite weg. Mijn ogen hebben genoeg gezien nu mijn maag nog.<\/p>\t\t\t\t\t<\/div>\n\t\t\t\t\t\t<\/div>\n\t\t\t\t<\/div>\n\t\t\t\t\t\t<\/div>\n\t\t\t\t\t<\/div>\n\t\t<\/div>\n\t\t\t\t\t\t\t\t<\/div>\n\t\t\t\t\t<\/div>\n\t\t<\/section>\n\t\t\t\t<section class=\"elementor-section elementor-inner-section elementor-element elementor-element-19ad631 elementor-section-boxed elementor-section-height-default elementor-section-height-default\" data-id=\"19ad631\" data-element_type=\"section\">\n\t\t\t\t\t\t<div class=\"elementor-container elementor-column-gap-default\">\n\t\t\t\t\t\t\t<div class=\"elementor-row\">\n\t\t\t\t\t<div class=\"elementor-column elementor-col-50 elementor-inner-column elementor-element elementor-element-39d3cc7\" data-id=\"39d3cc7\" data-element_type=\"column\">\n\t\t\t<div class=\"elementor-column-wrap elementor-element-populated\">\n\t\t\t\t\t\t\t<div class=\"elementor-widget-wrap\">\n\t\t\t\t\t\t<div class=\"elementor-element elementor-element-b46a1b8 elementor-widget elementor-widget-text-editor\" data-id=\"b46a1b8\" data-element_type=\"widget\" data-widget_type=\"text-editor.default\">\n\t\t\t\t<div class=\"elementor-widget-container\">\n\t\t\t\t\t\t\t\t<div class=\"elementor-text-editor elementor-clearfix\">\n\t\t\t\t<p>De bedoeling was met een tourticket Barcelona te verkennen maar het is eigenlijk al te laat om nog optimaal te profiteren van een dagticket dus we nemen de metro naar<a href=\"http:\/\/nl.wikipedia.org\/wiki\/Sagrada_Fam%C3%ADlia\" target=\"_blank\" rel=\"noopener\">\u00a0La Sagrada Familia.<\/a>\u00a0Dit meesterwerk van\u00a0<a href=\"http:\/\/nl.wikipedia.org\/wiki\/Antoni_Gaud%C3%AD\" target=\"_blank\" rel=\"noopener\">Gaudi<\/a>\u00a0is nog altijd niet afgewerkt. Koen is er niet vol van. We gaan dit dan ook niet binnen bezoeken.<\/p><p>Het is te mooi weer om de metro te nemen en we gaan dan ook te voet richting Passeig de Gr\u00e0cia. De Passeig de Gr\u00e0cia is een van de hoofdstraten van Barcelona en de duurste straat van Spanje qua koop- en huurprijzen. Aan deze chique promenade staan o.a. het Casa Batll\u00f3 en Casa Mil\u00e0 van Antoni Gaud\u00ed. De straat is zo&#8217;n 3 km lang en is vooral een exclusieve winkelstraat.<\/p>\t\t\t\t\t<\/div>\n\t\t\t\t\t\t<\/div>\n\t\t\t\t<\/div>\n\t\t\t\t\t\t<\/div>\n\t\t\t\t\t<\/div>\n\t\t<\/div>\n\t\t\t\t<div class=\"elementor-column elementor-col-50 elementor-inner-column elementor-element elementor-element-ad1e958\" data-id=\"ad1e958\" data-element_type=\"column\">\n\t\t\t<div class=\"elementor-column-wrap elementor-element-populated\">\n\t\t\t\t\t\t\t<div class=\"elementor-widget-wrap\">\n\t\t\t\t\t\t<div class=\"elementor-element elementor-element-cd07db4 elementor-widget elementor-widget-image\" data-id=\"cd07db4\" data-element_type=\"widget\" data-widget_type=\"image.default\">\n\t\t\t\t<div class=\"elementor-widget-container\">\n\t\t\t\t\t\t\t\t<div class=\"elementor-image\">\n\t\t\t\t\t\t\t\t\t\t\t\t<img width=\"153\" height=\"230\" src=\"http:\/\/www.lindademeyer.be\/wordpress\/wp-content\/uploads\/2021\/01\/foto5-3.jpg\" class=\"attachment-large size-large\" alt=\"Barcelona, La Sagrada Familia\" loading=\"lazy\" \/>\t\t\t\t\t\t\t\t\t\t\t\t\t\t<\/div>\n\t\t\t\t\t\t<\/div>\n\t\t\t\t<\/div>\n\t\t\t\t\t\t<\/div>\n\t\t\t\t\t<\/div>\n\t\t<\/div>\n\t\t\t\t\t\t\t\t<\/div>\n\t\t\t\t\t<\/div>\n\t\t<\/section>\n\t\t\t\t<div class=\"elementor-element elementor-element-ec7739b elementor-widget elementor-widget-text-editor\" data-id=\"ec7739b\" data-element_type=\"widget\" data-widget_type=\"text-editor.default\">\n\t\t\t\t<div class=\"elementor-widget-container\">\n\t\t\t\t\t\t\t\t<div class=\"elementor-text-editor elementor-clearfix\">\n\t\t\t\t<p>We gaan eerst naar Casa Mil\u00e0 of La Pedrera, het gegolfde herenhuis van Gaudi. In dit bouwwerk bevindt zich een museum, met wisselende exposities. Verder zijn een appartement op de vierde verdieping, de zolder (met een tentoonstelling over het werk van de architect) en het golvende dakterras te bezichtigen. De schoorstenen hebben grillige vormen die kenmerkend zijn voor het gebouw.<\/p>\t\t\t\t\t<\/div>\n\t\t\t\t\t\t<\/div>\n\t\t\t\t<\/div>\n\t\t\t\t<div class=\"elementor-element elementor-element-6d168de elementor-widget elementor-widget-image-gallery\" data-id=\"6d168de\" data-element_type=\"widget\" data-widget_type=\"image-gallery.default\">\n\t\t\t\t<div class=\"elementor-widget-container\">\n\t\t\t\t\t<div class=\"elementor-image-gallery\">\n\t\t\t<div id='gallery-1' class='gallery galleryid-3502 gallery-columns-4 gallery-size-thumbnail'><figure class='gallery-item'>\n\t\t\t<div class='gallery-icon landscape'>\n\t\t\t\t<a data-elementor-open-lightbox=\"yes\" data-elementor-lightbox-slideshow=\"6d168de\" data-elementor-lightbox-title=\"Barcelona, La Pedrera of Casa Mil\u00e0 van Gaudi\" data-elementor-lightbox-description=\"Barcelona, La Pedrera of Casa Mil\u00e0 van Gaudi\" e-action-hash=\"#elementor-action%3Aaction%3Dlightbox%26settings%3DeyJpZCI6MzUyNiwidXJsIjoiaHR0cDpcL1wvd3d3LmxpbmRhZGVtZXllci5iZVwvd29yZHByZXNzXC93cC1jb250ZW50XC91cGxvYWRzXC8yMDIxXC8wMVwvYmFyY2Vsb25hOC5qcGciLCJzbGlkZXNob3ciOiI2ZDE2OGRlIn0%3D\" href='http:\/\/www.lindademeyer.be\/wordpress\/wp-content\/uploads\/2021\/01\/barcelona8.jpg' title=\"\" data-rl_title=\"\" class=\"rl-gallery-link\" data-rl_caption=\"Barcelona, La Pedrera of Casa Mil\u00e0 van Gaudi\" data-rel=\"lightbox-gallery-1\"><img width=\"150\" height=\"150\" src=\"http:\/\/www.lindademeyer.be\/wordpress\/wp-content\/uploads\/2021\/01\/barcelona8-150x150.jpg\" class=\"attachment-thumbnail size-thumbnail\" alt=\"\" loading=\"lazy\" \/><\/a>\n\t\t\t<\/div><\/figure><figure class='gallery-item'>\n\t\t\t<div class='gallery-icon portrait'>\n\t\t\t\t<a data-elementor-open-lightbox=\"yes\" data-elementor-lightbox-slideshow=\"6d168de\" data-elementor-lightbox-title=\"Barcelona, Casa Amatller\" data-elementor-lightbox-description=\"Barcelona, Casa Amatller\" e-action-hash=\"#elementor-action%3Aaction%3Dlightbox%26settings%3DeyJpZCI6MzUyNCwidXJsIjoiaHR0cDpcL1wvd3d3LmxpbmRhZGVtZXllci5iZVwvd29yZHByZXNzXC93cC1jb250ZW50XC91cGxvYWRzXC8yMDIxXC8wMVwvYmFyY2Vsb25hNi5qcGciLCJzbGlkZXNob3ciOiI2ZDE2OGRlIn0%3D\" href='http:\/\/www.lindademeyer.be\/wordpress\/wp-content\/uploads\/2021\/01\/barcelona6.jpg' title=\"\" data-rl_title=\"\" class=\"rl-gallery-link\" data-rl_caption=\"Barcelona, Casa Amatller\" data-rel=\"lightbox-gallery-1\"><img width=\"150\" height=\"150\" src=\"http:\/\/www.lindademeyer.be\/wordpress\/wp-content\/uploads\/2021\/01\/barcelona6-150x150.jpg\" class=\"attachment-thumbnail size-thumbnail\" alt=\"\" loading=\"lazy\" \/><\/a>\n\t\t\t<\/div><\/figure><figure class='gallery-item'>\n\t\t\t<div class='gallery-icon landscape'>\n\t\t\t\t<a data-elementor-open-lightbox=\"yes\" data-elementor-lightbox-slideshow=\"6d168de\" data-elementor-lightbox-title=\"Schoorsteen op het dak van La Pedrera\" data-elementor-lightbox-description=\"Schoorsteen op het dak van La Pedrera\" e-action-hash=\"#elementor-action%3Aaction%3Dlightbox%26settings%3DeyJpZCI6MzU2MCwidXJsIjoiaHR0cDpcL1wvd3d3LmxpbmRhZGVtZXllci5iZVwvd29yZHByZXNzXC93cC1jb250ZW50XC91cGxvYWRzXC8yMDIxXC8wMlwvMTEwM19CYXJjZWxvbmFfMDEyLTEzLTIuanBnIiwic2xpZGVzaG93IjoiNmQxNjhkZSJ9\" href='http:\/\/www.lindademeyer.be\/wordpress\/wp-content\/uploads\/2021\/02\/1103_Barcelona_012-13-2.jpg' title=\"\" data-rl_title=\"\" class=\"rl-gallery-link\" data-rl_caption=\"Schoorsteen op het dak van La Pedrera\" data-rel=\"lightbox-gallery-1\"><img width=\"150\" height=\"150\" src=\"http:\/\/www.lindademeyer.be\/wordpress\/wp-content\/uploads\/2021\/02\/1103_Barcelona_012-13-2-150x150.jpg\" class=\"attachment-thumbnail size-thumbnail\" alt=\"\" loading=\"lazy\" \/><\/a>\n\t\t\t<\/div><\/figure><figure class='gallery-item'>\n\t\t\t<div class='gallery-icon portrait'>\n\t\t\t\t<a data-elementor-open-lightbox=\"yes\" data-elementor-lightbox-slideshow=\"6d168de\" data-elementor-lightbox-title=\"Barcelona, Casa Batllo, Gaudi\" data-elementor-lightbox-description=\"Barcelona, Casa Batllo, Gaudi\" e-action-hash=\"#elementor-action%3Aaction%3Dlightbox%26settings%3DeyJpZCI6MzU2NywidXJsIjoiaHR0cDpcL1wvd3d3LmxpbmRhZGVtZXllci5iZVwvd29yZHByZXNzXC93cC1jb250ZW50XC91cGxvYWRzXC8yMDIxXC8wMlwvMTEwM19iYXJjZWxvbmFfMDEzLTU3LmpwZyIsInNsaWRlc2hvdyI6IjZkMTY4ZGUifQ%3D%3D\" href='http:\/\/www.lindademeyer.be\/wordpress\/wp-content\/uploads\/2021\/02\/1103_barcelona_013-57.jpg' title=\"\" data-rl_title=\"\" class=\"rl-gallery-link\" data-rl_caption=\"Barcelona, Casa Batllo, Gaudi\" data-rel=\"lightbox-gallery-1\"><img width=\"150\" height=\"150\" src=\"http:\/\/www.lindademeyer.be\/wordpress\/wp-content\/uploads\/2021\/02\/1103_barcelona_013-57-150x150.jpg\" class=\"attachment-thumbnail size-thumbnail\" alt=\"\" loading=\"lazy\" \/><\/a>\n\t\t\t<\/div><\/figure>\n\t\t<\/div>\n\t\t<\/div>\n\t\t\t\t<\/div>\n\t\t\t\t<\/div>\n\t\t\t\t<div class=\"elementor-element elementor-element-1552160 elementor-widget elementor-widget-text-editor\" data-id=\"1552160\" data-element_type=\"widget\" data-widget_type=\"text-editor.default\">\n\t\t\t\t<div class=\"elementor-widget-container\">\n\t\t\t\t\t\t\t\t<div class=\"elementor-text-editor elementor-clearfix\">\n\t\t\t\t<p>Volgende halte op de Passeig de Gr\u00e0cia is Casa Batllo. Net als bij het even verderop aan dezelfde straat gelegen Casa Mil\u00e0 is hier niets hoekigs, maar alles is golvend en afgerond net als de golven van de zee. De voorgevel is bedekt met moza\u00efek dat doet denken aan de schubben van een vis. Vlak naast het Casa Batll\u00f3 staat het prachtige Casa Amatller. Dit huis is het zoveelste pareltje van modernistische architectuur in Barcelona. Het is g\u00e9\u00e9n realisatie van Antoni Gaud\u00ed maar van een andere belangrijke architect van het Catalaanse modernisme, Josep Puig i Cadalfach. <br \/>Onze voeten laten zich voelen en we begeven ons richting hotel. We maken een halte bij het Hard Rock Caf\u00e9 voor de aanschaf van &#8216;Het t shirt&#8217; en een drankje. Na een verkwikkende douche gaan we eten in de Barri Gotic.<\/p>\t\t\t\t\t<\/div>\n\t\t\t\t\t\t<\/div>\n\t\t\t\t<\/div>\n\t\t\t\t<div class=\"elementor-element elementor-element-4d067bfe elementor-widget elementor-widget-text-editor\" data-id=\"4d067bfe\" data-element_type=\"widget\" data-widget_type=\"text-editor.default\">\n\t\t\t\t<div class=\"elementor-widget-container\">\n\t\t\t\t\t\t\t\t<div class=\"elementor-text-editor elementor-clearfix\">\n\t\t\t\t<h3>26 maart<\/h3><p>Vandaag willen we het MACBA, Museu d\u2019Art Contemporani de Barcelona bezoeken. Het is een schitterend museum gelegen vlakbij La Rambla in de wijk El Raval.\u00a0<span lang=\"nl-NL\" xml:lang=\"nl-NL\">Het museum is geopend in 1995. In het MACBA zijn elke 3 maanden wisselende moderne tentoonstellingen van vooral Spaanse kunstenaars.<\/span><\/p><p><span lang=\"nl-NL\" xml:lang=\"nl-NL\">Het gebouw is ontworpen door de Amerikaanse architect Richard Meier en heeft verschillende expositieruimten verdeeld over 4 verdiepingen. De vormgeving van het gebouw is gebaseerd op de idee\u00ebn van het rationalisme en ge\u00efnspireerd door de modernistische architectuur van o.a. Le Corbusier. Het gaat een dialoog aan tussen het interieur en exterieur. Iedere verdieping van het MACBA geniet van volop natuurlijk licht<\/span>.<\/p>\t\t\t\t\t<\/div>\n\t\t\t\t\t\t<\/div>\n\t\t\t\t<\/div>\n\t\t\t\t<div class=\"elementor-element elementor-element-2b0550d gallery-spacing-custom elementor-widget elementor-widget-image-gallery\" data-id=\"2b0550d\" data-element_type=\"widget\" data-widget_type=\"image-gallery.default\">\n\t\t\t\t<div class=\"elementor-widget-container\">\n\t\t\t\t\t<div class=\"elementor-image-gallery\">\n\t\t\t<div id='gallery-2' class='gallery galleryid-3502 gallery-columns-2 gallery-size-full'><figure class='gallery-item'>\n\t\t\t<div class='gallery-icon landscape'>\n\t\t\t\t<a data-elementor-open-lightbox=\"yes\" data-elementor-lightbox-slideshow=\"2b0550d\" data-elementor-lightbox-title=\"1103_Barcelona_011-134-bewerkt\" data-elementor-lightbox-description=\"1103_Barcelona_011-134-bewerkt\" e-action-hash=\"#elementor-action%3Aaction%3Dlightbox%26settings%3DeyJpZCI6MzUzOSwidXJsIjoiaHR0cDpcL1wvd3d3LmxpbmRhZGVtZXllci5iZVwvd29yZHByZXNzXC93cC1jb250ZW50XC91cGxvYWRzXC8yMDIxXC8wMVwvMTEwM19CYXJjZWxvbmFfMDExLTEzNC1iZXdlcmt0LmpwZyIsInNsaWRlc2hvdyI6IjJiMDU1MGQifQ%3D%3D\" href='http:\/\/www.lindademeyer.be\/wordpress\/wp-content\/uploads\/2021\/01\/1103_Barcelona_011-134-bewerkt.jpg' title=\"\" data-rl_title=\"\" class=\"rl-gallery-link\" data-rl_caption=\"1103_Barcelona_011-134-bewerkt\" data-rel=\"lightbox-gallery-2\"><img width=\"600\" height=\"399\" src=\"http:\/\/www.lindademeyer.be\/wordpress\/wp-content\/uploads\/2021\/01\/1103_Barcelona_011-134-bewerkt.jpg\" class=\"attachment-full size-full\" alt=\"\" loading=\"lazy\" srcset=\"http:\/\/www.lindademeyer.be\/wordpress\/wp-content\/uploads\/2021\/01\/1103_Barcelona_011-134-bewerkt.jpg 600w, http:\/\/www.lindademeyer.be\/wordpress\/wp-content\/uploads\/2021\/01\/1103_Barcelona_011-134-bewerkt-300x200.jpg 300w, http:\/\/www.lindademeyer.be\/wordpress\/wp-content\/uploads\/2021\/01\/1103_Barcelona_011-134-bewerkt-500x333.jpg 500w, http:\/\/www.lindademeyer.be\/wordpress\/wp-content\/uploads\/2021\/01\/1103_Barcelona_011-134-bewerkt-272x182.jpg 272w\" sizes=\"(max-width: 600px) 100vw, 600px\" \/><\/a>\n\t\t\t<\/div><\/figure><figure class='gallery-item'>\n\t\t\t<div class='gallery-icon landscape'>\n\t\t\t\t<a data-elementor-open-lightbox=\"yes\" data-elementor-lightbox-slideshow=\"2b0550d\" data-elementor-lightbox-title=\"Barcelona, Macba\" data-elementor-lightbox-description=\"Barcelona, Macba\" e-action-hash=\"#elementor-action%3Aaction%3Dlightbox%26settings%3DeyJpZCI6MzU0MSwidXJsIjoiaHR0cDpcL1wvd3d3LmxpbmRhZGVtZXllci5iZVwvd29yZHByZXNzXC93cC1jb250ZW50XC91cGxvYWRzXC8yMDIxXC8wMVwvMTEwM19CYXJjZWxvbmFfMDExLTE0NC0yLmpwZyIsInNsaWRlc2hvdyI6IjJiMDU1MGQifQ%3D%3D\" href='http:\/\/www.lindademeyer.be\/wordpress\/wp-content\/uploads\/2021\/01\/1103_Barcelona_011-144-2.jpg' title=\"\" data-rl_title=\"\" class=\"rl-gallery-link\" data-rl_caption=\"Barcelona, Macba\" data-rel=\"lightbox-gallery-2\"><img width=\"600\" height=\"399\" src=\"http:\/\/www.lindademeyer.be\/wordpress\/wp-content\/uploads\/2021\/01\/1103_Barcelona_011-144-2.jpg\" class=\"attachment-full size-full\" alt=\"\" loading=\"lazy\" srcset=\"http:\/\/www.lindademeyer.be\/wordpress\/wp-content\/uploads\/2021\/01\/1103_Barcelona_011-144-2.jpg 600w, http:\/\/www.lindademeyer.be\/wordpress\/wp-content\/uploads\/2021\/01\/1103_Barcelona_011-144-2-300x200.jpg 300w, http:\/\/www.lindademeyer.be\/wordpress\/wp-content\/uploads\/2021\/01\/1103_Barcelona_011-144-2-500x333.jpg 500w, http:\/\/www.lindademeyer.be\/wordpress\/wp-content\/uploads\/2021\/01\/1103_Barcelona_011-144-2-272x182.jpg 272w\" sizes=\"(max-width: 600px) 100vw, 600px\" \/><\/a>\n\t\t\t<\/div><\/figure>\n\t\t<\/div>\n\t\t<\/div>\n\t\t\t\t<\/div>\n\t\t\t\t<\/div>\n\t\t\t\t<div class=\"elementor-element elementor-element-d0ef473 elementor-widget elementor-widget-text-editor\" data-id=\"d0ef473\" data-element_type=\"widget\" data-widget_type=\"text-editor.default\">\n\t\t\t\t<div class=\"elementor-widget-container\">\n\t\t\t\t\t\t\t\t<div class=\"elementor-text-editor elementor-clearfix\">\n\t\t\t\t<p>We willen niet direct een expositie bezichtigen maar het gebouw zelf fotograferen. Koen volgt avondschool digitale fotografie: product- en architectuurfotografie. De foto\u2019s architectuur wil hij hier nemen. We vragen eerst of we binnen wel foto\u2019s mogen nemen. Van het gebouw mogen we foto&#8217;s nemen, maar niet van de exposities. Tussen het fotograferen door, kijken we toch even naar de expositie. Best wel mooi.<\/p><p>Na dit bezoek gaan we een terrasje doen op la Pla\u00e7a de Cataluyna. Heerlijk in het zonnetje. De prijzen vallen hier best mee. Voor 2 biertjes van \u00bd liter betalen we 6,80 \u20ac. Koen is iets aan het proberen met zijn fototoestel en wist per ongeluk alle foto\u2019s die we de laatste dagen genomen hebben. Slik! Hij haalt het kaartje direct uit het toestel en zegt dat het geen probleem is. Er bestaan programma\u2019s om het kaartje te herstellen. En inderdaad achteraf blijkt dit ook zo te zijn. Alle foto\u2019s die ooit op het kaartje hebben gestaan konden we terughalen. Oef!<\/p><p>Na wederom enkele lekkere tapas te hebben gegeten, nemen we de metro naar\u00a0<a href=\"http:\/\/nl.wikipedia.org\/wiki\/Park_G%C3%BCell\" target=\"_blank\" rel=\"noopener\">Parc G\u00fcell<\/a>. Te voet is het dan niet meer zover maar het laatste stukje is een lastige klim.<\/p><p><span lang=\"nl-NL\" xml:lang=\"nl-NL\">Gaudi heeft ook hier weer zijn fantasie volledig laten gaan. Door de vele kleurrijke moza\u00efeken komt het geheel sprookjesachtig over. De schitterende inkom met een draak, gemaakt uit moza\u00efeken, zet al meteen de toon. In het midden van het park bewaakt een draak van keramiek een tweede trap en daarachter de Sala Hipostila een waar woud van 86 zware zuilen. Deze pilaren ondersteunen het &#8216;Gran Plaza Circular&#8217;, het wereldberoemde dakterras. Het dakterras wordt omringd door een enorme kronkelende bank, naar verluidt de langste bank ter wereld. Je wordt er getrakteerd op een schitterend uitzicht over Barcelona<\/span><span lang=\"nl-NL\" xml:lang=\"nl-NL\">. In de zomer kom je hier best zo vroeg mogelijk. Zowel voor de temperatuur als voor de massa toeristen.<\/span><\/p>\t\t\t\t\t<\/div>\n\t\t\t\t\t\t<\/div>\n\t\t\t\t<\/div>\n\t\t\t\t<div class=\"elementor-element elementor-element-d454c12 gallery-spacing-custom elementor-widget elementor-widget-image-gallery\" data-id=\"d454c12\" data-element_type=\"widget\" data-widget_type=\"image-gallery.default\">\n\t\t\t\t<div class=\"elementor-widget-container\">\n\t\t\t\t\t<div class=\"elementor-image-gallery\">\n\t\t\t<div id='gallery-3' class='gallery galleryid-3502 gallery-columns-4 gallery-size-thumbnail'><figure class='gallery-item'>\n\t\t\t<div class='gallery-icon landscape'>\n\t\t\t\t<a data-elementor-open-lightbox=\"yes\" data-elementor-lightbox-slideshow=\"d454c12\" data-elementor-lightbox-title=\"Barcelona, Parc G\u00fcell\" data-elementor-lightbox-description=\"Barcelona, Parc G\u00fcell\" e-action-hash=\"#elementor-action%3Aaction%3Dlightbox%26settings%3DeyJpZCI6MzUyOSwidXJsIjoiaHR0cDpcL1wvd3d3LmxpbmRhZGVtZXllci5iZVwvd29yZHByZXNzXC93cC1jb250ZW50XC91cGxvYWRzXC8yMDIxXC8wMVwvYmFyY2Vsb25hMTEuanBnIiwic2xpZGVzaG93IjoiZDQ1NGMxMiJ9\" href='http:\/\/www.lindademeyer.be\/wordpress\/wp-content\/uploads\/2021\/01\/barcelona11.jpg' title=\"\" data-rl_title=\"\" class=\"rl-gallery-link\" data-rl_caption=\"Barcelona, Parc G\u00fcell\" data-rel=\"lightbox-gallery-3\"><img width=\"150\" height=\"150\" src=\"http:\/\/www.lindademeyer.be\/wordpress\/wp-content\/uploads\/2021\/01\/barcelona11-150x150.jpg\" class=\"attachment-thumbnail size-thumbnail\" alt=\"\" loading=\"lazy\" \/><\/a>\n\t\t\t<\/div><\/figure><figure class='gallery-item'>\n\t\t\t<div class='gallery-icon landscape'>\n\t\t\t\t<a data-elementor-open-lightbox=\"yes\" data-elementor-lightbox-slideshow=\"d454c12\" data-elementor-lightbox-title=\"Barcelona, Parc G\u00fcell\" data-elementor-lightbox-description=\"Barcelona, Parc G\u00fcell\" e-action-hash=\"#elementor-action%3Aaction%3Dlightbox%26settings%3DeyJpZCI6MzUzMCwidXJsIjoiaHR0cDpcL1wvd3d3LmxpbmRhZGVtZXllci5iZVwvd29yZHByZXNzXC93cC1jb250ZW50XC91cGxvYWRzXC8yMDIxXC8wMVwvYmFyY2Vsb25hMTIuanBnIiwic2xpZGVzaG93IjoiZDQ1NGMxMiJ9\" href='http:\/\/www.lindademeyer.be\/wordpress\/wp-content\/uploads\/2021\/01\/barcelona12.jpg' title=\"\" data-rl_title=\"\" class=\"rl-gallery-link\" data-rl_caption=\"Barcelona, Parc G\u00fcell\" data-rel=\"lightbox-gallery-3\"><img width=\"150\" height=\"150\" src=\"http:\/\/www.lindademeyer.be\/wordpress\/wp-content\/uploads\/2021\/01\/barcelona12-150x150.jpg\" class=\"attachment-thumbnail size-thumbnail\" alt=\"\" loading=\"lazy\" \/><\/a>\n\t\t\t<\/div><\/figure><figure class='gallery-item'>\n\t\t\t<div class='gallery-icon landscape'>\n\t\t\t\t<a data-elementor-open-lightbox=\"yes\" data-elementor-lightbox-slideshow=\"d454c12\" data-elementor-lightbox-title=\"barcelona15\" data-elementor-lightbox-description=\"barcelona15\" e-action-hash=\"#elementor-action%3Aaction%3Dlightbox%26settings%3DeyJpZCI6MzUzMywidXJsIjoiaHR0cDpcL1wvd3d3LmxpbmRhZGVtZXllci5iZVwvd29yZHByZXNzXC93cC1jb250ZW50XC91cGxvYWRzXC8yMDIxXC8wMVwvYmFyY2Vsb25hMTUuanBnIiwic2xpZGVzaG93IjoiZDQ1NGMxMiJ9\" href='http:\/\/www.lindademeyer.be\/wordpress\/wp-content\/uploads\/2021\/01\/barcelona15.jpg' title=\"\" data-rl_title=\"\" class=\"rl-gallery-link\" data-rl_caption=\"barcelona15\" data-rel=\"lightbox-gallery-3\"><img width=\"150\" height=\"150\" src=\"http:\/\/www.lindademeyer.be\/wordpress\/wp-content\/uploads\/2021\/01\/barcelona15-150x150.jpg\" class=\"attachment-thumbnail size-thumbnail\" alt=\"\" loading=\"lazy\" \/><\/a>\n\t\t\t<\/div><\/figure><figure class='gallery-item'>\n\t\t\t<div class='gallery-icon portrait'>\n\t\t\t\t<a data-elementor-open-lightbox=\"yes\" data-elementor-lightbox-slideshow=\"d454c12\" data-elementor-lightbox-title=\"Barcelona, La Pedrera\" data-elementor-lightbox-description=\"Barcelona, La Pedrera\" e-action-hash=\"#elementor-action%3Aaction%3Dlightbox%26settings%3DeyJpZCI6MzUyNSwidXJsIjoiaHR0cDpcL1wvd3d3LmxpbmRhZGVtZXllci5iZVwvd29yZHByZXNzXC93cC1jb250ZW50XC91cGxvYWRzXC8yMDIxXC8wMVwvYmFyY2Vsb25hNy5qcGciLCJzbGlkZXNob3ciOiJkNDU0YzEyIn0%3D\" href='http:\/\/www.lindademeyer.be\/wordpress\/wp-content\/uploads\/2021\/01\/barcelona7.jpg' title=\"\" data-rl_title=\"\" class=\"rl-gallery-link\" data-rl_caption=\"Barcelona, La Pedrera\" data-rel=\"lightbox-gallery-3\"><img width=\"150\" height=\"150\" src=\"http:\/\/www.lindademeyer.be\/wordpress\/wp-content\/uploads\/2021\/01\/barcelona7-150x150.jpg\" class=\"attachment-thumbnail size-thumbnail\" alt=\"\" loading=\"lazy\" \/><\/a>\n\t\t\t<\/div><\/figure>\n\t\t<\/div>\n\t\t<\/div>\n\t\t\t\t<\/div>\n\t\t\t\t<\/div>\n\t\t\t\t<div class=\"elementor-element elementor-element-72e03764 elementor-widget elementor-widget-text-editor\" data-id=\"72e03764\" data-element_type=\"widget\" data-widget_type=\"text-editor.default\">\n\t\t\t\t<div class=\"elementor-widget-container\">\n\t\t\t\t\t\t\t\t<div class=\"elementor-text-editor elementor-clearfix\">\n\t\t\t\t\t\t\t\t\t<\/div>\n\t\t\t\t\t\t<\/div>\n\t\t\t\t<\/div>\n\t\t\t\t<div class=\"elementor-element elementor-element-442552a3 elementor-widget elementor-widget-text-editor\" data-id=\"442552a3\" data-element_type=\"widget\" data-widget_type=\"text-editor.default\">\n\t\t\t\t<div class=\"elementor-widget-container\">\n\t\t\t\t\t\t\t\t<div class=\"elementor-text-editor elementor-clearfix\">\n\t\t\t\t<p><span lang=\"nl-NL\" xml:lang=\"nl-NL\">We hebben besloten toch \u00e9\u00e9n van de gebouwen van Gaudi te bezoeken en we kiezen voor La Pedrera. <\/span><span lang=\"nl-NL\" xml:lang=\"nl-NL\">We moeten enkele minuten aanschuiven om binnen te kunnen.<\/span> Het dak, de binnenpleinen, enkele appartementen en een ruimte waar informatie over het werk van Gaudi wordt verstrekt zijn te bezichtigen.<\/p><p><span lang=\"nl-NL\" xml:lang=\"nl-NL\">Eenmaal binnen nemen we de lift naar het dak. <\/span>Het dak ziet er bijzonder excentriek uit. Het golvende oppervlak is voorzien van grote abstracte beelden. Ze functioneren als schoorstenen en ventilatieschachten of bieden onderdak aan waterreservoirs en trappen. We hebben ook een mooi uitzicht over Barcelona. Daarna bezichtigen we het appartement.<\/p><p>We hebben nog tijd voor een kleine wandeling door de wijk La Ribera. We kuieren door de kleine straatjes tot aan het Palau de la Musica Catalana en zakken dan af naar Pla\u00e7a de la Seu. Op de trappen voor de kathedraal zit er een soort orkest te spelen met een groep dansers bij.<\/p><p>De dag is weer voorbij gevlogen. Op La Ramba is er weer veel te beleven qua straatanimatie. We laten ons overhalen om op \u00e9\u00e9n van de terrasjes iets te drinken. Slecht idee!!! Het is er aangenaam zitten, daar niet van maar ze jagen daar de centen uit uwe zak. Ik vroeg een glas witte wijn en kreeg een flesje van 37,5 cl en Koen een biertje van \u00bd liter. We waren curieus hoeveel ons dat ging kosten want prijslijsten zie je daar niet. Het heeft ons maar liefst 22,50 euro gekost. Schandalig! De rekening laten ze niet liggen, die wordt rap weggedaan.<\/p><p>\u2019s Avonds gaan we eten in een visrestaurant in La Barceloneta. Er zijn verschillende visrestaurants die gevestigd zijn op de begane grond van voormalige pakhuizen. Om buiten te eten is het nog te fris maar ik denk dat het bij warm weer zalig vertoeven is op de terrassen met een mooi uitzicht over de haven.<\/p><p>\u00a0<\/p>\t\t\t\t\t<\/div>\n\t\t\t\t\t\t<\/div>\n\t\t\t\t<\/div>\n\t\t\t\t<div class=\"elementor-element elementor-element-b7ac2b5 elementor-widget elementor-widget-text-editor\" data-id=\"b7ac2b5\" data-element_type=\"widget\" data-widget_type=\"text-editor.default\">\n\t\t\t\t<div class=\"elementor-widget-container\">\n\t\t\t\t\t\t\t\t<div class=\"elementor-text-editor elementor-clearfix\">\n\t\t\t\t<h3>27 maart<\/h3><p>Deze nacht hebben we moeten overschakelen op zomeruur. Jammer 1 uur minder Barcelona. De weergoden zijn ons vandaag iets minder gezind, het regent. Het is alweer de laatste dag maar we vertrekken pas deze avond. In de voormiddag hebben we een bezoek gepland aan het beroemde stadion van\u00a0<a href=\"http:\/\/www.fcbarcelona.com\/web\/english\/\" target=\"_blank\" rel=\"noopener\">FC Barcelona<\/a>:\u00a0<a href=\"http:\/\/nl.wikipedia.org\/wiki\/Camp_Nou\" target=\"_blank\" rel=\"noopener\">Camp Nou<\/a>. Als voetballiefhebber mag je dit niet missen. We nemen de metro en een half uurtje later staan we aan de deur. Het bezoek is niet goedkoop: 22 euro pp.<\/p>\t\t\t\t\t<\/div>\n\t\t\t\t\t\t<\/div>\n\t\t\t\t<\/div>\n\t\t\t\t<div class=\"elementor-element elementor-element-40652224 elementor-widget elementor-widget-text-editor\" data-id=\"40652224\" data-element_type=\"widget\" data-widget_type=\"text-editor.default\">\n\t\t\t\t<div class=\"elementor-widget-container\">\n\t\t\t\t\t\t\t\t<div class=\"elementor-text-editor elementor-clearfix\">\n\t\t\t\t\t\t\t\t\t<\/div>\n\t\t\t\t\t\t<\/div>\n\t\t\t\t<\/div>\n\t\t\t\t<div class=\"elementor-element elementor-element-2b8e388 elementor-widget elementor-widget-image-gallery\" data-id=\"2b8e388\" data-element_type=\"widget\" data-widget_type=\"image-gallery.default\">\n\t\t\t\t<div class=\"elementor-widget-container\">\n\t\t\t\t\t<div class=\"elementor-image-gallery\">\n\t\t\t<div id='gallery-4' class='gallery galleryid-3502 gallery-columns-4 gallery-size-thumbnail'><figure class='gallery-item'>\n\t\t\t<div class='gallery-icon landscape'>\n\t\t\t\t<a data-elementor-open-lightbox=\"yes\" data-elementor-lightbox-slideshow=\"2b8e388\" data-elementor-lightbox-title=\"1103_Barcelona_012-112\" data-elementor-lightbox-description=\"1103_Barcelona_012-112\" e-action-hash=\"#elementor-action%3Aaction%3Dlightbox%26settings%3DeyJpZCI6MzU1MywidXJsIjoiaHR0cDpcL1wvd3d3LmxpbmRhZGVtZXllci5iZVwvd29yZHByZXNzXC93cC1jb250ZW50XC91cGxvYWRzXC8yMDIxXC8wMlwvMTEwM19CYXJjZWxvbmFfMDEyLTExMi5qcGciLCJzbGlkZXNob3ciOiIyYjhlMzg4In0%3D\" href='http:\/\/www.lindademeyer.be\/wordpress\/wp-content\/uploads\/2021\/02\/1103_Barcelona_012-112.jpg' title=\"\" data-rl_title=\"\" class=\"rl-gallery-link\" data-rl_caption=\"1103_Barcelona_012-112\" data-rel=\"lightbox-gallery-4\"><img width=\"150\" height=\"150\" src=\"http:\/\/www.lindademeyer.be\/wordpress\/wp-content\/uploads\/2021\/02\/1103_Barcelona_012-112-150x150.jpg\" class=\"attachment-thumbnail size-thumbnail\" alt=\"\" loading=\"lazy\" \/><\/a>\n\t\t\t<\/div><\/figure><figure class='gallery-item'>\n\t\t\t<div class='gallery-icon landscape'>\n\t\t\t\t<a data-elementor-open-lightbox=\"yes\" data-elementor-lightbox-slideshow=\"2b8e388\" data-elementor-lightbox-title=\"1103_Barcelona_012-104\" data-elementor-lightbox-description=\"1103_Barcelona_012-104\" e-action-hash=\"#elementor-action%3Aaction%3Dlightbox%26settings%3DeyJpZCI6MzU1NCwidXJsIjoiaHR0cDpcL1wvd3d3LmxpbmRhZGVtZXllci5iZVwvd29yZHByZXNzXC93cC1jb250ZW50XC91cGxvYWRzXC8yMDIxXC8wMlwvMTEwM19CYXJjZWxvbmFfMDEyLTEwNC5qcGciLCJzbGlkZXNob3ciOiIyYjhlMzg4In0%3D\" href='http:\/\/www.lindademeyer.be\/wordpress\/wp-content\/uploads\/2021\/02\/1103_Barcelona_012-104.jpg' title=\"\" data-rl_title=\"\" class=\"rl-gallery-link\" data-rl_caption=\"1103_Barcelona_012-104\" data-rel=\"lightbox-gallery-4\"><img width=\"150\" height=\"150\" src=\"http:\/\/www.lindademeyer.be\/wordpress\/wp-content\/uploads\/2021\/02\/1103_Barcelona_012-104-150x150.jpg\" class=\"attachment-thumbnail size-thumbnail\" alt=\"\" loading=\"lazy\" \/><\/a>\n\t\t\t<\/div><\/figure><figure class='gallery-item'>\n\t\t\t<div class='gallery-icon landscape'>\n\t\t\t\t<a data-elementor-open-lightbox=\"yes\" data-elementor-lightbox-slideshow=\"2b8e388\" data-elementor-lightbox-title=\"1103_Barcelona_012-106\" data-elementor-lightbox-description=\"1103_Barcelona_012-106\" e-action-hash=\"#elementor-action%3Aaction%3Dlightbox%26settings%3DeyJpZCI6MzU1NSwidXJsIjoiaHR0cDpcL1wvd3d3LmxpbmRhZGVtZXllci5iZVwvd29yZHByZXNzXC93cC1jb250ZW50XC91cGxvYWRzXC8yMDIxXC8wMlwvMTEwM19CYXJjZWxvbmFfMDEyLTEwNi5qcGciLCJzbGlkZXNob3ciOiIyYjhlMzg4In0%3D\" href='http:\/\/www.lindademeyer.be\/wordpress\/wp-content\/uploads\/2021\/02\/1103_Barcelona_012-106.jpg' title=\"\" data-rl_title=\"\" class=\"rl-gallery-link\" data-rl_caption=\"1103_Barcelona_012-106\" data-rel=\"lightbox-gallery-4\"><img width=\"150\" height=\"150\" src=\"http:\/\/www.lindademeyer.be\/wordpress\/wp-content\/uploads\/2021\/02\/1103_Barcelona_012-106-150x150.jpg\" class=\"attachment-thumbnail size-thumbnail\" alt=\"\" loading=\"lazy\" \/><\/a>\n\t\t\t<\/div><\/figure><figure class='gallery-item'>\n\t\t\t<div class='gallery-icon portrait'>\n\t\t\t\t<a data-elementor-open-lightbox=\"yes\" data-elementor-lightbox-slideshow=\"2b8e388\" data-elementor-lightbox-title=\"1103_barcelona_013-106\" data-elementor-lightbox-description=\"1103_barcelona_013-106\" e-action-hash=\"#elementor-action%3Aaction%3Dlightbox%26settings%3DeyJpZCI6MzU1NiwidXJsIjoiaHR0cDpcL1wvd3d3LmxpbmRhZGVtZXllci5iZVwvd29yZHByZXNzXC93cC1jb250ZW50XC91cGxvYWRzXC8yMDIxXC8wMlwvMTEwM19iYXJjZWxvbmFfMDEzLTEwNi5qcGciLCJzbGlkZXNob3ciOiIyYjhlMzg4In0%3D\" href='http:\/\/www.lindademeyer.be\/wordpress\/wp-content\/uploads\/2021\/02\/1103_barcelona_013-106.jpg' title=\"\" data-rl_title=\"\" class=\"rl-gallery-link\" data-rl_caption=\"1103_barcelona_013-106\" data-rel=\"lightbox-gallery-4\"><img width=\"150\" height=\"150\" src=\"http:\/\/www.lindademeyer.be\/wordpress\/wp-content\/uploads\/2021\/02\/1103_barcelona_013-106-150x150.jpg\" class=\"attachment-thumbnail size-thumbnail\" alt=\"\" loading=\"lazy\" \/><\/a>\n\t\t\t<\/div><\/figure>\n\t\t<\/div>\n\t\t<\/div>\n\t\t\t\t<\/div>\n\t\t\t\t<\/div>\n\t\t\t\t<div class=\"elementor-element elementor-element-2289f333 elementor-widget elementor-widget-text-editor\" data-id=\"2289f333\" data-element_type=\"widget\" data-widget_type=\"text-editor.default\">\n\t\t\t\t<div class=\"elementor-widget-container\">\n\t\t\t\t\t\t\t\t<div class=\"elementor-text-editor elementor-clearfix\">\n\t\t\t\t<p>Het is een indrukwekkend stadion, wij zijn dit niet gewoon. Ik denk dat het wel de moeite is om hier een wedstrijd mee te maken. We bezoeken eerst het museum. Hier zie je de evolutie over de jaren heen, van schoenen, tshirts tot allerhande trofee\u00ebn. Met de audiogids, zelfs in het Nederlands, kun je je eigen tempo volgen. We mogen ook de kleedkamer van de bezoekende ploeg en de perszaal bezoeken. Na de rondleiding kun je de winkel bezoeken: La FCBotiga. De offici\u00eble club winkel van Bar\u00e7a heeft filialen verspreid door de hele stad, maar de enige echte superstore is bij het stadion te vinden. Naast de gebruikelijke mokken en horloges, kun je hier ook terecht voor oude vintage shirts of het nieuwste tenue met jouw naam en rugnummer. Alles natuurlijk met een stevig prijskaartje.<\/p>\t\t\t\t\t<\/div>\n\t\t\t\t\t\t<\/div>\n\t\t\t\t<\/div>\n\t\t\t\t<section class=\"elementor-section elementor-inner-section elementor-element elementor-element-116c5665 elementor-section-boxed elementor-section-height-default elementor-section-height-default\" data-id=\"116c5665\" data-element_type=\"section\">\n\t\t\t\t\t\t<div class=\"elementor-container elementor-column-gap-default\">\n\t\t\t\t\t\t\t<div class=\"elementor-row\">\n\t\t\t\t\t<div class=\"elementor-column elementor-col-50 elementor-inner-column elementor-element elementor-element-649bb06b\" data-id=\"649bb06b\" data-element_type=\"column\">\n\t\t\t<div class=\"elementor-column-wrap elementor-element-populated\">\n\t\t\t\t\t\t\t<div class=\"elementor-widget-wrap\">\n\t\t\t\t\t\t<div class=\"elementor-element elementor-element-404f7b0b elementor-widget elementor-widget-image\" data-id=\"404f7b0b\" data-element_type=\"widget\" data-widget_type=\"image.default\">\n\t\t\t\t<div class=\"elementor-widget-container\">\n\t\t\t\t\t\t\t\t<div class=\"elementor-image\">\n\t\t\t\t\t\t\t\t\t\t\t\t<img width=\"153\" height=\"204\" src=\"http:\/\/www.lindademeyer.be\/wordpress\/wp-content\/uploads\/2021\/01\/foto12-3.jpg\" class=\"attachment-large size-large\" alt=\"\" loading=\"lazy\" \/>\t\t\t\t\t\t\t\t\t\t\t\t\t\t<\/div>\n\t\t\t\t\t\t<\/div>\n\t\t\t\t<\/div>\n\t\t\t\t\t\t<\/div>\n\t\t\t\t\t<\/div>\n\t\t<\/div>\n\t\t\t\t<div class=\"elementor-column elementor-col-50 elementor-inner-column elementor-element elementor-element-6dc41286\" data-id=\"6dc41286\" data-element_type=\"column\">\n\t\t\t<div class=\"elementor-column-wrap elementor-element-populated\">\n\t\t\t\t\t\t\t<div class=\"elementor-widget-wrap\">\n\t\t\t\t\t\t<div class=\"elementor-element elementor-element-5b6456d7 elementor-widget elementor-widget-text-editor\" data-id=\"5b6456d7\" data-element_type=\"widget\" data-widget_type=\"text-editor.default\">\n\t\t\t\t<div class=\"elementor-widget-container\">\n\t\t\t\t\t\t\t\t<div class=\"elementor-text-editor elementor-clearfix\">\n\t\t\t\t<p align=\"left\">Ondertussen schijnt alweer de zon en maken we tijd voor een aperitiefje. Daarna onze tapas en dan is het tijd om onze valiezen te gaan halen. Vanop la Pla\u00e7a Catalunya nemen we de bus naar de luchthaven. Na het inchecken lopen we nog even rond en ontdekken we zowaar een dakterras waar we o.a. een ijsje kunnen eten en iets drinken. Super!<\/p><p align=\"left\">Het was een kort bezoek maar zeker de moeite waard. We komen nog eens terug.<\/p><p align=\"left\">Hasta luego!<\/p>\t\t\t\t\t<\/div>\n\t\t\t\t\t\t<\/div>\n\t\t\t\t<\/div>\n\t\t\t\t\t\t<\/div>\n\t\t\t\t\t<\/div>\n\t\t<\/div>\n\t\t\t\t\t\t\t\t<\/div>\n\t\t\t\t\t<\/div>\n\t\t<\/section>\n\t\t\t\t\t\t<\/div>\n\t\t\t\t\t<\/div>\n\t\t<\/div>\n\t\t\t\t\t\t\t\t<\/div>\n\t\t\t\t\t<\/div>\n\t\t<\/section>\n\t\t\t\t\t\t\t\t\t<\/div>\n\t\t\t<\/div>\n\t\t\t\t\t<\/div>\n\t\t","protected":false},"excerpt":{"rendered":"<p>SPANJE BARCELONA 24 maart 2011 Barcelona, de 2de grootste stad van Spanje is een echt pareltje. Het is de hoofdstad van Cataloni\u00eb en van de provincie Barcelona. Gaudi, Picasso, Miro en Dali zorgden er voor dat Barcelona een culturele topper is. Het feit dat Barcelona aan zee ligt maakt het een ideale bestemming voor een [&hellip;]<\/p>\n","protected":false},"author":1,"featured_media":0,"parent":0,"menu_order":0,"comment_status":"closed","ping_status":"closed","template":"","meta":{"_uag_custom_page_level_css":"","_vp_format_video_url":"","_vp_image_focal_point":[]},"uagb_featured_image_src":{"full":false,"thumbnail":false,"medium":false,"medium_large":false,"large":false,"1536x1536":false,"2048x2048":false,"vp_sm":false,"vp_md":false,"vp_lg":false,"vp_xl":false,"vp_sm_popup":false,"vp_md_popup":false,"vp_xl_popup":false,"sow-carousel-default":false},"uagb_author_info":{"display_name":"lindakoen","author_link":"http:\/\/www.lindademeyer.be\/wordpress\/author\/lindakoen\/"},"uagb_comment_info":0,"uagb_excerpt":"SPANJE BARCELONA 24 maart 2011 Barcelona, de 2de grootste stad van Spanje is een echt pareltje. Het is de hoofdstad van Cataloni\u00eb en van de provincie Barcelona. Gaudi, Picasso, Miro en Dali zorgden er voor dat Barcelona een culturele topper is. Het feit dat Barcelona aan zee ligt maakt het een ideale bestemming voor een&hellip;","_links":{"self":[{"href":"http:\/\/www.lindademeyer.be\/wordpress\/wp-json\/wp\/v2\/pages\/3502"}],"collection":[{"href":"http:\/\/www.lindademeyer.be\/wordpress\/wp-json\/wp\/v2\/pages"}],"about":[{"href":"http:\/\/www.lindademeyer.be\/wordpress\/wp-json\/wp\/v2\/types\/page"}],"author":[{"embeddable":true,"href":"http:\/\/www.lindademeyer.be\/wordpress\/wp-json\/wp\/v2\/users\/1"}],"replies":[{"embeddable":true,"href":"http:\/\/www.lindademeyer.be\/wordpress\/wp-json\/wp\/v2\/comments?post=3502"}],"version-history":[{"count":19,"href":"http:\/\/www.lindademeyer.be\/wordpress\/wp-json\/wp\/v2\/pages\/3502\/revisions"}],"predecessor-version":[{"id":3570,"href":"http:\/\/www.lindademeyer.be\/wordpress\/wp-json\/wp\/v2\/pages\/3502\/revisions\/3570"}],"wp:attachment":[{"href":"http:\/\/www.lindademeyer.be\/wordpress\/wp-json\/wp\/v2\/media?parent=3502"}],"curies":[{"name":"wp","href":"https:\/\/api.w.org\/{rel}","templated":true}]}}