{"id":3161,"date":"2021-01-16T16:09:25","date_gmt":"2021-01-16T16:09:25","guid":{"rendered":"http:\/\/www.lindademeyer.be\/wordpress\/?page_id=3161"},"modified":"2021-03-01T15:15:40","modified_gmt":"2021-03-01T15:15:40","slug":"champagne","status":"publish","type":"page","link":"http:\/\/www.lindademeyer.be\/wordpress\/champagne\/","title":{"rendered":"Champagne"},"content":{"rendered":"\t\t<div data-elementor-type=\"wp-page\" data-elementor-id=\"3161\" class=\"elementor elementor-3161\">\n\t\t\t\t\t\t<div class=\"elementor-inner\">\n\t\t\t\t<div class=\"elementor-section-wrap\">\n\t\t\t\t\t\t\t\t\t<section class=\"elementor-section elementor-top-section elementor-element elementor-element-4eb58155 elementor-section-boxed elementor-section-height-default elementor-section-height-default\" data-id=\"4eb58155\" data-element_type=\"section\">\n\t\t\t\t\t\t<div class=\"elementor-container elementor-column-gap-default\">\n\t\t\t\t\t\t\t<div class=\"elementor-row\">\n\t\t\t\t\t<div class=\"elementor-column elementor-col-100 elementor-top-column elementor-element elementor-element-62f79bd7\" data-id=\"62f79bd7\" data-element_type=\"column\">\n\t\t\t<div class=\"elementor-column-wrap elementor-element-populated\">\n\t\t\t\t\t\t\t<div class=\"elementor-widget-wrap\">\n\t\t\t\t\t\t<div class=\"elementor-element elementor-element-5ebb8d25 elementor-widget elementor-widget-heading\" data-id=\"5ebb8d25\" data-element_type=\"widget\" data-widget_type=\"heading.default\">\n\t\t\t\t<div class=\"elementor-widget-container\">\n\t\t\t<h3 class=\"elementor-heading-title elementor-size-default\">FRANKRIJK<\/h3>\t\t<\/div>\n\t\t\t\t<\/div>\n\t\t\t\t\t\t<\/div>\n\t\t\t\t\t<\/div>\n\t\t<\/div>\n\t\t\t\t\t\t\t\t<\/div>\n\t\t\t\t\t<\/div>\n\t\t<\/section>\n\t\t\t\t<section class=\"elementor-section elementor-top-section elementor-element elementor-element-178b1bfc elementor-section-boxed elementor-section-height-default elementor-section-height-default\" data-id=\"178b1bfc\" data-element_type=\"section\">\n\t\t\t\t\t\t<div class=\"elementor-container elementor-column-gap-default\">\n\t\t\t\t\t\t\t<div class=\"elementor-row\">\n\t\t\t\t\t<div class=\"elementor-column elementor-col-100 elementor-top-column elementor-element elementor-element-25a12be8\" data-id=\"25a12be8\" data-element_type=\"column\">\n\t\t\t<div class=\"elementor-column-wrap elementor-element-populated\">\n\t\t\t\t\t\t\t<div class=\"elementor-widget-wrap\">\n\t\t\t\t\t\t<div class=\"elementor-element elementor-element-adcd139 elementor-widget elementor-widget-image\" data-id=\"adcd139\" data-element_type=\"widget\" data-widget_type=\"image.default\">\n\t\t\t\t<div class=\"elementor-widget-container\">\n\t\t\t\t\t\t\t\t<div class=\"elementor-image\">\n\t\t\t\t\t\t\t\t\t\t\t\t<img width=\"940\" height=\"420\" src=\"http:\/\/www.lindademeyer.be\/wordpress\/wp-content\/uploads\/2021\/01\/DSC7163champagne.jpg\" class=\"attachment-full size-full\" alt=\"\" loading=\"lazy\" srcset=\"http:\/\/www.lindademeyer.be\/wordpress\/wp-content\/uploads\/2021\/01\/DSC7163champagne.jpg 940w, http:\/\/www.lindademeyer.be\/wordpress\/wp-content\/uploads\/2021\/01\/DSC7163champagne-300x134.jpg 300w, http:\/\/www.lindademeyer.be\/wordpress\/wp-content\/uploads\/2021\/01\/DSC7163champagne-768x343.jpg 768w, http:\/\/www.lindademeyer.be\/wordpress\/wp-content\/uploads\/2021\/01\/DSC7163champagne-500x223.jpg 500w, http:\/\/www.lindademeyer.be\/wordpress\/wp-content\/uploads\/2021\/01\/DSC7163champagne-800x357.jpg 800w\" sizes=\"(max-width: 940px) 100vw, 940px\" \/>\t\t\t\t\t\t\t\t\t\t\t\t\t\t<\/div>\n\t\t\t\t\t\t<\/div>\n\t\t\t\t<\/div>\n\t\t\t\t<div class=\"elementor-element elementor-element-2c5e6382 elementor-widget elementor-widget-spacer\" data-id=\"2c5e6382\" data-element_type=\"widget\" data-widget_type=\"spacer.default\">\n\t\t\t\t<div class=\"elementor-widget-container\">\n\t\t\t\t\t<div class=\"elementor-spacer\">\n\t\t\t<div class=\"elementor-spacer-inner\"><\/div>\n\t\t<\/div>\n\t\t\t\t<\/div>\n\t\t\t\t<\/div>\n\t\t\t\t<div class=\"elementor-element elementor-element-f647d20 elementor-widget elementor-widget-text-editor\" data-id=\"f647d20\" data-element_type=\"widget\" data-widget_type=\"text-editor.default\">\n\t\t\t\t<div class=\"elementor-widget-container\">\n\t\t\t\t\t\t\t\t<div class=\"elementor-text-editor elementor-clearfix\">\n\t\t\t\t<h3 style=\"text-align: center;\">CHAMPAGNE<\/h3>\t\t\t\t\t<\/div>\n\t\t\t\t\t\t<\/div>\n\t\t\t\t<\/div>\n\t\t\t\t<div class=\"elementor-element elementor-element-1434ddbd elementor-widget elementor-widget-text-editor\" data-id=\"1434ddbd\" data-element_type=\"widget\" data-widget_type=\"text-editor.default\">\n\t\t\t\t<div class=\"elementor-widget-container\">\n\t\t\t\t\t\t\t\t<div class=\"elementor-text-editor elementor-clearfix\">\n\t\t\t\t<h4 style=\"text-align: center;\"><span style=\"font-size: 10pt;\">26 juli 2010<\/span><\/h4><hr \/>\t\t\t\t\t<\/div>\n\t\t\t\t\t\t<\/div>\n\t\t\t\t<\/div>\n\t\t\t\t<div class=\"elementor-element elementor-element-66b6fb6f elementor-widget-divider--view-line elementor-widget elementor-widget-divider\" data-id=\"66b6fb6f\" data-element_type=\"widget\" data-widget_type=\"divider.default\">\n\t\t\t\t<div class=\"elementor-widget-container\">\n\t\t\t\t\t<div class=\"elementor-divider\">\n\t\t\t<span class=\"elementor-divider-separator\">\n\t\t\t\t\t\t<\/span>\n\t\t<\/div>\n\t\t\t\t<\/div>\n\t\t\t\t<\/div>\n\t\t\t\t\t\t<\/div>\n\t\t\t\t\t<\/div>\n\t\t<\/div>\n\t\t\t\t\t\t\t\t<\/div>\n\t\t\t\t\t<\/div>\n\t\t<\/section>\n\t\t\t\t<section class=\"elementor-section elementor-top-section elementor-element elementor-element-585923c6 elementor-section-boxed elementor-section-height-default elementor-section-height-default\" data-id=\"585923c6\" data-element_type=\"section\">\n\t\t\t\t\t\t<div class=\"elementor-container elementor-column-gap-default\">\n\t\t\t\t\t\t\t<div class=\"elementor-row\">\n\t\t\t\t\t<div class=\"elementor-column elementor-col-100 elementor-top-column elementor-element elementor-element-547a1680\" data-id=\"547a1680\" data-element_type=\"column\">\n\t\t\t<div class=\"elementor-column-wrap elementor-element-populated\">\n\t\t\t\t\t\t\t<div class=\"elementor-widget-wrap\">\n\t\t\t\t\t\t<div class=\"elementor-element elementor-element-45bf19b2 elementor-widget elementor-widget-text-editor\" data-id=\"45bf19b2\" data-element_type=\"widget\" data-widget_type=\"text-editor.default\">\n\t\t\t\t<div class=\"elementor-widget-container\">\n\t\t\t\t\t\t\t\t<div class=\"elementor-text-editor elementor-clearfix\">\n\t\t\t\t<p align=\"left\"><strong>We zijn dit jaar dicht bij huis gebleven. Amper 300 km ver bevindt zich de Champagnestreek. Uitgestrekte en contrastrijke landschappen met bossen, wijngaarden en meren kenmerken deze streek. Imposante kathedralen en kerkschatten sieren steden als Reims en Troyes.<\/strong><\/p><p align=\"left\"><strong>De Champagnestreek maakt deel uit van de ruimere regio Champagne-Ardennes. Hoewel Champagne-Ardennes zich uitstrekt vanaf de Belgisch-Franse grens in Givet tot Langres, zo\u2019n 300 km Zuidwaarts, zijn het vooral de departementen Marne en Aube die worden geassocieerd met de Champagnestreek.<\/strong><\/p><p align=\"left\"><strong>De wijngaarden beslaan 31.000 ha, grotendeels in het departement Marne. Het continentale klimaat is streng. De wijnstokken worden door de kalkhellingen beschut tegen de vochtige wind en rijpen alleen dankzij de krijthoudende ondergrond. Het\u00a0krijt\u00a0regelt namelijk de hele water- en warmtehuishouding: het zorgt voor een goede afvoer of laat grondwater juist door om ook de wortels aan het oppervlak te voeden. In het voorjaar warmt de bodem snel op, het krijt slaat warmte op voor &#8217;s nachts en geeft de zonnewarmte door aan de wijnstokken. De minerale bestanddelen geven de wijn aroma en finesse. De beste wijngebieden zijn dan ook die met het hoogste krijtgehalte: de Montagne de Reims, de hellingen op de linkeroever van de Vesle (zijrivier van de Aisne), het Marne-dal en de C\u00f4te des Blancs ten zuiden van Epernay tot in Vertus.<\/strong><\/p><p align=\"left\"><strong>Voor de champagne worden maar 3 soorten druiven gebruikt, die uitermate geschikt zijn voor de bodem en het klimaat van de champagne:<\/strong><\/p><ul><li><strong>de pinot noir, een blauwe druif met wit sap en compacte trossen die de wijn diepte en karakter geeft, die domineert rond de Montagne de Reims en in de C\u00f4te des Bar.<\/strong><\/li><li><strong>de pinot meunier, ook een blauwe druif met wit sap, populair om haar fruitigheid en typische souplesse. Komt vooral voor in het Marne-dal.<\/strong><\/li><li><strong>de chardonnay, een witte druif die bekendstaat om haar finesse en aroma, geconcentreerd in de C\u00f4te des Blancs.<\/strong><\/li><\/ul><p align=\"left\"><strong>Deze vakantie hebben wij gekozen voor een verblijf in een chambre d&#8217;h\u00f4tes en wel bij Belgen.<\/strong><\/p><p align=\"left\"><strong>Het is alleszins een sprankelend kortverblijf geworden.<\/strong><\/p>\t\t\t\t\t<\/div>\n\t\t\t\t\t\t<\/div>\n\t\t\t\t<\/div>\n\t\t\t\t<div class=\"elementor-element elementor-element-78dd6d8e elementor-widget-divider--view-line elementor-widget elementor-widget-divider\" data-id=\"78dd6d8e\" data-element_type=\"widget\" data-widget_type=\"divider.default\">\n\t\t\t\t<div class=\"elementor-widget-container\">\n\t\t\t\t\t<div class=\"elementor-divider\">\n\t\t\t<span class=\"elementor-divider-separator\">\n\t\t\t\t\t\t<\/span>\n\t\t<\/div>\n\t\t\t\t<\/div>\n\t\t\t\t<\/div>\n\t\t\t\t<div class=\"elementor-element elementor-element-3b269c10 elementor-widget elementor-widget-text-editor\" data-id=\"3b269c10\" data-element_type=\"widget\" data-widget_type=\"text-editor.default\">\n\t\t\t\t<div class=\"elementor-widget-container\">\n\t\t\t\t\t\t\t\t<div class=\"elementor-text-editor elementor-clearfix\">\n\t\t\t\t<h3 align=\"left\">Maandag 26 juli 2010<\/h3><p>Lokeren &#8211; F\u00e8re-en-Tardenois<\/p><p>Onder een dik pak wolken rijden we vandaag naar Reims waar we kort voor de middag aankomen. Ze zijn hier overal aan het werk. Er wordt een nieuwe tramweg aangelegd die pas in 2011 zal afgewerkt zijn. Het is een ramp en we geraken niet direct waar we willen zijn. Als we er aankomen zijn we dan juist te laat om onze eerste kelder &#8216;<a href=\"http:\/\/www.taittinger.com\/\" target=\"_blank\" rel=\"noopener\">Taittinger<\/a>&#8216; te bezoeken. Tussen 12u en 14u zijn de meeste kelders gesloten. Dan maar het centrum in. Terug het verkeersinfarct in&#8230;. <\/p>\t\t\t\t\t<\/div>\n\t\t\t\t\t\t<\/div>\n\t\t\t\t<\/div>\n\t\t\t\t<section class=\"elementor-section elementor-inner-section elementor-element elementor-element-5da784db elementor-section-boxed elementor-section-height-default elementor-section-height-default\" data-id=\"5da784db\" data-element_type=\"section\">\n\t\t\t\t\t\t<div class=\"elementor-container elementor-column-gap-default\">\n\t\t\t\t\t\t\t<div class=\"elementor-row\">\n\t\t\t\t\t<div class=\"elementor-column elementor-col-50 elementor-inner-column elementor-element elementor-element-60023a1f\" data-id=\"60023a1f\" data-element_type=\"column\">\n\t\t\t<div class=\"elementor-column-wrap elementor-element-populated\">\n\t\t\t\t\t\t\t<div class=\"elementor-widget-wrap\">\n\t\t\t\t\t\t<div class=\"elementor-element elementor-element-52ad738 elementor-widget elementor-widget-text-editor\" data-id=\"52ad738\" data-element_type=\"widget\" data-widget_type=\"text-editor.default\">\n\t\t\t\t<div class=\"elementor-widget-container\">\n\t\t\t\t\t\t\t\t<div class=\"elementor-text-editor elementor-clearfix\">\n\t\t\t\t<p>Blikvanger van de stad is ongetwijfeld de Notre Dame, waarin Clovis in 496 werd gedoopt.<br \/>Na een felle brand werd de kathedraal in de dertiende eeuw volledig heropgebouwd, ge\u00efnspireerd door de kathedralen van Parijs, Soissons en Chartres. Door haar eenheid in stijl, het schitterende beeldhouwwerk en de prominente rol in de Franse geschiedenis wordt de Notre Dame beschouwd als \u00e9\u00e9n van de beroemdste christelijke kathedralen en behoort tot de Werelderfgoedlijst.<\/p><p>Aan de buitenkant lijkt de kathedraal \u00e9\u00e9n grote beeldenmassa: het zijn er meer dan 2300, maar sommige beelden die tijdens de oorlog of door het weer te veel schade hadden opgelopen, zijn weggehaald en worden in het Palais du Tau tentoongesteld. Ze zijn vervangen door kopie\u00ebn.<\/p>\t\t\t\t\t<\/div>\n\t\t\t\t\t\t<\/div>\n\t\t\t\t<\/div>\n\t\t\t\t\t\t<\/div>\n\t\t\t\t\t<\/div>\n\t\t<\/div>\n\t\t\t\t<div class=\"elementor-column elementor-col-50 elementor-inner-column elementor-element elementor-element-44b631b5\" data-id=\"44b631b5\" data-element_type=\"column\">\n\t\t\t<div class=\"elementor-column-wrap elementor-element-populated\">\n\t\t\t\t\t\t\t<div class=\"elementor-widget-wrap\">\n\t\t\t\t\t\t<div class=\"elementor-element elementor-element-105eaa15 elementor-widget elementor-widget-image\" data-id=\"105eaa15\" data-element_type=\"widget\" data-widget_type=\"image.default\">\n\t\t\t\t<div class=\"elementor-widget-container\">\n\t\t\t\t\t\t\t\t<div class=\"elementor-image\">\n\t\t\t\t\t\t\t\t\t\t\t\t<img width=\"200\" height=\"300\" src=\"http:\/\/www.lindademeyer.be\/wordpress\/wp-content\/uploads\/2021\/01\/DSC7075-1reims.jpg\" class=\"attachment-large size-large\" alt=\"\" loading=\"lazy\" \/>\t\t\t\t\t\t\t\t\t\t\t\t\t\t<\/div>\n\t\t\t\t\t\t<\/div>\n\t\t\t\t<\/div>\n\t\t\t\t\t\t<\/div>\n\t\t\t\t\t<\/div>\n\t\t<\/div>\n\t\t\t\t\t\t\t\t<\/div>\n\t\t\t\t\t<\/div>\n\t\t<\/section>\n\t\t\t\t<div class=\"elementor-element elementor-element-343a9016 elementor-widget elementor-widget-text-editor\" data-id=\"343a9016\" data-element_type=\"widget\" data-widget_type=\"text-editor.default\">\n\t\t\t\t<div class=\"elementor-widget-container\">\n\t\t\t\t\t\t\t\t<div class=\"elementor-text-editor elementor-clearfix\">\n\t\t\t\t<p>Vanaf de kathedraal is het een kleine stap naar de Place Royale, een breed plein met in het midden een opvallend standbeeld van koning Lodewijk XV. Via deze drukke rotonde en de Rue Bertin komen we terecht op het Place du Forum, in Romeinse tijden het commerci\u00eble hart van de stad. Nu is dit een vredig pleintje. Op een van de terrassen installeren we ons maar de bediening laat op zich wachten. We vragen ons af of er niet een pleintje is waar er meer te beleven valt. Op onze plattegrond zien we dit inderdaad: de Place Drouet d&#8217;Erlon. Dit langgerekte plein, alleen voor voetgangers toegankelijk, is met zijn vele caf\u00e9s, restaurants, hotels en bioscopen het uitgangscentrum van Reims. En de bediening is hier gelukkig vlot. Het blijft helaas niet droog maar we zitten onder een grote paraplu.<\/p>\t\t\t\t\t<\/div>\n\t\t\t\t\t\t<\/div>\n\t\t\t\t<\/div>\n\t\t\t\t<div class=\"elementor-element elementor-element-6c923693 elementor-widget elementor-widget-image\" data-id=\"6c923693\" data-element_type=\"widget\" data-widget_type=\"image.default\">\n\t\t\t\t<div class=\"elementor-widget-container\">\n\t\t\t\t\t\t\t\t<div class=\"elementor-image\">\n\t\t\t\t\t\t\t\t\t\t\t\t<img width=\"748\" height=\"230\" src=\"http:\/\/www.lindademeyer.be\/wordpress\/wp-content\/uploads\/2021\/01\/kop2.jpg\" class=\"attachment-full size-full\" alt=\"\" loading=\"lazy\" srcset=\"http:\/\/www.lindademeyer.be\/wordpress\/wp-content\/uploads\/2021\/01\/kop2.jpg 748w, http:\/\/www.lindademeyer.be\/wordpress\/wp-content\/uploads\/2021\/01\/kop2-300x92.jpg 300w, http:\/\/www.lindademeyer.be\/wordpress\/wp-content\/uploads\/2021\/01\/kop2-500x154.jpg 500w\" sizes=\"(max-width: 748px) 100vw, 748px\" \/>\t\t\t\t\t\t\t\t\t\t\t\t\t\t<\/div>\n\t\t\t\t\t\t<\/div>\n\t\t\t\t<\/div>\n\t\t\t\t<div class=\"elementor-element elementor-element-4dd90500 elementor-widget elementor-widget-text-editor\" data-id=\"4dd90500\" data-element_type=\"widget\" data-widget_type=\"text-editor.default\">\n\t\t\t\t<div class=\"elementor-widget-container\">\n\t\t\t\t\t\t\t\t<div class=\"elementor-text-editor elementor-clearfix\">\n\t\t\t\t<p>De &#8216;grote champagnemerken&#8217; organiseren rondleidingen in hun kelders. E\u00e9n van de interessantste is Taittinger. Behalve 250 ha wijngaarden, zes oogstschuren op de Montagne de Reims, bezit de firma Taittinger schitterende wijnkelders. Er zijn 15 miljoen flessen opgeslagen, waarvan de inhoud rustig ligt te rijpen in de koele Gallo-Romeinse gangen en in de crypten van de 13de-eeuwse Abbay Saint-Nicaise, die tijdens de Franse Revolutie is verwoest. Een bezoek is 10 EUR per persoon. De rondleiding gebeurt in het Frans of in het Engels. De rondleiding duurt ongeveer 1 uur en brengt je tot een diepte van 20m aan een temperatuur van 11 graden. Het bezoek wordt afgesloten met een glaasje champagne. Kopen doen we hier niet want de prijzen vanaf 31 EUR zijn ons toch wat te veel. Hoewel ik er niet alles van begrepen heb was het toch wel de moeite.<\/p>\t\t\t\t\t<\/div>\n\t\t\t\t\t\t<\/div>\n\t\t\t\t<\/div>\n\t\t\t\t<section class=\"elementor-section elementor-inner-section elementor-element elementor-element-303f7fba elementor-section-boxed elementor-section-height-default elementor-section-height-default\" data-id=\"303f7fba\" data-element_type=\"section\">\n\t\t\t\t\t\t<div class=\"elementor-container elementor-column-gap-default\">\n\t\t\t\t\t\t\t<div class=\"elementor-row\">\n\t\t\t\t\t<div class=\"elementor-column elementor-col-33 elementor-inner-column elementor-element elementor-element-7ddae265\" data-id=\"7ddae265\" data-element_type=\"column\">\n\t\t\t<div class=\"elementor-column-wrap elementor-element-populated\">\n\t\t\t\t\t\t\t<div class=\"elementor-widget-wrap\">\n\t\t\t\t\t\t<div class=\"elementor-element elementor-element-3c03b803 elementor-widget elementor-widget-image\" data-id=\"3c03b803\" data-element_type=\"widget\" data-widget_type=\"image.default\">\n\t\t\t\t<div class=\"elementor-widget-container\">\n\t\t\t\t\t\t\t\t<div class=\"elementor-image\">\n\t\t\t\t\t\t\t\t\t\t\t\t<img width=\"230\" height=\"153\" src=\"http:\/\/www.lindademeyer.be\/wordpress\/wp-content\/uploads\/2021\/01\/26juli-foto2.jpg\" class=\"attachment-large size-large\" alt=\"\" loading=\"lazy\" \/>\t\t\t\t\t\t\t\t\t\t\t\t\t\t<\/div>\n\t\t\t\t\t\t<\/div>\n\t\t\t\t<\/div>\n\t\t\t\t\t\t<\/div>\n\t\t\t\t\t<\/div>\n\t\t<\/div>\n\t\t\t\t<div class=\"elementor-column elementor-col-33 elementor-inner-column elementor-element elementor-element-8ad905e\" data-id=\"8ad905e\" data-element_type=\"column\">\n\t\t\t<div class=\"elementor-column-wrap elementor-element-populated\">\n\t\t\t\t\t\t\t<div class=\"elementor-widget-wrap\">\n\t\t\t\t\t\t<div class=\"elementor-element elementor-element-4d7b2cf elementor-widget elementor-widget-image\" data-id=\"4d7b2cf\" data-element_type=\"widget\" data-widget_type=\"image.default\">\n\t\t\t\t<div class=\"elementor-widget-container\">\n\t\t\t\t\t\t\t\t<div class=\"elementor-image\">\n\t\t\t\t\t\t\t\t\t\t\t\t<img width=\"230\" height=\"153\" src=\"http:\/\/www.lindademeyer.be\/wordpress\/wp-content\/uploads\/2021\/01\/26juli-foto3-1.jpg\" class=\"attachment-large size-large\" alt=\"\" loading=\"lazy\" \/>\t\t\t\t\t\t\t\t\t\t\t\t\t\t<\/div>\n\t\t\t\t\t\t<\/div>\n\t\t\t\t<\/div>\n\t\t\t\t\t\t<\/div>\n\t\t\t\t\t<\/div>\n\t\t<\/div>\n\t\t\t\t<div class=\"elementor-column elementor-col-33 elementor-inner-column elementor-element elementor-element-40d2b82c\" data-id=\"40d2b82c\" data-element_type=\"column\">\n\t\t\t<div class=\"elementor-column-wrap elementor-element-populated\">\n\t\t\t\t\t\t\t<div class=\"elementor-widget-wrap\">\n\t\t\t\t\t\t<div class=\"elementor-element elementor-element-a0b9313 elementor-widget elementor-widget-image\" data-id=\"a0b9313\" data-element_type=\"widget\" data-widget_type=\"image.default\">\n\t\t\t\t<div class=\"elementor-widget-container\">\n\t\t\t\t\t\t\t\t<div class=\"elementor-image\">\n\t\t\t\t\t\t\t\t\t\t\t\t<img width=\"230\" height=\"153\" src=\"http:\/\/www.lindademeyer.be\/wordpress\/wp-content\/uploads\/2021\/01\/26juli-foto4.jpg\" class=\"attachment-large size-large\" alt=\"\" loading=\"lazy\" \/>\t\t\t\t\t\t\t\t\t\t\t\t\t\t<\/div>\n\t\t\t\t\t\t<\/div>\n\t\t\t\t<\/div>\n\t\t\t\t\t\t<\/div>\n\t\t\t\t\t<\/div>\n\t\t<\/div>\n\t\t\t\t\t\t\t\t<\/div>\n\t\t\t\t\t<\/div>\n\t\t<\/section>\n\t\t\t\t<div class=\"elementor-element elementor-element-478a8843 elementor-widget elementor-widget-text-editor\" data-id=\"478a8843\" data-element_type=\"widget\" data-widget_type=\"text-editor.default\">\n\t\t\t\t<div class=\"elementor-widget-container\">\n\t\t\t\t\t\t\t\t<div class=\"elementor-text-editor elementor-clearfix\">\n\t\t\t\t<p>Na dit bezoek rijden we naar onze B&amp;B. We zijn zeer benieuwd want deze manier van overnachten is voor ons de eerste keer. Een collega had mij dewebsites: http:\/\/www.logerenbijbelgen.net en <a href=\"https:\/\/www.bestchambresdhotes.com\/nl\/\" target=\"_blank\" rel=\"noopener\">https:\/\/www.bestchambresdhotes.com\/nl\/<\/a> doorgestuurd. Via deze websites hebben we gekozen voor\u00a0<a href=\"https:\/\/www.aufouduroy.com\/nl\/welkom\" target=\"_blank\" rel=\"noopener\">&#8216;Au fou du roy&#8217;.<\/a><\/p>\t\t\t\t\t<\/div>\n\t\t\t\t\t\t<\/div>\n\t\t\t\t<\/div>\n\t\t\t\t<section class=\"elementor-section elementor-inner-section elementor-element elementor-element-257189dc elementor-section-boxed elementor-section-height-default elementor-section-height-default\" data-id=\"257189dc\" data-element_type=\"section\">\n\t\t\t\t\t\t<div class=\"elementor-container elementor-column-gap-default\">\n\t\t\t\t\t\t\t<div class=\"elementor-row\">\n\t\t\t\t\t<div class=\"elementor-column elementor-col-50 elementor-inner-column elementor-element elementor-element-3c0a3f4a\" data-id=\"3c0a3f4a\" data-element_type=\"column\">\n\t\t\t<div class=\"elementor-column-wrap elementor-element-populated\">\n\t\t\t\t\t\t\t<div class=\"elementor-widget-wrap\">\n\t\t\t\t\t\t<div class=\"elementor-element elementor-element-44da97b elementor-widget elementor-widget-image\" data-id=\"44da97b\" data-element_type=\"widget\" data-widget_type=\"image.default\">\n\t\t\t\t<div class=\"elementor-widget-container\">\n\t\t\t\t\t\t\t\t<div class=\"elementor-image\">\n\t\t\t\t\t\t\t\t\t\t\t\t<img width=\"350\" height=\"262\" src=\"http:\/\/www.lindademeyer.be\/wordpress\/wp-content\/uploads\/2021\/01\/26juli-foto5.jpg\" class=\"attachment-large size-large\" alt=\"\" loading=\"lazy\" srcset=\"http:\/\/www.lindademeyer.be\/wordpress\/wp-content\/uploads\/2021\/01\/26juli-foto5.jpg 350w, http:\/\/www.lindademeyer.be\/wordpress\/wp-content\/uploads\/2021\/01\/26juli-foto5-300x225.jpg 300w\" sizes=\"(max-width: 350px) 100vw, 350px\" \/>\t\t\t\t\t\t\t\t\t\t\t\t\t\t<\/div>\n\t\t\t\t\t\t<\/div>\n\t\t\t\t<\/div>\n\t\t\t\t\t\t<\/div>\n\t\t\t\t\t<\/div>\n\t\t<\/div>\n\t\t\t\t<div class=\"elementor-column elementor-col-50 elementor-inner-column elementor-element elementor-element-34281fc2\" data-id=\"34281fc2\" data-element_type=\"column\">\n\t\t\t<div class=\"elementor-column-wrap elementor-element-populated\">\n\t\t\t\t\t\t\t<div class=\"elementor-widget-wrap\">\n\t\t\t\t\t\t<div class=\"elementor-element elementor-element-71484cc8 elementor-widget elementor-widget-image\" data-id=\"71484cc8\" data-element_type=\"widget\" data-widget_type=\"image.default\">\n\t\t\t\t<div class=\"elementor-widget-container\">\n\t\t\t\t\t\t\t\t<div class=\"elementor-image\">\n\t\t\t\t\t\t\t\t\t\t\t\t<img width=\"350\" height=\"262\" src=\"http:\/\/www.lindademeyer.be\/wordpress\/wp-content\/uploads\/2021\/01\/26juli-foto6.jpg\" class=\"attachment-large size-large\" alt=\"\" loading=\"lazy\" srcset=\"http:\/\/www.lindademeyer.be\/wordpress\/wp-content\/uploads\/2021\/01\/26juli-foto6.jpg 350w, http:\/\/www.lindademeyer.be\/wordpress\/wp-content\/uploads\/2021\/01\/26juli-foto6-300x225.jpg 300w\" sizes=\"(max-width: 350px) 100vw, 350px\" \/>\t\t\t\t\t\t\t\t\t\t\t\t\t\t<\/div>\n\t\t\t\t\t\t<\/div>\n\t\t\t\t<\/div>\n\t\t\t\t\t\t<\/div>\n\t\t\t\t\t<\/div>\n\t\t<\/div>\n\t\t\t\t\t\t\t\t<\/div>\n\t\t\t\t\t<\/div>\n\t\t<\/section>\n\t\t\t\t<div class=\"elementor-element elementor-element-4dd805a6 elementor-widget elementor-widget-text-editor\" data-id=\"4dd805a6\" data-element_type=\"widget\" data-widget_type=\"text-editor.default\">\n\t\t\t\t<div class=\"elementor-widget-container\">\n\t\t\t\t\t\t\t\t<div class=\"elementor-text-editor elementor-clearfix\">\n\t\t\t\t<p align=\"left\">Deze chambre d&#8217;h\u00f4tes ligt op 50km van Reims en ligt in F\u00e8re-en-Tardenois. We worden verwelkomd door de dochter des huizes. Zij toont onze kamer en geeft de nodige uitleg. Bij de reservering hadden we vastgelegd voor de gastentafel. Voor de eerste avond vonden we dit interessant omdat je toch niet weet wat er in de buurt is. Ze vertelt ons dat we om 19:30u verwacht worden voor de aperitief in de veranda.<\/p><p align=\"left\">We zijn echter uitgedroogd en willen in het dorpje nog een terrasje doen. Er zijn echter geen terrasjes te vinden. Enkel een bar tabac wat ons niet aanspreekt. Rechtover onze chambre d&#8217;h\u00f4tes ligt het kasteel van F\u00e8re. We proberen daar ons geluk voor een terrasje. Er is er wel een maar behoort tot het hotel daar.<\/p><p align=\"left\">Onze gastheer Marc had ons gezegd dat we ook bij hun een drankje konden krijgen wat we dan ook doen. Er is een gezellige tuin met terras en zwembad. Helaas is het weer niet uitnodigend voor een duik in het zwembad. Van het terrasje maken we wel gebruik. Het is frisjes maar met een trui aan is het daar zalig vertoeven. Koen met een tripel en ik met een glas witte wijn overlopen we de dag nog eens en plannen we de volgende dag. We zijn tevens benieuwd naar het eten. Na een verfrissende douche begeven we ons om 19:30u naar de veranda. Er zijn nog 4 koppels, o.a. uit Zele, Sint-Katelijne-Waver, Mariakerke en ergens tussen Leuven en Limburg. De mensen van Mariakerke hebben ook een zoontje van 7 jaar. We krijgen als aperitief een glaasje champagne geserveerd en de uitbaters komen er zelf ook bij zitten. Het is heel gezellig. Hetgeen volgt is subliem. Aperitiefhapje, nog meer champagne, voorgerecht, witte wijn, hoofdgerecht, rode wijn, kaas, rode wijn, dessert en als afsluiter koffie. En zeer lekker. Vanaf de kaas komen ook Marc en Goedele er terug bij zitten. Het is een leuke groep en als we om half 12 in ons bed duiken zijn we moe maar voldaan. De avond overtrof onze verwachtingen en ook voor de volgende avond willen we de gastentafel.<\/p>\t\t\t\t\t<\/div>\n\t\t\t\t\t\t<\/div>\n\t\t\t\t<\/div>\n\t\t\t\t<div class=\"elementor-element elementor-element-43db1657 elementor-widget elementor-widget-text-editor\" data-id=\"43db1657\" data-element_type=\"widget\" data-widget_type=\"text-editor.default\">\n\t\t\t\t<div class=\"elementor-widget-container\">\n\t\t\t\t\t\t\t\t<div class=\"elementor-text-editor elementor-clearfix\">\n\t\t\t\t<h3>Dinsdag 27 juli 2010<\/h3><p align=\"left\">Onze kamer en badkamer zijn klein maar verzorgd. Minpuntje is echter wel een slechte matras. Zacht en hobbelig. Ik heb niet goed geslapen en ben een klein beetje geradbraakt. Het ontbijt is niet uitgebreid maar voldoende. Koen vind het echter spijtig dat het stokbrood in smalle stukjes is gesneden. Moeilijk om hier de sneden hesp en kaas bij te eten.<\/p><p align=\"left\">Vandaag willen we een deel van de Route du Champagne rijden en willen beginnen in Epernay. Er valt deze morgen een druilerige regen. De mensen van Zele hebben in de Champagnestreek een vaste stek om Champagne te kopen: Louis Casters in Damery. Dit ligt op onze weg naar Epernay en we lassen een bezoekje in.<\/p><p align=\"left\">Om 10u staan we reeds voor de deur. We worden er vriendelijk ontvangen door de vrouw des huizes, Ang\u00e8le die ons in het Nederlands te woord staat. Zij is van Limburgse afkomst. Amper 10u en we hebben ons eerste glas champagne al vast. Een Cuv\u00e9e Sup\u00e9\u0301rieure, een zeer fruitige wijn op basis van de pinot meunier-druif, geschikt als aperitief. Vervolgens krijgen we een glaasje Grand R\u00e9serv\u00e9, uitsluitend op basis van de witte Chardonnaydruif. Onze voorkeur gaat uit naar de Cuv\u00e9e Sup\u00e9rieure, waar we dan ook een doos van meenemen.<\/p>\t\t\t\t\t<\/div>\n\t\t\t\t\t\t<\/div>\n\t\t\t\t<\/div>\n\t\t\t\t<div class=\"elementor-element elementor-element-be1a808 elementor-widget elementor-widget-image\" data-id=\"be1a808\" data-element_type=\"widget\" data-widget_type=\"image.default\">\n\t\t\t\t<div class=\"elementor-widget-container\">\n\t\t\t\t\t\t\t\t<div class=\"elementor-image\">\n\t\t\t\t\t\t\t\t\t\t\t\t<img width=\"748\" height=\"230\" src=\"http:\/\/www.lindademeyer.be\/wordpress\/wp-content\/uploads\/2021\/01\/kop7.jpg\" class=\"attachment-large size-large\" alt=\"\" loading=\"lazy\" srcset=\"http:\/\/www.lindademeyer.be\/wordpress\/wp-content\/uploads\/2021\/01\/kop7.jpg 748w, http:\/\/www.lindademeyer.be\/wordpress\/wp-content\/uploads\/2021\/01\/kop7-300x92.jpg 300w, http:\/\/www.lindademeyer.be\/wordpress\/wp-content\/uploads\/2021\/01\/kop7-500x154.jpg 500w\" sizes=\"(max-width: 748px) 100vw, 748px\" \/>\t\t\t\t\t\t\t\t\t\t\t\t\t\t<\/div>\n\t\t\t\t\t\t<\/div>\n\t\t\t\t<\/div>\n\t\t\t\t<div class=\"elementor-element elementor-element-a989018 elementor-widget elementor-widget-text-editor\" data-id=\"a989018\" data-element_type=\"widget\" data-widget_type=\"text-editor.default\">\n\t\t\t\t<div class=\"elementor-widget-container\">\n\t\t\t\t\t\t\t\t<div class=\"elementor-text-editor elementor-clearfix\">\n\t\t\t\t<p>Met de regen nog steeds als gezelschap rijden we naar Epernay. Een beetje schuilen voor de regen en een paraplu kopen. Eens de paraplu is het natuurlijk gestopt met regenen. Gelukkig. Veel valt er in Epernay niet te beleven. Wat zeker indrukwekkend is, de Avenue De Champagne met het ene gerenommeerde champagnehuis naast het andere. Vanaf de Place de la R\u00e9publique rustig naar het eerste kruispunt wandelen om meteen te beseffen hoe belangrijk de champagneproductie voor deze streek is. Rechts komt u meteen aan het grootste champagnehuis ter wereld: Mo\u00ebt &amp; Chandon. De bedoeling was dit champagnehuis te bezoeken. Maar er wordt 14,50 EUR entree gevraagd en aangezien we al een kelder bezochten bewaren we dit bezoek tot de volgende keer.<\/p>\t\t\t\t\t<\/div>\n\t\t\t\t\t\t<\/div>\n\t\t\t\t<\/div>\n\t\t\t\t<section class=\"elementor-section elementor-inner-section elementor-element elementor-element-66175d51 elementor-section-boxed elementor-section-height-default elementor-section-height-default\" data-id=\"66175d51\" data-element_type=\"section\">\n\t\t\t\t\t\t<div class=\"elementor-container elementor-column-gap-default\">\n\t\t\t\t\t\t\t<div class=\"elementor-row\">\n\t\t\t\t\t<div class=\"elementor-column elementor-col-50 elementor-inner-column elementor-element elementor-element-58cfc561\" data-id=\"58cfc561\" data-element_type=\"column\">\n\t\t\t<div class=\"elementor-column-wrap elementor-element-populated\">\n\t\t\t\t\t\t\t<div class=\"elementor-widget-wrap\">\n\t\t\t\t\t\t<div class=\"elementor-element elementor-element-55fd20ee elementor-widget elementor-widget-image\" data-id=\"55fd20ee\" data-element_type=\"widget\" data-widget_type=\"image.default\">\n\t\t\t\t<div class=\"elementor-widget-container\">\n\t\t\t\t\t\t\t\t<div class=\"elementor-image\">\n\t\t\t\t\t\t\t\t\t\t\t\t<img width=\"300\" height=\"199\" src=\"http:\/\/www.lindademeyer.be\/wordpress\/wp-content\/uploads\/2021\/01\/DSC7151-champagne.jpg\" class=\"attachment-full size-full\" alt=\"\" loading=\"lazy\" \/>\t\t\t\t\t\t\t\t\t\t\t\t\t\t<\/div>\n\t\t\t\t\t\t<\/div>\n\t\t\t\t<\/div>\n\t\t\t\t\t\t<\/div>\n\t\t\t\t\t<\/div>\n\t\t<\/div>\n\t\t\t\t<div class=\"elementor-column elementor-col-50 elementor-inner-column elementor-element elementor-element-66dc4c60\" data-id=\"66dc4c60\" data-element_type=\"column\">\n\t\t\t<div class=\"elementor-column-wrap elementor-element-populated\">\n\t\t\t\t\t\t\t<div class=\"elementor-widget-wrap\">\n\t\t\t\t\t\t<div class=\"elementor-element elementor-element-44f8ddf2 elementor-widget elementor-widget-text-editor\" data-id=\"44f8ddf2\" data-element_type=\"widget\" data-widget_type=\"text-editor.default\">\n\t\t\t\t<div class=\"elementor-widget-container\">\n\t\t\t\t\t\t\t\t<div class=\"elementor-text-editor elementor-clearfix\">\n\t\t\t\t<p>We doen onze inkopen om onderweg te picknicken. Ook een flesje champagne willen we nog op te kop tikken. We beginnen aan de route du Champagne: C\u00f4te des Blancs, welke start op de Avenue de Champagne. We rijden via Chouilly naar Pierry waar de Chavot-Courcourtkerk uit de 12de eeuw een eiland vormt in een oceaan van wijngaarden. In Cuis hebben we een adres om Champagne te kopen. Het is echter pas 13:30 u en ze zijn gesloten. Dan maar verder zonder. Met het ene champagnehuis naast het andere kan het geen probeem zijn om ergens een flesje te kopen.<\/p>\t\t\t\t\t<\/div>\n\t\t\t\t\t\t<\/div>\n\t\t\t\t<\/div>\n\t\t\t\t\t\t<\/div>\n\t\t\t\t\t<\/div>\n\t\t<\/div>\n\t\t\t\t\t\t\t\t<\/div>\n\t\t\t\t\t<\/div>\n\t\t<\/section>\n\t\t\t\t<div class=\"elementor-element elementor-element-2035a247 elementor-widget elementor-widget-text-editor\" data-id=\"2035a247\" data-element_type=\"widget\" data-widget_type=\"text-editor.default\">\n\t\t\t\t<div class=\"elementor-widget-container\">\n\t\t\t\t\t\t\t\t<div class=\"elementor-text-editor elementor-clearfix\">\n\t\t\t\t<p>Kenners zijn we toch niet. Om 14u stoppen we dan bij het eerste champagnehuis dat we tegenkomen: Champagnehuis Lefevre-Vandendaele in Oger. We vragen of we een koel demi flesje champagne kunnen kopen. De mensen zijn zeer vriendelijk en vinden het zeer jammer dat ze geen koel flesje hebben. Samen met het flesje champagne geven ze ons 2 evianflessen gevuld met ijs mee om ons flesje champagne toch een beetje te koelen. Nu nog enkel een mooi uitzichtpunt vinden. En inderdaad tussen de wijngaarden vinden we een mooie point de vue en kunnen we al ons lekkers onder zelfs een zonnetje verorberen. Fantastisch!<\/p>\t\t\t\t\t<\/div>\n\t\t\t\t\t\t<\/div>\n\t\t\t\t<\/div>\n\t\t\t\t<div class=\"elementor-element elementor-element-284f3d98 elementor-widget elementor-widget-text-editor\" data-id=\"284f3d98\" data-element_type=\"widget\" data-widget_type=\"text-editor.default\">\n\t\t\t\t<div class=\"elementor-widget-container\">\n\t\t\t\t\t\t\t\t<div class=\"elementor-text-editor elementor-clearfix\">\n\t\t\t\t<p>Als we uiteindelijk bij de kathedraal aankomen, zijn we wel een beetje moe. We hebben vandaag toch alweer wat kilometers in de benen. Voorbij de kathedraal komen we in de mooie wijk Barrio Santa Cruz terecht. Het eerste het beste terras in de schaduw ploffen we ons neer en hier gaan we het eerste uur niet meer weg. De wijk Barrio Santa Cruz is een van de oudste wijken van Sevilla, een voormalige joodse buurt, later een typisch Sevillaanse volkswijk met een wirwar van steegjes en het wemelt er van de souvenirswinkels en tapasbars. In een van de vele tapasbars gaan we eten.<\/p>\t\t\t\t\t<\/div>\n\t\t\t\t\t\t<\/div>\n\t\t\t\t<\/div>\n\t\t\t\t<section class=\"elementor-section elementor-inner-section elementor-element elementor-element-57202269 elementor-section-boxed elementor-section-height-default elementor-section-height-default\" data-id=\"57202269\" data-element_type=\"section\">\n\t\t\t\t\t\t<div class=\"elementor-container elementor-column-gap-default\">\n\t\t\t\t\t\t\t<div class=\"elementor-row\">\n\t\t\t\t\t<div class=\"elementor-column elementor-col-50 elementor-inner-column elementor-element elementor-element-204edd0a\" data-id=\"204edd0a\" data-element_type=\"column\">\n\t\t\t<div class=\"elementor-column-wrap elementor-element-populated\">\n\t\t\t\t\t\t\t<div class=\"elementor-widget-wrap\">\n\t\t\t\t\t\t<div class=\"elementor-element elementor-element-1390653a elementor-widget elementor-widget-image\" data-id=\"1390653a\" data-element_type=\"widget\" data-widget_type=\"image.default\">\n\t\t\t\t<div class=\"elementor-widget-container\">\n\t\t\t\t\t\t\t\t<div class=\"elementor-image\">\n\t\t\t\t\t\t\t\t\t\t\t\t<img width=\"112\" height=\"150\" src=\"http:\/\/www.lindademeyer.be\/wordpress\/wp-content\/uploads\/2021\/01\/27juli-foto3-1.jpg\" class=\"attachment-large size-large\" alt=\"\" loading=\"lazy\" \/>\t\t\t\t\t\t\t\t\t\t\t\t\t\t<\/div>\n\t\t\t\t\t\t<\/div>\n\t\t\t\t<\/div>\n\t\t\t\t\t\t<\/div>\n\t\t\t\t\t<\/div>\n\t\t<\/div>\n\t\t\t\t<div class=\"elementor-column elementor-col-50 elementor-inner-column elementor-element elementor-element-3fb90965\" data-id=\"3fb90965\" data-element_type=\"column\">\n\t\t\t<div class=\"elementor-column-wrap elementor-element-populated\">\n\t\t\t\t\t\t\t<div class=\"elementor-widget-wrap\">\n\t\t\t\t\t\t<div class=\"elementor-element elementor-element-8e71f94 elementor-widget elementor-widget-image\" data-id=\"8e71f94\" data-element_type=\"widget\" data-widget_type=\"image.default\">\n\t\t\t\t<div class=\"elementor-widget-container\">\n\t\t\t\t\t\t\t\t<div class=\"elementor-image\">\n\t\t\t\t\t\t\t\t\t\t\t\t<img width=\"350\" height=\"150\" src=\"http:\/\/www.lindademeyer.be\/wordpress\/wp-content\/uploads\/2021\/01\/27juli-foto2-1.jpg\" class=\"attachment-large size-large\" alt=\"\" loading=\"lazy\" srcset=\"http:\/\/www.lindademeyer.be\/wordpress\/wp-content\/uploads\/2021\/01\/27juli-foto2-1.jpg 350w, http:\/\/www.lindademeyer.be\/wordpress\/wp-content\/uploads\/2021\/01\/27juli-foto2-1-300x129.jpg 300w\" sizes=\"(max-width: 350px) 100vw, 350px\" \/>\t\t\t\t\t\t\t\t\t\t\t\t\t\t<\/div>\n\t\t\t\t\t\t<\/div>\n\t\t\t\t<\/div>\n\t\t\t\t\t\t<\/div>\n\t\t\t\t\t<\/div>\n\t\t<\/div>\n\t\t\t\t\t\t\t\t<\/div>\n\t\t\t\t\t<\/div>\n\t\t<\/section>\n\t\t\t\t<div class=\"elementor-element elementor-element-155b7da4 elementor-widget elementor-widget-text-editor\" data-id=\"155b7da4\" data-element_type=\"widget\" data-widget_type=\"text-editor.default\">\n\t\t\t\t<div class=\"elementor-widget-container\">\n\t\t\t\t\t\t\t\t<div class=\"elementor-text-editor elementor-clearfix\">\n\t\t\t\t<p>Een boottocht op de Marne willen we ook nog doen. De wijngaarden vanop het water bekijken. We vertrekken in Cumi\u00e8res en varen tot in Damery. Veel stelt het niet voor.<\/p>\t\t\t\t\t<\/div>\n\t\t\t\t\t\t<\/div>\n\t\t\t\t<\/div>\n\t\t\t\t<section class=\"elementor-section elementor-inner-section elementor-element elementor-element-7aea6084 elementor-section-boxed elementor-section-height-default elementor-section-height-default\" data-id=\"7aea6084\" data-element_type=\"section\">\n\t\t\t\t\t\t<div class=\"elementor-container elementor-column-gap-default\">\n\t\t\t\t\t\t\t<div class=\"elementor-row\">\n\t\t\t\t\t<div class=\"elementor-column elementor-col-50 elementor-inner-column elementor-element elementor-element-597c5e3e\" data-id=\"597c5e3e\" data-element_type=\"column\">\n\t\t\t<div class=\"elementor-column-wrap elementor-element-populated\">\n\t\t\t\t\t\t\t<div class=\"elementor-widget-wrap\">\n\t\t\t\t\t\t<div class=\"elementor-element elementor-element-60796ed elementor-widget elementor-widget-image\" data-id=\"60796ed\" data-element_type=\"widget\" data-widget_type=\"image.default\">\n\t\t\t\t<div class=\"elementor-widget-container\">\n\t\t\t\t\t\t\t\t<div class=\"elementor-image\">\n\t\t\t\t\t\t\t\t\t\t\t\t<img width=\"400\" height=\"266\" src=\"http:\/\/www.lindademeyer.be\/wordpress\/wp-content\/uploads\/2021\/01\/DSC7192Champagne.jpg\" class=\"attachment-large size-large\" alt=\"\" loading=\"lazy\" srcset=\"http:\/\/www.lindademeyer.be\/wordpress\/wp-content\/uploads\/2021\/01\/DSC7192Champagne.jpg 400w, http:\/\/www.lindademeyer.be\/wordpress\/wp-content\/uploads\/2021\/01\/DSC7192Champagne-300x200.jpg 300w, http:\/\/www.lindademeyer.be\/wordpress\/wp-content\/uploads\/2021\/01\/DSC7192Champagne-272x182.jpg 272w\" sizes=\"(max-width: 400px) 100vw, 400px\" \/>\t\t\t\t\t\t\t\t\t\t\t\t\t\t<\/div>\n\t\t\t\t\t\t<\/div>\n\t\t\t\t<\/div>\n\t\t\t\t\t\t<\/div>\n\t\t\t\t\t<\/div>\n\t\t<\/div>\n\t\t\t\t<div class=\"elementor-column elementor-col-50 elementor-inner-column elementor-element elementor-element-34f1ea5c\" data-id=\"34f1ea5c\" data-element_type=\"column\">\n\t\t\t<div class=\"elementor-column-wrap elementor-element-populated\">\n\t\t\t\t\t\t\t<div class=\"elementor-widget-wrap\">\n\t\t\t\t\t\t<div class=\"elementor-element elementor-element-71e289e5 elementor-widget elementor-widget-image\" data-id=\"71e289e5\" data-element_type=\"widget\" data-widget_type=\"image.default\">\n\t\t\t\t<div class=\"elementor-widget-container\">\n\t\t\t\t\t\t\t\t<div class=\"elementor-image\">\n\t\t\t\t\t\t\t\t\t\t\t\t<img width=\"400\" height=\"266\" src=\"http:\/\/www.lindademeyer.be\/wordpress\/wp-content\/uploads\/2021\/01\/DSC7178Champagne.jpg\" class=\"attachment-large size-large\" alt=\"\" loading=\"lazy\" srcset=\"http:\/\/www.lindademeyer.be\/wordpress\/wp-content\/uploads\/2021\/01\/DSC7178Champagne.jpg 400w, http:\/\/www.lindademeyer.be\/wordpress\/wp-content\/uploads\/2021\/01\/DSC7178Champagne-300x200.jpg 300w, http:\/\/www.lindademeyer.be\/wordpress\/wp-content\/uploads\/2021\/01\/DSC7178Champagne-272x182.jpg 272w\" sizes=\"(max-width: 400px) 100vw, 400px\" \/>\t\t\t\t\t\t\t\t\t\t\t\t\t\t<\/div>\n\t\t\t\t\t\t<\/div>\n\t\t\t\t<\/div>\n\t\t\t\t\t\t<\/div>\n\t\t\t\t\t<\/div>\n\t\t<\/div>\n\t\t\t\t\t\t\t\t<\/div>\n\t\t\t\t\t<\/div>\n\t\t<\/section>\n\t\t\t\t<div class=\"elementor-element elementor-element-6cb5a8bc elementor-widget elementor-widget-text-editor\" data-id=\"6cb5a8bc\" data-element_type=\"widget\" data-widget_type=\"text-editor.default\">\n\t\t\t\t<div class=\"elementor-widget-container\">\n\t\t\t\t\t\t\t\t<div class=\"elementor-text-editor elementor-clearfix\">\n\t\t\t\t<p align=\"left\">Daarna rijden we verder naar het iets hoger gelegen Hautvillers. Hier hebben we ook een adres om Champagne te proeven: G. Tribaut. Onderweg hebben we een panoramisch uitzicht over het Marnedal. Omdat Hautvillers op 250m hoogte ligt kun je zelfs verschillende dorpen zien liggen. Hautvillers is niet groot en algauw staan we voor de deur bij G. Tribaut. Samen met ons komt nog een andere Belg toe. Hij vraagt hoe we op dit adres zijn terecht gekomen. Toevallig of via iemand. Blijkbaar is dit \u00e9\u00e9n van de betere adressen waar je voor niet teveel geld toch goede kwaliteit champagne kunt kopen. We zijn zeer benieuwd. De ontvangst is vriendelijk en we krijgen direct een glaasje Cuv\u00e9e de R\u00e9serve. Daarna kiezen we voor een Ros\u00e9 de R\u00e9serve, gemaakt uit 80% Chardonnay en 20% Pinot Noir. Beide zijn zeer lekker.<\/p><p align=\"left\">Met een doos Ros\u00e9 de R\u00e9serve in de koffer rijden we naar onze Chambre d&#8217;h\u00f4tes. Het is iets zonniger dan gisteren maar voor een duik in het zwembad is het mij toch te fris. Om 19:30u zijn we terug paraat in de veranda voor de apertief. Het eten is weer mooi gepresenteerd en zeer lekker. Het werd alweer een zeer geslaagde avond.<\/p>\t\t\t\t\t<\/div>\n\t\t\t\t\t\t<\/div>\n\t\t\t\t<\/div>\n\t\t\t\t<div class=\"elementor-element elementor-element-48070d1b elementor-widget elementor-widget-text-editor\" data-id=\"48070d1b\" data-element_type=\"widget\" data-widget_type=\"text-editor.default\">\n\t\t\t\t<div class=\"elementor-widget-container\">\n\t\t\t\t\t\t\t\t<div class=\"elementor-text-editor elementor-clearfix\">\n\t\t\t\t<h3>Woensdag 28 juli 2010<\/h3><p align=\"left\">De tweede nacht op de zachte matras laat zich vandaag duidelijk voelen maar ondanks mijn rug heb ik toch van mijn verblijf genoten. Het is zeker voor herhaling vatbaar. Na het ontbijt laden we de wagen en vertrekken we richting Belgi\u00eb.<br \/>Het regent niet maar daar is ook alles mee gezegd. Hopelijk wordt het beter.<\/p><p align=\"left\">We rijden naar Charleville-M\u00e9zi\u00e8res. Om het verkeersinfarct van Reims te vermijden, rijden we via de D967 en D925 naar Rethel. We zijn blij dat we er zijn want onze benzine is bijna op en op die regionale wegen kom je niet teveel tankstations tegen.<\/p><p align=\"left\">Tegen de middag komen we aan in Charleville-M\u00e9zi\u00e8res. In 1966 werden Charleville en M\u00e9zi\u00e8res samengevoegd, maar ondanks dat koppelteken tussen hun namen wist elke stad haar eigen karakter te bewaren. In Charleville liggen de winkelstraten verspreid rond de stijlvolle place Ducale. Het oudere M\u00e9zi\u00e8res pronkt met zijn middeleewse stadswallen, die zich in een brede Maasmeander nestelen. De meanders van de Maas slingeren door beide stadsdelen.<\/p><p align=\"left\">We wandelen naar Place Ducale. In het midden staat een fontein en rond het plein loopt een bogengalerij in de vorm van een korfboog. Je vind er verschillende terrasjes. De zon schijnt zowaar dus installeren we ons voor een drankje.<\/p>\t\t\t\t\t<\/div>\n\t\t\t\t\t\t<\/div>\n\t\t\t\t<\/div>\n\t\t\t\t<div class=\"elementor-element elementor-element-c93c277 elementor-widget elementor-widget-image\" data-id=\"c93c277\" data-element_type=\"widget\" data-widget_type=\"image.default\">\n\t\t\t\t<div class=\"elementor-widget-container\">\n\t\t\t\t\t\t\t\t<div class=\"elementor-image\">\n\t\t\t\t\t\t\t\t\t\t\t\t<img width=\"748\" height=\"230\" src=\"http:\/\/www.lindademeyer.be\/wordpress\/wp-content\/uploads\/2021\/01\/kop4.jpg\" class=\"attachment-large size-large\" alt=\"\" loading=\"lazy\" srcset=\"http:\/\/www.lindademeyer.be\/wordpress\/wp-content\/uploads\/2021\/01\/kop4.jpg 748w, http:\/\/www.lindademeyer.be\/wordpress\/wp-content\/uploads\/2021\/01\/kop4-300x92.jpg 300w, http:\/\/www.lindademeyer.be\/wordpress\/wp-content\/uploads\/2021\/01\/kop4-500x154.jpg 500w\" sizes=\"(max-width: 748px) 100vw, 748px\" \/>\t\t\t\t\t\t\t\t\t\t\t\t\t\t<\/div>\n\t\t\t\t\t\t<\/div>\n\t\t\t\t<\/div>\n\t\t\t\t<div class=\"elementor-element elementor-element-55999072 elementor-widget elementor-widget-text-editor\" data-id=\"55999072\" data-element_type=\"widget\" data-widget_type=\"text-editor.default\">\n\t\t\t\t<div class=\"elementor-widget-container\">\n\t\t\t\t\t\t\t\t<div class=\"elementor-text-editor elementor-clearfix\">\n\t\t\t\t<p align=\"left\">Na het eten rijden we verder richting Belgi\u00eb. We volgen de Maas richting Montherm\u00e9. Dit mooie dorpje is vooral geliefd bij wandelaars en het omliggende reli\u00ebf biedt prachtige uitzichten.<\/p><p align=\"left\">Op de kaart zien we dat de Belgische grens niet meer ver af is en dat we ook niet zo ver van Dinant zijn. Dinant heeft ons altijd bevallen. We willen hier een laatste halte inlassen voor we naar huis rijden. Juist voor we er aankomen, worden we overvallen door een hevige stortbui. Maar niet getreurd, het is vrij warm en we gaan toch op zoek naar een terras. Een overdekt! \ud83d\ude42<\/p><p align=\"left\">En zo is onze driedaagse voorbij. Het weer viel een beetje tegen maar de B&amp;B was een aangename ervaring. We willen dit zeker nog eens doen. Maar niet volgende zomer want dan willen we toch iets verder.<\/p><p align=\"left\">De reisbrochures liggen al klaar!<\/p>\t\t\t\t\t<\/div>\n\t\t\t\t\t\t<\/div>\n\t\t\t\t<\/div>\n\t\t\t\t\t\t<\/div>\n\t\t\t\t\t<\/div>\n\t\t<\/div>\n\t\t\t\t\t\t\t\t<\/div>\n\t\t\t\t\t<\/div>\n\t\t<\/section>\n\t\t\t\t\t\t\t\t\t<\/div>\n\t\t\t<\/div>\n\t\t\t\t\t<\/div>\n\t\t","protected":false},"excerpt":{"rendered":"<p>FRANKRIJK CHAMPAGNE 26 juli 2010 We zijn dit jaar dicht bij huis gebleven. Amper 300 km ver bevindt zich de Champagnestreek. Uitgestrekte en contrastrijke landschappen met bossen, wijngaarden en meren kenmerken deze streek. Imposante kathedralen en kerkschatten sieren steden als Reims en Troyes. De Champagnestreek maakt deel uit van de ruimere regio Champagne-Ardennes. Hoewel Champagne-Ardennes [&hellip;]<\/p>\n","protected":false},"author":1,"featured_media":0,"parent":0,"menu_order":0,"comment_status":"closed","ping_status":"closed","template":"","meta":{"_uag_custom_page_level_css":"","_vp_format_video_url":"","_vp_image_focal_point":[]},"uagb_featured_image_src":{"full":false,"thumbnail":false,"medium":false,"medium_large":false,"large":false,"1536x1536":false,"2048x2048":false,"vp_sm":false,"vp_md":false,"vp_lg":false,"vp_xl":false,"vp_sm_popup":false,"vp_md_popup":false,"vp_xl_popup":false,"sow-carousel-default":false},"uagb_author_info":{"display_name":"lindakoen","author_link":"http:\/\/www.lindademeyer.be\/wordpress\/author\/lindakoen\/"},"uagb_comment_info":0,"uagb_excerpt":"FRANKRIJK CHAMPAGNE 26 juli 2010 We zijn dit jaar dicht bij huis gebleven. Amper 300 km ver bevindt zich de Champagnestreek. Uitgestrekte en contrastrijke landschappen met bossen, wijngaarden en meren kenmerken deze streek. Imposante kathedralen en kerkschatten sieren steden als Reims en Troyes. De Champagnestreek maakt deel uit van de ruimere regio Champagne-Ardennes. Hoewel Champagne-Ardennes&hellip;","_links":{"self":[{"href":"http:\/\/www.lindademeyer.be\/wordpress\/wp-json\/wp\/v2\/pages\/3161"}],"collection":[{"href":"http:\/\/www.lindademeyer.be\/wordpress\/wp-json\/wp\/v2\/pages"}],"about":[{"href":"http:\/\/www.lindademeyer.be\/wordpress\/wp-json\/wp\/v2\/types\/page"}],"author":[{"embeddable":true,"href":"http:\/\/www.lindademeyer.be\/wordpress\/wp-json\/wp\/v2\/users\/1"}],"replies":[{"embeddable":true,"href":"http:\/\/www.lindademeyer.be\/wordpress\/wp-json\/wp\/v2\/comments?post=3161"}],"version-history":[{"count":19,"href":"http:\/\/www.lindademeyer.be\/wordpress\/wp-json\/wp\/v2\/pages\/3161\/revisions"}],"predecessor-version":[{"id":4555,"href":"http:\/\/www.lindademeyer.be\/wordpress\/wp-json\/wp\/v2\/pages\/3161\/revisions\/4555"}],"wp:attachment":[{"href":"http:\/\/www.lindademeyer.be\/wordpress\/wp-json\/wp\/v2\/media?parent=3161"}],"curies":[{"name":"wp","href":"https:\/\/api.w.org\/{rel}","templated":true}]}}