{"id":3113,"date":"2021-01-16T14:36:12","date_gmt":"2021-01-16T14:36:12","guid":{"rendered":"http:\/\/www.lindademeyer.be\/wordpress\/?page_id=3113"},"modified":"2021-03-01T15:12:16","modified_gmt":"2021-03-01T15:12:16","slug":"parijs","status":"publish","type":"page","link":"http:\/\/www.lindademeyer.be\/wordpress\/parijs\/","title":{"rendered":"Parijs"},"content":{"rendered":"\t\t<div data-elementor-type=\"wp-page\" data-elementor-id=\"3113\" class=\"elementor elementor-3113\">\n\t\t\t\t\t\t<div class=\"elementor-inner\">\n\t\t\t\t<div class=\"elementor-section-wrap\">\n\t\t\t\t\t\t\t\t\t<section class=\"elementor-section elementor-top-section elementor-element elementor-element-2f3a7760 elementor-section-boxed elementor-section-height-default elementor-section-height-default\" data-id=\"2f3a7760\" data-element_type=\"section\">\n\t\t\t\t\t\t<div class=\"elementor-container elementor-column-gap-default\">\n\t\t\t\t\t\t\t<div class=\"elementor-row\">\n\t\t\t\t\t<div class=\"elementor-column elementor-col-100 elementor-top-column elementor-element elementor-element-5fee397a\" data-id=\"5fee397a\" data-element_type=\"column\">\n\t\t\t<div class=\"elementor-column-wrap elementor-element-populated\">\n\t\t\t\t\t\t\t<div class=\"elementor-widget-wrap\">\n\t\t\t\t\t\t<div class=\"elementor-element elementor-element-192ea698 elementor-widget elementor-widget-heading\" data-id=\"192ea698\" data-element_type=\"widget\" data-widget_type=\"heading.default\">\n\t\t\t\t<div class=\"elementor-widget-container\">\n\t\t\t<h3 class=\"elementor-heading-title elementor-size-default\">FRANKRIJK<\/h3>\t\t<\/div>\n\t\t\t\t<\/div>\n\t\t\t\t\t\t<\/div>\n\t\t\t\t\t<\/div>\n\t\t<\/div>\n\t\t\t\t\t\t\t\t<\/div>\n\t\t\t\t\t<\/div>\n\t\t<\/section>\n\t\t\t\t<section class=\"elementor-section elementor-top-section elementor-element elementor-element-24a01bd6 elementor-section-boxed elementor-section-height-default elementor-section-height-default\" data-id=\"24a01bd6\" data-element_type=\"section\">\n\t\t\t\t\t\t<div class=\"elementor-container elementor-column-gap-default\">\n\t\t\t\t\t\t\t<div class=\"elementor-row\">\n\t\t\t\t\t<div class=\"elementor-column elementor-col-100 elementor-top-column elementor-element elementor-element-36bf5fd8\" data-id=\"36bf5fd8\" data-element_type=\"column\">\n\t\t\t<div class=\"elementor-column-wrap elementor-element-populated\">\n\t\t\t\t\t\t\t<div class=\"elementor-widget-wrap\">\n\t\t\t\t\t\t<div class=\"elementor-element elementor-element-d795c5c elementor-widget elementor-widget-image\" data-id=\"d795c5c\" data-element_type=\"widget\" data-widget_type=\"image.default\">\n\t\t\t\t<div class=\"elementor-widget-container\">\n\t\t\t\t\t\t\t\t<div class=\"elementor-image\">\n\t\t\t\t\t\t\t\t\t\t\t\t<img width=\"940\" height=\"420\" src=\"http:\/\/www.lindademeyer.be\/wordpress\/wp-content\/uploads\/2021\/01\/DSC5700Louvre.jpg\" class=\"attachment-full size-full\" alt=\"\" loading=\"lazy\" srcset=\"http:\/\/www.lindademeyer.be\/wordpress\/wp-content\/uploads\/2021\/01\/DSC5700Louvre.jpg 940w, http:\/\/www.lindademeyer.be\/wordpress\/wp-content\/uploads\/2021\/01\/DSC5700Louvre-300x134.jpg 300w, http:\/\/www.lindademeyer.be\/wordpress\/wp-content\/uploads\/2021\/01\/DSC5700Louvre-768x343.jpg 768w, http:\/\/www.lindademeyer.be\/wordpress\/wp-content\/uploads\/2021\/01\/DSC5700Louvre-500x223.jpg 500w, http:\/\/www.lindademeyer.be\/wordpress\/wp-content\/uploads\/2021\/01\/DSC5700Louvre-800x357.jpg 800w\" sizes=\"(max-width: 940px) 100vw, 940px\" \/>\t\t\t\t\t\t\t\t\t\t\t\t\t\t<\/div>\n\t\t\t\t\t\t<\/div>\n\t\t\t\t<\/div>\n\t\t\t\t<div class=\"elementor-element elementor-element-4c61508f elementor-widget elementor-widget-spacer\" data-id=\"4c61508f\" data-element_type=\"widget\" data-widget_type=\"spacer.default\">\n\t\t\t\t<div class=\"elementor-widget-container\">\n\t\t\t\t\t<div class=\"elementor-spacer\">\n\t\t\t<div class=\"elementor-spacer-inner\"><\/div>\n\t\t<\/div>\n\t\t\t\t<\/div>\n\t\t\t\t<\/div>\n\t\t\t\t<div class=\"elementor-element elementor-element-5510a8c0 elementor-widget elementor-widget-text-editor\" data-id=\"5510a8c0\" data-element_type=\"widget\" data-widget_type=\"text-editor.default\">\n\t\t\t\t<div class=\"elementor-widget-container\">\n\t\t\t\t\t\t\t\t<div class=\"elementor-text-editor elementor-clearfix\">\n\t\t\t\t<h3 style=\"text-align: center;\">PARIJS<\/h3>\t\t\t\t\t<\/div>\n\t\t\t\t\t\t<\/div>\n\t\t\t\t<\/div>\n\t\t\t\t<div class=\"elementor-element elementor-element-1d5a6541 elementor-widget elementor-widget-text-editor\" data-id=\"1d5a6541\" data-element_type=\"widget\" data-widget_type=\"text-editor.default\">\n\t\t\t\t<div class=\"elementor-widget-container\">\n\t\t\t\t\t\t\t\t<div class=\"elementor-text-editor elementor-clearfix\">\n\t\t\t\t<h4 style=\"text-align: center;\"><span style=\"font-size: 10pt;\">5 februari 2010<\/span><\/h4><hr \/>\t\t\t\t\t<\/div>\n\t\t\t\t\t\t<\/div>\n\t\t\t\t<\/div>\n\t\t\t\t<div class=\"elementor-element elementor-element-33567da4 elementor-widget-divider--view-line elementor-widget elementor-widget-divider\" data-id=\"33567da4\" data-element_type=\"widget\" data-widget_type=\"divider.default\">\n\t\t\t\t<div class=\"elementor-widget-container\">\n\t\t\t\t\t<div class=\"elementor-divider\">\n\t\t\t<span class=\"elementor-divider-separator\">\n\t\t\t\t\t\t<\/span>\n\t\t<\/div>\n\t\t\t\t<\/div>\n\t\t\t\t<\/div>\n\t\t\t\t\t\t<\/div>\n\t\t\t\t\t<\/div>\n\t\t<\/div>\n\t\t\t\t\t\t\t\t<\/div>\n\t\t\t\t\t<\/div>\n\t\t<\/section>\n\t\t\t\t<section class=\"elementor-section elementor-top-section elementor-element elementor-element-1cd7c85d elementor-section-boxed elementor-section-height-default elementor-section-height-default\" data-id=\"1cd7c85d\" data-element_type=\"section\">\n\t\t\t\t\t\t<div class=\"elementor-container elementor-column-gap-default\">\n\t\t\t\t\t\t\t<div class=\"elementor-row\">\n\t\t\t\t\t<div class=\"elementor-column elementor-col-100 elementor-top-column elementor-element elementor-element-550f1614\" data-id=\"550f1614\" data-element_type=\"column\">\n\t\t\t<div class=\"elementor-column-wrap elementor-element-populated\">\n\t\t\t\t\t\t\t<div class=\"elementor-widget-wrap\">\n\t\t\t\t\t\t<div class=\"elementor-element elementor-element-115c8ae5 elementor-widget elementor-widget-text-editor\" data-id=\"115c8ae5\" data-element_type=\"widget\" data-widget_type=\"text-editor.default\">\n\t\t\t\t<div class=\"elementor-widget-container\">\n\t\t\t\t\t\t\t\t<div class=\"elementor-text-editor elementor-clearfix\">\n\t\t\t\t<p align=\"left\"><strong>Parijs is de hoofdstad en regeringszetel van Frankrijk. Met 2,15 miljoen inwoners in de gemeente Parijs zelf en ruim 11 miljoen in het hele stedelijke gebied, met inbegrip van de banlieue (voorsteden) en de forenzensteden daaromheen, is het de grootste stad van Frankrijk en samen met Londen, Moskou en Istanboel behoort het tot de grootste steden van Europa. Het is ongetwijfeld ook \u00e9\u00e9n van de meest bezochte steden van Europa.<\/strong><\/p><p align=\"left\"><strong>De stad wordt in twee\u00ebn gedeeld door de rivier de Seine. Parijs is gesticht op het \u00cele de la Cit\u00e9, maar is inmiddels zo groot geworden dat de stad een gebied van zeven heuvels beslaat. In dit gebied lagen vroeger aparte dorpen, die nu een onderdeel van Parijs zijn. Een citytrip naar Parijs betekent een variatie aan bezienswaardigheden. Parijs staat voor cultuur, mode, romantiek, gastronomie, shopping, enzovoort.<\/strong><\/p>\t\t\t\t\t<\/div>\n\t\t\t\t\t\t<\/div>\n\t\t\t\t<\/div>\n\t\t\t\t<div class=\"elementor-element elementor-element-21329222 elementor-widget-divider--view-line elementor-widget elementor-widget-divider\" data-id=\"21329222\" data-element_type=\"widget\" data-widget_type=\"divider.default\">\n\t\t\t\t<div class=\"elementor-widget-container\">\n\t\t\t\t\t<div class=\"elementor-divider\">\n\t\t\t<span class=\"elementor-divider-separator\">\n\t\t\t\t\t\t<\/span>\n\t\t<\/div>\n\t\t\t\t<\/div>\n\t\t\t\t<\/div>\n\t\t\t\t<div class=\"elementor-element elementor-element-4583d703 elementor-widget elementor-widget-text-editor\" data-id=\"4583d703\" data-element_type=\"widget\" data-widget_type=\"text-editor.default\">\n\t\t\t\t<div class=\"elementor-widget-container\">\n\t\t\t\t\t\t\t\t<div class=\"elementor-text-editor elementor-clearfix\">\n\t\t\t\t<h3 align=\"left\">Vrijdag 5 februari 2010<\/h3><p align=\"left\">We laten de alledaagse beslommeringen eventjes achter ons en vertrekken voor 4 dagen naar Parijs. Vroeg uit de veren want om 06:53 nemen we in Gent de Thalys richting Parijs Gare du Nord. Simpel toch!?<\/p><p align=\"left\">Helaas is dit buiten het station van Lokeren gerekend.<br \/>De trein van 05:44 richting Gent St Pieters op spoor 1 rijdt mooi op tijd het station binnen. Ten minste dat denken we toch.<br \/>Volgende halte: Zele.<br \/>Zele ?? Dit ligt op de lijn naar Brussel.<br \/>Paniek, we zitten op de verkeerde trein. Hoe kan dit?<br \/>Blijkt de trein van 5:41 te zijn naar Brussel die met vertraging reed en omroepen vinden ze in Lokeren blijkbaar overbodig.<br \/>Afstappen in Zele was een slechte zaak want daar zaten we vast\u2026.<br \/>Eerste trein terug naar Lokeren was om 6:33 u. Bye bye trein van 6:53 naar Parijs.<br \/>Achteraf is de clou van het verhaal dat we beter hadden blijven zitten op de trein naar Brussel want de thalys rijdt van uit Gent toch eerst naar Brussel.<br \/>Uiteindelijk rijden we dan toch naar Brussel en kunnen we zonder problemen of bijbetaling met een volgende Thalys vertrekken.<\/p><p align=\"left\">Met de nodige vertraging komen we dan om 10:40 u in Parijs aan. Met de metro rijden we een paar haltes tot vlakbij ons hotel. De metro is heel overzichtelijk en je kan bijna overal heel dichtbij komen.<\/p>\t\t\t\t\t<\/div>\n\t\t\t\t\t\t<\/div>\n\t\t\t\t<\/div>\n\t\t\t\t<section class=\"elementor-section elementor-inner-section elementor-element elementor-element-3194e6fb elementor-section-boxed elementor-section-height-default elementor-section-height-default\" data-id=\"3194e6fb\" data-element_type=\"section\">\n\t\t\t\t\t\t<div class=\"elementor-container elementor-column-gap-default\">\n\t\t\t\t\t\t\t<div class=\"elementor-row\">\n\t\t\t\t\t<div class=\"elementor-column elementor-col-50 elementor-inner-column elementor-element elementor-element-1e6776f7\" data-id=\"1e6776f7\" data-element_type=\"column\">\n\t\t\t<div class=\"elementor-column-wrap elementor-element-populated\">\n\t\t\t\t\t\t\t<div class=\"elementor-widget-wrap\">\n\t\t\t\t\t\t<div class=\"elementor-element elementor-element-5209e214 elementor-widget elementor-widget-image\" data-id=\"5209e214\" data-element_type=\"widget\" data-widget_type=\"image.default\">\n\t\t\t\t<div class=\"elementor-widget-container\">\n\t\t\t\t\t\t\t\t<div class=\"elementor-image\">\n\t\t\t\t\t\t\t\t\t\t\t\t<img width=\"300\" height=\"199\" src=\"http:\/\/www.lindademeyer.be\/wordpress\/wp-content\/uploads\/2021\/01\/5-februari-1.gif\" class=\"attachment-full size-full\" alt=\"\" loading=\"lazy\" \/>\t\t\t\t\t\t\t\t\t\t\t\t\t\t<\/div>\n\t\t\t\t\t\t<\/div>\n\t\t\t\t<\/div>\n\t\t\t\t\t\t<\/div>\n\t\t\t\t\t<\/div>\n\t\t<\/div>\n\t\t\t\t<div class=\"elementor-column elementor-col-50 elementor-inner-column elementor-element elementor-element-49a2b760\" data-id=\"49a2b760\" data-element_type=\"column\">\n\t\t\t<div class=\"elementor-column-wrap elementor-element-populated\">\n\t\t\t\t\t\t\t<div class=\"elementor-widget-wrap\">\n\t\t\t\t\t\t<div class=\"elementor-element elementor-element-53c8b0d5 elementor-widget elementor-widget-image\" data-id=\"53c8b0d5\" data-element_type=\"widget\" data-widget_type=\"image.default\">\n\t\t\t\t<div class=\"elementor-widget-container\">\n\t\t\t\t\t\t\t\t<div class=\"elementor-image\">\n\t\t\t\t\t\t\t\t\t\t\t\t<img width=\"300\" height=\"199\" src=\"http:\/\/www.lindademeyer.be\/wordpress\/wp-content\/uploads\/2021\/01\/5-februari-2.gif\" class=\"attachment-large size-large\" alt=\"\" loading=\"lazy\" \/>\t\t\t\t\t\t\t\t\t\t\t\t\t\t<\/div>\n\t\t\t\t\t\t<\/div>\n\t\t\t\t<\/div>\n\t\t\t\t\t\t<\/div>\n\t\t\t\t\t<\/div>\n\t\t<\/div>\n\t\t\t\t\t\t\t\t<\/div>\n\t\t\t\t\t<\/div>\n\t\t<\/section>\n\t\t\t\t<div class=\"elementor-element elementor-element-7526d432 elementor-widget elementor-widget-text-editor\" data-id=\"7526d432\" data-element_type=\"widget\" data-widget_type=\"text-editor.default\">\n\t\t\t\t<div class=\"elementor-widget-container\">\n\t\t\t\t\t\t\t\t<div class=\"elementor-text-editor elementor-clearfix\">\n\t\t\t\t<p>Montmartre lijkt mij een leuke plaats om ons bezoek aan Parijs te starten. Montmartre is een dorp binnen de stad, vooral bekend door bijeenkomsten van kunstenaars in de 19e eeuw, en is op een heuvel &#8216;la butte&#8217; gelegen. Na heel wat treden, ik heb ze niet geteld, kom je helemaal boven bij Le Sacr\u00e9-Coeur. Deze basiliek valt vooral op door zijn felwitte kleur. Vanop de trappen van le Sacr\u00e9-Coeur heb je een heel mooi uitzicht op Parijs. Na een kort bezoek wandelen we naar de Place du Tertre. Dit pleintje en de omliggende straatjes zijn een toeristische trekpleister maar toch hangt er wel een ontspannende sfeer. Het is er deze tijd van het jaar ook niet zo druk. <\/p>\t\t\t\t\t<\/div>\n\t\t\t\t\t\t<\/div>\n\t\t\t\t<\/div>\n\t\t\t\t<div class=\"elementor-element elementor-element-6e070be elementor-widget elementor-widget-image\" data-id=\"6e070be\" data-element_type=\"widget\" data-widget_type=\"image.default\">\n\t\t\t\t<div class=\"elementor-widget-container\">\n\t\t\t\t\t\t\t\t<div class=\"elementor-image\">\n\t\t\t\t\t\t\t\t\t\t\t\t<img width=\"748\" height=\"230\" src=\"http:\/\/www.lindademeyer.be\/wordpress\/wp-content\/uploads\/2021\/01\/top1.gif\" class=\"attachment-large size-large\" alt=\"\" loading=\"lazy\" \/>\t\t\t\t\t\t\t\t\t\t\t\t\t\t<\/div>\n\t\t\t\t\t\t<\/div>\n\t\t\t\t<\/div>\n\t\t\t\t<div class=\"elementor-element elementor-element-33b309a elementor-widget elementor-widget-text-editor\" data-id=\"33b309a\" data-element_type=\"widget\" data-widget_type=\"text-editor.default\">\n\t\t\t\t<div class=\"elementor-widget-container\">\n\t\t\t\t\t\t\t\t<div class=\"elementor-text-editor elementor-clearfix\">\n\t\t\t\t<p>Het pleintje zit vol met &#8216;kunstenaars&#8217; en in de straatjes lopen er meer kunstenaars dan toeristen rond. Allemaal willen ze je tekenen. In Rue du Mont Cenis drinken we op een terras in het zonnetje een biertje. Voor 1 biertje van een halve liter is het 6 euro. Ons eerste gedacht, 6 euro voor een halve liter bier, amaai dat is duur. Achteraf blijkt dat dit nog goedkoop is in Parijs. Op sommige plaatsen betaal je 6 euro voor 25 cl bier. We volgen een wandeling uit de reisgids &#8216;National Geographic reisgids van Parijs&#8217; en komen zo op pittoreske pleintjes en in leuke straatjes terecht. We eindigen aan de Place Pigalle.<\/p>\t\t\t\t\t<\/div>\n\t\t\t\t\t\t<\/div>\n\t\t\t\t<\/div>\n\t\t\t\t<section class=\"elementor-section elementor-inner-section elementor-element elementor-element-56427e3 elementor-section-boxed elementor-section-height-default elementor-section-height-default\" data-id=\"56427e3\" data-element_type=\"section\">\n\t\t\t\t\t\t<div class=\"elementor-container elementor-column-gap-default\">\n\t\t\t\t\t\t\t<div class=\"elementor-row\">\n\t\t\t\t\t<div class=\"elementor-column elementor-col-50 elementor-inner-column elementor-element elementor-element-7290b40\" data-id=\"7290b40\" data-element_type=\"column\">\n\t\t\t<div class=\"elementor-column-wrap elementor-element-populated\">\n\t\t\t\t\t\t\t<div class=\"elementor-widget-wrap\">\n\t\t\t\t\t\t<div class=\"elementor-element elementor-element-686d552 elementor-widget elementor-widget-image\" data-id=\"686d552\" data-element_type=\"widget\" data-widget_type=\"image.default\">\n\t\t\t\t<div class=\"elementor-widget-container\">\n\t\t\t\t\t\t\t\t<div class=\"elementor-image\">\n\t\t\t\t\t\t\t\t\t\t\t\t<img width=\"230\" height=\"153\" src=\"http:\/\/www.lindademeyer.be\/wordpress\/wp-content\/uploads\/2021\/01\/5-februari-3.gif\" class=\"attachment-large size-large\" alt=\"\" loading=\"lazy\" \/>\t\t\t\t\t\t\t\t\t\t\t\t\t\t<\/div>\n\t\t\t\t\t\t<\/div>\n\t\t\t\t<\/div>\n\t\t\t\t\t\t<\/div>\n\t\t\t\t\t<\/div>\n\t\t<\/div>\n\t\t\t\t<div class=\"elementor-column elementor-col-50 elementor-inner-column elementor-element elementor-element-f4c461b\" data-id=\"f4c461b\" data-element_type=\"column\">\n\t\t\t<div class=\"elementor-column-wrap elementor-element-populated\">\n\t\t\t\t\t\t\t<div class=\"elementor-widget-wrap\">\n\t\t\t\t\t\t<div class=\"elementor-element elementor-element-4756185 elementor-widget elementor-widget-text-editor\" data-id=\"4756185\" data-element_type=\"widget\" data-widget_type=\"text-editor.default\">\n\t\t\t\t<div class=\"elementor-widget-container\">\n\t\t\t\t\t\t\t\t<div class=\"elementor-text-editor elementor-clearfix\">\n\t\t\t\t<p>We nemen daar de metro naar Les Grands Boulevards. Het zijn brede, doorgaande wegen, maar vormen ook een centrum van winkels, cultuurtempels (zoals de Op\u00e9ra Garnier), delicatessenzaken, galeries enz. In de Boulevard Hausmann bevindt zich onder andere het grote en luxe warenhuis Galerie Lafayette. In Parijs heeft Galerie Hausman 3 vestigingen. Alle drie bij elkaar aan Boulevard Haussmann. <\/p>\t\t\t\t\t<\/div>\n\t\t\t\t\t\t<\/div>\n\t\t\t\t<\/div>\n\t\t\t\t\t\t<\/div>\n\t\t\t\t\t<\/div>\n\t\t<\/div>\n\t\t\t\t\t\t\t\t<\/div>\n\t\t\t\t\t<\/div>\n\t\t<\/section>\n\t\t\t\t<div class=\"elementor-element elementor-element-8e8cf73 elementor-widget elementor-widget-text-editor\" data-id=\"8e8cf73\" data-element_type=\"widget\" data-widget_type=\"text-editor.default\">\n\t\t\t\t<div class=\"elementor-widget-container\">\n\t\t\t\t\t\t\t\t<div class=\"elementor-text-editor elementor-clearfix\">\n\t\t\t\t<p>Het hoofdgebouw is Lafayette Coupole. Dit is een prachtig gebouw met een grote koepel, veel balkons en een dakterras met een mooi uitzicht over Parijs en in het bijzonder de Op\u00e9ra Garnier. In de galerie kunt u o.a. parfum en cosmetica, sieraden, damesmode, design mode, kindermode en speelgoed en electronica vinden. Een beetje verder, aan de Boulevard Montmartre vind je het Hardrock Caf\u00e9. Weer een t shirt bij voor Koen zijn collectie.<\/p>\t\t\t\t\t<\/div>\n\t\t\t\t\t\t<\/div>\n\t\t\t\t<\/div>\n\t\t\t\t<section class=\"elementor-section elementor-inner-section elementor-element elementor-element-7b7eb54 elementor-section-boxed elementor-section-height-default elementor-section-height-default\" data-id=\"7b7eb54\" data-element_type=\"section\">\n\t\t\t\t\t\t<div class=\"elementor-container elementor-column-gap-default\">\n\t\t\t\t\t\t\t<div class=\"elementor-row\">\n\t\t\t\t\t<div class=\"elementor-column elementor-col-50 elementor-inner-column elementor-element elementor-element-621b427\" data-id=\"621b427\" data-element_type=\"column\">\n\t\t\t<div class=\"elementor-column-wrap elementor-element-populated\">\n\t\t\t\t\t\t\t<div class=\"elementor-widget-wrap\">\n\t\t\t\t\t\t<div class=\"elementor-element elementor-element-094c6e5 elementor-widget elementor-widget-text-editor\" data-id=\"094c6e5\" data-element_type=\"widget\" data-widget_type=\"text-editor.default\">\n\t\t\t\t<div class=\"elementor-widget-container\">\n\t\t\t\t\t\t\t\t<div class=\"elementor-text-editor elementor-clearfix\">\n\t\t\t\t<p align=\"left\">We krijgen er niet genoeg van en rijden met de metro ook nog eens tot de Champs-Elys\u00e9es en de Arc de Triomphe.<\/p><p align=\"left\">\u2019s Avonds willen we een restaurantje uitproberen in de Quartier Latin. Door werken op de metrolijn, geraken we er echter niet. We zijn behoorlijk moe en hebben niet meer de fut om te voet naar Quartier Latin te gaan. De buurt waar we ons bevinden is best gezellig en aan restaurantjes geen gebrek. We kiezen een restaurantje uit en eten lekker voor niet veel geld. Daarna is ons pijp uit en zoeken we ons bed op. We hebben een kamer aan de achterkant van het hotel en het is er heel rustig, niets te horen.<\/p>\t\t\t\t\t<\/div>\n\t\t\t\t\t\t<\/div>\n\t\t\t\t<\/div>\n\t\t\t\t\t\t<\/div>\n\t\t\t\t\t<\/div>\n\t\t<\/div>\n\t\t\t\t<div class=\"elementor-column elementor-col-50 elementor-inner-column elementor-element elementor-element-8abafd0\" data-id=\"8abafd0\" data-element_type=\"column\">\n\t\t\t<div class=\"elementor-column-wrap elementor-element-populated\">\n\t\t\t\t\t\t\t<div class=\"elementor-widget-wrap\">\n\t\t\t\t\t\t<div class=\"elementor-element elementor-element-e11c0ac elementor-widget elementor-widget-image\" data-id=\"e11c0ac\" data-element_type=\"widget\" data-widget_type=\"image.default\">\n\t\t\t\t<div class=\"elementor-widget-container\">\n\t\t\t\t\t\t\t\t<div class=\"elementor-image\">\n\t\t\t\t\t\t\t\t\t\t\t\t<img width=\"230\" height=\"153\" src=\"http:\/\/www.lindademeyer.be\/wordpress\/wp-content\/uploads\/2021\/01\/5februari-4.gif\" class=\"attachment-large size-large\" alt=\"\" loading=\"lazy\" \/>\t\t\t\t\t\t\t\t\t\t\t\t\t\t<\/div>\n\t\t\t\t\t\t<\/div>\n\t\t\t\t<\/div>\n\t\t\t\t\t\t<\/div>\n\t\t\t\t\t<\/div>\n\t\t<\/div>\n\t\t\t\t\t\t\t\t<\/div>\n\t\t\t\t\t<\/div>\n\t\t<\/section>\n\t\t\t\t<div class=\"elementor-element elementor-element-34ecacd elementor-widget elementor-widget-image\" data-id=\"34ecacd\" data-element_type=\"widget\" data-widget_type=\"image.default\">\n\t\t\t\t<div class=\"elementor-widget-container\">\n\t\t\t\t\t\t\t\t<div class=\"elementor-image\">\n\t\t\t\t\t\t\t\t\t\t\t\t<img width=\"748\" height=\"230\" src=\"http:\/\/www.lindademeyer.be\/wordpress\/wp-content\/uploads\/2021\/01\/top7.jpg\" class=\"attachment-large size-large\" alt=\"\" loading=\"lazy\" srcset=\"http:\/\/www.lindademeyer.be\/wordpress\/wp-content\/uploads\/2021\/01\/top7.jpg 748w, http:\/\/www.lindademeyer.be\/wordpress\/wp-content\/uploads\/2021\/01\/top7-300x92.jpg 300w, http:\/\/www.lindademeyer.be\/wordpress\/wp-content\/uploads\/2021\/01\/top7-500x154.jpg 500w\" sizes=\"(max-width: 748px) 100vw, 748px\" \/>\t\t\t\t\t\t\t\t\t\t\t\t\t\t<\/div>\n\t\t\t\t\t\t<\/div>\n\t\t\t\t<\/div>\n\t\t\t\t<div class=\"elementor-element elementor-element-3ffe6889 elementor-widget elementor-widget-text-editor\" data-id=\"3ffe6889\" data-element_type=\"widget\" data-widget_type=\"text-editor.default\">\n\t\t\t\t<div class=\"elementor-widget-container\">\n\t\t\t\t\t\t\t\t<div class=\"elementor-text-editor elementor-clearfix\">\n\t\t\t\t<h3>Zaterdag 6 februari 2010<\/h3><p>Vandaag beginnen we met de Eiffeltoren. Koen vindt het tegenvallen: een hoop oud ijzer. Met de liften gaan we naar de tweede verdieping (115 m hoog). Je hebt er een mooi uitzicht over Parijs. Helaas zijn de weergoden ons vandaag niet goed gezind en is het aan het regenen. Parijs zit bedolven onder donkere wolken.<\/p>\t\t\t\t\t<\/div>\n\t\t\t\t\t\t<\/div>\n\t\t\t\t<\/div>\n\t\t\t\t<section class=\"elementor-section elementor-inner-section elementor-element elementor-element-79462bb elementor-section-boxed elementor-section-height-default elementor-section-height-default\" data-id=\"79462bb\" data-element_type=\"section\">\n\t\t\t\t\t\t<div class=\"elementor-container elementor-column-gap-default\">\n\t\t\t\t\t\t\t<div class=\"elementor-row\">\n\t\t\t\t\t<div class=\"elementor-column elementor-col-50 elementor-inner-column elementor-element elementor-element-a51ee3e\" data-id=\"a51ee3e\" data-element_type=\"column\">\n\t\t\t<div class=\"elementor-column-wrap elementor-element-populated\">\n\t\t\t\t\t\t\t<div class=\"elementor-widget-wrap\">\n\t\t\t\t\t\t<div class=\"elementor-element elementor-element-8d9816a elementor-widget elementor-widget-image\" data-id=\"8d9816a\" data-element_type=\"widget\" data-widget_type=\"image.default\">\n\t\t\t\t<div class=\"elementor-widget-container\">\n\t\t\t\t\t\t\t\t<div class=\"elementor-image\">\n\t\t\t\t\t\t\t\t\t\t\t\t<img width=\"230\" height=\"146\" src=\"http:\/\/www.lindademeyer.be\/wordpress\/wp-content\/uploads\/2021\/01\/6-februari-1.jpg\" class=\"attachment-large size-large\" alt=\"\" loading=\"lazy\" \/>\t\t\t\t\t\t\t\t\t\t\t\t\t\t<\/div>\n\t\t\t\t\t\t<\/div>\n\t\t\t\t<\/div>\n\t\t\t\t\t\t<\/div>\n\t\t\t\t\t<\/div>\n\t\t<\/div>\n\t\t\t\t<div class=\"elementor-column elementor-col-50 elementor-inner-column elementor-element elementor-element-077aa8c\" data-id=\"077aa8c\" data-element_type=\"column\">\n\t\t\t<div class=\"elementor-column-wrap elementor-element-populated\">\n\t\t\t\t\t\t\t<div class=\"elementor-widget-wrap\">\n\t\t\t\t\t\t<div class=\"elementor-element elementor-element-5612f35 elementor-widget elementor-widget-text-editor\" data-id=\"5612f35\" data-element_type=\"widget\" data-widget_type=\"text-editor.default\">\n\t\t\t\t<div class=\"elementor-widget-container\">\n\t\t\t\t\t\t\t\t<div class=\"elementor-text-editor elementor-clearfix\">\n\t\t\t\t<p>Terug beneden kopen we ons noodgedwongen een paraplu aan woekerprijzen. Maar ja, nat worden is ook geen optie.<br \/>Kort na de middag hebben we een rondvaart op de Seine. Bateaux Parisiens ligt aan de Eiffeltoren. Vanop de Seine heb je een mooi uitzicht op de vele oude bezienswaardigheden van Parijs. Normaal gezien duurt zo\u2019n rondvaart een uurtje. Na zo\u2019n 40 min wordt er aangekondigd dat we naar de kant varen. Het waarom hebben we niet echt begrepen. In eerste instantie gebeurt er niet veel.<\/p>\t\t\t\t\t<\/div>\n\t\t\t\t\t\t<\/div>\n\t\t\t\t<\/div>\n\t\t\t\t\t\t<\/div>\n\t\t\t\t\t<\/div>\n\t\t<\/div>\n\t\t\t\t\t\t\t\t<\/div>\n\t\t\t\t\t<\/div>\n\t\t<\/section>\n\t\t\t\t<section class=\"elementor-section elementor-inner-section elementor-element elementor-element-e5c3afe elementor-section-boxed elementor-section-height-default elementor-section-height-default\" data-id=\"e5c3afe\" data-element_type=\"section\">\n\t\t\t\t\t\t<div class=\"elementor-container elementor-column-gap-default\">\n\t\t\t\t\t\t\t<div class=\"elementor-row\">\n\t\t\t\t\t<div class=\"elementor-column elementor-col-50 elementor-inner-column elementor-element elementor-element-210633e\" data-id=\"210633e\" data-element_type=\"column\">\n\t\t\t<div class=\"elementor-column-wrap elementor-element-populated\">\n\t\t\t\t\t\t\t<div class=\"elementor-widget-wrap\">\n\t\t\t\t\t\t<div class=\"elementor-element elementor-element-4a713ce elementor-widget elementor-widget-text-editor\" data-id=\"4a713ce\" data-element_type=\"widget\" data-widget_type=\"text-editor.default\">\n\t\t\t\t<div class=\"elementor-widget-container\">\n\t\t\t\t\t\t\t\t<div class=\"elementor-text-editor elementor-clearfix\">\n\t\t\t\t<p>Na een lange wachttijd kwam dan de politie aan boord waarna we met zijn allen op een andere boot moesten overstappen. Wat er gaande was? Geen idee! Uiteindelijk duurde ons boottochtje bijna 2 uur. We kregen wel uitgebreide verontschuldigingen voor de vertraging.<\/p>\t\t\t\t\t<\/div>\n\t\t\t\t\t\t<\/div>\n\t\t\t\t<\/div>\n\t\t\t\t\t\t<\/div>\n\t\t\t\t\t<\/div>\n\t\t<\/div>\n\t\t\t\t<div class=\"elementor-column elementor-col-50 elementor-inner-column elementor-element elementor-element-88b52d3\" data-id=\"88b52d3\" data-element_type=\"column\">\n\t\t\t<div class=\"elementor-column-wrap elementor-element-populated\">\n\t\t\t\t\t\t\t<div class=\"elementor-widget-wrap\">\n\t\t\t\t\t\t<div class=\"elementor-element elementor-element-df663da elementor-widget elementor-widget-image\" data-id=\"df663da\" data-element_type=\"widget\" data-widget_type=\"image.default\">\n\t\t\t\t<div class=\"elementor-widget-container\">\n\t\t\t\t\t\t\t\t<div class=\"elementor-image\">\n\t\t\t\t\t\t\t\t\t\t\t\t<img width=\"230\" height=\"153\" src=\"http:\/\/www.lindademeyer.be\/wordpress\/wp-content\/uploads\/2021\/01\/6-februari-2.jpg\" class=\"attachment-large size-large\" alt=\"\" loading=\"lazy\" \/>\t\t\t\t\t\t\t\t\t\t\t\t\t\t<\/div>\n\t\t\t\t\t\t<\/div>\n\t\t\t\t<\/div>\n\t\t\t\t\t\t<\/div>\n\t\t\t\t\t<\/div>\n\t\t<\/div>\n\t\t\t\t\t\t\t\t<\/div>\n\t\t\t\t\t<\/div>\n\t\t<\/section>\n\t\t\t\t<div class=\"elementor-element elementor-element-1d669c17 elementor-widget elementor-widget-text-editor\" data-id=\"1d669c17\" data-element_type=\"widget\" data-widget_type=\"text-editor.default\">\n\t\t\t\t<div class=\"elementor-widget-container\">\n\t\t\t\t\t\t\t\t<div class=\"elementor-text-editor elementor-clearfix\">\n\t\t\t\t<p align=\"left\">Het restaurant voor \u2019s avonds kiezen we uit de reisgids \u2018Trotter\u2019. Deze reisgidsen geven heel goede tips om te gaan eten. Ook dit keer is dit niet anders. We kiezen voor \u2018Le Boeuf sur le toit\u2019 gelegen in een zijstraat van de Champs Elys\u00e9es. Aan de buitenkant zou je het niet zeggen maar het is een mooi restaurant. En inderdaad heel lekker.<\/p><p align=\"left\">De Eiffeltoren willen we ook \u2019s avonds zien. Hij is \u2019s avonds zowiezo verlicht maar elke eerste 10 minuten na het hele uur geven knipperlichten de Eiffeltoren \u2018avonds extra sfeer. De blok oud ijzer ziet er met al deze verlichting toch veel mooier uit.<\/p>\t\t\t\t\t<\/div>\n\t\t\t\t\t\t<\/div>\n\t\t\t\t<\/div>\n\t\t\t\t<div class=\"elementor-element elementor-element-35f67e93 elementor-widget elementor-widget-image\" data-id=\"35f67e93\" data-element_type=\"widget\" data-widget_type=\"image.default\">\n\t\t\t\t<div class=\"elementor-widget-container\">\n\t\t\t\t\t\t\t\t<div class=\"elementor-image\">\n\t\t\t\t\t\t\t\t\t\t\t\t<img width=\"748\" height=\"230\" src=\"http:\/\/www.lindademeyer.be\/wordpress\/wp-content\/uploads\/2021\/01\/top9.jpg\" class=\"attachment-full size-full\" alt=\"\" loading=\"lazy\" srcset=\"http:\/\/www.lindademeyer.be\/wordpress\/wp-content\/uploads\/2021\/01\/top9.jpg 748w, http:\/\/www.lindademeyer.be\/wordpress\/wp-content\/uploads\/2021\/01\/top9-300x92.jpg 300w, http:\/\/www.lindademeyer.be\/wordpress\/wp-content\/uploads\/2021\/01\/top9-500x154.jpg 500w\" sizes=\"(max-width: 748px) 100vw, 748px\" \/>\t\t\t\t\t\t\t\t\t\t\t\t\t\t<\/div>\n\t\t\t\t\t\t<\/div>\n\t\t\t\t<\/div>\n\t\t\t\t<div class=\"elementor-element elementor-element-23564a88 elementor-widget elementor-widget-text-editor\" data-id=\"23564a88\" data-element_type=\"widget\" data-widget_type=\"text-editor.default\">\n\t\t\t\t<div class=\"elementor-widget-container\">\n\t\t\t\t\t\t\t\t<div class=\"elementor-text-editor elementor-clearfix\">\n\t\t\t\t<h3>Zondag 7 februari 2010<\/h3><p>Elke eerste zondag van de maand zijn de musea gratis voor iedereen. Dus dat is een meevaller. We kiezen voor het Louvre alhoewel mijn voorkeur eigenlijk naar het Mus\u00e9\u00e9 d\u2019Orsay uitgaat. Maar aangezien het Koen zijn eerste kennismaking is met Parijs vind ik dat hij het Louvre moet gezien hebben. Met de gratis toegang kunnen er hier dan wel ellenlange rijen wachtenden staan maar nu valt dit best mee.<\/p>\t\t\t\t\t<\/div>\n\t\t\t\t\t\t<\/div>\n\t\t\t\t<\/div>\n\t\t\t\t<section class=\"elementor-section elementor-inner-section elementor-element elementor-element-9d2ecbf elementor-section-boxed elementor-section-height-default elementor-section-height-default\" data-id=\"9d2ecbf\" data-element_type=\"section\">\n\t\t\t\t\t\t<div class=\"elementor-container elementor-column-gap-default\">\n\t\t\t\t\t\t\t<div class=\"elementor-row\">\n\t\t\t\t\t<div class=\"elementor-column elementor-col-33 elementor-inner-column elementor-element elementor-element-10107d7\" data-id=\"10107d7\" data-element_type=\"column\">\n\t\t\t<div class=\"elementor-column-wrap elementor-element-populated\">\n\t\t\t\t\t\t\t<div class=\"elementor-widget-wrap\">\n\t\t\t\t\t\t<div class=\"elementor-element elementor-element-f91c082 elementor-widget elementor-widget-image\" data-id=\"f91c082\" data-element_type=\"widget\" data-widget_type=\"image.default\">\n\t\t\t\t<div class=\"elementor-widget-container\">\n\t\t\t\t\t\t\t\t<div class=\"elementor-image\">\n\t\t\t\t\t\t\t\t\t\t\t\t<img width=\"150\" height=\"226\" src=\"http:\/\/www.lindademeyer.be\/wordpress\/wp-content\/uploads\/2021\/01\/7-februari-2.jpg\" class=\"attachment-large size-large\" alt=\"\" loading=\"lazy\" \/>\t\t\t\t\t\t\t\t\t\t\t\t\t\t<\/div>\n\t\t\t\t\t\t<\/div>\n\t\t\t\t<\/div>\n\t\t\t\t\t\t<\/div>\n\t\t\t\t\t<\/div>\n\t\t<\/div>\n\t\t\t\t<div class=\"elementor-column elementor-col-33 elementor-inner-column elementor-element elementor-element-9f5f0b8\" data-id=\"9f5f0b8\" data-element_type=\"column\">\n\t\t\t<div class=\"elementor-column-wrap elementor-element-populated\">\n\t\t\t\t\t\t\t<div class=\"elementor-widget-wrap\">\n\t\t\t\t\t\t<div class=\"elementor-element elementor-element-06cfe01 elementor-widget elementor-widget-image\" data-id=\"06cfe01\" data-element_type=\"widget\" data-widget_type=\"image.default\">\n\t\t\t\t<div class=\"elementor-widget-container\">\n\t\t\t\t\t\t\t\t<div class=\"elementor-image\">\n\t\t\t\t\t\t\t\t\t\t\t\t<img width=\"150\" height=\"226\" src=\"http:\/\/www.lindademeyer.be\/wordpress\/wp-content\/uploads\/2021\/01\/7-februari-3.jpg\" class=\"attachment-large size-large\" alt=\"\" loading=\"lazy\" \/>\t\t\t\t\t\t\t\t\t\t\t\t\t\t<\/div>\n\t\t\t\t\t\t<\/div>\n\t\t\t\t<\/div>\n\t\t\t\t\t\t<\/div>\n\t\t\t\t\t<\/div>\n\t\t<\/div>\n\t\t\t\t<div class=\"elementor-column elementor-col-33 elementor-inner-column elementor-element elementor-element-732111d\" data-id=\"732111d\" data-element_type=\"column\">\n\t\t\t<div class=\"elementor-column-wrap elementor-element-populated\">\n\t\t\t\t\t\t\t<div class=\"elementor-widget-wrap\">\n\t\t\t\t\t\t<div class=\"elementor-element elementor-element-a98af4a elementor-widget elementor-widget-image\" data-id=\"a98af4a\" data-element_type=\"widget\" data-widget_type=\"image.default\">\n\t\t\t\t<div class=\"elementor-widget-container\">\n\t\t\t\t\t\t\t\t<div class=\"elementor-image\">\n\t\t\t\t\t\t\t\t\t\t\t\t<img width=\"155\" height=\"226\" src=\"http:\/\/www.lindademeyer.be\/wordpress\/wp-content\/uploads\/2021\/01\/7-februari-4.jpg\" class=\"attachment-large size-large\" alt=\"\" loading=\"lazy\" \/>\t\t\t\t\t\t\t\t\t\t\t\t\t\t<\/div>\n\t\t\t\t\t\t<\/div>\n\t\t\t\t<\/div>\n\t\t\t\t\t\t<\/div>\n\t\t\t\t\t<\/div>\n\t\t<\/div>\n\t\t\t\t\t\t\t\t<\/div>\n\t\t\t\t\t<\/div>\n\t\t<\/section>\n\t\t\t\t<div class=\"elementor-element elementor-element-6159fa4 elementor-widget elementor-widget-text-editor\" data-id=\"6159fa4\" data-element_type=\"widget\" data-widget_type=\"text-editor.default\">\n\t\t\t\t<div class=\"elementor-widget-container\">\n\t\t\t\t\t\t\t\t<div class=\"elementor-text-editor elementor-clearfix\">\n\t\t\t\t<p align=\"left\">De gebouwen op zich vind ik al schitterend. De hoofdingang bevindt zich onder de piramide.<br \/>De collecties zijn over zeven afdelingen verdeeld en ondergebracht in drie delen: Sully, Richelieu en Denon. Het wordt een blitz bezoek. Eerst naar Denon, waar we, zoals de meeste toeristen, gaan kijken naar de Venus van Milo en de Mona Lisa. De Mona Lisa is al niet groot en dan staan er nog eens massa\u2019s mensen voor, allemaal met het fototoestel in de lucht. Om ons bezoek af te ronden gaan we in de Richelieu-vleugel de Belgische collectie bekijken.<\/p><p align=\"left\">Daarna wandelen we via de Arc de Triomphe du Carrousel en le jardin du Carroussel naar le Jardin des Tuileries. Als je door de Arc de Triomphe du Caroussel kijkt ziet u de Luxor-obelisk op de Place de la Concorde en de Arc de Triomphe op \u00e9\u00e9n lijn. Over de parken verspreid zie je vele standbeelden. Terrasjes en caf\u00e9s werden discreet ingeplant tussen de bomen. Een ronde vijver met ligstoeltjes. Het is hier zalig vertoeven. Met goed weer zal het drummen zijn voor een plaatsje.<\/p>\t\t\t\t\t<\/div>\n\t\t\t\t\t\t<\/div>\n\t\t\t\t<\/div>\n\t\t\t\t<div class=\"elementor-element elementor-element-d96272d elementor-widget elementor-widget-image\" data-id=\"d96272d\" data-element_type=\"widget\" data-widget_type=\"image.default\">\n\t\t\t\t<div class=\"elementor-widget-container\">\n\t\t\t\t\t\t\t\t<div class=\"elementor-image\">\n\t\t\t\t\t\t\t\t\t\t\t\t<img width=\"500\" height=\"159\" src=\"http:\/\/www.lindademeyer.be\/wordpress\/wp-content\/uploads\/2021\/01\/7-februari-5.jpg\" class=\"attachment-large size-large\" alt=\"\" loading=\"lazy\" srcset=\"http:\/\/www.lindademeyer.be\/wordpress\/wp-content\/uploads\/2021\/01\/7-februari-5.jpg 500w, http:\/\/www.lindademeyer.be\/wordpress\/wp-content\/uploads\/2021\/01\/7-februari-5-300x95.jpg 300w\" sizes=\"(max-width: 500px) 100vw, 500px\" \/>\t\t\t\t\t\t\t\t\t\t\t\t\t\t<\/div>\n\t\t\t\t\t\t<\/div>\n\t\t\t\t<\/div>\n\t\t\t\t<div class=\"elementor-element elementor-element-64eb70c elementor-widget elementor-widget-text-editor\" data-id=\"64eb70c\" data-element_type=\"widget\" data-widget_type=\"text-editor.default\">\n\t\t\t\t<div class=\"elementor-widget-container\">\n\t\t\t\t\t\t\t\t<div class=\"elementor-text-editor elementor-clearfix\">\n\t\t\t\t<p align=\"left\">We verlaten het park via de grille d\u2019Honeur en komen zo op de Place de la Concorde. Als je hier rondkijkt zie je een groep indrukwekkende gebouwen bijeen. Langs de ene kant een mooi uitzicht op de Champs Elys\u00e9es en de Arc de Triomphe en aan de andere kant het Louvre. Ik vind het hier indrukwekkend.<\/p><p align=\"left\">We rijden een paar haltes met de metro tot aan de Pont Neuf en wandelen dan verder langs de Seine met zijn talrijke boekenstalletjes tot aan Place St Michel. Aan de overkant van de Seine heb je het Ile de la Cit\u00e9. Dit eiland in de Seine is het geografische centrum van Parijs. Vele toeristen komen tot hier voor een bezoek aan de Notre-Dame. Volgens de reisgids \u2018Trotter\u2019 is dit het meest bezochte monument van Parijs (tweemaal zoveel bezoekers als de Eiffeltoren) De kathedraal de Notre-Dame bepaalt al sinds de 12e eeuw het beeld van Parijs hoewel haar huidige uiterlijk grotendeels 19e eeuws is. Het is een prachtige kathedraal.<\/p>\t\t\t\t\t<\/div>\n\t\t\t\t\t\t<\/div>\n\t\t\t\t<\/div>\n\t\t\t\t<section class=\"elementor-section elementor-inner-section elementor-element elementor-element-1b697262 elementor-section-boxed elementor-section-height-default elementor-section-height-default\" data-id=\"1b697262\" data-element_type=\"section\">\n\t\t\t\t\t\t<div class=\"elementor-container elementor-column-gap-default\">\n\t\t\t\t\t\t\t<div class=\"elementor-row\">\n\t\t\t\t\t<div class=\"elementor-column elementor-col-33 elementor-inner-column elementor-element elementor-element-e752a81\" data-id=\"e752a81\" data-element_type=\"column\">\n\t\t\t<div class=\"elementor-column-wrap elementor-element-populated\">\n\t\t\t\t\t\t\t<div class=\"elementor-widget-wrap\">\n\t\t\t\t\t\t<div class=\"elementor-element elementor-element-3f1e516f elementor-widget elementor-widget-image\" data-id=\"3f1e516f\" data-element_type=\"widget\" data-widget_type=\"image.default\">\n\t\t\t\t<div class=\"elementor-widget-container\">\n\t\t\t\t\t\t\t\t<div class=\"elementor-image\">\n\t\t\t\t\t\t\t\t\t\t\t\t<img width=\"230\" height=\"156\" src=\"http:\/\/www.lindademeyer.be\/wordpress\/wp-content\/uploads\/2021\/01\/7-februari-7.jpg\" class=\"attachment-large size-large\" alt=\"\" loading=\"lazy\" \/>\t\t\t\t\t\t\t\t\t\t\t\t\t\t<\/div>\n\t\t\t\t\t\t<\/div>\n\t\t\t\t<\/div>\n\t\t\t\t\t\t<\/div>\n\t\t\t\t\t<\/div>\n\t\t<\/div>\n\t\t\t\t<div class=\"elementor-column elementor-col-33 elementor-inner-column elementor-element elementor-element-2fc48dd\" data-id=\"2fc48dd\" data-element_type=\"column\">\n\t\t\t<div class=\"elementor-column-wrap elementor-element-populated\">\n\t\t\t\t\t\t\t<div class=\"elementor-widget-wrap\">\n\t\t\t\t\t\t<div class=\"elementor-element elementor-element-e5fe905 elementor-widget elementor-widget-image\" data-id=\"e5fe905\" data-element_type=\"widget\" data-widget_type=\"image.default\">\n\t\t\t\t<div class=\"elementor-widget-container\">\n\t\t\t\t\t\t\t\t<div class=\"elementor-image\">\n\t\t\t\t\t\t\t\t\t\t\t\t<img width=\"230\" height=\"153\" src=\"http:\/\/www.lindademeyer.be\/wordpress\/wp-content\/uploads\/2021\/01\/7februari-8.jpg\" class=\"attachment-large size-large\" alt=\"\" loading=\"lazy\" \/>\t\t\t\t\t\t\t\t\t\t\t\t\t\t<\/div>\n\t\t\t\t\t\t<\/div>\n\t\t\t\t<\/div>\n\t\t\t\t\t\t<\/div>\n\t\t\t\t\t<\/div>\n\t\t<\/div>\n\t\t\t\t<div class=\"elementor-column elementor-col-33 elementor-inner-column elementor-element elementor-element-5a695bfb\" data-id=\"5a695bfb\" data-element_type=\"column\">\n\t\t\t<div class=\"elementor-column-wrap elementor-element-populated\">\n\t\t\t\t\t\t\t<div class=\"elementor-widget-wrap\">\n\t\t\t\t\t\t<div class=\"elementor-element elementor-element-3e6a30b elementor-widget elementor-widget-image\" data-id=\"3e6a30b\" data-element_type=\"widget\" data-widget_type=\"image.default\">\n\t\t\t\t<div class=\"elementor-widget-container\">\n\t\t\t\t\t\t\t\t<div class=\"elementor-image\">\n\t\t\t\t\t\t\t\t\t\t\t\t<img width=\"230\" height=\"153\" src=\"http:\/\/www.lindademeyer.be\/wordpress\/wp-content\/uploads\/2021\/01\/7-februari-9.jpg\" class=\"attachment-large size-large\" alt=\"\" loading=\"lazy\" \/>\t\t\t\t\t\t\t\t\t\t\t\t\t\t<\/div>\n\t\t\t\t\t\t<\/div>\n\t\t\t\t<\/div>\n\t\t\t\t\t\t<\/div>\n\t\t\t\t\t<\/div>\n\t\t<\/div>\n\t\t\t\t\t\t\t\t<\/div>\n\t\t\t\t\t<\/div>\n\t\t<\/section>\n\t\t\t\t<div class=\"elementor-element elementor-element-b79e23e elementor-widget elementor-widget-text-editor\" data-id=\"b79e23e\" data-element_type=\"widget\" data-widget_type=\"text-editor.default\">\n\t\t\t\t<div class=\"elementor-widget-container\">\n\t\t\t\t\t\t\t\t<div class=\"elementor-text-editor elementor-clearfix\">\n\t\t\t\t<p align=\"left\">Het is vandaag vrij koud en onze spieren en voeten roepen om een beetje rust en warmte. Een drankje in een brasserie kan ons echter niet meer opwarmen en we gaan dan maar naar ons hotel. Een beetje rust, een warme douche en we zijn klaar om te gaan eten.<\/p><p align=\"left\">We kiezen opnieuw een restaurant uit de &#8217;trotter&#8217;. Veel restaurants zijn op zondagavond gesloten. Onze voorkeur gaat deze keer naar La Fermette Marbeuf, ook nu in een zijstraat van de Champs Elys\u00e9es. Het is een restaurant in de art nouveau stijl en wordt zelfs beschermd als historisch monument. In eerste instantie zitten we er alleen maar algauw sijpelen er andere hongerigen binnen. Ook dit keer hebben we heel lekker gegeten. Een stapje uit, zit er niet meer bij vanavond. De vermoeidheid is te groot. Vroeg in bed.<\/p>\t\t\t\t\t<\/div>\n\t\t\t\t\t\t<\/div>\n\t\t\t\t<\/div>\n\t\t\t\t<div class=\"elementor-element elementor-element-5fd99d94 elementor-widget elementor-widget-text-editor\" data-id=\"5fd99d94\" data-element_type=\"widget\" data-widget_type=\"text-editor.default\">\n\t\t\t\t<div class=\"elementor-widget-container\">\n\t\t\t\t\t\t\t\t<div class=\"elementor-text-editor elementor-clearfix\">\n\t\t\t\t<h3>Maandag 8 februari 2010<\/h3><p>We hebben heel wat uurtjes geslapen en voelen ons redelijk uitgerust. Vandaag is het alweer de laatste dag. Onze valiezen mogen we in het hotel laten staan tot we vertrekken. Het weer is niet denderend: grijs en miezerig. We nemen de metro naar de andere kant van Parijs: Montparnasse.<\/p>\t\t\t\t\t<\/div>\n\t\t\t\t\t\t<\/div>\n\t\t\t\t<\/div>\n\t\t\t\t<section class=\"elementor-section elementor-inner-section elementor-element elementor-element-275158f8 elementor-section-boxed elementor-section-height-default elementor-section-height-default\" data-id=\"275158f8\" data-element_type=\"section\">\n\t\t\t\t\t\t<div class=\"elementor-container elementor-column-gap-default\">\n\t\t\t\t\t\t\t<div class=\"elementor-row\">\n\t\t\t\t\t<div class=\"elementor-column elementor-col-50 elementor-inner-column elementor-element elementor-element-51c28410\" data-id=\"51c28410\" data-element_type=\"column\">\n\t\t\t<div class=\"elementor-column-wrap elementor-element-populated\">\n\t\t\t\t\t\t\t<div class=\"elementor-widget-wrap\">\n\t\t\t\t\t\t<div class=\"elementor-element elementor-element-3fb6655f elementor-widget elementor-widget-image\" data-id=\"3fb6655f\" data-element_type=\"widget\" data-widget_type=\"image.default\">\n\t\t\t\t<div class=\"elementor-widget-container\">\n\t\t\t\t\t\t\t\t<div class=\"elementor-image\">\n\t\t\t\t\t\t\t\t\t\t\t\t<img width=\"153\" height=\"224\" src=\"http:\/\/www.lindademeyer.be\/wordpress\/wp-content\/uploads\/2021\/01\/8-februari-1.jpg\" class=\"attachment-full size-full\" alt=\"\" loading=\"lazy\" \/>\t\t\t\t\t\t\t\t\t\t\t\t\t\t<\/div>\n\t\t\t\t\t\t<\/div>\n\t\t\t\t<\/div>\n\t\t\t\t\t\t<\/div>\n\t\t\t\t\t<\/div>\n\t\t<\/div>\n\t\t\t\t<div class=\"elementor-column elementor-col-50 elementor-inner-column elementor-element elementor-element-59f3db4\" data-id=\"59f3db4\" data-element_type=\"column\">\n\t\t\t<div class=\"elementor-column-wrap elementor-element-populated\">\n\t\t\t\t\t\t\t<div class=\"elementor-widget-wrap\">\n\t\t\t\t\t\t<div class=\"elementor-element elementor-element-90b2f86 elementor-widget elementor-widget-text-editor\" data-id=\"90b2f86\" data-element_type=\"widget\" data-widget_type=\"text-editor.default\">\n\t\t\t\t<div class=\"elementor-widget-container\">\n\t\t\t\t\t\t\t\t<div class=\"elementor-text-editor elementor-clearfix\">\n\t\t\t\t<p>Hier vind je enkele beroemde etablissementen als Closerie des Lilas, La Coupole en le Select. We maken een kleine wandeling. Onderweg komen we Rodins standbeeld van Balzac tegen. Tour Montparnasse is ongeveer 200 m hoog. Je kunt mits betaling helemaal naar boven. We hebben dit niet gedaan. In de buurt van Tour Montparnasse is een caf\u00e9etje waar ze orval (en andere Belgische bieren) verkopen. Dit hebben we dan wel gedaan. We hebben een krant gekocht, alleen maar \u2018Het Laatste Nieuws&#8217; te verkrijgen en ons met een orval aan een tafeltje ge\u00efnstalleerd.<\/p>\t\t\t\t\t<\/div>\n\t\t\t\t\t\t<\/div>\n\t\t\t\t<\/div>\n\t\t\t\t\t\t<\/div>\n\t\t\t\t\t<\/div>\n\t\t<\/div>\n\t\t\t\t\t\t\t\t<\/div>\n\t\t\t\t\t<\/div>\n\t\t<\/section>\n\t\t\t\t<div class=\"elementor-element elementor-element-4631515a elementor-widget elementor-widget-text-editor\" data-id=\"4631515a\" data-element_type=\"widget\" data-widget_type=\"text-editor.default\">\n\t\t\t\t<div class=\"elementor-widget-container\">\n\t\t\t\t\t\t\t\t<div class=\"elementor-text-editor elementor-clearfix\">\n\t\t\t\t\t\t\t\t\t<\/div>\n\t\t\t\t\t\t<\/div>\n\t\t\t\t<\/div>\n\t\t\t\t<div class=\"elementor-element elementor-element-eec67f9 elementor-widget elementor-widget-text-editor\" data-id=\"eec67f9\" data-element_type=\"widget\" data-widget_type=\"text-editor.default\">\n\t\t\t\t<div class=\"elementor-widget-container\">\n\t\t\t\t\t\t\t\t<div class=\"elementor-text-editor elementor-clearfix\">\n\t\t\t\t<p>Daarna gaan we Saint-Germain-des-Pr\u00e9s verkennen. Het legendarische St. Germain-des-Pr\u00e9s van Parijs ontstond in de 9e eeuw rondom een van de beroemdste Benedictijner abdijen van Frankrijk en is nu een gezellig gebied met literaire caf\u00e9s, jazzkelders, boeken- en andere winkeltjes en bistro\u2019s. Reeds van op het metroperron merk je waarvoor Saint-Germain-des-Pr\u00e9s gekend is.<\/p>\t\t\t\t\t<\/div>\n\t\t\t\t\t\t<\/div>\n\t\t\t\t<\/div>\n\t\t\t\t<div class=\"elementor-element elementor-element-3eb6e9ef elementor-widget elementor-widget-text-editor\" data-id=\"3eb6e9ef\" data-element_type=\"widget\" data-widget_type=\"text-editor.default\">\n\t\t\t\t<div class=\"elementor-widget-container\">\n\t\t\t\t\t\t\t\t<div class=\"elementor-text-editor elementor-clearfix\">\n\t\t\t\t<p>Als we uiteindelijk bij de kathedraal aankomen, zijn we wel een beetje moe. We hebben vandaag toch alweer wat kilometers in de benen. Voorbij de kathedraal komen we in de mooie wijk Barrio Santa Cruz terecht. Het eerste het beste terras in de schaduw ploffen we ons neer en hier gaan we het eerste uur niet meer weg. De wijk Barrio Santa Cruz is een van de oudste wijken van Sevilla, een voormalige joodse buurt, later een typisch Sevillaanse volkswijk met een wirwar van steegjes en het wemelt er van de souvenirswinkels en tapasbars. In een van de vele tapasbars gaan we eten.<\/p>\t\t\t\t\t<\/div>\n\t\t\t\t\t\t<\/div>\n\t\t\t\t<\/div>\n\t\t\t\t<section class=\"elementor-section elementor-inner-section elementor-element elementor-element-1ec27fb elementor-section-boxed elementor-section-height-default elementor-section-height-default\" data-id=\"1ec27fb\" data-element_type=\"section\">\n\t\t\t\t\t\t<div class=\"elementor-container elementor-column-gap-default\">\n\t\t\t\t\t\t\t<div class=\"elementor-row\">\n\t\t\t\t\t<div class=\"elementor-column elementor-col-50 elementor-inner-column elementor-element elementor-element-9de5b6b\" data-id=\"9de5b6b\" data-element_type=\"column\">\n\t\t\t<div class=\"elementor-column-wrap elementor-element-populated\">\n\t\t\t\t\t\t\t<div class=\"elementor-widget-wrap\">\n\t\t\t\t\t\t<div class=\"elementor-element elementor-element-a03d66c elementor-widget elementor-widget-text-editor\" data-id=\"a03d66c\" data-element_type=\"widget\" data-widget_type=\"text-editor.default\">\n\t\t\t\t<div class=\"elementor-widget-container\">\n\t\t\t\t\t\t\t\t<div class=\"elementor-text-editor elementor-clearfix\">\n\t\t\t\t<p>Je kunt hier natuurlijk lang vertoeven maar dat zal voor een volgende keer zijn. Via een wirwar van straatjes komen we uit aan de Seine. Onze voeten protesteren nog niet dus we wandelen verder. Op het Ile de la cit\u00e9 passeren we het Justitiepaleis en de March\u00e9 aux Fleurs. Deze laatste is vandaag niet open. Aan de Pont Notre Dame steken we opnieuw de Seine over en via de Boulevard de S\u00e9bastopol bereiken we het Centre Georges-Pompidou. Het is \u00e9\u00e9n van de populairste bezienswaardigheden van Parijs. Een bezoek bewaren we voor de volgende keer.<\/p>\t\t\t\t\t<\/div>\n\t\t\t\t\t\t<\/div>\n\t\t\t\t<\/div>\n\t\t\t\t\t\t<\/div>\n\t\t\t\t\t<\/div>\n\t\t<\/div>\n\t\t\t\t<div class=\"elementor-column elementor-col-50 elementor-inner-column elementor-element elementor-element-e9cf5e0\" data-id=\"e9cf5e0\" data-element_type=\"column\">\n\t\t\t<div class=\"elementor-column-wrap elementor-element-populated\">\n\t\t\t\t\t\t\t<div class=\"elementor-widget-wrap\">\n\t\t\t\t\t\t<div class=\"elementor-element elementor-element-b123f7e elementor-widget elementor-widget-image\" data-id=\"b123f7e\" data-element_type=\"widget\" data-widget_type=\"image.default\">\n\t\t\t\t<div class=\"elementor-widget-container\">\n\t\t\t\t\t\t\t\t<div class=\"elementor-image\">\n\t\t\t\t\t\t\t\t\t\t\t\t<img width=\"230\" height=\"153\" src=\"http:\/\/www.lindademeyer.be\/wordpress\/wp-content\/uploads\/2021\/01\/8-februari-2.jpg\" class=\"attachment-large size-large\" alt=\"\" loading=\"lazy\" \/>\t\t\t\t\t\t\t\t\t\t\t\t\t\t<\/div>\n\t\t\t\t\t\t<\/div>\n\t\t\t\t<\/div>\n\t\t\t\t\t\t<\/div>\n\t\t\t\t\t<\/div>\n\t\t<\/div>\n\t\t\t\t\t\t\t\t<\/div>\n\t\t\t\t\t<\/div>\n\t\t<\/section>\n\t\t\t\t<section class=\"elementor-section elementor-inner-section elementor-element elementor-element-d615f01 elementor-section-boxed elementor-section-height-default elementor-section-height-default\" data-id=\"d615f01\" data-element_type=\"section\">\n\t\t\t\t\t\t<div class=\"elementor-container elementor-column-gap-default\">\n\t\t\t\t\t\t\t<div class=\"elementor-row\">\n\t\t\t\t\t<div class=\"elementor-column elementor-col-50 elementor-inner-column elementor-element elementor-element-1c25940\" data-id=\"1c25940\" data-element_type=\"column\">\n\t\t\t<div class=\"elementor-column-wrap elementor-element-populated\">\n\t\t\t\t\t\t\t<div class=\"elementor-widget-wrap\">\n\t\t\t\t\t\t<div class=\"elementor-element elementor-element-61bf054 elementor-widget elementor-widget-image\" data-id=\"61bf054\" data-element_type=\"widget\" data-widget_type=\"image.default\">\n\t\t\t\t<div class=\"elementor-widget-container\">\n\t\t\t\t\t\t\t\t<div class=\"elementor-image\">\n\t\t\t\t\t\t\t\t\t\t\t\t<img width=\"153\" height=\"230\" src=\"http:\/\/www.lindademeyer.be\/wordpress\/wp-content\/uploads\/2021\/01\/8-februari-3.jpg\" class=\"attachment-large size-large\" alt=\"\" loading=\"lazy\" \/>\t\t\t\t\t\t\t\t\t\t\t\t\t\t<\/div>\n\t\t\t\t\t\t<\/div>\n\t\t\t\t<\/div>\n\t\t\t\t\t\t<\/div>\n\t\t\t\t\t<\/div>\n\t\t<\/div>\n\t\t\t\t<div class=\"elementor-column elementor-col-50 elementor-inner-column elementor-element elementor-element-7d8ec8a\" data-id=\"7d8ec8a\" data-element_type=\"column\">\n\t\t\t<div class=\"elementor-column-wrap elementor-element-populated\">\n\t\t\t\t\t\t\t<div class=\"elementor-widget-wrap\">\n\t\t\t\t\t\t<div class=\"elementor-element elementor-element-733943c elementor-widget elementor-widget-text-editor\" data-id=\"733943c\" data-element_type=\"widget\" data-widget_type=\"text-editor.default\">\n\t\t\t\t<div class=\"elementor-widget-container\">\n\t\t\t\t\t\t\t\t<div class=\"elementor-text-editor elementor-clearfix\">\n\t\t\t\t<p>Na het eten wandelen we nog in de straatjes in de buurt van de Beurs en de Op\u00e9ra Garnier. Er zijn hier enkele mooie galerijen. Het begint echter terug te miezeren, tijd dus voor een drankje. En zo loopt ons bezoek aan Parijs op zijn laatste benen. In sneltempo hebben we Parijs bezocht maar Koen heeft nu wel een goede indruk van wat zer zoal in Parijs te zien en te beleven valt. Uiteindelijk zijn we maar 1u20 van Brussel verwijderd en een weekendje van zaterdagmorgen tot zandagavond zal zeker in de toekomst op ons programma staan. Onze valiezen ophalen in het hotel en dan de metro naar het station. Om 18:25 u vertrekt onze trein en we willen er toch goed op tijd zijn. We zien al direct als we in het station aankomen dat onze trein vertraging heeft. Wat had je nu anders verwacht! Hoeveel vertraging staat er niet bij.<\/p>\t\t\t\t\t<\/div>\n\t\t\t\t\t\t<\/div>\n\t\t\t\t<\/div>\n\t\t\t\t\t\t<\/div>\n\t\t\t\t\t<\/div>\n\t\t<\/div>\n\t\t\t\t\t\t\t\t<\/div>\n\t\t\t\t\t<\/div>\n\t\t<\/section>\n\t\t\t\t<div class=\"elementor-element elementor-element-4d935b46 elementor-widget elementor-widget-text-editor\" data-id=\"4d935b46\" data-element_type=\"widget\" data-widget_type=\"text-editor.default\">\n\t\t\t\t<div class=\"elementor-widget-container\">\n\t\t\t\t\t\t\t\t<div class=\"elementor-text-editor elementor-clearfix\">\n\t\t\t\t<p align=\"left\">Dat wordt dus nog een drankje. Rechtover het station is er een caf\u00e9:&#8217; Au rendez-vous des Belges&#8217;. Dit adresje had ik op het internet al zien staan als \u00e9\u00e9n van de caf\u00e9s in Parijs die orval verkopen. En het bier van de week is duvel. Zelfs aan de prijs van 4 euro!<\/p><p align=\"left\">Terug in het station is er nog geen verandering. De thalys van 19u naar Brussel is zelfs afgeschaft. Aan problemen dus geen gebrek. Uiteindelijk vertrekt onze trein, samen met de passagiers van de afgeschafte thalys, om 19:20 u.Laatste halte Brussel: wegens technische problemen rijdt hij niet tot in Gent. Allez vooruit, dat ook nog. We nemen dan in Brussel de trein, uiteraard m\u00e9t vertraging, naar Lokeren.<\/p><p align=\"left\">Thuis worden we verwelkomd door onze kat, die blij is dat we weer thuis zijn.<\/p>\t\t\t\t\t<\/div>\n\t\t\t\t\t\t<\/div>\n\t\t\t\t<\/div>\n\t\t\t\t\t\t<\/div>\n\t\t\t\t\t<\/div>\n\t\t<\/div>\n\t\t\t\t\t\t\t\t<\/div>\n\t\t\t\t\t<\/div>\n\t\t<\/section>\n\t\t\t\t\t\t\t\t\t<\/div>\n\t\t\t<\/div>\n\t\t\t\t\t<\/div>\n\t\t","protected":false},"excerpt":{"rendered":"<p>FRANKRIJK PARIJS 5 februari 2010 Parijs is de hoofdstad en regeringszetel van Frankrijk. Met 2,15 miljoen inwoners in de gemeente Parijs zelf en ruim 11 miljoen in het hele stedelijke gebied, met inbegrip van de banlieue (voorsteden) en de forenzensteden daaromheen, is het de grootste stad van Frankrijk en samen met Londen, Moskou en Istanboel [&hellip;]<\/p>\n","protected":false},"author":1,"featured_media":0,"parent":0,"menu_order":0,"comment_status":"closed","ping_status":"closed","template":"","meta":{"_uag_custom_page_level_css":"","_vp_format_video_url":"","_vp_image_focal_point":[]},"uagb_featured_image_src":{"full":false,"thumbnail":false,"medium":false,"medium_large":false,"large":false,"1536x1536":false,"2048x2048":false,"vp_sm":false,"vp_md":false,"vp_lg":false,"vp_xl":false,"vp_sm_popup":false,"vp_md_popup":false,"vp_xl_popup":false,"sow-carousel-default":false},"uagb_author_info":{"display_name":"lindakoen","author_link":"http:\/\/www.lindademeyer.be\/wordpress\/author\/lindakoen\/"},"uagb_comment_info":0,"uagb_excerpt":"FRANKRIJK PARIJS 5 februari 2010 Parijs is de hoofdstad en regeringszetel van Frankrijk. Met 2,15 miljoen inwoners in de gemeente Parijs zelf en ruim 11 miljoen in het hele stedelijke gebied, met inbegrip van de banlieue (voorsteden) en de forenzensteden daaromheen, is het de grootste stad van Frankrijk en samen met Londen, Moskou en Istanboel&hellip;","_links":{"self":[{"href":"http:\/\/www.lindademeyer.be\/wordpress\/wp-json\/wp\/v2\/pages\/3113"}],"collection":[{"href":"http:\/\/www.lindademeyer.be\/wordpress\/wp-json\/wp\/v2\/pages"}],"about":[{"href":"http:\/\/www.lindademeyer.be\/wordpress\/wp-json\/wp\/v2\/types\/page"}],"author":[{"embeddable":true,"href":"http:\/\/www.lindademeyer.be\/wordpress\/wp-json\/wp\/v2\/users\/1"}],"replies":[{"embeddable":true,"href":"http:\/\/www.lindademeyer.be\/wordpress\/wp-json\/wp\/v2\/comments?post=3113"}],"version-history":[{"count":22,"href":"http:\/\/www.lindademeyer.be\/wordpress\/wp-json\/wp\/v2\/pages\/3113\/revisions"}],"predecessor-version":[{"id":4546,"href":"http:\/\/www.lindademeyer.be\/wordpress\/wp-json\/wp\/v2\/pages\/3113\/revisions\/4546"}],"wp:attachment":[{"href":"http:\/\/www.lindademeyer.be\/wordpress\/wp-json\/wp\/v2\/media?parent=3113"}],"curies":[{"name":"wp","href":"https:\/\/api.w.org\/{rel}","templated":true}]}}